{"id":15606,"date":"2025-05-12T10:14:40","date_gmt":"2025-05-12T08:14:40","guid":{"rendered":"https:\/\/www.ohmycom.fr\/?post_type=destination&#038;p=15606"},"modified":"2025-05-20T11:37:03","modified_gmt":"2025-05-20T09:37:03","slug":"montenegro","status":"publish","type":"destination","link":"https:\/\/www.ohmycom.fr\/en\/destination\/montenegro\/","title":{"rendered":"Mont\u00e9n\u00e9gro"},"content":{"rendered":"<div class=\"wpb-content-wrapper\"><div data-qodef-parallax-speed=\"1\" class=\"vc_row wpb_row vc_row-fluid qodef-section title-he vc_custom_1747037765666 qodef-content-aligment-left qodef-parallax-section-holder qodef-parallax-section-holder-touch-disabled qodef-grid-section\" style=\"background-image:url(https:\/\/www.ohmycom.fr\/wp-content\/uploads\/2024\/09\/ohmyevent-montenegro.jpg);\"><div class=\"clearfix qodef-section-inner\"><div class=\"qodef-section-inner-margin clearfix\"><div class=\"wpb_column vc_column_container vc_col-sm-12 vc_col-lg-12\"><div class=\"vc_column-inner\"><div class=\"wpb_wrapper\"><div data-qodef-parallax-speed=\"1\" class=\"vc_row wpb_row vc_inner vc_row-fluid qodef-section qodef-content-aligment-left\" style=\"\"><div class=\"qodef-full-section-inner\"><div class=\"wpb_column vc_column_container vc_col-sm-12 vc_col-lg-10 vc_col-md-12\"><div class=\"vc_column-inner\"><div class=\"wpb_wrapper\">\n\t<div class=\"wpb_text_column wpb_content_element\" >\n\t\t<div class=\"wpb_wrapper\">\n\t\t\t<h1><span style=\"color: #ffffff;\">Mont\u00e9n\u00e9gro<\/span><\/h1>\n\n\t\t<\/div>\n\t<\/div>\n<\/div><\/div><\/div><\/div><\/div><div class=\"vc_empty_space\"   style=\"height: 19px\"><span class=\"vc_empty_space_inner\"><\/span><\/div><div class=\"qodef-svg-separator-holder qodef-svg-separator-large\">\n    <div class=\"qodef-svg-separator qodef-svg-frames-class\" data-svg-frames=\"15\" data-svg-drawing=\"yes\" >\n        <svg version=\"1.1\"  xmlns=\"http:\/\/www.w3.org\/2000\/svg\" xmlns:xlink=\"http:\/\/www.w3.org\/1999\/xlink\" x=\"0px\" y=\"0px\"\n            width=\"60px\" height=\"20px\" viewbox=\"0 0 60 20\" enable-background=\"new 0 0 60 20\" xml:space=\"preserve\">\n            <path fill=\"none\" stroke=\"#feea0e\" stroke-width=\"6\" stroke-linecap=\"round\" stroke-miterlimit=\"10\" d=\"M3.188,8.848 C20.521,3.89,38.313,16.66,56.813,9.473\"\/>\n        <\/svg>\n    <\/div>\n<\/div><div class=\"vc_empty_space\"   style=\"height: 20px\"><span class=\"vc_empty_space_inner\"><\/span><\/div><div data-qodef-parallax-speed=\"1\" class=\"vc_row wpb_row vc_inner vc_row-fluid qodef-section qodef-content-aligment-left\" style=\"\"><div class=\"qodef-full-section-inner\"><div class=\"wpb_column vc_column_container vc_col-sm-12 vc_col-lg-6 vc_col-md-10\"><div class=\"vc_column-inner\"><div class=\"wpb_wrapper\">\n<div class=\"qodef-custom-font-holder\" style=\"font-family: Catamaran;font-size: 21px;line-height: 28px;font-weight: 400;text-align: left;color: #ffffff\" data-font-size= \"21\" data-line-height= \"28\">\n    V\u00e9ritable \u00a0joyau de la p\u00e9ninsule des Balkans bord\u00e9 par la mer Adriatique, le Mont\u00e9n\u00e9gro est devenu une\u00a0<strong>destination europ\u00e9enne incontournable.<\/strong>\u00a0Le plus jeune pays d\u2019Europe (ind\u00e9pendance en 2006) concentre les plus belles enseignes h\u00f4teli\u00e8res sur son littoral mais aussi des lieux \u00ab\u00a0natures\u00a0\u00bb dans les terres.    <\/div><\/div><\/div><\/div><\/div><\/div><\/div><\/div><\/div><\/div><\/div><\/div><div class=\"vc_row wpb_row vc_row-fluid qodef-section vc_custom_1714652867406 qodef-content-aligment-left qodef-grid-section\" style=\"\"><div class=\"clearfix qodef-section-inner\"><div class=\"qodef-section-inner-margin clearfix\"><div class=\"wpb_column vc_column_container vc_col-sm-12 vc_col-lg-6 vc_col-md-12\"><div class=\"vc_column-inner vc_custom_1714656200728\"><div class=\"wpb_wrapper\">\n\t<div  class=\"wpb_single_image wpb_content_element vc_align_left wpb_content_element\">\n\t\t\n\t\t<figure class=\"wpb_wrapper vc_figure\">\n\t\t\t<div class=\"vc_single_image-wrapper   vc_box_border_grey\"><img loading=\"lazy\" decoding=\"async\" width=\"1200\" height=\"900\" src=\"https:\/\/www.ohmycom.fr\/wp-content\/uploads\/2024\/09\/ohmyevent-montenegro-sveti-stefan.jpg\" class=\"vc_single_image-img attachment-full\" alt=\"\" title=\"ohmyevent-montenegro-sveti-stefan\" srcset=\"https:\/\/www.ohmycom.fr\/wp-content\/uploads\/2024\/09\/ohmyevent-montenegro-sveti-stefan.jpg 1200w, https:\/\/www.ohmycom.fr\/wp-content\/uploads\/2024\/09\/ohmyevent-montenegro-sveti-stefan-300x225.jpg 300w, https:\/\/www.ohmycom.fr\/wp-content\/uploads\/2024\/09\/ohmyevent-montenegro-sveti-stefan-1024x768.jpg 1024w, https:\/\/www.ohmycom.fr\/wp-content\/uploads\/2024\/09\/ohmyevent-montenegro-sveti-stefan-768x576.jpg 768w, https:\/\/www.ohmycom.fr\/wp-content\/uploads\/2024\/09\/ohmyevent-montenegro-sveti-stefan-16x12.jpg 16w, https:\/\/www.ohmycom.fr\/wp-content\/uploads\/2024\/09\/ohmyevent-montenegro-sveti-stefan-800x600.jpg 800w\" sizes=\"auto, (max-width: 1200px) 100vw, 1200px\" \/><\/div>\n\t\t<\/figure>\n\t<\/div>\n<\/div><\/div><\/div><div class=\"wpb_column vc_column_container vc_col-sm-12 vc_col-lg-6 vc_col-md-12\"><div class=\"vc_column-inner vc_custom_1714979058716\"><div class=\"wpb_wrapper\">\n\t<div class=\"wpb_text_column wpb_content_element\" >\n\t\t<div class=\"wpb_wrapper\">\n\t\t\t<h3 class=\"vc_custom_heading\">Une destination aux activit\u00e9s incroyablement vari\u00e9es<\/h3>\n\n\t\t<\/div>\n\t<\/div>\n<div class=\"vc_empty_space\"   style=\"height: 8px\"><span class=\"vc_empty_space_inner\"><\/span><\/div>\n\t<div class=\"wpb_text_column wpb_content_element\" >\n\t\t<div class=\"wpb_wrapper\">\n\t\t\t<div class=\"wpb_text_column wpb_content_element\">\n<div class=\"wpb_wrapper\">\n<div class=\"wpb_text_column wpb_content_element\">\n<div class=\"wpb_wrapper\">\n<div class=\"wpb_text_column wpb_content_element\">\n<div class=\"wpb_wrapper\">\n<div class=\"wpb_text_column wpb_content_element\">\n<div class=\"wpb_wrapper\">\n<p>Situ\u00e9 au c\u0153ur de l\u2019Europe et de la M\u00e9diterran\u00e9e, le Mont\u00e9n\u00e9gro s\u2019\u00e9tend sur une partie de<strong>\u00a0la c\u00f4te de la mer Adriatique<\/strong>\u00a0et se trouve au sud-ouest de la p\u00e9ninsule balkanique.<\/p>\n<p><strong>Entre nature, traditions et gastronomie<\/strong><\/p>\n<p>Le pays mise sur\u00a0<strong>ses beaut\u00e9s naturelles et son littoral pr\u00e9serv\u00e9<\/strong>\u00a0alliant d\u00e9couverte d\u2019un patrimoine culturel important issu des influences multiples propres \u00e0 cette r\u00e9gion du monde, les magnifiques plages au bord de l\u2019Adriatique et la pr\u00e9sence d\u2019un massif montagneux proche, renfermant de vrais tr\u00e9sors\u2026<\/p>\n<p><strong>#montenegro\u00a0<\/strong>\u00a0<strong>#budva #perast #kotor #kolasin #cetinje #tivat<\/strong><\/p>\n<\/div>\n<\/div>\n<\/div>\n<\/div>\n<\/div>\n<\/div>\n<\/div>\n<\/div>\n\n\t\t<\/div>\n\t<\/div>\n<div class=\"vc_empty_space\"   style=\"height: 8px\"><span class=\"vc_empty_space_inner\"><\/span><\/div><\/div><\/div><\/div><\/div><\/div><\/div><div class=\"vc_row wpb_row vc_row-fluid qodef-section vc_custom_1747037776602 qodef-content-aligment-center qodef-grid-section\" style=\"\"><div class=\"clearfix qodef-section-inner\"><div class=\"qodef-section-inner-margin clearfix\"><div class=\"wpb_column vc_column_container vc_col-sm-6\"><div class=\"vc_column-inner\"><div class=\"wpb_wrapper\"><div data-qodef-parallax-speed=\"1\" class=\"vc_row wpb_row vc_inner vc_row-fluid qodef-section vc_custom_1714722998519 qodef-content-aligment-center\" style=\"\"><div class=\"qodef-full-section-inner\"><div class=\"wpb_column vc_column_container vc_col-sm-8\"><div class=\"vc_column-inner\"><div class=\"wpb_wrapper\">\n\t<div class=\"wpb_text_column wpb_content_element\" >\n\t\t<div class=\"wpb_wrapper\">\n\t\t\t<h3>\u00c0 Savoir<\/h3>\n<p>sur la destination<\/p>\n\n\t\t<\/div>\n\t<\/div>\n<div class=\"vc_empty_space\"   style=\"height: 6px\"><span class=\"vc_empty_space_inner\"><\/span><\/div>\n\t<div  class=\"wpb_single_image wpb_content_element vc_align_center wpb_content_element\">\n\t\t\n\t\t<figure class=\"wpb_wrapper vc_figure\">\n\t\t\t<div class=\"vc_single_image-wrapper   vc_box_border_grey\"><img loading=\"lazy\" decoding=\"async\" width=\"1188\" height=\"822\" src=\"https:\/\/www.ohmycom.fr\/wp-content\/uploads\/2025\/05\/montenegro-ohmycom.png\" class=\"vc_single_image-img attachment-full\" alt=\"\" title=\"montenegro-ohmycom\" srcset=\"https:\/\/www.ohmycom.fr\/wp-content\/uploads\/2025\/05\/montenegro-ohmycom.png 1188w, https:\/\/www.ohmycom.fr\/wp-content\/uploads\/2025\/05\/montenegro-ohmycom-300x208.png 300w, https:\/\/www.ohmycom.fr\/wp-content\/uploads\/2025\/05\/montenegro-ohmycom-1024x709.png 1024w, https:\/\/www.ohmycom.fr\/wp-content\/uploads\/2025\/05\/montenegro-ohmycom-768x531.png 768w, https:\/\/www.ohmycom.fr\/wp-content\/uploads\/2025\/05\/montenegro-ohmycom-18x12.png 18w, https:\/\/www.ohmycom.fr\/wp-content\/uploads\/2025\/05\/montenegro-ohmycom-500x346.png 500w, https:\/\/www.ohmycom.fr\/wp-content\/uploads\/2025\/05\/montenegro-ohmycom-800x554.png 800w\" sizes=\"auto, (max-width: 1188px) 100vw, 1188px\" \/><\/div>\n\t\t<\/figure>\n\t<\/div>\n<div class=\"vc_empty_space\"   style=\"height: 20px\"><span class=\"vc_empty_space_inner\"><\/span><\/div><\/div><\/div><\/div><div class=\"wpb_column vc_column_container vc_col-sm-4\"><div class=\"vc_column-inner\"><div class=\"wpb_wrapper\">\n    <span class=\"qodef-icon-shortcode normal qodef-icon-small\"  >\n        \n        <i class=\"qodef-icon-font-awesome fa fa-plane qodef-icon-element\" style=\"\" ><\/i>\n            <\/span>\n\n<div class=\"vc_empty_space\"   style=\"height: 4px\"><span class=\"vc_empty_space_inner\"><\/span><\/div>\n\t<div class=\"wpb_text_column wpb_content_element\" >\n\t\t<div class=\"wpb_wrapper\">\n\t\t\t<h3>1h30<\/h3>\n<p>De vol depuis Lyon<\/p>\n\n\t\t<\/div>\n\t<\/div>\n<div class=\"vc_empty_space\"   style=\"height: 12px\"><span class=\"vc_empty_space_inner\"><\/span><\/div>\n    <span class=\"qodef-icon-shortcode normal qodef-icon-small\"  >\n        \n        <i class=\"qodef-icon-font-awesome fa fa-arrows qodef-icon-element\" style=\"\" ><\/i>\n            <\/span>\n\n<div class=\"vc_empty_space\"   style=\"height: 4px\"><span class=\"vc_empty_space_inner\"><\/span><\/div>\n\t<div class=\"wpb_text_column wpb_content_element\" >\n\t\t<div class=\"wpb_wrapper\">\n\t\t\t<h3>13 810 km\u00b2<\/h3>\n<p>Superficie<\/p>\n\n\t\t<\/div>\n\t<\/div>\n<div class=\"vc_empty_space\"   style=\"height: 12px\"><span class=\"vc_empty_space_inner\"><\/span><\/div>\n    <span class=\"qodef-icon-shortcode normal qodef-icon-small\"  >\n        \n        <i class=\"qodef-icon-font-awesome fa fa-users qodef-icon-element\" style=\"\" ><\/i>\n            <\/span>\n\n<div class=\"vc_empty_space\"   style=\"height: 4px\"><span class=\"vc_empty_space_inner\"><\/span><\/div>\n\t<div class=\"wpb_text_column wpb_content_element\" >\n\t\t<div class=\"wpb_wrapper\">\n\t\t\t<h3>620 000<\/h3>\n<p>Habitants<\/p>\n\n\t\t<\/div>\n\t<\/div>\n<\/div><\/div><\/div><\/div><\/div><\/div><\/div><\/div><div class=\"afaire wpb_column vc_column_container vc_col-sm-3\"><div class=\"vc_column-inner\"><div class=\"wpb_wrapper\">\n    <span class=\"qodef-icon-shortcode normal qodef-icon-small\"  >\n        \n        <i class=\"qodef-icon-ion-icon ion-eye qodef-icon-element\" style=\"\" ><\/i>\n            <\/span>\n\n<div class=\"vc_empty_space\"   style=\"height: 6px\"><span class=\"vc_empty_space_inner\"><\/span><\/div>\n\t<div class=\"wpb_text_column wpb_content_element\" >\n\t\t<div class=\"wpb_wrapper\">\n\t\t\t<h3>A d\u00e9couvrir<\/h3>\n\n\t\t<\/div>\n\t<\/div>\n<div class=\"vc_empty_space\"   style=\"height: 12px\"><span class=\"vc_empty_space_inner\"><\/span><\/div><div class=\"qodef-iwt clearfix qodef-iwt-icon-left qodef-iwt-icon-small\"  >\n    <div class=\"qodef-iwt-icon-holder\">\n                    \n    <span class=\"qodef-icon-shortcode circle\" style=\"width: 19px;height: 19px;line-height: 19px;background-color: #9387A8;border-style: solid;border-width: 0px\" data-color=\"#ffffff\">\n        \n        <i class=\"qodef-icon-font-awesome fa fa-check qodef-icon-element\" style=\"color: #ffffff;font-size:13px\" ><\/i>\n            <\/span>\n\n            <\/div>\n    <div class=\"qodef-iwt-content-holder\" style=\"padding-left: 38px\">\n                        <div class=\"qodef-iwt-text-holder\">\n            <p style=\"color: #5C5073\">Les bouches de Kotor<\/p>\n\n                    <\/div>\n    <\/div>\n<\/div><div class=\"vc_empty_space\"   style=\"height: 9px\"><span class=\"vc_empty_space_inner\"><\/span><\/div><div class=\"qodef-iwt clearfix qodef-iwt-icon-left qodef-iwt-icon-small\"  >\n    <div class=\"qodef-iwt-icon-holder\">\n                    \n    <span class=\"qodef-icon-shortcode circle\" style=\"width: 19px;height: 19px;line-height: 19px;background-color: #9387A8;border-style: solid;border-width: 0px\" data-color=\"#ffffff\">\n        \n        <i class=\"qodef-icon-font-awesome fa fa-check qodef-icon-element\" style=\"color: #ffffff;font-size:13px\" ><\/i>\n            <\/span>\n\n            <\/div>\n    <div class=\"qodef-iwt-content-holder\" style=\"padding-left: 38px\">\n                        <div class=\"qodef-iwt-text-holder\">\n            <p style=\"color: #5C5073\">Le monast\u00e8re d\u2019Ostrog<\/p>\n\n                    <\/div>\n    <\/div>\n<\/div><div class=\"vc_empty_space\"   style=\"height: 9px\"><span class=\"vc_empty_space_inner\"><\/span><\/div><div class=\"qodef-iwt clearfix qodef-iwt-icon-left qodef-iwt-icon-small\"  >\n    <div class=\"qodef-iwt-icon-holder\">\n                    \n    <span class=\"qodef-icon-shortcode circle\" style=\"width: 19px;height: 19px;line-height: 19px;background-color: #9387A8;border-style: solid;border-width: 0px\" data-color=\"#ffffff\">\n        \n        <i class=\"qodef-icon-font-awesome fa fa-check qodef-icon-element\" style=\"color: #ffffff;font-size:13px\" ><\/i>\n            <\/span>\n\n            <\/div>\n    <div class=\"qodef-iwt-content-holder\" style=\"padding-left: 38px\">\n                        <div class=\"qodef-iwt-text-holder\">\n            <p style=\"color: #5C5073\">Le lac Skadar<\/p>\n\n                    <\/div>\n    <\/div>\n<\/div><div class=\"vc_empty_space\"   style=\"height: 9px\"><span class=\"vc_empty_space_inner\"><\/span><\/div><div class=\"qodef-iwt clearfix qodef-iwt-icon-left qodef-iwt-icon-small\"  >\n    <div class=\"qodef-iwt-icon-holder\">\n                    \n    <span class=\"qodef-icon-shortcode circle\" style=\"width: 19px;height: 19px;line-height: 19px;background-color: #9387A8;border-style: solid;border-width: 0px\" data-color=\"#ffffff\">\n        \n        <i class=\"qodef-icon-font-awesome fa fa-check qodef-icon-element\" style=\"color: #ffffff;font-size:13px\" ><\/i>\n            <\/span>\n\n            <\/div>\n    <div class=\"qodef-iwt-content-holder\" style=\"padding-left: 38px\">\n                        <div class=\"qodef-iwt-text-holder\">\n            <p style=\"color: #5C5073\">Le canyon de la rivi\u00e8re Tara, plus grand canyon d\u2019Europe \u2026<\/p>\n\n                    <\/div>\n    <\/div>\n<\/div><div class=\"vc_empty_space\"   style=\"height: 9px\"><span class=\"vc_empty_space_inner\"><\/span><\/div><div class=\"qodef-iwt clearfix qodef-iwt-icon-left qodef-iwt-icon-small\"  >\n    <div class=\"qodef-iwt-icon-holder\">\n                    \n    <span class=\"qodef-icon-shortcode circle\" style=\"width: 19px;height: 19px;line-height: 19px;background-color: #9387A8;border-style: solid;border-width: 0px\" data-color=\"#ffffff\">\n        \n        <i class=\"qodef-icon-font-awesome fa fa-check qodef-icon-element\" style=\"color: #ffffff;font-size:13px\" ><\/i>\n            <\/span>\n\n            <\/div>\n    <div class=\"qodef-iwt-content-holder\" style=\"padding-left: 38px\">\n                        <div class=\"qodef-iwt-text-holder\">\n            <p style=\"color: #5C5073\">Les villes baln\u00e9aires de Budva &amp; Tivat<\/p>\n\n                    <\/div>\n    <\/div>\n<\/div><\/div><\/div><\/div><div class=\"afaire wpb_column vc_column_container vc_col-sm-3\"><div class=\"vc_column-inner\"><div class=\"wpb_wrapper\">\n    <span class=\"qodef-icon-shortcode normal qodef-icon-small\"  >\n        \n        <i class=\"qodef-icon-font-awesome fa fa-cutlery qodef-icon-element\" style=\"\" ><\/i>\n            <\/span>\n\n<div class=\"vc_empty_space\"   style=\"height: 6px\"><span class=\"vc_empty_space_inner\"><\/span><\/div>\n\t<div class=\"wpb_text_column wpb_content_element\" >\n\t\t<div class=\"wpb_wrapper\">\n\t\t\t<h3>A d\u00e9guster<\/h3>\n\n\t\t<\/div>\n\t<\/div>\n<div class=\"vc_empty_space\"   style=\"height: 12px\"><span class=\"vc_empty_space_inner\"><\/span><\/div><div class=\"qodef-iwt clearfix qodef-iwt-icon-left qodef-iwt-icon-small\"  >\n    <div class=\"qodef-iwt-icon-holder\">\n                    \n    <span class=\"qodef-icon-shortcode circle\" style=\"width: 19px;height: 19px;line-height: 19px;background-color: #9387A8;border-style: solid;border-width: 0px\" data-color=\"#ffffff\">\n        \n        <i class=\"qodef-icon-font-awesome fa fa-check qodef-icon-element\" style=\"color: #ffffff;font-size:13px\" ><\/i>\n            <\/span>\n\n            <\/div>\n    <div class=\"qodef-iwt-content-holder\" style=\"padding-left: 38px\">\n                        <div class=\"qodef-iwt-text-holder\">\n            <p style=\"color: #5C5073\">Les Popeci de Podgorica<\/p>\n\n                    <\/div>\n    <\/div>\n<\/div><div class=\"vc_empty_space\"   style=\"height: 9px\"><span class=\"vc_empty_space_inner\"><\/span><\/div><div class=\"qodef-iwt clearfix qodef-iwt-icon-left qodef-iwt-icon-small\"  >\n    <div class=\"qodef-iwt-icon-holder\">\n                    \n    <span class=\"qodef-icon-shortcode circle\" style=\"width: 19px;height: 19px;line-height: 19px;background-color: #9387A8;border-style: solid;border-width: 0px\" data-color=\"#ffffff\">\n        \n        <i class=\"qodef-icon-font-awesome fa fa-check qodef-icon-element\" style=\"color: #ffffff;font-size:13px\" ><\/i>\n            <\/span>\n\n            <\/div>\n    <div class=\"qodef-iwt-content-holder\" style=\"padding-left: 38px\">\n                        <div class=\"qodef-iwt-text-holder\">\n            <p style=\"color: #5C5073\">Le Kacamak<\/p>\n\n                    <\/div>\n    <\/div>\n<\/div><div class=\"vc_empty_space\"   style=\"height: 9px\"><span class=\"vc_empty_space_inner\"><\/span><\/div><div class=\"qodef-iwt clearfix qodef-iwt-icon-left qodef-iwt-icon-small\"  >\n    <div class=\"qodef-iwt-icon-holder\">\n                    \n    <span class=\"qodef-icon-shortcode circle\" style=\"width: 19px;height: 19px;line-height: 19px;background-color: #9387A8;border-style: solid;border-width: 0px\" data-color=\"#ffffff\">\n        \n        <i class=\"qodef-icon-font-awesome fa fa-check qodef-icon-element\" style=\"color: #ffffff;font-size:13px\" ><\/i>\n            <\/span>\n\n            <\/div>\n    <div class=\"qodef-iwt-content-holder\" style=\"padding-left: 38px\">\n                        <div class=\"qodef-iwt-text-holder\">\n            <p style=\"color: #5C5073\">Le Burek<\/p>\n\n                    <\/div>\n    <\/div>\n<\/div><div class=\"vc_empty_space\"   style=\"height: 9px\"><span class=\"vc_empty_space_inner\"><\/span><\/div><div class=\"qodef-iwt clearfix qodef-iwt-icon-left qodef-iwt-icon-small\"  >\n    <div class=\"qodef-iwt-icon-holder\">\n                    \n    <span class=\"qodef-icon-shortcode circle\" style=\"width: 19px;height: 19px;line-height: 19px;background-color: #9387A8;border-style: solid;border-width: 0px\" data-color=\"#ffffff\">\n        \n        <i class=\"qodef-icon-font-awesome fa fa-check qodef-icon-element\" style=\"color: #ffffff;font-size:13px\" ><\/i>\n            <\/span>\n\n            <\/div>\n    <div class=\"qodef-iwt-content-holder\" style=\"padding-left: 38px\">\n                        <div class=\"qodef-iwt-text-holder\">\n            <p style=\"color: #5C5073\">Les Priganice<\/p>\n\n                    <\/div>\n    <\/div>\n<\/div><div class=\"vc_empty_space\"   style=\"height: 9px\"><span class=\"vc_empty_space_inner\"><\/span><\/div><div class=\"qodef-iwt clearfix qodef-iwt-icon-left qodef-iwt-icon-small\"  >\n    <div class=\"qodef-iwt-icon-holder\">\n                    \n    <span class=\"qodef-icon-shortcode circle\" style=\"width: 19px;height: 19px;line-height: 19px;background-color: #9387A8;border-style: solid;border-width: 0px\" data-color=\"#ffffff\">\n        \n        <i class=\"qodef-icon-font-awesome fa fa-check qodef-icon-element\" style=\"color: #ffffff;font-size:13px\" ><\/i>\n            <\/span>\n\n            <\/div>\n    <div class=\"qodef-iwt-content-holder\" style=\"padding-left: 38px\">\n                        <div class=\"qodef-iwt-text-holder\">\n            <p style=\"color: #5C5073\">L\u2019Ajvar \u2026<\/p>\n\n                    <\/div>\n    <\/div>\n<\/div><\/div><\/div><\/div><\/div><\/div><\/div><div class=\"vc_row wpb_row vc_row-fluid qodef-section vc_custom_1714652885885 qodef-content-aligment-left qodef-grid-section\" style=\"\"><div class=\"clearfix qodef-section-inner\"><div class=\"qodef-section-inner-margin clearfix\"><div class=\"wpb_column vc_column_container vc_col-sm-12 vc_col-lg-6 vc_col-md-12\"><div class=\"vc_column-inner\"><div class=\"wpb_wrapper\">\n\t<div class=\"wpb_text_column wpb_content_element\" >\n\t\t<div class=\"wpb_wrapper\">\n\t\t\t<h3 class=\"vc_custom_heading\">Le Mont\u00e9n\u00e9gro : la beaut\u00e9 sauvage des Balkans !<\/h3>\n\n\t\t<\/div>\n\t<\/div>\n<div class=\"vc_empty_space\"   style=\"height: 8px\"><span class=\"vc_empty_space_inner\"><\/span><\/div><div class=\"qodef-svg-separator-holder qodef-svg-separator-large\">\n    <div class=\"qodef-svg-separator qodef-svg-frames-class\" data-svg-frames=\"15\" data-svg-drawing=\"yes\" >\n        <svg version=\"1.1\"  xmlns=\"http:\/\/www.w3.org\/2000\/svg\" xmlns:xlink=\"http:\/\/www.w3.org\/1999\/xlink\" x=\"0px\" y=\"0px\"\n            width=\"60px\" height=\"20px\" viewbox=\"0 0 60 20\" enable-background=\"new 0 0 60 20\" xml:space=\"preserve\">\n            <path fill=\"none\" stroke=\"#feea0e\" stroke-width=\"6\" stroke-linecap=\"round\" stroke-miterlimit=\"10\" d=\"M3.188,8.848 C20.521,3.89,38.313,16.66,56.813,9.473\"\/>\n        <\/svg>\n    <\/div>\n<\/div><div class=\"vc_empty_space\"   style=\"height: 8px\"><span class=\"vc_empty_space_inner\"><\/span><\/div>\n\t<div class=\"wpb_text_column wpb_content_element\" >\n\t\t<div class=\"wpb_wrapper\">\n\t\t\t<p>A seulement 1h30 de vol de Lyon et 2h de Paris, le Mont\u00e9n\u00e9gro promet\u00a0<strong>un d\u00e9paysement total<\/strong>\u00a0pour vos \u00e9v\u00e8nements.<\/p>\n<p>Les courtes distances entre les destinations permettent de consacrer plus de temps aux activit\u00e9s organis\u00e9es plut\u00f4t que de perdre du temps pour les d\u00e9placements. Sur le littoral, de\u00a0<strong>nombreuses activit\u00e9s nautiques<\/strong>\u00a0sont possibles (catamaran, voile, plong\u00e9e, kayak\u2026) combin\u00e9es \u00e0 une<strong>\u00a0exp\u00e9rience gastronomique<\/strong>\u00a0dans les villages de p\u00eacheurs.\u00a0<strong>Dans les montagnes,\u00a0<\/strong>des activit\u00e9s comme le quad, le canyoning, la tyrolienne ou le rafting se m\u00ealent aux d\u00e9gustations locales de formage, miel et jambon !<\/p>\n<p>&nbsp;<\/p>\n<h4>Un terrain de jeu unique !<\/h4>\n<p>&nbsp;<\/p>\n<h5><strong><em>De nombreuses possibilit\u00e9s pour votre \u00e9v\u00e9nement<\/em><\/strong><\/h5>\n<div class=\"wpb_text_column wpb_content_element\">\n<div class=\"wpb_wrapper\">\n<p align=\"justify\">Cette vraie\u00a0<strong>destination de r\u00eave offre des<\/strong>\u00a0<strong>vues paradisiaques, de la nature \u00e0 perte de vue<\/strong>\u00a0gr\u00e2ce aux multiples<strong>\u00a0lacs, montagnes et villes anciennes.\u00a0<\/strong><strong>\u00a0<\/strong>Ce tout petit pays est dot\u00e9 d\u2019une incroyable diversit\u00e9 et d\u2019une nature \u00e9poustouflante mais\u00a0offre aussi de nombreux\u00a0<strong>lieux luxueux et modernes.<\/strong><\/p>\n<p align=\"justify\">Des\u00a0<strong>sites historiques et culturels<\/strong>, des\u00a0<strong>restaurants de sp\u00e9cialit\u00e9s<\/strong>\u00a0et une\u00a0<strong>ambiance unique<\/strong>\u00a0caract\u00e9risent les lieux embl\u00e9matiques du Mont\u00e9n\u00e9gro comme les bouches de\u00a0<strong>Kotor<\/strong>,\u00a0<strong>Budva<\/strong>\u00a0ou encore\u00a0<strong>Tivat<\/strong>.<\/p>\n<\/div>\n<\/div>\n\n\t\t<\/div>\n\t<\/div>\n<div class=\"vc_empty_space\"   style=\"height: 8px\"><span class=\"vc_empty_space_inner\"><\/span><\/div><\/div><\/div><\/div><div class=\"wpb_column vc_column_container vc_col-sm-12 vc_col-lg-6 vc_col-md-12 vc_col-has-fill\"><div class=\"vc_column-inner vc_custom_1747037965673\"><div class=\"wpb_wrapper\">\n\t<div  class=\"wpb_single_image wpb_content_element vc_align_left wpb_content_element\">\n\t\t\n\t\t<figure class=\"wpb_wrapper vc_figure\">\n\t\t\t<div class=\"vc_single_image-wrapper   vc_box_border_grey\"><img loading=\"lazy\" decoding=\"async\" width=\"2048\" height=\"1454\" src=\"https:\/\/www.ohmycom.fr\/wp-content\/uploads\/2024\/05\/ohmytravel-montenegro-ohmycom-kotor-team-2048x1454-1.jpg\" class=\"vc_single_image-img attachment-full\" alt=\"\" title=\"ohmytravel-montenegro-ohmycom-kotor-team-2048x1454\" srcset=\"https:\/\/www.ohmycom.fr\/wp-content\/uploads\/2024\/05\/ohmytravel-montenegro-ohmycom-kotor-team-2048x1454-1.jpg 2048w, https:\/\/www.ohmycom.fr\/wp-content\/uploads\/2024\/05\/ohmytravel-montenegro-ohmycom-kotor-team-2048x1454-1-300x213.jpg 300w, https:\/\/www.ohmycom.fr\/wp-content\/uploads\/2024\/05\/ohmytravel-montenegro-ohmycom-kotor-team-2048x1454-1-1024x727.jpg 1024w, https:\/\/www.ohmycom.fr\/wp-content\/uploads\/2024\/05\/ohmytravel-montenegro-ohmycom-kotor-team-2048x1454-1-768x545.jpg 768w, https:\/\/www.ohmycom.fr\/wp-content\/uploads\/2024\/05\/ohmytravel-montenegro-ohmycom-kotor-team-2048x1454-1-1536x1091.jpg 1536w, https:\/\/www.ohmycom.fr\/wp-content\/uploads\/2024\/05\/ohmytravel-montenegro-ohmycom-kotor-team-2048x1454-1-18x12.jpg 18w\" sizes=\"auto, (max-width: 2048px) 100vw, 2048px\" \/><\/div>\n\t\t<\/figure>\n\t<\/div>\n<div class=\"vc_empty_space\"   style=\"height: 30px\"><span class=\"vc_empty_space_inner\"><\/span><\/div>\n\t<div class=\"wpb_text_column wpb_content_element\" >\n\t\t<div class=\"wpb_wrapper\">\n\t\t\t<h3 style=\"text-align: center;\">Nous avons test\u00e9 pour vous !<\/h3>\n\n\t\t<\/div>\n\t<\/div>\n<div class=\"vc_empty_space\"   style=\"height: 12px\"><span class=\"vc_empty_space_inner\"><\/span><\/div>\n\t<div class=\"wpb_text_column wpb_content_element\" >\n\t\t<div class=\"wpb_wrapper\">\n\t\t\t<div class=\"dt-sc-image-caption type8\">\n<div class=\"dt-sc-image-content\">\n<div class=\"dt-sc-image-title\">\n<h6 style=\"text-align: center;\">D\u00c9COUVERTE DE KOTOR<\/h6>\n<h6><\/h6>\n<\/div>\n<div style=\"text-align: center;\">\n<p>Notre groupe a emprunt\u00e9 \u00a0la route de Serpentine entre Njegusi et Kotor. L\u2019occasion d\u2019une vue incroyable sur les Bouches de Kotor.<\/p>\n<p><em><strong>Nicolas, Directeur de l\u2019agence OhMyCom<\/strong><\/em><\/p>\n<\/div>\n<\/div>\n<\/div>\n\n\t\t<\/div>\n\t<\/div>\n<div class=\"vc_empty_space\"   style=\"height: 30px\"><span class=\"vc_empty_space_inner\"><\/span><\/div><\/div><\/div><\/div><\/div><\/div><\/div><div class=\"vc_row wpb_row vc_row-fluid qodef-section vc_custom_1747037974131 qodef-content-aligment-center qodef-grid-section\" style=\"\"><div class=\"clearfix qodef-section-inner\"><div class=\"qodef-section-inner-margin clearfix\"><div class=\"wpb_column vc_column_container vc_col-sm-12 vc_col-lg-offset-2 vc_col-lg-8 vc_col-md-offset-1 vc_col-md-10\"><div class=\"vc_column-inner\"><div class=\"wpb_wrapper\">\n\t<div class=\"wpb_text_column wpb_content_element\" >\n\t\t<div class=\"wpb_wrapper\">\n\t\t\t<h2>Id\u00e9es pour votre s\u00e9minaire<\/h2>\n\n\t\t<\/div>\n\t<\/div>\n<div class=\"vc_empty_space\"   style=\"height: 8px\"><span class=\"vc_empty_space_inner\"><\/span><\/div><div class=\"qodef-svg-separator-holder qodef-svg-separator-small\">\n    <div class=\"qodef-svg-separator qodef-svg-frames-class\" data-svg-frames=\"15\" data-svg-drawing=\"yes\" >\n        <svg version=\"1.1\"  xmlns=\"http:\/\/www.w3.org\/2000\/svg\" xmlns:xlink=\"http:\/\/www.w3.org\/1999\/xlink\" x=\"0px\" y=\"0px\"\n            width=\"60px\" height=\"20px\" viewbox=\"0 0 60 20\" enable-background=\"new 0 0 60 20\" xml:space=\"preserve\">\n            <path fill=\"none\" stroke=\"#feea0e\" stroke-width=\"6\" stroke-linecap=\"round\" stroke-miterlimit=\"10\" d=\"M3.188,8.848 C20.521,3.89,38.313,16.66,56.813,9.473\"\/>\n        <\/svg>\n    <\/div>\n<\/div><div class=\"vc_empty_space\"   style=\"height: 14px\"><span class=\"vc_empty_space_inner\"><\/span><\/div>\n<div class=\"qodef-custom-font-holder\" style=\"font-family: Catamaran;font-size: 18px;line-height: 25px;font-weight: 600;letter-spacing: 0px;text-align: center;color: #5C5073\" data-font-size= \"18\" data-line-height= \"25\">\n    Vous trouverez ci-dessous une id\u00e9e de programme pour l&rsquo;organisation d&rsquo;un s\u00e9minaire.<br \/>\nVous aurez le choix entre une belle s\u00e9lection d&rsquo;h\u00f4tels, de restaurants et d&rsquo;activit\u00e9s adapt\u00e9s \u00e0 toutes vos attentes (planning, budget&#8230;) et vos envies (programme d\u00e9di\u00e9 \u00e0 la gastronomie, \u00e0 la culture, au sport&#8230;).    <\/div><div class=\"vc_empty_space\"   style=\"height: 14px\"><span class=\"vc_empty_space_inner\"><\/span><\/div><\/div><\/div><\/div><\/div><\/div><\/div><div class=\"vc_row wpb_row vc_row-fluid qodef-section vc_custom_1747037989714 qodef-content-aligment-left qodef-grid-section\" style=\"\"><div class=\"clearfix qodef-section-inner\"><div class=\"qodef-section-inner-margin clearfix\"><div class=\"wpb_column vc_column_container vc_col-sm-6\"><div class=\"vc_column-inner\"><div class=\"wpb_wrapper\"><div class=\"qodef-accordion-holder clearfix qodef-accordion qodef-initial qodef-skin-light\">\n\t<h5 class=\"clearfix qodef-title-holder\">\n\t<span class=\"qodef-tab-title\">\n\t\t<span class=\"qodef-tab-title-inner\">\n\t\t\tJour 1\t\t<\/span>\n\t<\/span>\n    <span class=\"qodef-accordion-mark\">\n\t\t<span class=\"qodef-accordion-mark-icon\">\n\t\t\t<span class=\"qodef-accordion-plus\">+<\/span>\n\t\t\t<span class=\"qodef-accordion-minus\">-<\/span>\n\t\t<\/span>\n\t<\/span>\n<\/h5>\n<div class=\"qodef-accordion-content\">\n\t<div class=\"qodef-accordion-content-inner\">\n\t\t\n\t<div class=\"wpb_text_column wpb_content_element\" >\n\t\t<div class=\"wpb_wrapper\">\n\t\t\t<ul>\n<li>Arriv\u00e9e \u00e0 l\u2019a\u00e9roport de Podgorica et transfert par les<strong>\u00a0belles routes panoramique vers le nord du pay<\/strong>s, en longeant le fameux canyon de la Moraca pour une arriv\u00e9e \u00e0\u00a0<strong>Kolasin<\/strong>.<\/li>\n<li>Apr\u00e8s un rapide check-in \u00e0 l\u2019h\u00f4tel, un transfert est pr\u00e9vu en 4\u00d74 (ou en quad ou encore en camions militaires) jusqu\u2019\u00e0 l\u2019Eco village (refuge de montagne), un concept unique, situ\u00e9 en pleine nature\u00a0<strong>\u00e0 1 800 m\u00e8tre d\u2019altitude<\/strong>. Nous dinerons\u00a0<strong>autour d\u2019un feu de bois et sous un ciel \u00e9toil\u00e9<\/strong>.\u00a0Une exp\u00e9rience magique de nuit en \u00e9coutant les sons nocturnes de la montagne.<\/li>\n<\/ul>\n\n\t\t<\/div>\n\t<\/div>\n\t<\/div>\n<\/div><h5 class=\"clearfix qodef-title-holder\">\n\t<span class=\"qodef-tab-title\">\n\t\t<span class=\"qodef-tab-title-inner\">\n\t\t\tJour 2\t\t<\/span>\n\t<\/span>\n    <span class=\"qodef-accordion-mark\">\n\t\t<span class=\"qodef-accordion-mark-icon\">\n\t\t\t<span class=\"qodef-accordion-plus\">+<\/span>\n\t\t\t<span class=\"qodef-accordion-minus\">-<\/span>\n\t\t<\/span>\n\t<\/span>\n<\/h5>\n<div class=\"qodef-accordion-content\">\n\t<div class=\"qodef-accordion-content-inner\">\n\t\t\n\t<div class=\"wpb_text_column wpb_content_element\" >\n\t\t<div class=\"wpb_wrapper\">\n\t\t\t<ul>\n<li>Apr\u00e8s un r\u00e9veil en montagne, nous prenons la route de Kotor o\u00f9 nous\u00a0embarquerons en bateau privatis\u00e9 pour d\u00e9couvrir la Perle du Mont\u00e9n\u00e9gro et toute l\u2019Adriatique :\u00a0<strong>la baie de Kotor\u00a0<\/strong>\u00a0un endroit unique par son h\u00e9ritage historique et ses beaut\u00e9s naturelles. Le bateau nous emm\u00e8nera \u00e0 cot\u00e9 des iles : St Marco, Notre Dame de la gr\u00e2ce, Notre Dame du Rocher, Saint George, l\u2019ile des fleurs, \u00e0 cot\u00e9 des villages des p\u00eacheurs. Nous d\u00e9jeunerons ensuite\u00a0<strong>au bord de l\u2019eau<\/strong>\u00a0\u00e0 Perast.<\/li>\n<li>Ensuite, apr\u00e8s une visite de la vieille ville de Kotor, nous vous proposons un\u00a0<strong>concert privatis\u00e9 dans l\u2019enceinte de l\u2019\u00e9glise<\/strong>\u00a0orthodoxe de Saint \u2013Nikola en plein c\u0153ur de la ville \u00a0class\u00e9e patrimoine de l Unesco. Les voix envoutantes des moines a capella vous laisseront de marbre.<\/li>\n<li>Nous prendrons ensuite la direction de Porto Mont\u00e9n\u00e9gro qui\u00a0se caract\u00e9rise par une\u00a0<strong>\u00a0marina luxueuse capable d\u2019accueillir de \u00ab\u00a0Super Yatchs\u00a0\u00bb<\/strong>\u00a0pour une visite du bord de mer. Enfin nous irons passer la soir\u00e9e \u00e0 Budva, pour\u00a0<strong>un diner \u00e0 la\u00a0musique relaxante et au panorama exceptionnel sur la baie.\u00a0\u00a0<\/strong><\/li>\n<\/ul>\n\n\t\t<\/div>\n\t<\/div>\n\t<\/div>\n<\/div><h5 class=\"clearfix qodef-title-holder\">\n\t<span class=\"qodef-tab-title\">\n\t\t<span class=\"qodef-tab-title-inner\">\n\t\t\tJour 3\t\t<\/span>\n\t<\/span>\n    <span class=\"qodef-accordion-mark\">\n\t\t<span class=\"qodef-accordion-mark-icon\">\n\t\t\t<span class=\"qodef-accordion-plus\">+<\/span>\n\t\t\t<span class=\"qodef-accordion-minus\">-<\/span>\n\t\t<\/span>\n\t<\/span>\n<\/h5>\n<div class=\"qodef-accordion-content\">\n\t<div class=\"qodef-accordion-content-inner\">\n\t\t\n\t<div class=\"wpb_text_column wpb_content_element\" >\n\t\t<div class=\"wpb_wrapper\">\n\t\t\t<ul>\n<li>Pour ce dernier jour, nous nous r\u00e9veillons \u00e0 Budva pour\u00a0<strong>une visite \u00e0 pied de la vieille ville<\/strong>.<\/li>\n<li>Puis nous terminerons ce s\u00e9jour par\u00a0le d\u00e9cor somptueux du\u00a0<strong>Lac de Skadar \u00e0 bord d\u2019un bateau\u00a0\u00e0 travers ses n\u00e9nuphars<\/strong>\u00a0et ses fleurs blanches et jaunes.\u00a0Une d\u00e9gustation de beignets, fromage et miel local, ainsi que l\u2019eau de vie de raisin et vin rouge de maison est une coutume locale et traditionnelle au Mont\u00e9n\u00e9gro. Par ailleurs, ce lac repr\u00e9sente<strong>\u00a0le dernier refuge des p\u00e9licans en\u00a0 Europe<\/strong>\u00a0et pendant la navigation, vous aurez l\u2019occasion de les observer .<\/li>\n<li>Enfin, nous prendrons la direction l\u2019a\u00e9roport de Podgorica pour le retour en France.<\/li>\n<\/ul>\n\n\t\t<\/div>\n\t<\/div>\n\t<\/div>\n<\/div><\/div><\/div><\/div><\/div><div class=\"wpb_column vc_column_container vc_col-sm-6\"><div class=\"vc_column-inner\"><div class=\"wpb_wrapper\"><div class=\"qodef-image-gallery\" style=\"height: 410px\">\n\t<div class=\"qodef-image-gallery-slider\" data-autoplay=\"3\" data-navigation=\"yes\" data-pagination=\"yes\">\n\t\t\t\t\t\t<a itemprop=\"image\" href=\"\" title=\"ohmyevent-montenegro-ville-nuit\" target=\"_self\">\n\t\t\t\n\t\t\t\n\t\t\t\t<img decoding=\"async\" class=\"qodef-image-gallery-defined-height\" style=\"height: 410px\" src=\"https:\/\/www.ohmycom.fr\/wp-content\/uploads\/2024\/09\/ohmyevent-montenegro-ville-nuit.jpg\" alt=\"ohmyevent-montenegro-ville-nuit\" \/>\n\n\t\t\t\n\t\t\t<\/a>\n\n\t\t\t\t\t\t<a itemprop=\"image\" href=\"\" title=\"ohmyevent-montenegro-ville\" target=\"_self\">\n\t\t\t\n\t\t\t\n\t\t\t\t<img decoding=\"async\" class=\"qodef-image-gallery-defined-height\" style=\"height: 410px\" src=\"https:\/\/www.ohmycom.fr\/wp-content\/uploads\/2024\/09\/ohmyevent-montenegro-ville.jpg\" alt=\"ohmyevent-montenegro-ville\" \/>\n\n\t\t\t\n\t\t\t<\/a>\n\n\t\t\t\t\t\t<a itemprop=\"image\" href=\"\" title=\"ohmyevent-montenegro-kotor-paysage-montage\" target=\"_self\">\n\t\t\t\n\t\t\t\n\t\t\t\t<img decoding=\"async\" class=\"qodef-image-gallery-defined-height\" style=\"height: 410px\" src=\"https:\/\/www.ohmycom.fr\/wp-content\/uploads\/2024\/09\/ohmyevent-montenegro-kotor-paysage-montage.jpg\" alt=\"ohmyevent-montenegro-kotor-paysage-montage\" \/>\n\n\t\t\t\n\t\t\t<\/a>\n\n\t\t\t<\/div>\n<\/div><\/div><\/div><\/div><\/div><\/div><\/div><div class=\"vc_row wpb_row vc_row-fluid qodef-section vc_custom_1714654774435 qodef-content-aligment-center qodef-grid-section\" style=\"\"><div class=\"clearfix qodef-section-inner\"><div class=\"qodef-section-inner-margin clearfix\"><div class=\"wpb_column vc_column_container vc_col-sm-12 vc_col-lg-offset-2 vc_col-lg-8 vc_col-md-offset-1 vc_col-md-10\"><div class=\"vc_column-inner\"><div class=\"wpb_wrapper\">\n\t<div class=\"wpb_text_column wpb_content_element\" >\n\t\t<div class=\"wpb_wrapper\">\n\t\t\t<h2>Notre m\u00e9thode de travail<\/h2>\n\n\t\t<\/div>\n\t<\/div>\n<div class=\"vc_empty_space\"   style=\"height: 8px\"><span class=\"vc_empty_space_inner\"><\/span><\/div><div class=\"qodef-svg-separator-holder qodef-svg-separator-small\">\n    <div class=\"qodef-svg-separator qodef-svg-frames-class\" data-svg-frames=\"15\" data-svg-drawing=\"yes\" >\n        <svg version=\"1.1\"  xmlns=\"http:\/\/www.w3.org\/2000\/svg\" xmlns:xlink=\"http:\/\/www.w3.org\/1999\/xlink\" x=\"0px\" y=\"0px\"\n            width=\"60px\" height=\"20px\" viewbox=\"0 0 60 20\" enable-background=\"new 0 0 60 20\" xml:space=\"preserve\">\n            <path fill=\"none\" stroke=\"#feea0e\" stroke-width=\"6\" stroke-linecap=\"round\" stroke-miterlimit=\"10\" d=\"M3.188,8.848 C20.521,3.89,38.313,16.66,56.813,9.473\"\/>\n        <\/svg>\n    <\/div>\n<\/div><div class=\"vc_empty_space\"   style=\"height: 14px\"><span class=\"vc_empty_space_inner\"><\/span><\/div><\/div><\/div><\/div><\/div><\/div><\/div><div class=\"vc_row wpb_row vc_row-fluid qodef-section vc_custom_1714656244752 qodef-content-aligment-center qodef-grid-section\" style=\"\"><div class=\"clearfix qodef-section-inner\"><div class=\"qodef-section-inner-margin clearfix\"><div class=\"wpb_column vc_column_container vc_col-sm-3\"><div class=\"vc_column-inner\"><div class=\"wpb_wrapper\">\n    <span class=\"qodef-icon-shortcode normal qodef-icon-small\"  >\n        \n        <span aria-hidden=\"true\" class=\"qodef-icon-font-elegant icon_tools qodef-icon-element\" style=\"\" ><\/span>\n            <\/span>\n\n<div class=\"vc_empty_space\"   style=\"height: 6px\"><span class=\"vc_empty_space_inner\"><\/span><\/div>\n\t<div class=\"wpb_text_column wpb_content_element\" >\n\t\t<div class=\"wpb_wrapper\">\n\t\t\t<h3>Notre Approche<\/h3>\n\n\t\t<\/div>\n\t<\/div>\n<div class=\"vc_empty_space\"   style=\"height: 6px\"><span class=\"vc_empty_space_inner\"><\/span><\/div>\n\t<div class=\"wpb_text_column wpb_content_element\" >\n\t\t<div class=\"wpb_wrapper\">\n\t\t\t<div class=\"dt-sc-icon-box type2\">\n<div class=\"icon-content\">\n<p align=\"justify\">Attentive et attentionn\u00e9e, notre \u00e9quipe vous accompagne dans la cr\u00e9ation de votre \u00e9v\u00e9nement professionnel (s\u00e9minaire, incentive, team-building\u2026) afin de\u00a0<strong>comprendre vos objectifs\u00a0<\/strong>de communication, de\u00a0<strong>d\u00e9finir un planning de travail<\/strong>\u00a0et de\u00a0<strong>respecter votre budget<\/strong>.<\/p>\n<\/div>\n<\/div>\n\n\t\t<\/div>\n\t<\/div>\n<\/div><\/div><\/div><div class=\"wpb_column vc_column_container vc_col-sm-3\"><div class=\"vc_column-inner\"><div class=\"wpb_wrapper\">\n    <span class=\"qodef-icon-shortcode normal qodef-icon-small\"  >\n        \n        <i class=\"qodef-icon-ion-icon ion-android-cloud qodef-icon-element\" style=\"\" ><\/i>\n            <\/span>\n\n<div class=\"vc_empty_space\"   style=\"height: 6px\"><span class=\"vc_empty_space_inner\"><\/span><\/div>\n\t<div class=\"wpb_text_column wpb_content_element\" >\n\t\t<div class=\"wpb_wrapper\">\n\t\t\t<h3>Notre R\u00e9seau<\/h3>\n\n\t\t<\/div>\n\t<\/div>\n<div class=\"vc_empty_space\"   style=\"height: 6px\"><span class=\"vc_empty_space_inner\"><\/span><\/div>\n\t<div class=\"wpb_text_column wpb_content_element\" >\n\t\t<div class=\"wpb_wrapper\">\n\t\t\t<div class=\"dt-sc-icon-box type2\">\n<div class=\"icon-content\">\n<div class=\"dt-sc-icon-box type2\">\n<div class=\"icon-content\">\n<p align=\"justify\">Nous construisons depuis plusieurs ann\u00e9es\u00a0<strong>un r\u00e9seau de prestataires de confiance et d\u2019exception<\/strong>\u00a0avec qui nous partageons beaucoup d\u2019enthousiasme, de passion et de plaisir.\u00a0Ces acteurs locaux contribueront \u00e0\u00a0<strong>faire de votre \u00e9v\u00e9nement une r\u00e9ussite<\/strong>.<\/p>\n<\/div>\n<\/div>\n<\/div>\n<\/div>\n\n\t\t<\/div>\n\t<\/div>\n<\/div><\/div><\/div><div class=\"wpb_column vc_column_container vc_col-sm-3\"><div class=\"vc_column-inner\"><div class=\"wpb_wrapper\">\n    <span class=\"qodef-icon-shortcode normal qodef-icon-small\"  >\n        \n        <span aria-hidden=\"true\" class=\"qodef-icon-font-elegant icon_pencil-edit qodef-icon-element\" style=\"\" ><\/span>\n            <\/span>\n\n<div class=\"vc_empty_space\"   style=\"height: 6px\"><span class=\"vc_empty_space_inner\"><\/span><\/div>\n\t<div class=\"wpb_text_column wpb_content_element\" >\n\t\t<div class=\"wpb_wrapper\">\n\t\t\t<h3>Notre Action<\/h3>\n\n\t\t<\/div>\n\t<\/div>\n<div class=\"vc_empty_space\"   style=\"height: 6px\"><span class=\"vc_empty_space_inner\"><\/span><\/div>\n\t<div class=\"wpb_text_column wpb_content_element\" >\n\t\t<div class=\"wpb_wrapper\">\n\t\t\t<div class=\"dt-sc-icon-box type2\">\n<div class=\"icon-content\">\n<div class=\"dt-sc-icon-box type2\">\n<div class=\"icon-content\">\n<p align=\"justify\">Nous b\u00e2tissons\u00a0<strong>un programme sur-mesure compos\u00e9 d\u2019id\u00e9es in\u00e9dites et cr\u00e9atives<\/strong>.\u00a0Nous vous \u00e9coutons et \u00e9changeons ensemble sur le projet. Enfin, nous affinons ce qui doit l\u2019\u00eatre pour valider ensemble le programme final de votre \u00e9v\u00e9nement.<\/p>\n<\/div>\n<\/div>\n<\/div>\n<\/div>\n\n\t\t<\/div>\n\t<\/div>\n<\/div><\/div><\/div><div class=\"wpb_column vc_column_container vc_col-sm-3\"><div class=\"vc_column-inner\"><div class=\"wpb_wrapper\">\n    <span class=\"qodef-icon-shortcode normal qodef-icon-small\"  >\n        \n        <i class=\"qodef-icon-ion-icon ion-android-settings qodef-icon-element\" style=\"\" ><\/i>\n            <\/span>\n\n<div class=\"vc_empty_space\"   style=\"height: 6px\"><span class=\"vc_empty_space_inner\"><\/span><\/div>\n\t<div class=\"wpb_text_column wpb_content_element\" >\n\t\t<div class=\"wpb_wrapper\">\n\t\t\t<h3>Nos Promesses<\/h3>\n\n\t\t<\/div>\n\t<\/div>\n<div class=\"vc_empty_space\"   style=\"height: 6px\"><span class=\"vc_empty_space_inner\"><\/span><\/div>\n\t<div class=\"wpb_text_column wpb_content_element\" >\n\t\t<div class=\"wpb_wrapper\">\n\t\t\t<div class=\"dt-sc-icon-box type2\">\n<div class=\"icon-content\">\n<div class=\"dt-sc-icon-box type2\">\n<div class=\"icon-content\">\n<p align=\"justify\">Il ne suffit pas de choisir un bel h\u00f4tel, un excellent restaurant et une super animation pour que votre \u00e9v\u00e9nement soit r\u00e9ussi. Il n\u2019y a pas de savoir-faire sans \u00e9coute, ni \u00e9changes.\u00a0<strong>Nous serons l\u00e0 \u00e0 chaque \u00e9tape de votre \u00e9v\u00e9nement, y compris le jour J.<\/strong><\/p>\n<\/div>\n<\/div>\n<\/div>\n<\/div>\n\n\t\t<\/div>\n\t<\/div>\n<\/div><\/div><\/div><\/div><\/div><\/div><div class=\"vc_row wpb_row vc_row-fluid qodef-section vc_custom_1747038005644 qodef-content-aligment-left qodef-grid-section\" style=\"\"><div class=\"clearfix qodef-section-inner\"><div class=\"qodef-section-inner-margin clearfix\"><div class=\"wpb_column vc_column_container vc_col-sm-12\"><div class=\"vc_column-inner\"><div class=\"wpb_wrapper\">\t<div class=\"qodef-call-to-action normal\">\n\n\t\t\t\t<div class=\"qodef-container-inner\">\n\t\t\t\t\t<div class=\"qodef-call-to-action-row-66-33 clearfix\" style=\"padding: 51px 0 51px 0;\">\n\t\t\t\t\t\t<div class=\"qodef-text-wrapper qodef-call-to-action-column1 qodef-call-to-action-cell\">\n\t\t\t\t\t\t\t\t\t<div class=\"qodef-call-to-action-text\" >\n<h2><span style=\"color: #ffffff;\"><strong>Vous avez un projet ?<\/strong><\/span><br \/>\n<span style=\"color: #ffffff;\">Nous avons (d\u00e9j\u00e0) des id\u00e9es !<\/span><\/h2>\n<h4 style=\"font-size: 20px; font-weight: 400;\"><span style=\"color: #ffffff;\">Vous avez besoin de r\u00e9fl\u00e9chir \u00e0 votre projet d&rsquo;\u00e9v\u00e9nement \u00e0 l&rsquo;\u00e9tranger avec une \u00e9quipe r\u00e9active et sympathique.<\/span><br \/>\n<span style=\"color: #ffffff;\">On discute ensemble ?<\/span><\/h4>\n<\/div>\n\t\t\t\t<\/div>\n\n\t\t\t\t\t\t\t\t\t<div class=\"qodef-button-wrapper qodef-call-to-action-column2 qodef-call-to-action-cell\" style =\"text-align: right ;\">\n\t\t\t\t\t\t<a itemprop=\"url\" href=\"http:\/\/www.ohmypress.fr\/contact\" target=\"_self\" style=\"color: #462F72;background-color: #ffffff;border-color: #ffffff\" class=\"qodef-btn qodef-btn-large qodef-btn-solid qodef-btn-custom-hover-bg qodef-btn-custom-border-hover qodef-btn-custom-hover-color qodef-btn-icon qodef-btn-hover-sweep\" data-hover-bg-color=\"#462F72\" data-hover-color=\"#ffffff\" data-hover-border-color=\"#ffffff\"  >    <span class=\"qodef-btn-text\">Prendre Rendez-vous<\/span>    <i class=\"qodef-icon-font-awesome fa fa-arrow-right qodef-button-icon\" ><\/i>            <span class=\"qodef-hover-background-holder\">\t    \t<span class=\"qodef-hover-background\"><\/span>    \t<\/span>    <\/a>\t\t\t\t\t<\/div>\n\t\t\t\t\t\t\t<\/div>\n\t\t\t\t<\/div>\n\t\t\t<\/div>\n<\/div><\/div><\/div><\/div><\/div><\/div>\n<\/div>","protected":false},"excerpt":{"rendered":"<p>Mont\u00e9n\u00e9gro<\/p>","protected":false},"featured_media":15148,"template":"","meta":{"_acf_changed":false,"_monsterinsights_skip_tracking":false,"_monsterinsights_sitenote_active":false,"_monsterinsights_sitenote_note":"","_monsterinsights_sitenote_category":0,"_vp_format_video_url":"","_vp_image_focal_point":[]},"class_list":["post-15606","destination","type-destination","status-publish","has-post-thumbnail","hentry"],"acf":[],"yoast_head":"<!-- This site is optimized with the Yoast SEO plugin v27.4 - https:\/\/yoast.com\/product\/yoast-seo-wordpress\/ -->\n<title>Mont\u00e9n\u00e9gro - Oh My Com<\/title>\n<meta name=\"description\" content=\"V\u00e9ritable\u00a0joyau de la p\u00e9ninsule des Balkans, le Mont\u00e9n\u00e9gro est devenu une\u00a0destination europ\u00e9enne incontournable.\" \/>\n<meta name=\"robots\" content=\"index, follow, max-snippet:-1, max-image-preview:large, max-video-preview:-1\" \/>\n<link rel=\"canonical\" href=\"https:\/\/www.ohmycom.fr\/en\/destination\/montenegro\/\" \/>\n<meta property=\"og:locale\" content=\"en_US\" \/>\n<meta property=\"og:type\" content=\"article\" \/>\n<meta property=\"og:title\" content=\"Mont\u00e9n\u00e9gro - Oh My Com\" \/>\n<meta property=\"og:description\" content=\"V\u00e9ritable\u00a0joyau de la p\u00e9ninsule des Balkans, le Mont\u00e9n\u00e9gro est devenu une\u00a0destination europ\u00e9enne incontournable.\" \/>\n<meta property=\"og:url\" content=\"https:\/\/www.ohmycom.fr\/en\/destination\/montenegro\/\" \/>\n<meta property=\"og:site_name\" content=\"Oh My Com\" \/>\n<meta property=\"article:modified_time\" content=\"2025-05-20T09:37:03+00:00\" \/>\n<meta property=\"og:image\" content=\"https:\/\/www.ohmycom.fr\/wp-content\/uploads\/2024\/09\/ohmyevent-montenegro-sveti-stefan.jpg\" \/>\n\t<meta property=\"og:image:width\" content=\"1200\" \/>\n\t<meta property=\"og:image:height\" content=\"900\" \/>\n\t<meta property=\"og:image:type\" content=\"image\/jpeg\" \/>\n<meta name=\"twitter:card\" content=\"summary_large_image\" \/>\n<meta name=\"twitter:label1\" content=\"Est. reading time\" \/>\n\t<meta name=\"twitter:data1\" content=\"8 minutes\" \/>\n<script type=\"application\/ld+json\" class=\"yoast-schema-graph\">{\"@context\":\"https:\\\/\\\/schema.org\",\"@graph\":[{\"@type\":\"WebPage\",\"@id\":\"https:\\\/\\\/www.ohmycom.fr\\\/destination\\\/montenegro\\\/\",\"url\":\"https:\\\/\\\/www.ohmycom.fr\\\/destination\\\/montenegro\\\/\",\"name\":\"Mont\u00e9n\u00e9gro - Oh My Com\",\"isPartOf\":{\"@id\":\"https:\\\/\\\/www.ohmycom.fr\\\/#website\"},\"primaryImageOfPage\":{\"@id\":\"https:\\\/\\\/www.ohmycom.fr\\\/destination\\\/montenegro\\\/#primaryimage\"},\"image\":{\"@id\":\"https:\\\/\\\/www.ohmycom.fr\\\/destination\\\/montenegro\\\/#primaryimage\"},\"thumbnailUrl\":\"https:\\\/\\\/www.ohmycom.fr\\\/wp-content\\\/uploads\\\/2024\\\/09\\\/ohmyevent-montenegro-sveti-stefan.jpg\",\"datePublished\":\"2025-05-12T08:14:40+00:00\",\"dateModified\":\"2025-05-20T09:37:03+00:00\",\"description\":\"V\u00e9ritable\u00a0joyau de la p\u00e9ninsule des Balkans, le Mont\u00e9n\u00e9gro est devenu une\u00a0destination europ\u00e9enne incontournable.\",\"breadcrumb\":{\"@id\":\"https:\\\/\\\/www.ohmycom.fr\\\/destination\\\/montenegro\\\/#breadcrumb\"},\"inLanguage\":\"en-US\",\"potentialAction\":[{\"@type\":\"ReadAction\",\"target\":[\"https:\\\/\\\/www.ohmycom.fr\\\/destination\\\/montenegro\\\/\"]}]},{\"@type\":\"ImageObject\",\"inLanguage\":\"en-US\",\"@id\":\"https:\\\/\\\/www.ohmycom.fr\\\/destination\\\/montenegro\\\/#primaryimage\",\"url\":\"https:\\\/\\\/www.ohmycom.fr\\\/wp-content\\\/uploads\\\/2024\\\/09\\\/ohmyevent-montenegro-sveti-stefan.jpg\",\"contentUrl\":\"https:\\\/\\\/www.ohmycom.fr\\\/wp-content\\\/uploads\\\/2024\\\/09\\\/ohmyevent-montenegro-sveti-stefan.jpg\",\"width\":1200,\"height\":900},{\"@type\":\"BreadcrumbList\",\"@id\":\"https:\\\/\\\/www.ohmycom.fr\\\/destination\\\/montenegro\\\/#breadcrumb\",\"itemListElement\":[{\"@type\":\"ListItem\",\"position\":1,\"name\":\"Accueil\",\"item\":\"https:\\\/\\\/www.ohmycom.fr\\\/\"},{\"@type\":\"ListItem\",\"position\":2,\"name\":\"Mont\u00e9n\u00e9gro\"}]},{\"@type\":\"WebSite\",\"@id\":\"https:\\\/\\\/www.ohmycom.fr\\\/#website\",\"url\":\"https:\\\/\\\/www.ohmycom.fr\\\/\",\"name\":\"Oh My Com\",\"description\":\"Agence de communication - Lyon\",\"potentialAction\":[{\"@type\":\"SearchAction\",\"target\":{\"@type\":\"EntryPoint\",\"urlTemplate\":\"https:\\\/\\\/www.ohmycom.fr\\\/?s={search_term_string}\"},\"query-input\":{\"@type\":\"PropertyValueSpecification\",\"valueRequired\":true,\"valueName\":\"search_term_string\"}}],\"inLanguage\":\"en-US\"}]}<\/script>\n<!-- \/ Yoast SEO plugin. -->","yoast_head_json":{"title":"Mont\u00e9n\u00e9gro - Oh My Com","description":"V\u00e9ritable\u00a0joyau de la p\u00e9ninsule des Balkans, le Mont\u00e9n\u00e9gro est devenu une\u00a0destination europ\u00e9enne incontournable.","robots":{"index":"index","follow":"follow","max-snippet":"max-snippet:-1","max-image-preview":"max-image-preview:large","max-video-preview":"max-video-preview:-1"},"canonical":"https:\/\/www.ohmycom.fr\/en\/destination\/montenegro\/","og_locale":"en_US","og_type":"article","og_title":"Mont\u00e9n\u00e9gro - Oh My Com","og_description":"V\u00e9ritable\u00a0joyau de la p\u00e9ninsule des Balkans, le Mont\u00e9n\u00e9gro est devenu une\u00a0destination europ\u00e9enne incontournable.","og_url":"https:\/\/www.ohmycom.fr\/en\/destination\/montenegro\/","og_site_name":"Oh My Com","article_modified_time":"2025-05-20T09:37:03+00:00","og_image":[{"width":1200,"height":900,"url":"https:\/\/www.ohmycom.fr\/wp-content\/uploads\/2024\/09\/ohmyevent-montenegro-sveti-stefan.jpg","type":"image\/jpeg"}],"twitter_card":"summary_large_image","twitter_misc":{"Est. reading time":"8 minutes"},"schema":{"@context":"https:\/\/schema.org","@graph":[{"@type":"WebPage","@id":"https:\/\/www.ohmycom.fr\/destination\/montenegro\/","url":"https:\/\/www.ohmycom.fr\/destination\/montenegro\/","name":"Mont\u00e9n\u00e9gro - Oh My Com","isPartOf":{"@id":"https:\/\/www.ohmycom.fr\/#website"},"primaryImageOfPage":{"@id":"https:\/\/www.ohmycom.fr\/destination\/montenegro\/#primaryimage"},"image":{"@id":"https:\/\/www.ohmycom.fr\/destination\/montenegro\/#primaryimage"},"thumbnailUrl":"https:\/\/www.ohmycom.fr\/wp-content\/uploads\/2024\/09\/ohmyevent-montenegro-sveti-stefan.jpg","datePublished":"2025-05-12T08:14:40+00:00","dateModified":"2025-05-20T09:37:03+00:00","description":"V\u00e9ritable\u00a0joyau de la p\u00e9ninsule des Balkans, le Mont\u00e9n\u00e9gro est devenu une\u00a0destination europ\u00e9enne incontournable.","breadcrumb":{"@id":"https:\/\/www.ohmycom.fr\/destination\/montenegro\/#breadcrumb"},"inLanguage":"en-US","potentialAction":[{"@type":"ReadAction","target":["https:\/\/www.ohmycom.fr\/destination\/montenegro\/"]}]},{"@type":"ImageObject","inLanguage":"en-US","@id":"https:\/\/www.ohmycom.fr\/destination\/montenegro\/#primaryimage","url":"https:\/\/www.ohmycom.fr\/wp-content\/uploads\/2024\/09\/ohmyevent-montenegro-sveti-stefan.jpg","contentUrl":"https:\/\/www.ohmycom.fr\/wp-content\/uploads\/2024\/09\/ohmyevent-montenegro-sveti-stefan.jpg","width":1200,"height":900},{"@type":"BreadcrumbList","@id":"https:\/\/www.ohmycom.fr\/destination\/montenegro\/#breadcrumb","itemListElement":[{"@type":"ListItem","position":1,"name":"Accueil","item":"https:\/\/www.ohmycom.fr\/"},{"@type":"ListItem","position":2,"name":"Mont\u00e9n\u00e9gro"}]},{"@type":"WebSite","@id":"https:\/\/www.ohmycom.fr\/#website","url":"https:\/\/www.ohmycom.fr\/","name":"Oh My Com","description":"Agence de communication - Lyon","potentialAction":[{"@type":"SearchAction","target":{"@type":"EntryPoint","urlTemplate":"https:\/\/www.ohmycom.fr\/?s={search_term_string}"},"query-input":{"@type":"PropertyValueSpecification","valueRequired":true,"valueName":"search_term_string"}}],"inLanguage":"en-US"}]}},"_links":{"self":[{"href":"https:\/\/www.ohmycom.fr\/en\/wp-json\/wp\/v2\/destination\/15606","targetHints":{"allow":["GET"]}}],"collection":[{"href":"https:\/\/www.ohmycom.fr\/en\/wp-json\/wp\/v2\/destination"}],"about":[{"href":"https:\/\/www.ohmycom.fr\/en\/wp-json\/wp\/v2\/types\/destination"}],"wp:featuredmedia":[{"embeddable":true,"href":"https:\/\/www.ohmycom.fr\/en\/wp-json\/wp\/v2\/media\/15148"}],"wp:attachment":[{"href":"https:\/\/www.ohmycom.fr\/en\/wp-json\/wp\/v2\/media?parent=15606"}],"curies":[{"name":"wp","href":"https:\/\/api.w.org\/{rel}","templated":true}]}}