{"id":15651,"date":"2025-05-20T11:14:32","date_gmt":"2025-05-20T09:14:32","guid":{"rendered":"https:\/\/www.ohmycom.fr\/?post_type=destination&#038;p=15651"},"modified":"2026-04-28T09:39:24","modified_gmt":"2026-04-28T07:39:24","slug":"tenerife","status":"publish","type":"destination","link":"https:\/\/www.ohmycom.fr\/en\/destination\/tenerife\/","title":{"rendered":"Tenerife"},"content":{"rendered":"<div class=\"wpb-content-wrapper\"><div data-qodef-parallax-speed=\"1\" class=\"vc_row wpb_row vc_row-fluid qodef-section title-he vc_custom_1725271608996 qodef-content-aligment-left qodef-parallax-section-holder qodef-parallax-section-holder-touch-disabled qodef-grid-section\" style=\"background-image:url(https:\/\/www.ohmycom.fr\/wp-content\/uploads\/2024\/09\/ohmyevent-tenerife.jpg);\"><div class=\"clearfix qodef-section-inner\"><div class=\"qodef-section-inner-margin clearfix\"><div class=\"wpb_column vc_column_container vc_col-sm-12 vc_col-lg-12\"><div class=\"vc_column-inner\"><div class=\"wpb_wrapper\"><div data-qodef-parallax-speed=\"1\" class=\"vc_row wpb_row vc_inner vc_row-fluid qodef-section qodef-content-aligment-left\" style=\"\"><div class=\"qodef-full-section-inner\"><div class=\"wpb_column vc_column_container vc_col-sm-12 vc_col-lg-10 vc_col-md-12\"><div class=\"vc_column-inner\"><div class=\"wpb_wrapper\">\n\t<div class=\"wpb_text_column wpb_content_element\" >\n\t\t<div class=\"wpb_wrapper\">\n\t\t\t<h1><span style=\"color: #ffffff;\">Tenerife<\/span><\/h1>\n\n\t\t<\/div>\n\t<\/div>\n<\/div><\/div><\/div><\/div><\/div><div class=\"vc_empty_space\"   style=\"height: 19px\"><span class=\"vc_empty_space_inner\"><\/span><\/div><div class=\"qodef-svg-separator-holder qodef-svg-separator-large\">\n    <div class=\"qodef-svg-separator qodef-svg-frames-class\" data-svg-frames=\"15\" data-svg-drawing=\"yes\" >\n        <svg version=\"1.1\"  xmlns=\"http:\/\/www.w3.org\/2000\/svg\" xmlns:xlink=\"http:\/\/www.w3.org\/1999\/xlink\" x=\"0px\" y=\"0px\"\n            width=\"60px\" height=\"20px\" viewbox=\"0 0 60 20\" enable-background=\"new 0 0 60 20\" xml:space=\"preserve\">\n            <path fill=\"none\" stroke=\"#feea0e\" stroke-width=\"6\" stroke-linecap=\"round\" stroke-miterlimit=\"10\" d=\"M3.188,8.848 C20.521,3.89,38.313,16.66,56.813,9.473\"\/>\n        <\/svg>\n    <\/div>\n<\/div><div class=\"vc_empty_space\"   style=\"height: 20px\"><span class=\"vc_empty_space_inner\"><\/span><\/div><div data-qodef-parallax-speed=\"1\" class=\"vc_row wpb_row vc_inner vc_row-fluid qodef-section qodef-content-aligment-left\" style=\"\"><div class=\"qodef-full-section-inner\"><div class=\"wpb_column vc_column_container vc_col-sm-12 vc_col-lg-6 vc_col-md-10\"><div class=\"vc_column-inner\"><div class=\"wpb_wrapper\">\n<div class=\"qodef-custom-font-holder\" style=\"font-family: Catamaran;font-size: 21px;line-height: 28px;font-weight: 400;text-align: left;color: #ffffff\" data-font-size= \"21\" data-line-height= \"28\">\n    Tenerife est l\u2019\u00eele la plus grande et la plus peupl\u00e9e des sept \u00eeles des Canaries.<\/p>\n<p><strong>Cette fabuleuse terre de contrastes qui combine \u00e0 la fois plages, paysages volcaniques, nature et soleil offre un\u00a0merveilleux climat qui attire les visiteurs sur l\u2019\u00eele toute l\u2019ann\u00e9e<\/strong>    <\/div><\/div><\/div><\/div><\/div><\/div><\/div><\/div><\/div><\/div><\/div><\/div><div class=\"vc_row wpb_row vc_row-fluid qodef-section vc_custom_1714652867406 qodef-content-aligment-left qodef-grid-section\" style=\"\"><div class=\"clearfix qodef-section-inner\"><div class=\"qodef-section-inner-margin clearfix\"><div class=\"wpb_column vc_column_container vc_col-sm-12 vc_col-lg-6 vc_col-md-12\"><div class=\"vc_column-inner vc_custom_1714656200728\"><div class=\"wpb_wrapper\">\n\t<div  class=\"wpb_single_image wpb_content_element vc_align_left wpb_content_element\">\n\t\t\n\t\t<figure class=\"wpb_wrapper vc_figure\">\n\t\t\t<div class=\"vc_single_image-wrapper   vc_box_border_grey\"><img loading=\"lazy\" decoding=\"async\" width=\"640\" height=\"426\" src=\"https:\/\/www.ohmycom.fr\/wp-content\/uploads\/2024\/05\/evenement-mice-occitanie-pierrevert-ohmycom.jpg\" class=\"vc_single_image-img attachment-full\" alt=\"\" title=\"evenement-mice-occitanie-pierrevert-ohmycom\" srcset=\"https:\/\/www.ohmycom.fr\/wp-content\/uploads\/2024\/05\/evenement-mice-occitanie-pierrevert-ohmycom.jpg 640w, https:\/\/www.ohmycom.fr\/wp-content\/uploads\/2024\/05\/evenement-mice-occitanie-pierrevert-ohmycom-300x200.jpg 300w, https:\/\/www.ohmycom.fr\/wp-content\/uploads\/2024\/05\/evenement-mice-occitanie-pierrevert-ohmycom-18x12.jpg 18w\" sizes=\"auto, (max-width: 640px) 100vw, 640px\" \/><\/div>\n\t\t<\/figure>\n\t<\/div>\n<\/div><\/div><\/div><div class=\"wpb_column vc_column_container vc_col-sm-12 vc_col-lg-6 vc_col-md-12\"><div class=\"vc_column-inner vc_custom_1714979058716\"><div class=\"wpb_wrapper\">\n\t<div class=\"wpb_text_column wpb_content_element\" >\n\t\t<div class=\"wpb_wrapper\">\n\t\t\t<h3 class=\"vc_custom_heading\">La tradition rencontre la modernit\u00e9<\/h3>\n\n\t\t<\/div>\n\t<\/div>\n<div class=\"vc_empty_space\"   style=\"height: 8px\"><span class=\"vc_empty_space_inner\"><\/span><\/div>\n\t<div class=\"wpb_text_column wpb_content_element\" >\n\t\t<div class=\"wpb_wrapper\">\n\t\t\t<div class=\"wpb_text_column wpb_content_element\">\n<div class=\"wpb_wrapper\">\n<div class=\"wpb_text_column wpb_content_element\">\n<div class=\"wpb_wrapper\">\n<div class=\"wpb_text_column wpb_content_element\">\n<div class=\"wpb_wrapper\">\n<div class=\"wpb_text_column wpb_content_element\">\n<div class=\"wpb_wrapper\">\n<p>Avec environ cinq millions de visiteurs \u00e0 Tenerife chaque ann\u00e9e, c\u2019est l\u2019<strong>une des destinations touristiques les plus importantes d\u2019Espagne.<\/strong>\u00a0A Santa Cruz,\u00a0Tenerife accueille aussi le plus grand carnaval du monde apr\u00e8s Rio de Janeiro, qui s\u2019efforce d\u2019ailleurs d\u2019\u00eatre d\u00e9sign\u00e9 site du patrimoine mondial de l\u2019UNESCO.<\/p>\n<p><b>Une \u00eele aux mille exp\u00e9riences !<\/b><\/p>\n<p>Vous pouvez vous perdre dans la nature, vous d\u00e9tendre sur la plage, escalader le mont Teide, faire du shopping, voir un spectacle\u2026 Mais aussi fl\u00e2ner dans les vieilles rues pav\u00e9es de villes pittoresques, vous amuser dans un parc \u00e0 th\u00e8me, jouer au golf\u2026\u00a0<strong>la liste est interminable !<\/strong><\/p>\n<p><strong>#espagne\u00a0<\/strong><strong>\u00a0#canarias #tenerife<\/strong><\/p>\n<\/div>\n<\/div>\n<\/div>\n<\/div>\n<\/div>\n<\/div>\n<\/div>\n<\/div>\n\n\t\t<\/div>\n\t<\/div>\n<div class=\"vc_empty_space\"   style=\"height: 8px\"><span class=\"vc_empty_space_inner\"><\/span><\/div><\/div><\/div><\/div><\/div><\/div><\/div><div class=\"vc_row wpb_row vc_row-fluid qodef-section vc_custom_1747732500494 qodef-content-aligment-center qodef-grid-section\" style=\"\"><div class=\"clearfix qodef-section-inner\"><div class=\"qodef-section-inner-margin clearfix\"><div class=\"wpb_column vc_column_container vc_col-sm-6\"><div class=\"vc_column-inner\"><div class=\"wpb_wrapper\"><div data-qodef-parallax-speed=\"1\" class=\"vc_row wpb_row vc_inner vc_row-fluid qodef-section vc_custom_1714722998519 qodef-content-aligment-center\" style=\"\"><div class=\"qodef-full-section-inner\"><div class=\"wpb_column vc_column_container vc_col-sm-8\"><div class=\"vc_column-inner\"><div class=\"wpb_wrapper\">\n\t<div class=\"wpb_text_column wpb_content_element\" >\n\t\t<div class=\"wpb_wrapper\">\n\t\t\t<h3>\u00c0 Savoir<\/h3>\n<p>sur la destination<\/p>\n\n\t\t<\/div>\n\t<\/div>\n<div class=\"vc_empty_space\"   style=\"height: 6px\"><span class=\"vc_empty_space_inner\"><\/span><\/div>\n\t<div  class=\"wpb_single_image wpb_content_element vc_align_center wpb_content_element\">\n\t\t\n\t\t<figure class=\"wpb_wrapper vc_figure\">\n\t\t\t<div class=\"vc_single_image-wrapper   vc_box_border_grey\"><img loading=\"lazy\" decoding=\"async\" width=\"1252\" height=\"720\" src=\"https:\/\/www.ohmycom.fr\/wp-content\/uploads\/2025\/05\/tenerif-ohmycom.png\" class=\"vc_single_image-img attachment-full\" alt=\"\" title=\"tenerif-ohmycom\" srcset=\"https:\/\/www.ohmycom.fr\/wp-content\/uploads\/2025\/05\/tenerif-ohmycom.png 1252w, https:\/\/www.ohmycom.fr\/wp-content\/uploads\/2025\/05\/tenerif-ohmycom-300x173.png 300w, https:\/\/www.ohmycom.fr\/wp-content\/uploads\/2025\/05\/tenerif-ohmycom-1024x589.png 1024w, https:\/\/www.ohmycom.fr\/wp-content\/uploads\/2025\/05\/tenerif-ohmycom-768x442.png 768w, https:\/\/www.ohmycom.fr\/wp-content\/uploads\/2025\/05\/tenerif-ohmycom-18x10.png 18w, https:\/\/www.ohmycom.fr\/wp-content\/uploads\/2025\/05\/tenerif-ohmycom-500x288.png 500w, https:\/\/www.ohmycom.fr\/wp-content\/uploads\/2025\/05\/tenerif-ohmycom-800x460.png 800w\" sizes=\"auto, (max-width: 1252px) 100vw, 1252px\" \/><\/div>\n\t\t<\/figure>\n\t<\/div>\n<div class=\"vc_empty_space\"   style=\"height: 20px\"><span class=\"vc_empty_space_inner\"><\/span><\/div><\/div><\/div><\/div><div class=\"wpb_column vc_column_container vc_col-sm-4\"><div class=\"vc_column-inner\"><div class=\"wpb_wrapper\">\n    <span class=\"qodef-icon-shortcode normal qodef-icon-small\"  >\n        \n        <i class=\"qodef-icon-font-awesome fa fa-plane qodef-icon-element\" style=\"\" ><\/i>\n            <\/span>\n\n<div class=\"vc_empty_space\"   style=\"height: 4px\"><span class=\"vc_empty_space_inner\"><\/span><\/div>\n\t<div class=\"wpb_text_column wpb_content_element\" >\n\t\t<div class=\"wpb_wrapper\">\n\t\t\t<h3>4h00<\/h3>\n<p>De vol depuis Lyon<\/p>\n\n\t\t<\/div>\n\t<\/div>\n<div class=\"vc_empty_space\"   style=\"height: 12px\"><span class=\"vc_empty_space_inner\"><\/span><\/div>\n    <span class=\"qodef-icon-shortcode normal qodef-icon-small\"  >\n        \n        <i class=\"qodef-icon-font-awesome fa fa-arrows qodef-icon-element\" style=\"\" ><\/i>\n            <\/span>\n\n<div class=\"vc_empty_space\"   style=\"height: 4px\"><span class=\"vc_empty_space_inner\"><\/span><\/div>\n\t<div class=\"wpb_text_column wpb_content_element\" >\n\t\t<div class=\"wpb_wrapper\">\n\t\t\t<h3>2 034 km\u00b2<\/h3>\n<p>Superficie<\/p>\n\n\t\t<\/div>\n\t<\/div>\n<div class=\"vc_empty_space\"   style=\"height: 12px\"><span class=\"vc_empty_space_inner\"><\/span><\/div>\n    <span class=\"qodef-icon-shortcode normal qodef-icon-small\"  >\n        \n        <i class=\"qodef-icon-font-awesome fa fa-users qodef-icon-element\" style=\"\" ><\/i>\n            <\/span>\n\n<div class=\"vc_empty_space\"   style=\"height: 4px\"><span class=\"vc_empty_space_inner\"><\/span><\/div>\n\t<div class=\"wpb_text_column wpb_content_element\" >\n\t\t<div class=\"wpb_wrapper\">\n\t\t\t<h3>950 000<\/h3>\n<p>Habitants<\/p>\n\n\t\t<\/div>\n\t<\/div>\n<\/div><\/div><\/div><\/div><\/div><\/div><\/div><\/div><div class=\"afaire wpb_column vc_column_container vc_col-sm-3\"><div class=\"vc_column-inner\"><div class=\"wpb_wrapper\">\n    <span class=\"qodef-icon-shortcode normal qodef-icon-small\"  >\n        \n        <i class=\"qodef-icon-ion-icon ion-eye qodef-icon-element\" style=\"\" ><\/i>\n            <\/span>\n\n<div class=\"vc_empty_space\"   style=\"height: 6px\"><span class=\"vc_empty_space_inner\"><\/span><\/div>\n\t<div class=\"wpb_text_column wpb_content_element\" >\n\t\t<div class=\"wpb_wrapper\">\n\t\t\t<h3>A d\u00e9couvrir<\/h3>\n\n\t\t<\/div>\n\t<\/div>\n<div class=\"vc_empty_space\"   style=\"height: 12px\"><span class=\"vc_empty_space_inner\"><\/span><\/div><div class=\"qodef-iwt clearfix qodef-iwt-icon-left qodef-iwt-icon-small\"  >\n    <div class=\"qodef-iwt-icon-holder\">\n                    \n    <span class=\"qodef-icon-shortcode circle\" style=\"width: 19px;height: 19px;line-height: 19px;background-color: #9387A8;border-style: solid;border-width: 0px\" data-color=\"#ffffff\">\n        \n        <i class=\"qodef-icon-font-awesome fa fa-check qodef-icon-element\" style=\"color: #ffffff;font-size:13px\" ><\/i>\n            <\/span>\n\n            <\/div>\n    <div class=\"qodef-iwt-content-holder\" style=\"padding-left: 38px\">\n                        <div class=\"qodef-iwt-text-holder\">\n            <p style=\"color: #5C5073\">Parc National et Volcan El Teide<\/p>\n\n                    <\/div>\n    <\/div>\n<\/div><div class=\"vc_empty_space\"   style=\"height: 9px\"><span class=\"vc_empty_space_inner\"><\/span><\/div><div class=\"qodef-iwt clearfix qodef-iwt-icon-left qodef-iwt-icon-small\"  >\n    <div class=\"qodef-iwt-icon-holder\">\n                    \n    <span class=\"qodef-icon-shortcode circle\" style=\"width: 19px;height: 19px;line-height: 19px;background-color: #9387A8;border-style: solid;border-width: 0px\" data-color=\"#ffffff\">\n        \n        <i class=\"qodef-icon-font-awesome fa fa-check qodef-icon-element\" style=\"color: #ffffff;font-size:13px\" ><\/i>\n            <\/span>\n\n            <\/div>\n    <div class=\"qodef-iwt-content-holder\" style=\"padding-left: 38px\">\n                        <div class=\"qodef-iwt-text-holder\">\n            <p style=\"color: #5C5073\">Santa Cruz de Tenerife<\/p>\n\n                    <\/div>\n    <\/div>\n<\/div><div class=\"vc_empty_space\"   style=\"height: 9px\"><span class=\"vc_empty_space_inner\"><\/span><\/div><div class=\"qodef-iwt clearfix qodef-iwt-icon-left qodef-iwt-icon-small\"  >\n    <div class=\"qodef-iwt-icon-holder\">\n                    \n    <span class=\"qodef-icon-shortcode circle\" style=\"width: 19px;height: 19px;line-height: 19px;background-color: #9387A8;border-style: solid;border-width: 0px\" data-color=\"#ffffff\">\n        \n        <i class=\"qodef-icon-font-awesome fa fa-check qodef-icon-element\" style=\"color: #ffffff;font-size:13px\" ><\/i>\n            <\/span>\n\n            <\/div>\n    <div class=\"qodef-iwt-content-holder\" style=\"padding-left: 38px\">\n                        <div class=\"qodef-iwt-text-holder\">\n            <p style=\"color: #5C5073\">Les dauphins et baleines au large<\/p>\n\n                    <\/div>\n    <\/div>\n<\/div><div class=\"vc_empty_space\"   style=\"height: 9px\"><span class=\"vc_empty_space_inner\"><\/span><\/div><div class=\"qodef-iwt clearfix qodef-iwt-icon-left qodef-iwt-icon-small\"  >\n    <div class=\"qodef-iwt-icon-holder\">\n                    \n    <span class=\"qodef-icon-shortcode circle\" style=\"width: 19px;height: 19px;line-height: 19px;background-color: #9387A8;border-style: solid;border-width: 0px\" data-color=\"#ffffff\">\n        \n        <i class=\"qodef-icon-font-awesome fa fa-check qodef-icon-element\" style=\"color: #ffffff;font-size:13px\" ><\/i>\n            <\/span>\n\n            <\/div>\n    <div class=\"qodef-iwt-content-holder\" style=\"padding-left: 38px\">\n                        <div class=\"qodef-iwt-text-holder\">\n            <p style=\"color: #5C5073\">Garachico<\/p>\n\n                    <\/div>\n    <\/div>\n<\/div><div class=\"vc_empty_space\"   style=\"height: 9px\"><span class=\"vc_empty_space_inner\"><\/span><\/div><div class=\"qodef-iwt clearfix qodef-iwt-icon-left qodef-iwt-icon-small\"  >\n    <div class=\"qodef-iwt-icon-holder\">\n                    \n    <span class=\"qodef-icon-shortcode circle\" style=\"width: 19px;height: 19px;line-height: 19px;background-color: #9387A8;border-style: solid;border-width: 0px\" data-color=\"#ffffff\">\n        \n        <i class=\"qodef-icon-font-awesome fa fa-check qodef-icon-element\" style=\"color: #ffffff;font-size:13px\" ><\/i>\n            <\/span>\n\n            <\/div>\n    <div class=\"qodef-iwt-content-holder\" style=\"padding-left: 38px\">\n                        <div class=\"qodef-iwt-text-holder\">\n            <p style=\"color: #5C5073\">Hameau de Masca \u2026<\/p>\n\n                    <\/div>\n    <\/div>\n<\/div><\/div><\/div><\/div><div class=\"afaire wpb_column vc_column_container vc_col-sm-3\"><div class=\"vc_column-inner\"><div class=\"wpb_wrapper\">\n    <span class=\"qodef-icon-shortcode normal qodef-icon-small\"  >\n        \n        <i class=\"qodef-icon-font-awesome fa fa-cutlery qodef-icon-element\" style=\"\" ><\/i>\n            <\/span>\n\n<div class=\"vc_empty_space\"   style=\"height: 6px\"><span class=\"vc_empty_space_inner\"><\/span><\/div>\n\t<div class=\"wpb_text_column wpb_content_element\" >\n\t\t<div class=\"wpb_wrapper\">\n\t\t\t<h3>A d\u00e9guster<\/h3>\n\n\t\t<\/div>\n\t<\/div>\n<div class=\"vc_empty_space\"   style=\"height: 12px\"><span class=\"vc_empty_space_inner\"><\/span><\/div><div class=\"qodef-iwt clearfix qodef-iwt-icon-left qodef-iwt-icon-small\"  >\n    <div class=\"qodef-iwt-icon-holder\">\n                    \n    <span class=\"qodef-icon-shortcode circle\" style=\"width: 19px;height: 19px;line-height: 19px;background-color: #9387A8;border-style: solid;border-width: 0px\" data-color=\"#ffffff\">\n        \n        <i class=\"qodef-icon-font-awesome fa fa-check qodef-icon-element\" style=\"color: #ffffff;font-size:13px\" ><\/i>\n            <\/span>\n\n            <\/div>\n    <div class=\"qodef-iwt-content-holder\" style=\"padding-left: 38px\">\n                        <div class=\"qodef-iwt-text-holder\">\n            <p style=\"color: #5C5073\">Los Papas arrugadas con mojo<\/p>\n\n                    <\/div>\n    <\/div>\n<\/div><div class=\"vc_empty_space\"   style=\"height: 9px\"><span class=\"vc_empty_space_inner\"><\/span><\/div><div class=\"qodef-iwt clearfix qodef-iwt-icon-left qodef-iwt-icon-small\"  >\n    <div class=\"qodef-iwt-icon-holder\">\n                    \n    <span class=\"qodef-icon-shortcode circle\" style=\"width: 19px;height: 19px;line-height: 19px;background-color: #9387A8;border-style: solid;border-width: 0px\" data-color=\"#ffffff\">\n        \n        <i class=\"qodef-icon-font-awesome fa fa-check qodef-icon-element\" style=\"color: #ffffff;font-size:13px\" ><\/i>\n            <\/span>\n\n            <\/div>\n    <div class=\"qodef-iwt-content-holder\" style=\"padding-left: 38px\">\n                        <div class=\"qodef-iwt-text-holder\">\n            <p style=\"color: #5C5073\">Gofio escaldado<\/p>\n\n                    <\/div>\n    <\/div>\n<\/div><div class=\"vc_empty_space\"   style=\"height: 9px\"><span class=\"vc_empty_space_inner\"><\/span><\/div><div class=\"qodef-iwt clearfix qodef-iwt-icon-left qodef-iwt-icon-small\"  >\n    <div class=\"qodef-iwt-icon-holder\">\n                    \n    <span class=\"qodef-icon-shortcode circle\" style=\"width: 19px;height: 19px;line-height: 19px;background-color: #9387A8;border-style: solid;border-width: 0px\" data-color=\"#ffffff\">\n        \n        <i class=\"qodef-icon-font-awesome fa fa-check qodef-icon-element\" style=\"color: #ffffff;font-size:13px\" ><\/i>\n            <\/span>\n\n            <\/div>\n    <div class=\"qodef-iwt-content-holder\" style=\"padding-left: 38px\">\n                        <div class=\"qodef-iwt-text-holder\">\n            <p style=\"color: #5C5073\">Conejo en salmorejo<\/p>\n\n                    <\/div>\n    <\/div>\n<\/div><div class=\"vc_empty_space\"   style=\"height: 9px\"><span class=\"vc_empty_space_inner\"><\/span><\/div><div class=\"qodef-iwt clearfix qodef-iwt-icon-left qodef-iwt-icon-small\"  >\n    <div class=\"qodef-iwt-icon-holder\">\n                    \n    <span class=\"qodef-icon-shortcode circle\" style=\"width: 19px;height: 19px;line-height: 19px;background-color: #9387A8;border-style: solid;border-width: 0px\" data-color=\"#ffffff\">\n        \n        <i class=\"qodef-icon-font-awesome fa fa-check qodef-icon-element\" style=\"color: #ffffff;font-size:13px\" ><\/i>\n            <\/span>\n\n            <\/div>\n    <div class=\"qodef-iwt-content-holder\" style=\"padding-left: 38px\">\n                        <div class=\"qodef-iwt-text-holder\">\n            <p style=\"color: #5C5073\">Puchero canario<\/p>\n\n                    <\/div>\n    <\/div>\n<\/div><div class=\"vc_empty_space\"   style=\"height: 9px\"><span class=\"vc_empty_space_inner\"><\/span><\/div><div class=\"qodef-iwt clearfix qodef-iwt-icon-left qodef-iwt-icon-small\"  >\n    <div class=\"qodef-iwt-icon-holder\">\n                    \n    <span class=\"qodef-icon-shortcode circle\" style=\"width: 19px;height: 19px;line-height: 19px;background-color: #9387A8;border-style: solid;border-width: 0px\" data-color=\"#ffffff\">\n        \n        <i class=\"qodef-icon-font-awesome fa fa-check qodef-icon-element\" style=\"color: #ffffff;font-size:13px\" ><\/i>\n            <\/span>\n\n            <\/div>\n    <div class=\"qodef-iwt-content-holder\" style=\"padding-left: 38px\">\n                        <div class=\"qodef-iwt-text-holder\">\n            <p style=\"color: #5C5073\">Rancho canario \u2026<\/p>\n\n                    <\/div>\n    <\/div>\n<\/div><\/div><\/div><\/div><\/div><\/div><\/div><div class=\"vc_row wpb_row vc_row-fluid qodef-section vc_custom_1714652885885 qodef-content-aligment-left qodef-grid-section\" style=\"\"><div class=\"clearfix qodef-section-inner\"><div class=\"qodef-section-inner-margin clearfix\"><div class=\"wpb_column vc_column_container vc_col-sm-12 vc_col-lg-6 vc_col-md-12\"><div class=\"vc_column-inner\"><div class=\"wpb_wrapper\">\n\t<div class=\"wpb_text_column wpb_content_element\" >\n\t\t<div class=\"wpb_wrapper\">\n\t\t\t<h3 class=\"vc_custom_heading\">Beaucoup \u00e0 offrir au Tourisme d&rsquo;affaires<\/h3>\n\n\t\t<\/div>\n\t<\/div>\n<div class=\"vc_empty_space\"   style=\"height: 8px\"><span class=\"vc_empty_space_inner\"><\/span><\/div><div class=\"qodef-svg-separator-holder qodef-svg-separator-large\">\n    <div class=\"qodef-svg-separator qodef-svg-frames-class\" data-svg-frames=\"15\" data-svg-drawing=\"yes\" >\n        <svg version=\"1.1\"  xmlns=\"http:\/\/www.w3.org\/2000\/svg\" xmlns:xlink=\"http:\/\/www.w3.org\/1999\/xlink\" x=\"0px\" y=\"0px\"\n            width=\"60px\" height=\"20px\" viewbox=\"0 0 60 20\" enable-background=\"new 0 0 60 20\" xml:space=\"preserve\">\n            <path fill=\"none\" stroke=\"#feea0e\" stroke-width=\"6\" stroke-linecap=\"round\" stroke-miterlimit=\"10\" d=\"M3.188,8.848 C20.521,3.89,38.313,16.66,56.813,9.473\"\/>\n        <\/svg>\n    <\/div>\n<\/div><div class=\"vc_empty_space\"   style=\"height: 8px\"><span class=\"vc_empty_space_inner\"><\/span><\/div>\n\t<div class=\"wpb_text_column wpb_content_element\" >\n\t\t<div class=\"wpb_wrapper\">\n\t\t\t<p style=\"text-align: justify;\">Tenerife attire r\u00e9guli\u00e8rement de plus en plus d\u2019entreprises pour l\u2019organisation d\u2019\u00e9v\u00e8nements professionnels tels que les incentives ou les s\u00e9minaires.\u00a0<strong>Facile d\u2019acc\u00e8s et tr\u00e8s bien desservi\u00a0gr\u00e2ce \u00e0 ses deux a\u00e9roports,<\/strong>\u00a0le voyage est finalement assez rapide et souvent peu\u00a0co\u00fbteux.<\/p>\n<div style=\"text-align: justify;\">\n<div>\n<p>Le statut de l\u2019\u00eele permet une offre tr\u00e8s large en termes d\u2019infrastructures d\u2019accueil\u00a0ou d\u2019h\u00e9bergement. Il est tout \u00e0 fait possible de combiner une r\u00e9union et une activit\u00e9 team-building en mer.\u00a0<strong>La d\u00e9gustation\u00a0de ses sp\u00e9cialit\u00e9s culinaires ravira tous les participants<\/strong>.<\/p>\n<\/div>\n<\/div>\n<h4 style=\"text-align: justify;\">Des possibilit\u00e9s infinies<\/h4>\n<h5 style=\"text-align: justify;\"><strong><em>Un cadre exceptionnel pour votre \u00e9v\u00e9nement<\/em><\/strong><\/h5>\n<div class=\"wpb_text_column wpb_content_element\">\n<div class=\"wpb_wrapper\">\n<p style=\"text-align: justify;\" align=\"justify\">Desservie par deux a\u00e9roports, Tenerife Nord et Tenerife Sud, Tenerife est le centre \u00e9conomique de l\u2019archipel des Canaries.\u00a0Surnomm\u00e9e\u00a0<strong>l\u2019\u00eele du Printemps \u00e9ternel<\/strong>\u00a0gr\u00e2ce \u00e0 son climat agr\u00e9able toute l\u2019ann\u00e9e, Tenerife propose toute une gamme d\u2019activit\u00e9s pour les visiteurs.<\/p>\n<p style=\"text-align: justify;\" align=\"justify\">L\u2019\u00eele poss\u00e8de aussi\u00a0<strong>3 parcs nationaux\u00a0:<\/strong>\u00a0le parc de\u00a0<strong>Teide<\/strong>, le parc rural du\u00a0<strong>massif d\u2019Anaga<\/strong>\u00a0et le parc de\u00a0<strong>Teno\u00a0<\/strong>avec plus de 4 000 km d\u2019itin\u00e9raires. C\u2019est un super terrain de jeu pour des activit\u00e9s en plein air !<\/p>\n<p class=\"p1\" style=\"text-align: justify;\">Enfin, nous concevons et organisons des <a href=\"https:\/\/www.ohmycom.fr\/en\/destination\/lanzarote\/\">s\u00e9minaires sur mesure \u00e0 Lanzarote<\/a> et \u00e0 <a href=\"https:\/\/www.ohmycom.fr\/en\/destination\/gran-canaria\/\">Gran Canaria<\/a>, pour offrir des exp\u00e9riences vari\u00e9es au c\u0153ur des \u00eeles Canaries.<\/p>\n<\/div>\n<\/div>\n\n\t\t<\/div>\n\t<\/div>\n<div class=\"vc_empty_space\"   style=\"height: 8px\"><span class=\"vc_empty_space_inner\"><\/span><\/div><\/div><\/div><\/div><div class=\"wpb_column vc_column_container vc_col-sm-12 vc_col-lg-6 vc_col-md-12 vc_col-has-fill\"><div class=\"vc_column-inner vc_custom_1747734636700\"><div class=\"wpb_wrapper\">\n\t<div  class=\"wpb_single_image wpb_content_element vc_align_left wpb_content_element\">\n\t\t\n\t\t<figure class=\"wpb_wrapper vc_figure\">\n\t\t\t<div class=\"vc_single_image-wrapper   vc_box_border_grey\"><img loading=\"lazy\" decoding=\"async\" width=\"1124\" height=\"766\" src=\"https:\/\/www.ohmycom.fr\/wp-content\/uploads\/2024\/05\/ohmycom-mice-evenementiel-nicolas-tenerife-dauphins.png\" class=\"vc_single_image-img attachment-full\" alt=\"\" title=\"ohmycom-mice-evenementiel-nicolas-tenerife-dauphins\" srcset=\"https:\/\/www.ohmycom.fr\/wp-content\/uploads\/2024\/05\/ohmycom-mice-evenementiel-nicolas-tenerife-dauphins.png 1124w, https:\/\/www.ohmycom.fr\/wp-content\/uploads\/2024\/05\/ohmycom-mice-evenementiel-nicolas-tenerife-dauphins-300x204.png 300w, https:\/\/www.ohmycom.fr\/wp-content\/uploads\/2024\/05\/ohmycom-mice-evenementiel-nicolas-tenerife-dauphins-1024x698.png 1024w, https:\/\/www.ohmycom.fr\/wp-content\/uploads\/2024\/05\/ohmycom-mice-evenementiel-nicolas-tenerife-dauphins-768x523.png 768w, https:\/\/www.ohmycom.fr\/wp-content\/uploads\/2024\/05\/ohmycom-mice-evenementiel-nicolas-tenerife-dauphins-18x12.png 18w\" sizes=\"auto, (max-width: 1124px) 100vw, 1124px\" \/><\/div>\n\t\t<\/figure>\n\t<\/div>\n<div class=\"vc_empty_space\"   style=\"height: 30px\"><span class=\"vc_empty_space_inner\"><\/span><\/div>\n\t<div class=\"wpb_text_column wpb_content_element\" >\n\t\t<div class=\"wpb_wrapper\">\n\t\t\t<h3 style=\"text-align: center;\">Nous avons test\u00e9 pour vous !<\/h3>\n\n\t\t<\/div>\n\t<\/div>\n<div class=\"vc_empty_space\"   style=\"height: 12px\"><span class=\"vc_empty_space_inner\"><\/span><\/div>\n\t<div class=\"wpb_text_column wpb_content_element\" >\n\t\t<div class=\"wpb_wrapper\">\n\t\t\t<div class=\"dt-sc-image-caption type8\">\n<div class=\"dt-sc-image-content\">\n<div class=\"dt-sc-image-title\">\n<h6 style=\"text-align: center;\">A LA RENCONTRE DES DAUPHINS<\/h6>\n<h6 style=\"text-align: center;\"><\/h6>\n<\/div>\n<div>\n<div>\n<p style=\"text-align: center;\">Ces ar\u00e8nes majestueuses \u00e0 l\u2019architecture complexe font la fiert\u00e9 de la ville de N\u00eemes. Apr\u00e8s avoir d\u00e9ambul\u00e9 dans la galerieApercevoir des dauphins reste\u00a0un moment magique et une exp\u00e9rience in\u00e9dite \u00e0 partager en groupe !<\/p>\n<p style=\"text-align: center;\"><em><strong>Nicolas, directeur de l\u2019agence OhMyCom<\/strong><\/em><\/p>\n<\/div>\n<\/div>\n<\/div>\n<\/div>\n\n\t\t<\/div>\n\t<\/div>\n<div class=\"vc_empty_space\"   style=\"height: 30px\"><span class=\"vc_empty_space_inner\"><\/span><\/div><\/div><\/div><\/div><\/div><\/div><\/div><div class=\"vc_row wpb_row vc_row-fluid qodef-section vc_custom_1747732510943 qodef-content-aligment-center qodef-grid-section\" style=\"\"><div class=\"clearfix qodef-section-inner\"><div class=\"qodef-section-inner-margin clearfix\"><div class=\"wpb_column vc_column_container vc_col-sm-12 vc_col-lg-offset-2 vc_col-lg-8 vc_col-md-offset-1 vc_col-md-10\"><div class=\"vc_column-inner\"><div class=\"wpb_wrapper\">\n\t<div class=\"wpb_text_column wpb_content_element\" >\n\t\t<div class=\"wpb_wrapper\">\n\t\t\t<h2>Id\u00e9es pour votre s\u00e9minaire<\/h2>\n\n\t\t<\/div>\n\t<\/div>\n<div class=\"vc_empty_space\"   style=\"height: 8px\"><span class=\"vc_empty_space_inner\"><\/span><\/div><div class=\"qodef-svg-separator-holder qodef-svg-separator-small\">\n    <div class=\"qodef-svg-separator qodef-svg-frames-class\" data-svg-frames=\"15\" data-svg-drawing=\"yes\" >\n        <svg version=\"1.1\"  xmlns=\"http:\/\/www.w3.org\/2000\/svg\" xmlns:xlink=\"http:\/\/www.w3.org\/1999\/xlink\" x=\"0px\" y=\"0px\"\n            width=\"60px\" height=\"20px\" viewbox=\"0 0 60 20\" enable-background=\"new 0 0 60 20\" xml:space=\"preserve\">\n            <path fill=\"none\" stroke=\"#feea0e\" stroke-width=\"6\" stroke-linecap=\"round\" stroke-miterlimit=\"10\" d=\"M3.188,8.848 C20.521,3.89,38.313,16.66,56.813,9.473\"\/>\n        <\/svg>\n    <\/div>\n<\/div><div class=\"vc_empty_space\"   style=\"height: 14px\"><span class=\"vc_empty_space_inner\"><\/span><\/div>\n<div class=\"qodef-custom-font-holder\" style=\"font-family: Catamaran;font-size: 18px;line-height: 25px;font-weight: 600;letter-spacing: 0px;text-align: center;color: #5C5073\" data-font-size= \"18\" data-line-height= \"25\">\n    Vous trouverez ci-dessous une id\u00e9e de programme pour l&rsquo;organisation d&rsquo;un s\u00e9minaire.<br \/>\nVous aurez le choix entre une belle s\u00e9lection d&rsquo;h\u00f4tels, de restaurants et d&rsquo;activit\u00e9s adapt\u00e9s \u00e0 toutes vos attentes (planning, budget&#8230;) et vos envies (programme d\u00e9di\u00e9 \u00e0 la gastronomie, \u00e0 la culture, au sport&#8230;).    <\/div><div class=\"vc_empty_space\"   style=\"height: 14px\"><span class=\"vc_empty_space_inner\"><\/span><\/div><\/div><\/div><\/div><\/div><\/div><\/div><div class=\"vc_row wpb_row vc_row-fluid qodef-section vc_custom_1747732520509 qodef-content-aligment-left qodef-grid-section\" style=\"\"><div class=\"clearfix qodef-section-inner\"><div class=\"qodef-section-inner-margin clearfix\"><div class=\"wpb_column vc_column_container vc_col-sm-6\"><div class=\"vc_column-inner\"><div class=\"wpb_wrapper\"><div class=\"qodef-accordion-holder clearfix qodef-accordion qodef-initial qodef-skin-light\">\n\t<h5 class=\"clearfix qodef-title-holder\">\n\t<span class=\"qodef-tab-title\">\n\t\t<span class=\"qodef-tab-title-inner\">\n\t\t\tJour 1\t\t<\/span>\n\t<\/span>\n    <span class=\"qodef-accordion-mark\">\n\t\t<span class=\"qodef-accordion-mark-icon\">\n\t\t\t<span class=\"qodef-accordion-plus\">+<\/span>\n\t\t\t<span class=\"qodef-accordion-minus\">-<\/span>\n\t\t<\/span>\n\t<\/span>\n<\/h5>\n<div class=\"qodef-accordion-content\">\n\t<div class=\"qodef-accordion-content-inner\">\n\t\t\n\t<div class=\"wpb_text_column wpb_content_element\" >\n\t\t<div class=\"wpb_wrapper\">\n\t\t\t<ul>\n<li>Arriv\u00e9e \u00e0 l\u2019a\u00e9roport de T\u00e9n\u00e9rife Sud puis transfert sur la c\u00f4t\u00e9 pour un\u00a0<strong>d\u00e9jeuner dans un restaurant au bord de mer.<\/strong><\/li>\n<li>Nous vous proposons ensuite de\u00a0<strong>d\u00e9couvrir une partie de l\u2019\u00eele\u00a0<\/strong>\u00e0 travers un rallye 4\u00d74 !<\/li>\n<li>Nous en profiterons pour faire quelques\u00a0<strong>\u00e9tapes-d\u00e9gustation dans les vignobles, terrasses et bords de mer<\/strong>\u00a0de Tenerife !<\/li>\n<li>Petite pause \u00e0 l\u2019h\u00f4tel puis d\u00e9part pour un\u00a0<strong>d\u00eener<\/strong>\u00a0\u00ab\u00a0branch\u00e9\u00a0\u00bb qui pourra se conclure par une sortie festive !<\/li>\n<\/ul>\n\n\t\t<\/div>\n\t<\/div>\n\t<\/div>\n<\/div><h5 class=\"clearfix qodef-title-holder\">\n\t<span class=\"qodef-tab-title\">\n\t\t<span class=\"qodef-tab-title-inner\">\n\t\t\tJour 2\t\t<\/span>\n\t<\/span>\n    <span class=\"qodef-accordion-mark\">\n\t\t<span class=\"qodef-accordion-mark-icon\">\n\t\t\t<span class=\"qodef-accordion-plus\">+<\/span>\n\t\t\t<span class=\"qodef-accordion-minus\">-<\/span>\n\t\t<\/span>\n\t<\/span>\n<\/h5>\n<div class=\"qodef-accordion-content\">\n\t<div class=\"qodef-accordion-content-inner\">\n\t\t\n\t<div class=\"wpb_text_column wpb_content_element\" >\n\t\t<div class=\"wpb_wrapper\">\n\t\t\t<ul>\n<li>Apr\u00e8s un d\u00e9jeuner continental \u00e0 l\u2019h\u00f4tel, nous partirons dans la direction du\u00a0<strong>Parc national du Teide<\/strong>\u00a0qui se situe au centre de l\u2019\u00eele, \u00e0 une altitude moyenne de 2\u00a0000 m\u00e8tres.\u00a0Vous aurez l\u2019occasion de marcher au milieu de la lave volcanique et peut-\u00eatre de prendre le t\u00e9l\u00e9ph\u00e9rique pour monter\u00a0<strong>tout au haut du volcan,\u00a0<\/strong>soit, le point culminant de l\u2019Espagne, avec ses 3\u00a0718 m\u00e8tres de haut !<\/li>\n<li>A midi, nous vous proposons une\u00a0<strong>visite des vignes qui avec l\u2019influence des volcans nous offre des vins uniques et inimitables.\u00a0<\/strong>Les vignerons vous donneront leurs secrets pour r\u00e9ussir les meilleurs vins de l\u2019\u00eele ! Apr\u00e8s une belle d\u00e9gustation, nous d\u00e9jeunerons en terrasse si le temps le permet !<\/li>\n<li>Apr\u00e8s un retour \u00e0 l\u2019h\u00f4tel et un temps libre bien m\u00e9rit\u00e9, nous terminerons cette belle journ\u00e9e par un\u00a0<strong>d\u00eener \u00a0unique au milieu d\u2019une bananeraie.\u00a0<\/strong>Au programme :\u00a0<strong>d\u00e9gustation de sp\u00e9cialit\u00e9s locales, cr\u00e9ation de cocktails, DJ et\u00a0<\/strong><b>spectacles !<\/b><\/li>\n<\/ul>\n\n\t\t<\/div>\n\t<\/div>\n\t<\/div>\n<\/div><h5 class=\"clearfix qodef-title-holder\">\n\t<span class=\"qodef-tab-title\">\n\t\t<span class=\"qodef-tab-title-inner\">\n\t\t\tJour 3\t\t<\/span>\n\t<\/span>\n    <span class=\"qodef-accordion-mark\">\n\t\t<span class=\"qodef-accordion-mark-icon\">\n\t\t\t<span class=\"qodef-accordion-plus\">+<\/span>\n\t\t\t<span class=\"qodef-accordion-minus\">-<\/span>\n\t\t<\/span>\n\t<\/span>\n<\/h5>\n<div class=\"qodef-accordion-content\">\n\t<div class=\"qodef-accordion-content-inner\">\n\t\t\n\t<div class=\"wpb_text_column wpb_content_element\" >\n\t\t<div class=\"wpb_wrapper\">\n\t\t\t<ul>\n<li>D\u00e9part le matin vers Puerto Colon o\u00f9 nous embarquerons sur un\u00a0<strong>catamaran pour une excursion en mer de 3h<\/strong>, durant laquelle vous partirez\u00a0<strong>\u00e0 la rencontre des baleines pilotes et des dauphins<\/strong>.\u00a0Le bateau s\u2019arr\u00eatera dans une crique pour une pause baignade et un d\u00e9jeuner avec boissons.<\/li>\n<li>Le Retour \u00e0 quai sera en d\u00e9but d\u2019apr\u00e8s midi \u00e0 14h pour ensuite prendre la navette pour l\u2019a\u00e9roport et l\u2019avion du retour.<\/li>\n<\/ul>\n\n\t\t<\/div>\n\t<\/div>\n\t<\/div>\n<\/div><\/div><\/div><\/div><\/div><div class=\"wpb_column vc_column_container vc_col-sm-6\"><div class=\"vc_column-inner\"><div class=\"wpb_wrapper\"><div class=\"qodef-image-gallery\" style=\"height: 410px\">\n\t<div class=\"qodef-image-gallery-slider\" data-autoplay=\"3\" data-navigation=\"yes\" data-pagination=\"yes\">\n\t\t\t\t\t\t<a itemprop=\"image\" href=\"\" title=\"ohmyevent-tenerife-dauphin\" target=\"_self\">\n\t\t\t\n\t\t\t\n\t\t\t\t<img decoding=\"async\" class=\"qodef-image-gallery-defined-height\" style=\"height: 410px\" src=\"https:\/\/www.ohmycom.fr\/wp-content\/uploads\/2024\/09\/ohmyevent-tenerife-dauphin.jpg\" alt=\"ohmyevent-tenerife-dauphin\" \/>\n\n\t\t\t\n\t\t\t<\/a>\n\n\t\t\t\t\t\t<a itemprop=\"image\" href=\"\" title=\"ohmyevent-tenerife-canaries-mer\" target=\"_self\">\n\t\t\t\n\t\t\t\n\t\t\t\t<img decoding=\"async\" class=\"qodef-image-gallery-defined-height\" style=\"height: 410px\" src=\"https:\/\/www.ohmycom.fr\/wp-content\/uploads\/2024\/09\/ohmyevent-tenerife-canaries-mer.jpg\" alt=\"ohmyevent-tenerife-canaries-mer\" \/>\n\n\t\t\t\n\t\t\t<\/a>\n\n\t\t\t\t\t\t<a itemprop=\"image\" href=\"\" title=\"ohmyevent-tenerife-volcan-teide\" target=\"_self\">\n\t\t\t\n\t\t\t\n\t\t\t\t<img decoding=\"async\" class=\"qodef-image-gallery-defined-height\" style=\"height: 410px\" src=\"https:\/\/www.ohmycom.fr\/wp-content\/uploads\/2024\/09\/ohmyevent-tenerife-volcan-teide.jpg\" alt=\"ohmyevent-tenerife-volcan-teide\" \/>\n\n\t\t\t\n\t\t\t<\/a>\n\n\t\t\t<\/div>\n<\/div><\/div><\/div><\/div><\/div><\/div><\/div><div class=\"vc_row wpb_row vc_row-fluid qodef-section vc_custom_1714654774435 qodef-content-aligment-center qodef-grid-section\" style=\"\"><div class=\"clearfix qodef-section-inner\"><div class=\"qodef-section-inner-margin clearfix\"><div class=\"wpb_column vc_column_container vc_col-sm-12 vc_col-lg-offset-2 vc_col-lg-8 vc_col-md-offset-1 vc_col-md-10\"><div class=\"vc_column-inner\"><div class=\"wpb_wrapper\">\n\t<div class=\"wpb_text_column wpb_content_element\" >\n\t\t<div class=\"wpb_wrapper\">\n\t\t\t<h2>Notre m\u00e9thode de travail<\/h2>\n\n\t\t<\/div>\n\t<\/div>\n<div class=\"vc_empty_space\"   style=\"height: 8px\"><span class=\"vc_empty_space_inner\"><\/span><\/div><div class=\"qodef-svg-separator-holder qodef-svg-separator-small\">\n    <div class=\"qodef-svg-separator qodef-svg-frames-class\" data-svg-frames=\"15\" data-svg-drawing=\"yes\" >\n        <svg version=\"1.1\"  xmlns=\"http:\/\/www.w3.org\/2000\/svg\" xmlns:xlink=\"http:\/\/www.w3.org\/1999\/xlink\" x=\"0px\" y=\"0px\"\n            width=\"60px\" height=\"20px\" viewbox=\"0 0 60 20\" enable-background=\"new 0 0 60 20\" xml:space=\"preserve\">\n            <path fill=\"none\" stroke=\"#feea0e\" stroke-width=\"6\" stroke-linecap=\"round\" stroke-miterlimit=\"10\" d=\"M3.188,8.848 C20.521,3.89,38.313,16.66,56.813,9.473\"\/>\n        <\/svg>\n    <\/div>\n<\/div><div class=\"vc_empty_space\"   style=\"height: 14px\"><span class=\"vc_empty_space_inner\"><\/span><\/div><\/div><\/div><\/div><\/div><\/div><\/div><div class=\"vc_row wpb_row vc_row-fluid qodef-section vc_custom_1714656244752 qodef-content-aligment-center qodef-grid-section\" style=\"\"><div class=\"clearfix qodef-section-inner\"><div class=\"qodef-section-inner-margin clearfix\"><div class=\"wpb_column vc_column_container vc_col-sm-3\"><div class=\"vc_column-inner\"><div class=\"wpb_wrapper\">\n    <span class=\"qodef-icon-shortcode normal qodef-icon-small\"  >\n        \n        <span aria-hidden=\"true\" class=\"qodef-icon-font-elegant icon_tools qodef-icon-element\" style=\"\" ><\/span>\n            <\/span>\n\n<div class=\"vc_empty_space\"   style=\"height: 6px\"><span class=\"vc_empty_space_inner\"><\/span><\/div>\n\t<div class=\"wpb_text_column wpb_content_element\" >\n\t\t<div class=\"wpb_wrapper\">\n\t\t\t<h3>Notre Approche<\/h3>\n\n\t\t<\/div>\n\t<\/div>\n<div class=\"vc_empty_space\"   style=\"height: 6px\"><span class=\"vc_empty_space_inner\"><\/span><\/div>\n\t<div class=\"wpb_text_column wpb_content_element\" >\n\t\t<div class=\"wpb_wrapper\">\n\t\t\t<div class=\"dt-sc-icon-box type2\">\n<div class=\"icon-content\">\n<p align=\"justify\">Attentive et attentionn\u00e9e, notre \u00e9quipe vous accompagne dans la cr\u00e9ation de votre <a href=\"https:\/\/www.ohmycom.fr\/en\/evenementiel\/\">\u00e9v\u00e9nement professionnel<\/a> (s\u00e9minaire, incentive, team-building\u2026) afin de\u00a0<strong>comprendre vos objectifs\u00a0<\/strong>de communication, de\u00a0<strong>d\u00e9finir un planning de travail<\/strong>\u00a0et de\u00a0<strong>respecter votre budget<\/strong>.<\/p>\n<\/div>\n<\/div>\n\n\t\t<\/div>\n\t<\/div>\n<\/div><\/div><\/div><div class=\"wpb_column vc_column_container vc_col-sm-3\"><div class=\"vc_column-inner\"><div class=\"wpb_wrapper\">\n    <span class=\"qodef-icon-shortcode normal qodef-icon-small\"  >\n        \n        <i class=\"qodef-icon-ion-icon ion-android-cloud qodef-icon-element\" style=\"\" ><\/i>\n            <\/span>\n\n<div class=\"vc_empty_space\"   style=\"height: 6px\"><span class=\"vc_empty_space_inner\"><\/span><\/div>\n\t<div class=\"wpb_text_column wpb_content_element\" >\n\t\t<div class=\"wpb_wrapper\">\n\t\t\t<h3>Notre R\u00e9seau<\/h3>\n\n\t\t<\/div>\n\t<\/div>\n<div class=\"vc_empty_space\"   style=\"height: 6px\"><span class=\"vc_empty_space_inner\"><\/span><\/div>\n\t<div class=\"wpb_text_column wpb_content_element\" >\n\t\t<div class=\"wpb_wrapper\">\n\t\t\t<div class=\"dt-sc-icon-box type2\">\n<div class=\"icon-content\">\n<div class=\"dt-sc-icon-box type2\">\n<div class=\"icon-content\">\n<p align=\"justify\">Sp\u00e9cialistes de l\u2019<a href=\"http:\/\/www.ohmyevent.fr\" target=\"_blank\" rel=\"noopener\">organisation d\u2019\u00e9v\u00e9nements<\/a>, nous avons d\u00e9velopp\u00e9 au fil des ann\u00e9es <strong>un r\u00e9seau de prestataires \u00e9v\u00e9nementiels<\/strong> d\u2019exception, en France et \u00e0 l\u2019international.<br \/>\nCes partenaires locaux, rigoureusement s\u00e9lectionn\u00e9s, jouent un r\u00f4le cl\u00e9 dans <strong>la r\u00e9ussite de votre \u00e9v\u00e9nement<\/strong> en apportant expertise, qualit\u00e9 et excellence op\u00e9rationnelle.<\/p>\n<\/div>\n<\/div>\n<\/div>\n<\/div>\n\n\t\t<\/div>\n\t<\/div>\n<\/div><\/div><\/div><div class=\"wpb_column vc_column_container vc_col-sm-3\"><div class=\"vc_column-inner\"><div class=\"wpb_wrapper\">\n    <span class=\"qodef-icon-shortcode normal qodef-icon-small\"  >\n        \n        <span aria-hidden=\"true\" class=\"qodef-icon-font-elegant icon_pencil-edit qodef-icon-element\" style=\"\" ><\/span>\n            <\/span>\n\n<div class=\"vc_empty_space\"   style=\"height: 6px\"><span class=\"vc_empty_space_inner\"><\/span><\/div>\n\t<div class=\"wpb_text_column wpb_content_element\" >\n\t\t<div class=\"wpb_wrapper\">\n\t\t\t<h3>Notre Action<\/h3>\n\n\t\t<\/div>\n\t<\/div>\n<div class=\"vc_empty_space\"   style=\"height: 6px\"><span class=\"vc_empty_space_inner\"><\/span><\/div>\n\t<div class=\"wpb_text_column wpb_content_element\" >\n\t\t<div class=\"wpb_wrapper\">\n\t\t\t<div class=\"dt-sc-icon-box type2\">\n<div class=\"icon-content\">\n<div class=\"dt-sc-icon-box type2\">\n<div class=\"icon-content\">\n<p class=\"p1\" style=\"text-align: justify;\">Notre \u00e9quipe a l&rsquo;expertise de l\u2019<a href=\"http:\/\/www.ohmyevent.fr\" target=\"_blank\" rel=\"noopener\">organisation d\u2019\u00e9v\u00e9nements sur-mesure.<\/a> Nous imaginons des programmes uniques, m\u00ealant <strong>cr\u00e9ativit\u00e9, pertinence et exp\u00e9rience<\/strong>. Gr\u00e2ce \u00e0 une \u00e9coute attentive et des \u00e9changes r\u00e9guliers, nous construisons avec vous <strong>un programme \u00e9v\u00e9nementiel sur-mesure<\/strong>, co-construit et optimis\u00e9 pour la r\u00e9ussite de votre \u00e9v\u00e9nement<\/p>\n<\/div>\n<\/div>\n<\/div>\n<\/div>\n\n\t\t<\/div>\n\t<\/div>\n<\/div><\/div><\/div><div class=\"wpb_column vc_column_container vc_col-sm-3\"><div class=\"vc_column-inner\"><div class=\"wpb_wrapper\">\n    <span class=\"qodef-icon-shortcode normal qodef-icon-small\"  >\n        \n        <i class=\"qodef-icon-ion-icon ion-android-settings qodef-icon-element\" style=\"\" ><\/i>\n            <\/span>\n\n<div class=\"vc_empty_space\"   style=\"height: 6px\"><span class=\"vc_empty_space_inner\"><\/span><\/div>\n\t<div class=\"wpb_text_column wpb_content_element\" >\n\t\t<div class=\"wpb_wrapper\">\n\t\t\t<h3>Nos Promesses<\/h3>\n\n\t\t<\/div>\n\t<\/div>\n<div class=\"vc_empty_space\"   style=\"height: 6px\"><span class=\"vc_empty_space_inner\"><\/span><\/div>\n\t<div class=\"wpb_text_column wpb_content_element\" >\n\t\t<div class=\"wpb_wrapper\">\n\t\t\t<div class=\"dt-sc-icon-box type2\">\n<div class=\"icon-content\">\n<div class=\"dt-sc-icon-box type2\">\n<div class=\"icon-content\">\n<p align=\"justify\">La r\u00e9ussite d\u2019un \u00e9v\u00e9nement s\u2019appuie sur une expertise en <a href=\"https:\/\/www.ohmycom.fr\/en\/evenementiel\/\">organisation d\u2019\u00e9v\u00e9nements<\/a>, une \u00e9coute attentive et une coordination pr\u00e9cise \u00e0 chaque \u00e9tape. <strong>Nous vous accompagnons de A \u00e0 Z<\/strong>, jusqu\u2019au jour J, pour s\u00e9curiser chaque d\u00e9tail et <strong>assurer le succ\u00e8s de votre \u00e9v\u00e9nement.<\/strong><\/p>\n<\/div>\n<\/div>\n<\/div>\n<\/div>\n\n\t\t<\/div>\n\t<\/div>\n<\/div><\/div><\/div><\/div><\/div><\/div><div class=\"vc_row wpb_row vc_row-fluid qodef-section vc_custom_1747734664986 qodef-content-aligment-left qodef-grid-section\" style=\"\"><div class=\"clearfix qodef-section-inner\"><div class=\"qodef-section-inner-margin clearfix\"><div class=\"wpb_column vc_column_container vc_col-sm-12\"><div class=\"vc_column-inner\"><div class=\"wpb_wrapper\">\t<div class=\"qodef-call-to-action normal\">\n\n\t\t\t\t<div class=\"qodef-container-inner\">\n\t\t\t\t\t<div class=\"qodef-call-to-action-row-66-33 clearfix\" style=\"padding: 51px 0 51px 0;\">\n\t\t\t\t\t\t<div class=\"qodef-text-wrapper qodef-call-to-action-column1 qodef-call-to-action-cell\">\n\t\t\t\t\t\t\t\t\t<div class=\"qodef-call-to-action-text\" >\n<h2><span style=\"color: #ffffff;\"><strong>Vous avez un projet ?<\/strong><\/span><br \/>\n<span style=\"color: #ffffff;\">Nous avons (d\u00e9j\u00e0) des id\u00e9es !<\/span><\/h2>\n<h4><span style=\"color: #ffffff;\">Vous avez besoin de r\u00e9fl\u00e9chir \u00e0 votre projet d&rsquo;\u00e9v\u00e9nement \u00e0 l&rsquo;\u00e9tranger avec une \u00e9quipe r\u00e9active et sympathique.<\/span><br \/>\n<span style=\"color: #ffffff;\">On discute ensemble ?<\/span><\/h4>\n<\/div>\n\t\t\t\t<\/div>\n\n\t\t\t\t\t\t\t\t\t<div class=\"qodef-button-wrapper qodef-call-to-action-column2 qodef-call-to-action-cell\" style =\"text-align: right ;\">\n\t\t\t\t\t\t<a itemprop=\"url\" href=\"http:\/\/www.ohmypress.fr\/contact\" target=\"_self\" style=\"color: #462F72;background-color: #ffffff;border-color: #ffffff\" class=\"qodef-btn qodef-btn-large qodef-btn-solid qodef-btn-custom-hover-bg qodef-btn-custom-border-hover qodef-btn-custom-hover-color qodef-btn-icon qodef-btn-hover-sweep\" data-hover-bg-color=\"#462F72\" data-hover-color=\"#ffffff\" data-hover-border-color=\"#ffffff\"  >    <span class=\"qodef-btn-text\">Prendre Rendez-vous<\/span>    <i class=\"qodef-icon-font-awesome fa fa-arrow-right qodef-button-icon\" ><\/i>            <span class=\"qodef-hover-background-holder\">\t    \t<span class=\"qodef-hover-background\"><\/span>    \t<\/span>    <\/a>\t\t\t\t\t<\/div>\n\t\t\t\t\t\t\t<\/div>\n\t\t\t\t<\/div>\n\t\t\t<\/div>\n<\/div><\/div><\/div><\/div><\/div><\/div>\n<\/div>","protected":false},"excerpt":{"rendered":"<p>Espagne<\/p>","protected":false},"featured_media":15200,"template":"","meta":{"_acf_changed":false,"_monsterinsights_skip_tracking":false,"_monsterinsights_sitenote_active":false,"_monsterinsights_sitenote_note":"","_monsterinsights_sitenote_category":0,"_vp_format_video_url":"","_vp_image_focal_point":[]},"class_list":["post-15651","destination","type-destination","status-publish","has-post-thumbnail","hentry"],"acf":[],"yoast_head":"<!-- This site is optimized with the Yoast SEO plugin v27.4 - https:\/\/yoast.com\/product\/yoast-seo-wordpress\/ -->\n<title>Organisation d\u2019\u00e9v\u00e9nements \u00e0 Tenerife | Agence \u00e9v\u00e9nementielle Oh My Com<\/title>\n<meta name=\"description\" content=\"Votre \u00e9v\u00e9nement \u00e0 Tenerife avec votre agence \u00e9v\u00e9nementielle experte. S\u00e9minaire, incentive ou congr\u00e8s au coeur d&#039;un paysage volcanique unique.\" \/>\n<meta name=\"robots\" content=\"index, follow, max-snippet:-1, max-image-preview:large, max-video-preview:-1\" \/>\n<link rel=\"canonical\" href=\"https:\/\/www.ohmycom.fr\/en\/destination\/tenerife\/\" \/>\n<meta property=\"og:locale\" content=\"en_US\" \/>\n<meta property=\"og:type\" content=\"article\" \/>\n<meta property=\"og:title\" content=\"Organisation d\u2019\u00e9v\u00e9nements \u00e0 Tenerife | Agence \u00e9v\u00e9nementielle Oh My Com\" \/>\n<meta property=\"og:description\" content=\"Votre \u00e9v\u00e9nement \u00e0 Tenerife avec votre agence \u00e9v\u00e9nementielle experte. S\u00e9minaire, incentive ou congr\u00e8s au coeur d&#039;un paysage volcanique unique.\" \/>\n<meta property=\"og:url\" content=\"https:\/\/www.ohmycom.fr\/en\/destination\/tenerife\/\" \/>\n<meta property=\"og:site_name\" content=\"Oh My Com\" \/>\n<meta property=\"article:modified_time\" content=\"2026-04-28T07:39:24+00:00\" \/>\n<meta property=\"og:image\" content=\"https:\/\/www.ohmycom.fr\/wp-content\/uploads\/2024\/09\/ohmyevent-tenerife-volcan-teide.jpg\" \/>\n\t<meta property=\"og:image:width\" content=\"1280\" \/>\n\t<meta property=\"og:image:height\" content=\"802\" \/>\n\t<meta property=\"og:image:type\" content=\"image\/jpeg\" \/>\n<meta name=\"twitter:card\" content=\"summary_large_image\" \/>\n<meta name=\"twitter:label1\" content=\"Est. reading time\" \/>\n\t<meta name=\"twitter:data1\" content=\"10 minutes\" \/>\n<script type=\"application\/ld+json\" class=\"yoast-schema-graph\">{\"@context\":\"https:\\\/\\\/schema.org\",\"@graph\":[{\"@type\":\"WebPage\",\"@id\":\"https:\\\/\\\/www.ohmycom.fr\\\/destination\\\/tenerife\\\/\",\"url\":\"https:\\\/\\\/www.ohmycom.fr\\\/destination\\\/tenerife\\\/\",\"name\":\"Organisation d\u2019\u00e9v\u00e9nements \u00e0 Tenerife | Agence \u00e9v\u00e9nementielle Oh My Com\",\"isPartOf\":{\"@id\":\"https:\\\/\\\/www.ohmycom.fr\\\/#website\"},\"primaryImageOfPage\":{\"@id\":\"https:\\\/\\\/www.ohmycom.fr\\\/destination\\\/tenerife\\\/#primaryimage\"},\"image\":{\"@id\":\"https:\\\/\\\/www.ohmycom.fr\\\/destination\\\/tenerife\\\/#primaryimage\"},\"thumbnailUrl\":\"https:\\\/\\\/www.ohmycom.fr\\\/wp-content\\\/uploads\\\/2024\\\/09\\\/ohmyevent-tenerife-volcan-teide.jpg\",\"datePublished\":\"2025-05-20T09:14:32+00:00\",\"dateModified\":\"2026-04-28T07:39:24+00:00\",\"description\":\"Votre \u00e9v\u00e9nement \u00e0 Tenerife avec votre agence \u00e9v\u00e9nementielle experte. S\u00e9minaire, incentive ou congr\u00e8s au coeur d'un paysage volcanique unique.\",\"breadcrumb\":{\"@id\":\"https:\\\/\\\/www.ohmycom.fr\\\/destination\\\/tenerife\\\/#breadcrumb\"},\"inLanguage\":\"en-US\",\"potentialAction\":[{\"@type\":\"ReadAction\",\"target\":[\"https:\\\/\\\/www.ohmycom.fr\\\/destination\\\/tenerife\\\/\"]}]},{\"@type\":\"ImageObject\",\"inLanguage\":\"en-US\",\"@id\":\"https:\\\/\\\/www.ohmycom.fr\\\/destination\\\/tenerife\\\/#primaryimage\",\"url\":\"https:\\\/\\\/www.ohmycom.fr\\\/wp-content\\\/uploads\\\/2024\\\/09\\\/ohmyevent-tenerife-volcan-teide.jpg\",\"contentUrl\":\"https:\\\/\\\/www.ohmycom.fr\\\/wp-content\\\/uploads\\\/2024\\\/09\\\/ohmyevent-tenerife-volcan-teide.jpg\",\"width\":1280,\"height\":802},{\"@type\":\"BreadcrumbList\",\"@id\":\"https:\\\/\\\/www.ohmycom.fr\\\/destination\\\/tenerife\\\/#breadcrumb\",\"itemListElement\":[{\"@type\":\"ListItem\",\"position\":1,\"name\":\"Accueil\",\"item\":\"https:\\\/\\\/www.ohmycom.fr\\\/\"},{\"@type\":\"ListItem\",\"position\":2,\"name\":\"Tenerife\"}]},{\"@type\":\"WebSite\",\"@id\":\"https:\\\/\\\/www.ohmycom.fr\\\/#website\",\"url\":\"https:\\\/\\\/www.ohmycom.fr\\\/\",\"name\":\"Oh My Com\",\"description\":\"Agence de communication - Lyon\",\"potentialAction\":[{\"@type\":\"SearchAction\",\"target\":{\"@type\":\"EntryPoint\",\"urlTemplate\":\"https:\\\/\\\/www.ohmycom.fr\\\/?s={search_term_string}\"},\"query-input\":{\"@type\":\"PropertyValueSpecification\",\"valueRequired\":true,\"valueName\":\"search_term_string\"}}],\"inLanguage\":\"en-US\"}]}<\/script>\n<!-- \/ Yoast SEO plugin. -->","yoast_head_json":{"title":"Organisation d\u2019\u00e9v\u00e9nements \u00e0 Tenerife | Agence \u00e9v\u00e9nementielle Oh My Com","description":"Votre \u00e9v\u00e9nement \u00e0 Tenerife avec votre agence \u00e9v\u00e9nementielle experte. S\u00e9minaire, incentive ou congr\u00e8s au coeur d'un paysage volcanique unique.","robots":{"index":"index","follow":"follow","max-snippet":"max-snippet:-1","max-image-preview":"max-image-preview:large","max-video-preview":"max-video-preview:-1"},"canonical":"https:\/\/www.ohmycom.fr\/en\/destination\/tenerife\/","og_locale":"en_US","og_type":"article","og_title":"Organisation d\u2019\u00e9v\u00e9nements \u00e0 Tenerife | Agence \u00e9v\u00e9nementielle Oh My Com","og_description":"Votre \u00e9v\u00e9nement \u00e0 Tenerife avec votre agence \u00e9v\u00e9nementielle experte. S\u00e9minaire, incentive ou congr\u00e8s au coeur d'un paysage volcanique unique.","og_url":"https:\/\/www.ohmycom.fr\/en\/destination\/tenerife\/","og_site_name":"Oh My Com","article_modified_time":"2026-04-28T07:39:24+00:00","og_image":[{"width":1280,"height":802,"url":"https:\/\/www.ohmycom.fr\/wp-content\/uploads\/2024\/09\/ohmyevent-tenerife-volcan-teide.jpg","type":"image\/jpeg"}],"twitter_card":"summary_large_image","twitter_misc":{"Est. reading time":"10 minutes"},"schema":{"@context":"https:\/\/schema.org","@graph":[{"@type":"WebPage","@id":"https:\/\/www.ohmycom.fr\/destination\/tenerife\/","url":"https:\/\/www.ohmycom.fr\/destination\/tenerife\/","name":"Organisation d\u2019\u00e9v\u00e9nements \u00e0 Tenerife | Agence \u00e9v\u00e9nementielle Oh My Com","isPartOf":{"@id":"https:\/\/www.ohmycom.fr\/#website"},"primaryImageOfPage":{"@id":"https:\/\/www.ohmycom.fr\/destination\/tenerife\/#primaryimage"},"image":{"@id":"https:\/\/www.ohmycom.fr\/destination\/tenerife\/#primaryimage"},"thumbnailUrl":"https:\/\/www.ohmycom.fr\/wp-content\/uploads\/2024\/09\/ohmyevent-tenerife-volcan-teide.jpg","datePublished":"2025-05-20T09:14:32+00:00","dateModified":"2026-04-28T07:39:24+00:00","description":"Votre \u00e9v\u00e9nement \u00e0 Tenerife avec votre agence \u00e9v\u00e9nementielle experte. S\u00e9minaire, incentive ou congr\u00e8s au coeur d'un paysage volcanique unique.","breadcrumb":{"@id":"https:\/\/www.ohmycom.fr\/destination\/tenerife\/#breadcrumb"},"inLanguage":"en-US","potentialAction":[{"@type":"ReadAction","target":["https:\/\/www.ohmycom.fr\/destination\/tenerife\/"]}]},{"@type":"ImageObject","inLanguage":"en-US","@id":"https:\/\/www.ohmycom.fr\/destination\/tenerife\/#primaryimage","url":"https:\/\/www.ohmycom.fr\/wp-content\/uploads\/2024\/09\/ohmyevent-tenerife-volcan-teide.jpg","contentUrl":"https:\/\/www.ohmycom.fr\/wp-content\/uploads\/2024\/09\/ohmyevent-tenerife-volcan-teide.jpg","width":1280,"height":802},{"@type":"BreadcrumbList","@id":"https:\/\/www.ohmycom.fr\/destination\/tenerife\/#breadcrumb","itemListElement":[{"@type":"ListItem","position":1,"name":"Accueil","item":"https:\/\/www.ohmycom.fr\/"},{"@type":"ListItem","position":2,"name":"Tenerife"}]},{"@type":"WebSite","@id":"https:\/\/www.ohmycom.fr\/#website","url":"https:\/\/www.ohmycom.fr\/","name":"Oh My Com","description":"Agence de communication - Lyon","potentialAction":[{"@type":"SearchAction","target":{"@type":"EntryPoint","urlTemplate":"https:\/\/www.ohmycom.fr\/?s={search_term_string}"},"query-input":{"@type":"PropertyValueSpecification","valueRequired":true,"valueName":"search_term_string"}}],"inLanguage":"en-US"}]}},"_links":{"self":[{"href":"https:\/\/www.ohmycom.fr\/en\/wp-json\/wp\/v2\/destination\/15651","targetHints":{"allow":["GET"]}}],"collection":[{"href":"https:\/\/www.ohmycom.fr\/en\/wp-json\/wp\/v2\/destination"}],"about":[{"href":"https:\/\/www.ohmycom.fr\/en\/wp-json\/wp\/v2\/types\/destination"}],"wp:featuredmedia":[{"embeddable":true,"href":"https:\/\/www.ohmycom.fr\/en\/wp-json\/wp\/v2\/media\/15200"}],"wp:attachment":[{"href":"https:\/\/www.ohmycom.fr\/en\/wp-json\/wp\/v2\/media?parent=15651"}],"curies":[{"name":"wp","href":"https:\/\/api.w.org\/{rel}","templated":true}]}}