{"id":17378,"date":"2026-04-27T15:26:25","date_gmt":"2026-04-27T13:26:25","guid":{"rendered":"https:\/\/www.ohmycom.fr\/?post_type=destination&#038;p=17378"},"modified":"2026-04-28T09:17:01","modified_gmt":"2026-04-28T07:17:01","slug":"bergen","status":"publish","type":"destination","link":"https:\/\/www.ohmycom.fr\/en\/destination\/bergen\/","title":{"rendered":"Bergen"},"content":{"rendered":"<div class=\"wpb-content-wrapper\"><div data-qodef-parallax-speed=\"1\" class=\"vc_row wpb_row vc_row-fluid qodef-section title-he vc_custom_1777296964522 qodef-content-aligment-left qodef-parallax-section-holder qodef-parallax-section-holder-touch-disabled qodef-grid-section\" style=\"background-image:url(https:\/\/www.ohmycom.fr\/wp-content\/uploads\/2026\/04\/ohmyevent-evenement-etranger-bergen-maisons.jpg);\"><div class=\"clearfix qodef-section-inner\"><div class=\"qodef-section-inner-margin clearfix\"><div class=\"wpb_column vc_column_container vc_col-sm-12 vc_col-lg-12\"><div class=\"vc_column-inner\"><div class=\"wpb_wrapper\"><div data-qodef-parallax-speed=\"1\" class=\"vc_row wpb_row vc_inner vc_row-fluid qodef-section qodef-content-aligment-left\" style=\"\"><div class=\"qodef-full-section-inner\"><div class=\"wpb_column vc_column_container vc_col-sm-12 vc_col-lg-10 vc_col-md-12\"><div class=\"vc_column-inner\"><div class=\"wpb_wrapper\">\n\t<div class=\"wpb_text_column wpb_content_element\" >\n\t\t<div class=\"wpb_wrapper\">\n\t\t\t<h1><span style=\"color: #ffffff;\">Bergen<\/span><\/h1>\n\n\t\t<\/div>\n\t<\/div>\n<\/div><\/div><\/div><\/div><\/div><div class=\"vc_empty_space\"   style=\"height: 19px\"><span class=\"vc_empty_space_inner\"><\/span><\/div><div class=\"qodef-svg-separator-holder qodef-svg-separator-large\">\n    <div class=\"qodef-svg-separator qodef-svg-frames-class\" data-svg-frames=\"15\" data-svg-drawing=\"yes\" >\n        <svg version=\"1.1\"  xmlns=\"http:\/\/www.w3.org\/2000\/svg\" xmlns:xlink=\"http:\/\/www.w3.org\/1999\/xlink\" x=\"0px\" y=\"0px\"\n            width=\"60px\" height=\"20px\" viewbox=\"0 0 60 20\" enable-background=\"new 0 0 60 20\" xml:space=\"preserve\">\n            <path fill=\"none\" stroke=\"#feea0e\" stroke-width=\"6\" stroke-linecap=\"round\" stroke-miterlimit=\"10\" d=\"M3.188,8.848 C20.521,3.89,38.313,16.66,56.813,9.473\"\/>\n        <\/svg>\n    <\/div>\n<\/div><div class=\"vc_empty_space\"   style=\"height: 20px\"><span class=\"vc_empty_space_inner\"><\/span><\/div><div data-qodef-parallax-speed=\"1\" class=\"vc_row wpb_row vc_inner vc_row-fluid qodef-section qodef-content-aligment-left\" style=\"\"><div class=\"qodef-full-section-inner\"><div class=\"wpb_column vc_column_container vc_col-sm-12 vc_col-lg-6 vc_col-md-10\"><div class=\"vc_column-inner\"><div class=\"wpb_wrapper\">\n<div class=\"qodef-custom-font-holder\" style=\"font-family: Catamaran;font-size: 21px;line-height: 28px;font-weight: 400;text-align: left;color: #ffffff\" data-font-size= \"21\" data-line-height= \"28\">\n    Deuxi\u00e8me ville de Norv\u00e8ge, Bergen est la v\u00e9ritable porte d\u2019entr\u00e9e des fjords norv\u00e9giens.    <\/div><\/div><\/div><\/div><\/div><\/div><\/div><\/div><\/div><\/div><\/div><\/div><div class=\"vc_row wpb_row vc_row-fluid qodef-section vc_custom_1714652867406 qodef-content-aligment-left qodef-grid-section\" style=\"\"><div class=\"clearfix qodef-section-inner\"><div class=\"qodef-section-inner-margin clearfix\"><div class=\"wpb_column vc_column_container vc_col-sm-12 vc_col-lg-6 vc_col-md-12\"><div class=\"vc_column-inner vc_custom_1714656200728\"><div class=\"wpb_wrapper\">\n\t<div  class=\"wpb_single_image wpb_content_element vc_align_left wpb_content_element\">\n\t\t\n\t\t<figure class=\"wpb_wrapper vc_figure\">\n\t\t\t<div class=\"vc_single_image-wrapper   vc_box_border_grey\"><img loading=\"lazy\" decoding=\"async\" width=\"1920\" height=\"1440\" src=\"https:\/\/www.ohmycom.fr\/wp-content\/uploads\/2026\/04\/ohmyevent-evenement-etranger-bergen-maisons.jpg\" class=\"vc_single_image-img attachment-full\" alt=\"\" title=\"ohmyevent-evenement-etranger-bergen-maisons\" srcset=\"https:\/\/www.ohmycom.fr\/wp-content\/uploads\/2026\/04\/ohmyevent-evenement-etranger-bergen-maisons.jpg 1920w, https:\/\/www.ohmycom.fr\/wp-content\/uploads\/2026\/04\/ohmyevent-evenement-etranger-bergen-maisons-300x225.jpg 300w, https:\/\/www.ohmycom.fr\/wp-content\/uploads\/2026\/04\/ohmyevent-evenement-etranger-bergen-maisons-1024x768.jpg 1024w, https:\/\/www.ohmycom.fr\/wp-content\/uploads\/2026\/04\/ohmyevent-evenement-etranger-bergen-maisons-768x576.jpg 768w, https:\/\/www.ohmycom.fr\/wp-content\/uploads\/2026\/04\/ohmyevent-evenement-etranger-bergen-maisons-1536x1152.jpg 1536w, https:\/\/www.ohmycom.fr\/wp-content\/uploads\/2026\/04\/ohmyevent-evenement-etranger-bergen-maisons-16x12.jpg 16w, https:\/\/www.ohmycom.fr\/wp-content\/uploads\/2026\/04\/ohmyevent-evenement-etranger-bergen-maisons-500x375.jpg 500w, https:\/\/www.ohmycom.fr\/wp-content\/uploads\/2026\/04\/ohmyevent-evenement-etranger-bergen-maisons-800x600.jpg 800w, https:\/\/www.ohmycom.fr\/wp-content\/uploads\/2026\/04\/ohmyevent-evenement-etranger-bergen-maisons-1280x960.jpg 1280w\" sizes=\"auto, (max-width: 1920px) 100vw, 1920px\" \/><\/div>\n\t\t<\/figure>\n\t<\/div>\n<\/div><\/div><\/div><div class=\"wpb_column vc_column_container vc_col-sm-12 vc_col-lg-6 vc_col-md-12\"><div class=\"vc_column-inner vc_custom_1714979058716\"><div class=\"wpb_wrapper\">\n\t<div class=\"wpb_text_column wpb_content_element\" >\n\t\t<div class=\"wpb_wrapper\">\n\t\t\t<h3 class=\"vc_custom_heading\">L\u00e0 o\u00f9 7 montagnes rejoignent la mer<\/h3>\n\n\t\t<\/div>\n\t<\/div>\n<div class=\"vc_empty_space\"   style=\"height: 8px\"><span class=\"vc_empty_space_inner\"><\/span><\/div>\n\t<div class=\"wpb_text_column wpb_content_element\" >\n\t\t<div class=\"wpb_wrapper\">\n\t\t\t<div class=\"wpb_text_column wpb_content_element\">\n<div class=\"wpb_wrapper\">\n<div class=\"wpb_text_column wpb_content_element\">\n<div class=\"wpb_wrapper\">\n<div class=\"wpb_text_column wpb_content_element\">\n<div class=\"wpb_wrapper\">\n<p class=\"p1\" style=\"text-align: justify;\">Avec son atmosph\u00e8re unique entre mer et montagnes, ses <strong>maisons color\u00e9es<\/strong> class\u00e9es \u00e0 l\u2019UNESCO, ses restaurants de caract\u00e8re et ses nombreuses exp\u00e9riences en pleine nature, <span class=\"s1\"><b>Bergen<\/b><\/span> offre un cadre singulier pour organiser des \u00e9v\u00e9nements m\u00e9morables.<\/p>\n<p class=\"p2\" style=\"text-align: justify;\">Ville \u00e0 taille humaine, <strong>elle s\u00e9duit par son authenticit\u00e9 et son accessibilit\u00e9,<\/strong> tout en proposant des infrastructures de qualit\u00e9, parfaitement adapt\u00e9es aux s\u00e9minaires, incentives et \u00e9v\u00e9nements professionnels.<\/p>\n<p><span class=\"s1\"><b>Un cadre spectaculaire et ressour\u00e7ant<\/b><\/span><\/p>\n<p class=\"p1\" style=\"text-align: justify;\">V\u00e9ritable porte d\u2019entr\u00e9e des fjords norv\u00e9giens, Bergen est entour\u00e9e de paysages \u00e0 couper le souffle. <strong>Entre montagnes, mer et nature sauvage<\/strong>, la ville offre un environnement propice \u00e0 l\u2019\u00e9vasion, \u00e0 la cr\u00e9ativit\u00e9 et \u00e0 la d\u00e9connexion.<\/p>\n<p class=\"p2\" style=\"text-align: justify;\">Ici, chaque moment devient une exp\u00e9rience, <strong>chaque d\u00e9placement une d\u00e9couverte.<\/strong> Un terrain id\u00e9al pour cr\u00e9er du lien, prendre de la hauteur\u2026 et marquer les esprits durablement.<\/p>\n<p style=\"text-align: justify;\"><strong>#norvege\u00a0<\/strong><strong>#bergen #fjord<\/strong><\/p>\n<\/div>\n<\/div>\n<\/div>\n<\/div>\n<\/div>\n<\/div>\n\n\t\t<\/div>\n\t<\/div>\n<div class=\"vc_empty_space\"   style=\"height: 8px\"><span class=\"vc_empty_space_inner\"><\/span><\/div><\/div><\/div><\/div><\/div><\/div><\/div><div class=\"vc_row wpb_row vc_row-fluid qodef-section vc_custom_1747294558888 qodef-content-aligment-center qodef-grid-section\" style=\"\"><div class=\"clearfix qodef-section-inner\"><div class=\"qodef-section-inner-margin clearfix\"><div class=\"wpb_column vc_column_container vc_col-sm-6\"><div class=\"vc_column-inner\"><div class=\"wpb_wrapper\"><div data-qodef-parallax-speed=\"1\" class=\"vc_row wpb_row vc_inner vc_row-fluid qodef-section vc_custom_1714722998519 qodef-content-aligment-center\" style=\"\"><div class=\"qodef-full-section-inner\"><div class=\"wpb_column vc_column_container vc_col-sm-8\"><div class=\"vc_column-inner\"><div class=\"wpb_wrapper\">\n\t<div class=\"wpb_text_column wpb_content_element\" >\n\t\t<div class=\"wpb_wrapper\">\n\t\t\t<h3>\u00c0 Savoir<\/h3>\n<p>sur la destination<\/p>\n\n\t\t<\/div>\n\t<\/div>\n<div class=\"vc_empty_space\"   style=\"height: 6px\"><span class=\"vc_empty_space_inner\"><\/span><\/div>\n\t<div  class=\"wpb_single_image wpb_content_element vc_align_center wpb_content_element\">\n\t\t\n\t\t<figure class=\"wpb_wrapper vc_figure\">\n\t\t\t<div class=\"vc_single_image-wrapper   vc_box_border_grey\"><img loading=\"lazy\" decoding=\"async\" width=\"2247\" height=\"1494\" src=\"https:\/\/www.ohmycom.fr\/wp-content\/uploads\/2026\/04\/bergen-ohmycom.jpg\" class=\"vc_single_image-img attachment-full\" alt=\"\" title=\"bergen-ohmycom\" srcset=\"https:\/\/www.ohmycom.fr\/wp-content\/uploads\/2026\/04\/bergen-ohmycom.jpg 2247w, https:\/\/www.ohmycom.fr\/wp-content\/uploads\/2026\/04\/bergen-ohmycom-300x199.jpg 300w, https:\/\/www.ohmycom.fr\/wp-content\/uploads\/2026\/04\/bergen-ohmycom-1024x681.jpg 1024w, https:\/\/www.ohmycom.fr\/wp-content\/uploads\/2026\/04\/bergen-ohmycom-768x511.jpg 768w, https:\/\/www.ohmycom.fr\/wp-content\/uploads\/2026\/04\/bergen-ohmycom-1536x1021.jpg 1536w, https:\/\/www.ohmycom.fr\/wp-content\/uploads\/2026\/04\/bergen-ohmycom-18x12.jpg 18w, https:\/\/www.ohmycom.fr\/wp-content\/uploads\/2026\/04\/bergen-ohmycom-500x332.jpg 500w, https:\/\/www.ohmycom.fr\/wp-content\/uploads\/2026\/04\/bergen-ohmycom-800x532.jpg 800w, https:\/\/www.ohmycom.fr\/wp-content\/uploads\/2026\/04\/bergen-ohmycom-1280x851.jpg 1280w, https:\/\/www.ohmycom.fr\/wp-content\/uploads\/2026\/04\/bergen-ohmycom-1920x1277.jpg 1920w\" sizes=\"auto, (max-width: 2247px) 100vw, 2247px\" \/><\/div>\n\t\t<\/figure>\n\t<\/div>\n<div class=\"vc_empty_space\"   style=\"height: 20px\"><span class=\"vc_empty_space_inner\"><\/span><\/div><\/div><\/div><\/div><div class=\"wpb_column vc_column_container vc_col-sm-4\"><div class=\"vc_column-inner\"><div class=\"wpb_wrapper\">\n    <span class=\"qodef-icon-shortcode normal qodef-icon-small\"  >\n        \n        <i class=\"qodef-icon-font-awesome fa fa-plane qodef-icon-element\" style=\"\" ><\/i>\n            <\/span>\n\n<div class=\"vc_empty_space\"   style=\"height: 4px\"><span class=\"vc_empty_space_inner\"><\/span><\/div>\n\t<div class=\"wpb_text_column wpb_content_element\" >\n\t\t<div class=\"wpb_wrapper\">\n\t\t\t<h3>4h30<\/h3>\n<p>De vol depuis Lyon avec connexion<\/p>\n\n\t\t<\/div>\n\t<\/div>\n<div class=\"vc_empty_space\"   style=\"height: 12px\"><span class=\"vc_empty_space_inner\"><\/span><\/div>\n    <span class=\"qodef-icon-shortcode normal qodef-icon-small\"  >\n        \n        <i class=\"qodef-icon-font-awesome fa fa-arrows qodef-icon-element\" style=\"\" ><\/i>\n            <\/span>\n\n<div class=\"vc_empty_space\"   style=\"height: 4px\"><span class=\"vc_empty_space_inner\"><\/span><\/div>\n\t<div class=\"wpb_text_column wpb_content_element\" >\n\t\t<div class=\"wpb_wrapper\">\n\t\t\t<h3>445 km\u00b2<\/h3>\n<p>Superficie<\/p>\n\n\t\t<\/div>\n\t<\/div>\n<div class=\"vc_empty_space\"   style=\"height: 12px\"><span class=\"vc_empty_space_inner\"><\/span><\/div>\n    <span class=\"qodef-icon-shortcode normal qodef-icon-small\"  >\n        \n        <i class=\"qodef-icon-font-awesome fa fa-users qodef-icon-element\" style=\"\" ><\/i>\n            <\/span>\n\n<div class=\"vc_empty_space\"   style=\"height: 4px\"><span class=\"vc_empty_space_inner\"><\/span><\/div>\n\t<div class=\"wpb_text_column wpb_content_element\" >\n\t\t<div class=\"wpb_wrapper\">\n\t\t\t<h3>280 000<\/h3>\n<p>Habitants<\/p>\n\n\t\t<\/div>\n\t<\/div>\n<\/div><\/div><\/div><\/div><\/div><\/div><\/div><\/div><div class=\"afaire wpb_column vc_column_container vc_col-sm-3\"><div class=\"vc_column-inner\"><div class=\"wpb_wrapper\">\n    <span class=\"qodef-icon-shortcode normal qodef-icon-small\"  >\n        \n        <i class=\"qodef-icon-ion-icon ion-eye qodef-icon-element\" style=\"\" ><\/i>\n            <\/span>\n\n<div class=\"vc_empty_space\"   style=\"height: 6px\"><span class=\"vc_empty_space_inner\"><\/span><\/div>\n\t<div class=\"wpb_text_column wpb_content_element\" >\n\t\t<div class=\"wpb_wrapper\">\n\t\t\t<h3>A d\u00e9couvrir<\/h3>\n\n\t\t<\/div>\n\t<\/div>\n<div class=\"vc_empty_space\"   style=\"height: 12px\"><span class=\"vc_empty_space_inner\"><\/span><\/div><div class=\"qodef-iwt clearfix qodef-iwt-icon-left qodef-iwt-icon-small\"  >\n    <div class=\"qodef-iwt-icon-holder\">\n                    \n    <span class=\"qodef-icon-shortcode circle\" style=\"width: 19px;height: 19px;line-height: 19px;background-color: #9387A8;border-style: solid;border-width: 0px\" data-color=\"#ffffff\">\n        \n        <i class=\"qodef-icon-font-awesome fa fa-check qodef-icon-element\" style=\"color: #ffffff;font-size:13px\" ><\/i>\n            <\/span>\n\n            <\/div>\n    <div class=\"qodef-iwt-content-holder\" style=\"padding-left: 38px\">\n                        <div class=\"qodef-iwt-text-holder\">\n            <p style=\"color: #5C5073\">Bryggen, le c\u0153ur historique : Les c\u00e9l\u00e8bres maisons color\u00e9es class\u00e9es \u00e0 l\u2019UNESCO, v\u00e9ritable carte postale de la ville.<\/p>\n\n                    <\/div>\n    <\/div>\n<\/div><div class=\"vc_empty_space\"   style=\"height: 9px\"><span class=\"vc_empty_space_inner\"><\/span><\/div><div class=\"qodef-iwt clearfix qodef-iwt-icon-left qodef-iwt-icon-small\"  >\n    <div class=\"qodef-iwt-icon-holder\">\n                    \n    <span class=\"qodef-icon-shortcode circle\" style=\"width: 19px;height: 19px;line-height: 19px;background-color: #9387A8;border-style: solid;border-width: 0px\" data-color=\"#ffffff\">\n        \n        <i class=\"qodef-icon-font-awesome fa fa-check qodef-icon-element\" style=\"color: #ffffff;font-size:13px\" ><\/i>\n            <\/span>\n\n            <\/div>\n    <div class=\"qodef-iwt-content-holder\" style=\"padding-left: 38px\">\n                        <div class=\"qodef-iwt-text-holder\">\n            <p style=\"color: #5C5073\">Le mont Fl\u00f8yen : Une vue spectaculaire sur Bergen et ses fjords, accessible en funiculaire ou \u00e0 pied pour les plus motiv\u00e9s.<\/p>\n\n                    <\/div>\n    <\/div>\n<\/div><div class=\"vc_empty_space\"   style=\"height: 9px\"><span class=\"vc_empty_space_inner\"><\/span><\/div><div class=\"qodef-iwt clearfix qodef-iwt-icon-left qodef-iwt-icon-small\"  >\n    <div class=\"qodef-iwt-icon-holder\">\n                    \n    <span class=\"qodef-icon-shortcode circle\" style=\"width: 19px;height: 19px;line-height: 19px;background-color: #9387A8;border-style: solid;border-width: 0px\" data-color=\"#ffffff\">\n        \n        <i class=\"qodef-icon-font-awesome fa fa-check qodef-icon-element\" style=\"color: #ffffff;font-size:13px\" ><\/i>\n            <\/span>\n\n            <\/div>\n    <div class=\"qodef-iwt-content-holder\" style=\"padding-left: 38px\">\n                        <div class=\"qodef-iwt-text-holder\">\n            <p style=\"color: #5C5073\">Le mont Ulriken : Le plus haut sommet de la ville, pour une immersion totale dans les paysages norv\u00e9giens.<\/p>\n\n                    <\/div>\n    <\/div>\n<\/div><div class=\"vc_empty_space\"   style=\"height: 9px\"><span class=\"vc_empty_space_inner\"><\/span><\/div><div class=\"qodef-iwt clearfix qodef-iwt-icon-left qodef-iwt-icon-small\"  >\n    <div class=\"qodef-iwt-icon-holder\">\n                    \n    <span class=\"qodef-icon-shortcode circle\" style=\"width: 19px;height: 19px;line-height: 19px;background-color: #9387A8;border-style: solid;border-width: 0px\" data-color=\"#ffffff\">\n        \n        <i class=\"qodef-icon-font-awesome fa fa-check qodef-icon-element\" style=\"color: #ffffff;font-size:13px\" ><\/i>\n            <\/span>\n\n            <\/div>\n    <div class=\"qodef-iwt-content-holder\" style=\"padding-left: 38px\">\n                        <div class=\"qodef-iwt-text-holder\">\n            <p style=\"color: #5C5073\">Les fjords : Porte d\u2019entr\u00e9e vers les plus beaux fjords de Norv\u00e8ge, une exp\u00e9rience incontournable.<\/p>\n\n                    <\/div>\n    <\/div>\n<\/div><div class=\"vc_empty_space\"   style=\"height: 50px\"><span class=\"vc_empty_space_inner\"><\/span><\/div><\/div><\/div><\/div><div class=\"afaire wpb_column vc_column_container vc_col-sm-3\"><div class=\"vc_column-inner\"><div class=\"wpb_wrapper\">\n    <span class=\"qodef-icon-shortcode normal qodef-icon-small\"  >\n        \n        <i class=\"qodef-icon-font-awesome fa fa-cutlery qodef-icon-element\" style=\"\" ><\/i>\n            <\/span>\n\n<div class=\"vc_empty_space\"   style=\"height: 6px\"><span class=\"vc_empty_space_inner\"><\/span><\/div>\n\t<div class=\"wpb_text_column wpb_content_element\" >\n\t\t<div class=\"wpb_wrapper\">\n\t\t\t<h3>A d\u00e9guster<\/h3>\n\n\t\t<\/div>\n\t<\/div>\n<div class=\"vc_empty_space\"   style=\"height: 12px\"><span class=\"vc_empty_space_inner\"><\/span><\/div><div class=\"qodef-iwt clearfix qodef-iwt-icon-left qodef-iwt-icon-small\"  >\n    <div class=\"qodef-iwt-icon-holder\">\n                    \n    <span class=\"qodef-icon-shortcode circle\" style=\"width: 19px;height: 19px;line-height: 19px;background-color: #9387A8;border-style: solid;border-width: 0px\" data-color=\"#ffffff\">\n        \n        <i class=\"qodef-icon-font-awesome fa fa-check qodef-icon-element\" style=\"color: #ffffff;font-size:13px\" ><\/i>\n            <\/span>\n\n            <\/div>\n    <div class=\"qodef-iwt-content-holder\" style=\"padding-left: 38px\">\n                        <div class=\"qodef-iwt-text-holder\">\n            <p style=\"color: #5C5073\">Le saumon norv\u00e9gien : Frais, fum\u00e9 ou gravlax, un incontournable.<\/p>\n\n                    <\/div>\n    <\/div>\n<\/div><div class=\"vc_empty_space\"   style=\"height: 9px\"><span class=\"vc_empty_space_inner\"><\/span><\/div><div class=\"qodef-iwt clearfix qodef-iwt-icon-left qodef-iwt-icon-small\"  >\n    <div class=\"qodef-iwt-icon-holder\">\n                    \n    <span class=\"qodef-icon-shortcode circle\" style=\"width: 19px;height: 19px;line-height: 19px;background-color: #9387A8;border-style: solid;border-width: 0px\" data-color=\"#ffffff\">\n        \n        <i class=\"qodef-icon-font-awesome fa fa-check qodef-icon-element\" style=\"color: #ffffff;font-size:13px\" ><\/i>\n            <\/span>\n\n            <\/div>\n    <div class=\"qodef-iwt-content-holder\" style=\"padding-left: 38px\">\n                        <div class=\"qodef-iwt-text-holder\">\n            <p style=\"color: #5C5073\">Le crabe royal : Une exp\u00e9rience gustative unique, directement venue des eaux froides du nord.<\/p>\n\n                    <\/div>\n    <\/div>\n<\/div><div class=\"vc_empty_space\"   style=\"height: 9px\"><span class=\"vc_empty_space_inner\"><\/span><\/div><div class=\"qodef-iwt clearfix qodef-iwt-icon-left qodef-iwt-icon-small\"  >\n    <div class=\"qodef-iwt-icon-holder\">\n                    \n    <span class=\"qodef-icon-shortcode circle\" style=\"width: 19px;height: 19px;line-height: 19px;background-color: #9387A8;border-style: solid;border-width: 0px\" data-color=\"#ffffff\">\n        \n        <i class=\"qodef-icon-font-awesome fa fa-check qodef-icon-element\" style=\"color: #ffffff;font-size:13px\" ><\/i>\n            <\/span>\n\n            <\/div>\n    <div class=\"qodef-iwt-content-holder\" style=\"padding-left: 38px\">\n                        <div class=\"qodef-iwt-text-holder\">\n            <p style=\"color: #5C5073\">Le renne : Une viande typique, riche et savoureuse.<\/p>\n\n                    <\/div>\n    <\/div>\n<\/div><div class=\"vc_empty_space\"   style=\"height: 9px\"><span class=\"vc_empty_space_inner\"><\/span><\/div><div class=\"qodef-iwt clearfix qodef-iwt-icon-left qodef-iwt-icon-small\"  >\n    <div class=\"qodef-iwt-icon-holder\">\n                    \n    <span class=\"qodef-icon-shortcode circle\" style=\"width: 19px;height: 19px;line-height: 19px;background-color: #9387A8;border-style: solid;border-width: 0px\" data-color=\"#ffffff\">\n        \n        <i class=\"qodef-icon-font-awesome fa fa-check qodef-icon-element\" style=\"color: #ffffff;font-size:13px\" ><\/i>\n            <\/span>\n\n            <\/div>\n    <div class=\"qodef-iwt-content-holder\" style=\"padding-left: 38px\">\n                        <div class=\"qodef-iwt-text-holder\">\n            <p style=\"color: #5C5073\">Le brunost : Fromage brun caram\u00e9lis\u00e9 au go\u00fbt surprenant et typiquement norv\u00e9gien.<\/p>\n\n                    <\/div>\n    <\/div>\n<\/div><div class=\"vc_empty_space\"   style=\"height: 9px\"><span class=\"vc_empty_space_inner\"><\/span><\/div><div class=\"qodef-iwt clearfix qodef-iwt-icon-left qodef-iwt-icon-small\"  >\n    <div class=\"qodef-iwt-icon-holder\">\n                    \n    <span class=\"qodef-icon-shortcode circle\" style=\"width: 19px;height: 19px;line-height: 19px;background-color: #9387A8;border-style: solid;border-width: 0px\" data-color=\"#ffffff\">\n        \n        <i class=\"qodef-icon-font-awesome fa fa-check qodef-icon-element\" style=\"color: #ffffff;font-size:13px\" ><\/i>\n            <\/span>\n\n            <\/div>\n    <div class=\"qodef-iwt-content-holder\" style=\"padding-left: 38px\">\n                        <div class=\"qodef-iwt-text-holder\">\n            <p style=\"color: #5C5073\">F\u00e5rik\u00e5l : rago\u00fbt d\u2019agneau et de chou \u2026<\/p>\n\n                    <\/div>\n    <\/div>\n<\/div><div class=\"vc_empty_space\"   style=\"height: 9px\"><span class=\"vc_empty_space_inner\"><\/span><\/div><\/div><\/div><\/div><\/div><\/div><\/div><div class=\"vc_row wpb_row vc_row-fluid qodef-section vc_custom_1714652885885 qodef-content-aligment-left qodef-grid-section\" style=\"\"><div class=\"clearfix qodef-section-inner\"><div class=\"qodef-section-inner-margin clearfix\"><div class=\"wpb_column vc_column_container vc_col-sm-12 vc_col-lg-6 vc_col-md-12\"><div class=\"vc_column-inner\"><div class=\"wpb_wrapper\">\n\t<div class=\"wpb_text_column wpb_content_element\" >\n\t\t<div class=\"wpb_wrapper\">\n\t\t\t<h3 class=\"vc_custom_heading\">Une destination authentique qui a beaucoup \u00e0 offrir \u00e0 vos \u00e9v\u00e9nements professionnels !<\/h3>\n\n\t\t<\/div>\n\t<\/div>\n<div class=\"vc_empty_space\"   style=\"height: 8px\"><span class=\"vc_empty_space_inner\"><\/span><\/div><div class=\"qodef-svg-separator-holder qodef-svg-separator-large\">\n    <div class=\"qodef-svg-separator qodef-svg-frames-class\" data-svg-frames=\"15\" data-svg-drawing=\"yes\" >\n        <svg version=\"1.1\"  xmlns=\"http:\/\/www.w3.org\/2000\/svg\" xmlns:xlink=\"http:\/\/www.w3.org\/1999\/xlink\" x=\"0px\" y=\"0px\"\n            width=\"60px\" height=\"20px\" viewbox=\"0 0 60 20\" enable-background=\"new 0 0 60 20\" xml:space=\"preserve\">\n            <path fill=\"none\" stroke=\"#feea0e\" stroke-width=\"6\" stroke-linecap=\"round\" stroke-miterlimit=\"10\" d=\"M3.188,8.848 C20.521,3.89,38.313,16.66,56.813,9.473\"\/>\n        <\/svg>\n    <\/div>\n<\/div><div class=\"vc_empty_space\"   style=\"height: 8px\"><span class=\"vc_empty_space_inner\"><\/span><\/div>\n\t<div class=\"wpb_text_column wpb_content_element\" >\n\t\t<div class=\"wpb_wrapper\">\n\t\t\t<p class=\"p1\" style=\"text-align: justify;\">\u00c0 seulement quelques heures de Paris, <span class=\"s1\"><b>Bergen<\/b><\/span> promet un d\u00e9paysement total pour vos \u00e9v\u00e9nements.<\/p>\n<p class=\"p2\" style=\"text-align: justify;\"><strong>Entre mer et montagnes, cette ville embl\u00e9matique de la Norv\u00e8ge offre une combinaison unique de nature spectaculaire, de patrimoine historique et d\u2019exp\u00e9riences immersives.<\/strong><br \/>\nDes maisons color\u00e9es de Bryggen aux fjords majestueux, en passant par une sc\u00e8ne gastronomique authentique, Bergen est une destination aussi inspirante que d\u00e9paysante.<\/p>\n<p style=\"text-align: justify;\"><strong><span class=\"s1\">Un environnement naturel exceptionnel<\/span><\/strong><\/p>\n<p class=\"p2\" style=\"text-align: justify;\">V\u00e9ritable porte d\u2019entr\u00e9e des fjords norv\u00e9giens, Bergen s\u00e9duit par ses paysages \u00e0 couper le souffle. Entour\u00e9e de montagnes et tourn\u00e9e vers la mer, la ville offre un cadre id\u00e9al pour se ressourcer, prendre de la hauteur et cr\u00e9er des exp\u00e9riences marquantes.<\/p>\n<p style=\"text-align: justify;\"><em><span class=\"s1\"><b>De nombreuses possibilit\u00e9s pour votre \u00e9v\u00e9nement<\/b><\/span><\/em><\/p>\n<p class=\"p2\" style=\"text-align: justify;\">Bergen propose des infrastructures de qualit\u00e9, adapt\u00e9es aux <a href=\"https:\/\/www.ohmyevent.fr\/competences\/seminaire\/\" target=\"_blank\" rel=\"noopener\">s\u00e9minaires<\/a>, <a href=\"https:\/\/www.ohmyevent.fr\/competences\/incentive\/\" target=\"_blank\" rel=\"noopener\">incentives<\/a> et <a href=\"https:\/\/www.ohmyevent.fr\/\" target=\"_blank\" rel=\"noopener\">\u00e9v\u00e9nements professionnels<\/a>.<\/p>\n<p class=\"p2\" style=\"text-align: justify;\">Entre activit\u00e9s en pleine nature, exp\u00e9riences culinaires, d\u00e9couvertes culturelles et moments exclusifs, la destination permet de construire des programmes riches, vari\u00e9s et m\u00e9morables.<\/p>\n<p class=\"p1\" style=\"text-align: justify;\">Nous vous accompagnons dans l\u2019organisation de <a href=\"https:\/\/www.ohmycom.fr\/en\/destination\/oslo\/\">votre s\u00e9minaire \u00e0 Oslo<\/a>, avec la possibilit\u00e9 de combiner votre \u00e9v\u00e9nement avec une exp\u00e9rience \u00e0 Bergen.<\/p>\n\n\t\t<\/div>\n\t<\/div>\n<div class=\"vc_empty_space\"   style=\"height: 8px\"><span class=\"vc_empty_space_inner\"><\/span><\/div><\/div><\/div><\/div><div class=\"wpb_column vc_column_container vc_col-sm-12 vc_col-lg-6 vc_col-md-12 vc_col-has-fill\"><div class=\"vc_column-inner vc_custom_1747294667608\"><div class=\"wpb_wrapper\">\n\t<div  class=\"wpb_single_image wpb_content_element vc_align_left wpb_content_element\">\n\t\t\n\t\t<figure class=\"wpb_wrapper vc_figure\">\n\t\t\t<div class=\"vc_single_image-wrapper   vc_box_border_grey\"><img loading=\"lazy\" decoding=\"async\" width=\"2560\" height=\"1707\" src=\"https:\/\/www.ohmycom.fr\/wp-content\/uploads\/2026\/04\/ohmyevent-decouverte-fjords-bergen-scaled.jpg\" class=\"vc_single_image-img attachment-full\" alt=\"\" title=\"ohmyevent-decouverte-fjords-bergen\" srcset=\"https:\/\/www.ohmycom.fr\/wp-content\/uploads\/2026\/04\/ohmyevent-decouverte-fjords-bergen-scaled.jpg 2560w, https:\/\/www.ohmycom.fr\/wp-content\/uploads\/2026\/04\/ohmyevent-decouverte-fjords-bergen-300x200.jpg 300w, https:\/\/www.ohmycom.fr\/wp-content\/uploads\/2026\/04\/ohmyevent-decouverte-fjords-bergen-1024x683.jpg 1024w, https:\/\/www.ohmycom.fr\/wp-content\/uploads\/2026\/04\/ohmyevent-decouverte-fjords-bergen-768x512.jpg 768w, https:\/\/www.ohmycom.fr\/wp-content\/uploads\/2026\/04\/ohmyevent-decouverte-fjords-bergen-1536x1024.jpg 1536w, https:\/\/www.ohmycom.fr\/wp-content\/uploads\/2026\/04\/ohmyevent-decouverte-fjords-bergen-18x12.jpg 18w, https:\/\/www.ohmycom.fr\/wp-content\/uploads\/2026\/04\/ohmyevent-decouverte-fjords-bergen-500x333.jpg 500w, https:\/\/www.ohmycom.fr\/wp-content\/uploads\/2026\/04\/ohmyevent-decouverte-fjords-bergen-800x533.jpg 800w, https:\/\/www.ohmycom.fr\/wp-content\/uploads\/2026\/04\/ohmyevent-decouverte-fjords-bergen-1280x853.jpg 1280w, https:\/\/www.ohmycom.fr\/wp-content\/uploads\/2026\/04\/ohmyevent-decouverte-fjords-bergen-1920x1280.jpg 1920w\" sizes=\"auto, (max-width: 2560px) 100vw, 2560px\" \/><\/div>\n\t\t<\/figure>\n\t<\/div>\n<div class=\"vc_empty_space\"   style=\"height: 30px\"><span class=\"vc_empty_space_inner\"><\/span><\/div>\n\t<div class=\"wpb_text_column wpb_content_element\" >\n\t\t<div class=\"wpb_wrapper\">\n\t\t\t<h3 style=\"text-align: center;\">Nous avons test\u00e9 pour vous !<\/h3>\n\n\t\t<\/div>\n\t<\/div>\n<div class=\"vc_empty_space\"   style=\"height: 12px\"><span class=\"vc_empty_space_inner\"><\/span><\/div>\n\t<div class=\"wpb_text_column wpb_content_element\" >\n\t\t<div class=\"wpb_wrapper\">\n\t\t\t<div class=\"dt-sc-image-caption type8\">\n<div class=\"dt-sc-image-content\">\n<div class=\"dt-sc-image-title\">\n<h6 style=\"text-align: center;\">BALADE EN BATEAU DANS LES FJORDS<\/h6>\n<h6><\/h6>\n<\/div>\n<div style=\"text-align: center;\">\n<p>Nous avons pu d\u00e9couvrir les paysages uniques des fjords. Une exp\u00e9rience \u00e0 la fois magnifique et apaisante.<\/p>\n<p><em><strong>Nicolas, directeur de l\u2019agence OhMyCom<\/strong><\/em><\/p>\n<\/div>\n<\/div>\n<\/div>\n\n\t\t<\/div>\n\t<\/div>\n<div class=\"vc_empty_space\"   style=\"height: 30px\"><span class=\"vc_empty_space_inner\"><\/span><\/div><\/div><\/div><\/div><\/div><\/div><\/div><div class=\"vc_row wpb_row vc_row-fluid qodef-section vc_custom_1747294673404 qodef-content-aligment-center qodef-grid-section\" style=\"\"><div class=\"clearfix qodef-section-inner\"><div class=\"qodef-section-inner-margin clearfix\"><div class=\"wpb_column vc_column_container vc_col-sm-12 vc_col-lg-offset-2 vc_col-lg-8 vc_col-md-offset-1 vc_col-md-10\"><div class=\"vc_column-inner\"><div class=\"wpb_wrapper\">\n\t<div class=\"wpb_text_column wpb_content_element\" >\n\t\t<div class=\"wpb_wrapper\">\n\t\t\t<h2>Id\u00e9es pour votre s\u00e9minaire<\/h2>\n\n\t\t<\/div>\n\t<\/div>\n<div class=\"vc_empty_space\"   style=\"height: 8px\"><span class=\"vc_empty_space_inner\"><\/span><\/div><div class=\"qodef-svg-separator-holder qodef-svg-separator-small\">\n    <div class=\"qodef-svg-separator qodef-svg-frames-class\" data-svg-frames=\"15\" data-svg-drawing=\"yes\" >\n        <svg version=\"1.1\"  xmlns=\"http:\/\/www.w3.org\/2000\/svg\" xmlns:xlink=\"http:\/\/www.w3.org\/1999\/xlink\" x=\"0px\" y=\"0px\"\n            width=\"60px\" height=\"20px\" viewbox=\"0 0 60 20\" enable-background=\"new 0 0 60 20\" xml:space=\"preserve\">\n            <path fill=\"none\" stroke=\"#feea0e\" stroke-width=\"6\" stroke-linecap=\"round\" stroke-miterlimit=\"10\" d=\"M3.188,8.848 C20.521,3.89,38.313,16.66,56.813,9.473\"\/>\n        <\/svg>\n    <\/div>\n<\/div><div class=\"vc_empty_space\"   style=\"height: 14px\"><span class=\"vc_empty_space_inner\"><\/span><\/div>\n<div class=\"qodef-custom-font-holder\" style=\"font-family: Catamaran;font-size: 18px;line-height: 25px;font-weight: 600;letter-spacing: 0px;text-align: center;color: #5C5073\" data-font-size= \"18\" data-line-height= \"25\">\n    Vous trouverez ci-dessous une id\u00e9e de programme pour l&rsquo;organisation d&rsquo;un s\u00e9minaire.<br \/>\nVous aurez le choix entre une belle s\u00e9lection d&rsquo;h\u00f4tels, de restaurants et d&rsquo;activit\u00e9s adapt\u00e9s \u00e0 toutes vos attentes (planning, budget&#8230;) et vos envies (programme d\u00e9di\u00e9 \u00e0 la gastronomie, \u00e0 la culture, au sport&#8230;).    <\/div><div class=\"vc_empty_space\"   style=\"height: 14px\"><span class=\"vc_empty_space_inner\"><\/span><\/div><\/div><\/div><\/div><\/div><\/div><\/div><div class=\"vc_row wpb_row vc_row-fluid qodef-section vc_custom_1747294686029 qodef-content-aligment-left qodef-grid-section\" style=\"\"><div class=\"clearfix qodef-section-inner\"><div class=\"qodef-section-inner-margin clearfix\"><div class=\"wpb_column vc_column_container vc_col-sm-6\"><div class=\"vc_column-inner\"><div class=\"wpb_wrapper\"><div class=\"qodef-accordion-holder clearfix qodef-accordion qodef-initial qodef-skin-light\">\n\t<h5 class=\"clearfix qodef-title-holder\">\n\t<span class=\"qodef-tab-title\">\n\t\t<span class=\"qodef-tab-title-inner\">\n\t\t\tJour 1\t\t<\/span>\n\t<\/span>\n    <span class=\"qodef-accordion-mark\">\n\t\t<span class=\"qodef-accordion-mark-icon\">\n\t\t\t<span class=\"qodef-accordion-plus\">+<\/span>\n\t\t\t<span class=\"qodef-accordion-minus\">-<\/span>\n\t\t<\/span>\n\t<\/span>\n<\/h5>\n<div class=\"qodef-accordion-content\">\n\t<div class=\"qodef-accordion-content-inner\">\n\t\t\n\t<div class=\"wpb_text_column wpb_content_element\" >\n\t\t<div class=\"wpb_wrapper\">\n\t\t\t<p class=\"p1\" style=\"text-align: justify;\">\u00c0 votre arriv\u00e9e \u00e0 Bergen, nous prendrons imm\u00e9diatement la direction de la mer pour entrer dans l\u2019exp\u00e9rience par ce qui fait l\u2019\u00e2me de la Norv\u00e8ge : ses paysages.<\/p>\n<p class=\"p1\">Nous embarquerons pour <strong>une travers\u00e9e priv\u00e9e vers l\u2019\u00eele de Bekkjarvik<\/strong>, o\u00f9 nous vivrons un moment hors du temps autour d\u2019un d\u00e9jeuner nordique traditionnel. Nous prendrons ensuite le temps de d\u00e9couvrir les jardins et les environs de cette \u00eele pr\u00e9serv\u00e9e, avant de revenir vers Bergen\u2026 par la mer.<\/p>\n<p class=\"p1\">\u00c0 notre arriv\u00e9e, une surprise nous attendra au port, avant une promenade \u00e0 travers le <strong>mythique quartier de Bryggen<\/strong> jusqu\u2019\u00e0 l\u2019h\u00f4tel.<\/p>\n<p class=\"p1\" style=\"text-align: justify;\">Apr\u00e8s un temps pour s\u2019installer, nous prendrons de la hauteur en rejoignant le <strong>sommet du mont Ulriken en t\u00e9l\u00e9ph\u00e9rique,<\/strong> o\u00f9 nous partagerons un d\u00eener de bienvenue avec animation live, face \u00e0 un panorama spectaculaire.<\/p>\n\n\t\t<\/div>\n\t<\/div>\n\t<\/div>\n<\/div><h5 class=\"clearfix qodef-title-holder\">\n\t<span class=\"qodef-tab-title\">\n\t\t<span class=\"qodef-tab-title-inner\">\n\t\t\tJour 2\t\t<\/span>\n\t<\/span>\n    <span class=\"qodef-accordion-mark\">\n\t\t<span class=\"qodef-accordion-mark-icon\">\n\t\t\t<span class=\"qodef-accordion-plus\">+<\/span>\n\t\t\t<span class=\"qodef-accordion-minus\">-<\/span>\n\t\t<\/span>\n\t<\/span>\n<\/h5>\n<div class=\"qodef-accordion-content\">\n\t<div class=\"qodef-accordion-content-inner\">\n\t\t\n\t<div class=\"wpb_text_column wpb_content_element\" >\n\t\t<div class=\"wpb_wrapper\">\n\t\t\t<ul>\n<li>D\u00e8s le matin, nous partirons pour Voss, v\u00e9ritable terrain de jeu grandeur nature. Nous plongerons dans l\u2019aventure avec <strong>une session de rafting en eaux vives au c\u0153ur des gorges<\/strong>, avant de rejoindre les sommets en t\u00e9l\u00e9cabine pour un d\u00e9jeuner avec vue.<\/li>\n<li>L\u2019apr\u00e8s-midi sera une parenth\u00e8se de respiration : se d\u00e9tendre, s\u2019inspirer ou partir en <strong>randonn\u00e9e guid\u00e9e<\/strong> pour profiter pleinement des paysages.<\/li>\n<li>Nous poursuivrons notre voyage \u00e0 bord de <strong>trains panoramiques mythiques, entre montagnes et vall\u00e9es<\/strong>, ponctu\u00e9 d\u2019une pause gourmande et d\u2019une immersion dans la culture locale.<\/li>\n<li>Puis, place \u00e0 l\u2019adr\u00e9naline avec<strong> une navigation dans l\u2019un des fjords les plus impressionnants du pays.<\/strong><\/li>\n<li>La journ\u00e9e se conclura dans <strong>un village viking enti\u00e8rement privatis\u00e9<\/strong>, o\u00f9 nous vivrons une soir\u00e9e hors du temps entre jeux, animations et banquet royal dans une ambiance immersive et festive.<\/li>\n<\/ul>\n\n\t\t<\/div>\n\t<\/div>\n\t<\/div>\n<\/div><h5 class=\"clearfix qodef-title-holder\">\n\t<span class=\"qodef-tab-title\">\n\t\t<span class=\"qodef-tab-title-inner\">\n\t\t\tJour 3\t\t<\/span>\n\t<\/span>\n    <span class=\"qodef-accordion-mark\">\n\t\t<span class=\"qodef-accordion-mark-icon\">\n\t\t\t<span class=\"qodef-accordion-plus\">+<\/span>\n\t\t\t<span class=\"qodef-accordion-minus\">-<\/span>\n\t\t<\/span>\n\t<\/span>\n<\/h5>\n<div class=\"qodef-accordion-content\">\n\t<div class=\"qodef-accordion-content-inner\">\n\t\t\n\t<div class=\"wpb_text_column wpb_content_element\" >\n\t\t<div class=\"wpb_wrapper\">\n\t\t\t<p class=\"p1\">Nous prendrons le temps de <strong>savourer un dernier moment sur place<\/strong>, avant de rejoindre l\u2019a\u00e9roport.<\/p>\n<p class=\"p1\">Le retour sera l\u2019occasion de repartir avec bien plus que des souvenirs : <strong>une exp\u00e9rience collective forte, des images marquantes<\/strong>\u2026 et une \u00e9nergie nouvelle.<\/p>\n\n\t\t<\/div>\n\t<\/div>\n\t<\/div>\n<\/div><\/div><\/div><\/div><\/div><div class=\"wpb_column vc_column_container vc_col-sm-6\"><div class=\"vc_column-inner\"><div class=\"wpb_wrapper\"><div class=\"qodef-image-gallery\" style=\"height: 410px\">\n\t<div class=\"qodef-image-gallery-slider\" data-autoplay=\"3\" data-navigation=\"yes\" data-pagination=\"yes\">\n\t\t\t\t\t\t<a itemprop=\"image\" href=\"\" title=\"ohmyevent-evenement-etranger-bergen-fjord\" target=\"_self\">\n\t\t\t\n\t\t\t\n\t\t\t\t<img decoding=\"async\" class=\"qodef-image-gallery-defined-height\" style=\"height: 410px\" src=\"https:\/\/www.ohmycom.fr\/wp-content\/uploads\/2026\/04\/ohmyevent-evenement-etranger-bergen-fjord.jpg\" alt=\"ohmyevent-evenement-etranger-bergen-fjord\" \/>\n\n\t\t\t\n\t\t\t<\/a>\n\n\t\t\t\t\t\t<a itemprop=\"image\" href=\"\" title=\"ohmyevent-evenement-etranger-bergen-vue\" target=\"_self\">\n\t\t\t\n\t\t\t\n\t\t\t\t<img decoding=\"async\" class=\"qodef-image-gallery-defined-height\" style=\"height: 410px\" src=\"https:\/\/www.ohmycom.fr\/wp-content\/uploads\/2026\/04\/ohmyevent-evenement-etranger-bergen-vue.jpg\" alt=\"ohmyevent-evenement-etranger-bergen-vue\" \/>\n\n\t\t\t\n\t\t\t<\/a>\n\n\t\t\t\t\t\t<a itemprop=\"image\" href=\"\" title=\"ohmyevent-evenement-etranger-bergen-food\" target=\"_self\">\n\t\t\t\n\t\t\t\n\t\t\t\t<img decoding=\"async\" class=\"qodef-image-gallery-defined-height\" style=\"height: 410px\" src=\"https:\/\/www.ohmycom.fr\/wp-content\/uploads\/2026\/04\/ohmyevent-evenement-etranger-bergen-food.jpg\" alt=\"ohmyevent-evenement-etranger-bergen-food\" \/>\n\n\t\t\t\n\t\t\t<\/a>\n\n\t\t\t<\/div>\n<\/div><\/div><\/div><\/div><\/div><\/div><\/div><div class=\"vc_row wpb_row vc_row-fluid qodef-section vc_custom_1714654774435 qodef-content-aligment-center qodef-grid-section\" style=\"\"><div class=\"clearfix qodef-section-inner\"><div class=\"qodef-section-inner-margin clearfix\"><div class=\"wpb_column vc_column_container vc_col-sm-12 vc_col-lg-offset-2 vc_col-lg-8 vc_col-md-offset-1 vc_col-md-10\"><div class=\"vc_column-inner\"><div class=\"wpb_wrapper\">\n\t<div class=\"wpb_text_column wpb_content_element\" >\n\t\t<div class=\"wpb_wrapper\">\n\t\t\t<h2>Notre m\u00e9thode de travail<\/h2>\n\n\t\t<\/div>\n\t<\/div>\n<div class=\"vc_empty_space\"   style=\"height: 8px\"><span class=\"vc_empty_space_inner\"><\/span><\/div><div class=\"qodef-svg-separator-holder qodef-svg-separator-small\">\n    <div class=\"qodef-svg-separator qodef-svg-frames-class\" data-svg-frames=\"15\" data-svg-drawing=\"yes\" >\n        <svg version=\"1.1\"  xmlns=\"http:\/\/www.w3.org\/2000\/svg\" xmlns:xlink=\"http:\/\/www.w3.org\/1999\/xlink\" x=\"0px\" y=\"0px\"\n            width=\"60px\" height=\"20px\" viewbox=\"0 0 60 20\" enable-background=\"new 0 0 60 20\" xml:space=\"preserve\">\n            <path fill=\"none\" stroke=\"#feea0e\" stroke-width=\"6\" stroke-linecap=\"round\" stroke-miterlimit=\"10\" d=\"M3.188,8.848 C20.521,3.89,38.313,16.66,56.813,9.473\"\/>\n        <\/svg>\n    <\/div>\n<\/div><div class=\"vc_empty_space\"   style=\"height: 14px\"><span class=\"vc_empty_space_inner\"><\/span><\/div><\/div><\/div><\/div><\/div><\/div><\/div><div class=\"vc_row wpb_row vc_row-fluid qodef-section vc_custom_1714656244752 qodef-content-aligment-center qodef-grid-section\" style=\"\"><div class=\"clearfix qodef-section-inner\"><div class=\"qodef-section-inner-margin clearfix\"><div class=\"wpb_column vc_column_container vc_col-sm-3\"><div class=\"vc_column-inner\"><div class=\"wpb_wrapper\">\n    <span class=\"qodef-icon-shortcode normal qodef-icon-small\"  >\n        \n        <span aria-hidden=\"true\" class=\"qodef-icon-font-elegant icon_tools qodef-icon-element\" style=\"\" ><\/span>\n            <\/span>\n\n<div class=\"vc_empty_space\"   style=\"height: 6px\"><span class=\"vc_empty_space_inner\"><\/span><\/div>\n\t<div class=\"wpb_text_column wpb_content_element\" >\n\t\t<div class=\"wpb_wrapper\">\n\t\t\t<h3>Notre Approche<\/h3>\n\n\t\t<\/div>\n\t<\/div>\n<div class=\"vc_empty_space\"   style=\"height: 6px\"><span class=\"vc_empty_space_inner\"><\/span><\/div>\n\t<div class=\"wpb_text_column wpb_content_element\" >\n\t\t<div class=\"wpb_wrapper\">\n\t\t\t<div class=\"dt-sc-icon-box type2\">\n<div class=\"icon-content\">\n<p align=\"justify\">Attentive et attentionn\u00e9e, notre \u00e9quipe vous accompagne dans la cr\u00e9ation de votre <a href=\"https:\/\/www.ohmycom.fr\/en\/evenementiel\/\">\u00e9v\u00e9nement professionnel<\/a> (s\u00e9minaire, incentive, team-building\u2026) afin de\u00a0<strong>comprendre vos objectifs\u00a0<\/strong>de communication, de\u00a0<strong>d\u00e9finir un planning de travail<\/strong>\u00a0et de\u00a0<strong>respecter votre budget<\/strong>.<\/p>\n<\/div>\n<\/div>\n\n\t\t<\/div>\n\t<\/div>\n<\/div><\/div><\/div><div class=\"wpb_column vc_column_container vc_col-sm-3\"><div class=\"vc_column-inner\"><div class=\"wpb_wrapper\">\n    <span class=\"qodef-icon-shortcode normal qodef-icon-small\"  >\n        \n        <i class=\"qodef-icon-ion-icon ion-android-cloud qodef-icon-element\" style=\"\" ><\/i>\n            <\/span>\n\n<div class=\"vc_empty_space\"   style=\"height: 6px\"><span class=\"vc_empty_space_inner\"><\/span><\/div>\n\t<div class=\"wpb_text_column wpb_content_element\" >\n\t\t<div class=\"wpb_wrapper\">\n\t\t\t<h3>Notre R\u00e9seau<\/h3>\n\n\t\t<\/div>\n\t<\/div>\n<div class=\"vc_empty_space\"   style=\"height: 6px\"><span class=\"vc_empty_space_inner\"><\/span><\/div>\n\t<div class=\"wpb_text_column wpb_content_element\" >\n\t\t<div class=\"wpb_wrapper\">\n\t\t\t<div class=\"dt-sc-icon-box type2\">\n<div class=\"icon-content\">\n<div class=\"dt-sc-icon-box type2\">\n<div class=\"icon-content\">\n<p align=\"justify\">Sp\u00e9cialistes de l\u2019<a href=\"http:\/\/www.ohmyevent.fr\" target=\"_blank\" rel=\"noopener\">organisation d\u2019\u00e9v\u00e9nements<\/a>, nous avons d\u00e9velopp\u00e9 au fil des ann\u00e9es <strong>un r\u00e9seau de prestataires \u00e9v\u00e9nementiels<\/strong> d\u2019exception, en France et \u00e0 l\u2019international.<br \/>\nCes partenaires locaux, rigoureusement s\u00e9lectionn\u00e9s, jouent un r\u00f4le cl\u00e9 dans <strong>la r\u00e9ussite de votre \u00e9v\u00e9nement<\/strong> en apportant expertise, qualit\u00e9 et excellence op\u00e9rationnelle.<\/p>\n<\/div>\n<\/div>\n<\/div>\n<\/div>\n\n\t\t<\/div>\n\t<\/div>\n<\/div><\/div><\/div><div class=\"wpb_column vc_column_container vc_col-sm-3\"><div class=\"vc_column-inner\"><div class=\"wpb_wrapper\">\n    <span class=\"qodef-icon-shortcode normal qodef-icon-small\"  >\n        \n        <span aria-hidden=\"true\" class=\"qodef-icon-font-elegant icon_pencil-edit qodef-icon-element\" style=\"\" ><\/span>\n            <\/span>\n\n<div class=\"vc_empty_space\"   style=\"height: 6px\"><span class=\"vc_empty_space_inner\"><\/span><\/div>\n\t<div class=\"wpb_text_column wpb_content_element\" >\n\t\t<div class=\"wpb_wrapper\">\n\t\t\t<h3>Notre Action<\/h3>\n\n\t\t<\/div>\n\t<\/div>\n<div class=\"vc_empty_space\"   style=\"height: 6px\"><span class=\"vc_empty_space_inner\"><\/span><\/div>\n\t<div class=\"wpb_text_column wpb_content_element\" >\n\t\t<div class=\"wpb_wrapper\">\n\t\t\t<div class=\"dt-sc-icon-box type2\">\n<div class=\"icon-content\">\n<div class=\"dt-sc-icon-box type2\">\n<div class=\"icon-content\">\n<p class=\"p1\" style=\"text-align: justify;\">Notre \u00e9quipe a l&rsquo;expertise de l\u2019<a href=\"http:\/\/www.ohmyevent.fr\" target=\"_blank\" rel=\"noopener\">organisation d\u2019\u00e9v\u00e9nements sur-mesure.<\/a> Nous imaginons des programmes uniques, m\u00ealant <strong>cr\u00e9ativit\u00e9, pertinence et exp\u00e9rience<\/strong>. Gr\u00e2ce \u00e0 une \u00e9coute attentive et des \u00e9changes r\u00e9guliers, nous construisons avec vous <strong>un programme \u00e9v\u00e9nementiel sur-mesure<\/strong>, co-construit et optimis\u00e9 pour la r\u00e9ussite de votre \u00e9v\u00e9nement<\/p>\n<\/div>\n<\/div>\n<\/div>\n<\/div>\n\n\t\t<\/div>\n\t<\/div>\n<\/div><\/div><\/div><div class=\"wpb_column vc_column_container vc_col-sm-3\"><div class=\"vc_column-inner\"><div class=\"wpb_wrapper\">\n    <span class=\"qodef-icon-shortcode normal qodef-icon-small\"  >\n        \n        <i class=\"qodef-icon-ion-icon ion-android-settings qodef-icon-element\" style=\"\" ><\/i>\n            <\/span>\n\n<div class=\"vc_empty_space\"   style=\"height: 6px\"><span class=\"vc_empty_space_inner\"><\/span><\/div>\n\t<div class=\"wpb_text_column wpb_content_element\" >\n\t\t<div class=\"wpb_wrapper\">\n\t\t\t<h3>Nos Promesses<\/h3>\n\n\t\t<\/div>\n\t<\/div>\n<div class=\"vc_empty_space\"   style=\"height: 6px\"><span class=\"vc_empty_space_inner\"><\/span><\/div>\n\t<div class=\"wpb_text_column wpb_content_element\" >\n\t\t<div class=\"wpb_wrapper\">\n\t\t\t<div class=\"dt-sc-icon-box type2\">\n<div class=\"icon-content\">\n<div class=\"dt-sc-icon-box type2\">\n<div class=\"icon-content\">\n<p align=\"justify\">La r\u00e9ussite d\u2019un \u00e9v\u00e9nement s\u2019appuie sur une expertise en <a href=\"https:\/\/www.ohmycom.fr\/en\/evenementiel\/\">organisation d\u2019\u00e9v\u00e9nements<\/a>, une \u00e9coute attentive et une coordination pr\u00e9cise \u00e0 chaque \u00e9tape. <strong>Nous vous accompagnons de A \u00e0 Z<\/strong>, jusqu\u2019au jour J, pour s\u00e9curiser chaque d\u00e9tail et <strong>assurer le succ\u00e8s de votre \u00e9v\u00e9nement.<\/strong><\/p>\n<\/div>\n<\/div>\n<\/div>\n<\/div>\n\n\t\t<\/div>\n\t<\/div>\n<\/div><\/div><\/div><\/div><\/div><\/div><div class=\"vc_row wpb_row vc_row-fluid qodef-section vc_custom_1747294696906 qodef-content-aligment-left qodef-grid-section\" style=\"\"><div class=\"clearfix qodef-section-inner\"><div class=\"qodef-section-inner-margin clearfix\"><div class=\"wpb_column vc_column_container vc_col-sm-12\"><div class=\"vc_column-inner\"><div class=\"wpb_wrapper\">\t<div class=\"qodef-call-to-action normal\">\n\n\t\t\t\t<div class=\"qodef-container-inner\">\n\t\t\t\t\t<div class=\"qodef-call-to-action-row-66-33 clearfix\" style=\"padding: 51px 0 51px 0;\">\n\t\t\t\t\t\t<div class=\"qodef-text-wrapper qodef-call-to-action-column1 qodef-call-to-action-cell\">\n\t\t\t\t\t\t\t\t\t<div class=\"qodef-call-to-action-text\" >\n<h2><span style=\"color: #ffffff;\"><strong>Vous avez un projet ?<\/strong><\/span><br \/>\n<span style=\"color: #ffffff;\">Nous avons (d\u00e9j\u00e0) des id\u00e9es !<\/span><\/h2>\n<h4 style=\"font-size: 20px; font-weight: 400;\"><span style=\"color: #ffffff;\">Vous avez besoin de r\u00e9fl\u00e9chir \u00e0 votre projet d&rsquo;\u00e9v\u00e9nement \u00e0 l&rsquo;\u00e9tranger avec une \u00e9quipe r\u00e9active et sympathique.<\/span><br \/>\n<span style=\"color: #ffffff;\">On discute ensemble ?<\/span><\/h4>\n<\/div>\n\t\t\t\t<\/div>\n\n\t\t\t\t\t\t\t\t\t<div class=\"qodef-button-wrapper qodef-call-to-action-column2 qodef-call-to-action-cell\" style =\"text-align: right ;\">\n\t\t\t\t\t\t<a itemprop=\"url\" href=\"http:\/\/www.ohmypress.fr\/contact\" target=\"_self\" style=\"color: #462F72;background-color: #ffffff;border-color: #ffffff\" class=\"qodef-btn qodef-btn-large qodef-btn-solid qodef-btn-custom-hover-bg qodef-btn-custom-border-hover qodef-btn-custom-hover-color qodef-btn-icon qodef-btn-hover-sweep\" data-hover-bg-color=\"#462F72\" data-hover-color=\"#ffffff\" data-hover-border-color=\"#ffffff\"  >    <span class=\"qodef-btn-text\">Prendre Rendez-vous<\/span>    <i class=\"qodef-icon-font-awesome fa fa-arrow-right qodef-button-icon\" ><\/i>            <span class=\"qodef-hover-background-holder\">\t    \t<span class=\"qodef-hover-background\"><\/span>    \t<\/span>    <\/a>\t\t\t\t\t<\/div>\n\t\t\t\t\t\t\t<\/div>\n\t\t\t\t<\/div>\n\t\t\t<\/div>\n<\/div><\/div><\/div><\/div><\/div><\/div>\n<\/div>","protected":false},"excerpt":{"rendered":"<p>Norv\u00e8ge<\/p>","protected":false},"featured_media":17382,"template":"","meta":{"_acf_changed":false,"_monsterinsights_skip_tracking":false,"_monsterinsights_sitenote_active":false,"_monsterinsights_sitenote_note":"","_monsterinsights_sitenote_category":0,"_vp_format_video_url":"","_vp_image_focal_point":[]},"class_list":["post-17378","destination","type-destination","status-publish","has-post-thumbnail","hentry"],"acf":[],"yoast_head":"<!-- This site is optimized with the Yoast SEO plugin v27.4 - https:\/\/yoast.com\/product\/yoast-seo-wordpress\/ -->\n<title>Organisation d\u2019\u00e9v\u00e9nements \u00e0 Bergen | Agence \u00e9v\u00e9nementielle Oh My Com<\/title>\n<meta name=\"description\" content=\"Votre \u00e9v\u00e9nement \u00e0 Bergen avec une agence \u00e9v\u00e9nementielle experte. S\u00e9minaire, incentive ou soir\u00e9e d\u2019entreprise au c\u0153ur des fjords norv\u00e9giens.\" \/>\n<meta name=\"robots\" content=\"index, follow, max-snippet:-1, max-image-preview:large, max-video-preview:-1\" \/>\n<link rel=\"canonical\" href=\"https:\/\/www.ohmycom.fr\/en\/destination\/bergen\/\" \/>\n<meta property=\"og:locale\" content=\"en_US\" \/>\n<meta property=\"og:type\" content=\"article\" \/>\n<meta property=\"og:title\" content=\"Organisation d\u2019\u00e9v\u00e9nements \u00e0 Bergen | Agence \u00e9v\u00e9nementielle Oh My Com\" \/>\n<meta property=\"og:description\" content=\"Votre \u00e9v\u00e9nement \u00e0 Bergen avec une agence \u00e9v\u00e9nementielle experte. S\u00e9minaire, incentive ou soir\u00e9e d\u2019entreprise au c\u0153ur des fjords norv\u00e9giens.\" \/>\n<meta property=\"og:url\" content=\"https:\/\/www.ohmycom.fr\/en\/destination\/bergen\/\" \/>\n<meta property=\"og:site_name\" content=\"Oh My Com\" \/>\n<meta property=\"article:modified_time\" content=\"2026-04-28T07:17:01+00:00\" \/>\n<meta property=\"og:image\" content=\"https:\/\/www.ohmycom.fr\/wp-content\/uploads\/2026\/04\/ohmyevent-evenement-etranger-bergen-maisons.jpg\" \/>\n\t<meta property=\"og:image:width\" content=\"1920\" \/>\n\t<meta property=\"og:image:height\" content=\"1440\" \/>\n\t<meta property=\"og:image:type\" content=\"image\/jpeg\" \/>\n<meta name=\"twitter:card\" content=\"summary_large_image\" \/>\n<meta name=\"twitter:label1\" content=\"Est. reading time\" \/>\n\t<meta name=\"twitter:data1\" content=\"10 minutes\" \/>\n<script type=\"application\/ld+json\" class=\"yoast-schema-graph\">{\"@context\":\"https:\\\/\\\/schema.org\",\"@graph\":[{\"@type\":\"WebPage\",\"@id\":\"https:\\\/\\\/www.ohmycom.fr\\\/destination\\\/bergen\\\/\",\"url\":\"https:\\\/\\\/www.ohmycom.fr\\\/destination\\\/bergen\\\/\",\"name\":\"Organisation d\u2019\u00e9v\u00e9nements \u00e0 Bergen | Agence \u00e9v\u00e9nementielle Oh My Com\",\"isPartOf\":{\"@id\":\"https:\\\/\\\/www.ohmycom.fr\\\/#website\"},\"primaryImageOfPage\":{\"@id\":\"https:\\\/\\\/www.ohmycom.fr\\\/destination\\\/bergen\\\/#primaryimage\"},\"image\":{\"@id\":\"https:\\\/\\\/www.ohmycom.fr\\\/destination\\\/bergen\\\/#primaryimage\"},\"thumbnailUrl\":\"https:\\\/\\\/www.ohmycom.fr\\\/wp-content\\\/uploads\\\/2026\\\/04\\\/ohmyevent-evenement-etranger-bergen-maisons.jpg\",\"datePublished\":\"2026-04-27T13:26:25+00:00\",\"dateModified\":\"2026-04-28T07:17:01+00:00\",\"description\":\"Votre \u00e9v\u00e9nement \u00e0 Bergen avec une agence \u00e9v\u00e9nementielle experte. S\u00e9minaire, incentive ou soir\u00e9e d\u2019entreprise au c\u0153ur des fjords norv\u00e9giens.\",\"breadcrumb\":{\"@id\":\"https:\\\/\\\/www.ohmycom.fr\\\/destination\\\/bergen\\\/#breadcrumb\"},\"inLanguage\":\"en-US\",\"potentialAction\":[{\"@type\":\"ReadAction\",\"target\":[\"https:\\\/\\\/www.ohmycom.fr\\\/destination\\\/bergen\\\/\"]}]},{\"@type\":\"ImageObject\",\"inLanguage\":\"en-US\",\"@id\":\"https:\\\/\\\/www.ohmycom.fr\\\/destination\\\/bergen\\\/#primaryimage\",\"url\":\"https:\\\/\\\/www.ohmycom.fr\\\/wp-content\\\/uploads\\\/2026\\\/04\\\/ohmyevent-evenement-etranger-bergen-maisons.jpg\",\"contentUrl\":\"https:\\\/\\\/www.ohmycom.fr\\\/wp-content\\\/uploads\\\/2026\\\/04\\\/ohmyevent-evenement-etranger-bergen-maisons.jpg\",\"width\":1920,\"height\":1440},{\"@type\":\"BreadcrumbList\",\"@id\":\"https:\\\/\\\/www.ohmycom.fr\\\/destination\\\/bergen\\\/#breadcrumb\",\"itemListElement\":[{\"@type\":\"ListItem\",\"position\":1,\"name\":\"Accueil\",\"item\":\"https:\\\/\\\/www.ohmycom.fr\\\/\"},{\"@type\":\"ListItem\",\"position\":2,\"name\":\"Bergen\"}]},{\"@type\":\"WebSite\",\"@id\":\"https:\\\/\\\/www.ohmycom.fr\\\/#website\",\"url\":\"https:\\\/\\\/www.ohmycom.fr\\\/\",\"name\":\"Oh My Com\",\"description\":\"Agence de communication - Lyon\",\"potentialAction\":[{\"@type\":\"SearchAction\",\"target\":{\"@type\":\"EntryPoint\",\"urlTemplate\":\"https:\\\/\\\/www.ohmycom.fr\\\/?s={search_term_string}\"},\"query-input\":{\"@type\":\"PropertyValueSpecification\",\"valueRequired\":true,\"valueName\":\"search_term_string\"}}],\"inLanguage\":\"en-US\"}]}<\/script>\n<!-- \/ Yoast SEO plugin. -->","yoast_head_json":{"title":"Organisation d\u2019\u00e9v\u00e9nements \u00e0 Bergen | Agence \u00e9v\u00e9nementielle Oh My Com","description":"Votre \u00e9v\u00e9nement \u00e0 Bergen avec une agence \u00e9v\u00e9nementielle experte. S\u00e9minaire, incentive ou soir\u00e9e d\u2019entreprise au c\u0153ur des fjords norv\u00e9giens.","robots":{"index":"index","follow":"follow","max-snippet":"max-snippet:-1","max-image-preview":"max-image-preview:large","max-video-preview":"max-video-preview:-1"},"canonical":"https:\/\/www.ohmycom.fr\/en\/destination\/bergen\/","og_locale":"en_US","og_type":"article","og_title":"Organisation d\u2019\u00e9v\u00e9nements \u00e0 Bergen | Agence \u00e9v\u00e9nementielle Oh My Com","og_description":"Votre \u00e9v\u00e9nement \u00e0 Bergen avec une agence \u00e9v\u00e9nementielle experte. S\u00e9minaire, incentive ou soir\u00e9e d\u2019entreprise au c\u0153ur des fjords norv\u00e9giens.","og_url":"https:\/\/www.ohmycom.fr\/en\/destination\/bergen\/","og_site_name":"Oh My Com","article_modified_time":"2026-04-28T07:17:01+00:00","og_image":[{"width":1920,"height":1440,"url":"https:\/\/www.ohmycom.fr\/wp-content\/uploads\/2026\/04\/ohmyevent-evenement-etranger-bergen-maisons.jpg","type":"image\/jpeg"}],"twitter_card":"summary_large_image","twitter_misc":{"Est. reading time":"10 minutes"},"schema":{"@context":"https:\/\/schema.org","@graph":[{"@type":"WebPage","@id":"https:\/\/www.ohmycom.fr\/destination\/bergen\/","url":"https:\/\/www.ohmycom.fr\/destination\/bergen\/","name":"Organisation d\u2019\u00e9v\u00e9nements \u00e0 Bergen | Agence \u00e9v\u00e9nementielle Oh My Com","isPartOf":{"@id":"https:\/\/www.ohmycom.fr\/#website"},"primaryImageOfPage":{"@id":"https:\/\/www.ohmycom.fr\/destination\/bergen\/#primaryimage"},"image":{"@id":"https:\/\/www.ohmycom.fr\/destination\/bergen\/#primaryimage"},"thumbnailUrl":"https:\/\/www.ohmycom.fr\/wp-content\/uploads\/2026\/04\/ohmyevent-evenement-etranger-bergen-maisons.jpg","datePublished":"2026-04-27T13:26:25+00:00","dateModified":"2026-04-28T07:17:01+00:00","description":"Votre \u00e9v\u00e9nement \u00e0 Bergen avec une agence \u00e9v\u00e9nementielle experte. S\u00e9minaire, incentive ou soir\u00e9e d\u2019entreprise au c\u0153ur des fjords norv\u00e9giens.","breadcrumb":{"@id":"https:\/\/www.ohmycom.fr\/destination\/bergen\/#breadcrumb"},"inLanguage":"en-US","potentialAction":[{"@type":"ReadAction","target":["https:\/\/www.ohmycom.fr\/destination\/bergen\/"]}]},{"@type":"ImageObject","inLanguage":"en-US","@id":"https:\/\/www.ohmycom.fr\/destination\/bergen\/#primaryimage","url":"https:\/\/www.ohmycom.fr\/wp-content\/uploads\/2026\/04\/ohmyevent-evenement-etranger-bergen-maisons.jpg","contentUrl":"https:\/\/www.ohmycom.fr\/wp-content\/uploads\/2026\/04\/ohmyevent-evenement-etranger-bergen-maisons.jpg","width":1920,"height":1440},{"@type":"BreadcrumbList","@id":"https:\/\/www.ohmycom.fr\/destination\/bergen\/#breadcrumb","itemListElement":[{"@type":"ListItem","position":1,"name":"Accueil","item":"https:\/\/www.ohmycom.fr\/"},{"@type":"ListItem","position":2,"name":"Bergen"}]},{"@type":"WebSite","@id":"https:\/\/www.ohmycom.fr\/#website","url":"https:\/\/www.ohmycom.fr\/","name":"Oh My Com","description":"Agence de communication - Lyon","potentialAction":[{"@type":"SearchAction","target":{"@type":"EntryPoint","urlTemplate":"https:\/\/www.ohmycom.fr\/?s={search_term_string}"},"query-input":{"@type":"PropertyValueSpecification","valueRequired":true,"valueName":"search_term_string"}}],"inLanguage":"en-US"}]}},"_links":{"self":[{"href":"https:\/\/www.ohmycom.fr\/en\/wp-json\/wp\/v2\/destination\/17378","targetHints":{"allow":["GET"]}}],"collection":[{"href":"https:\/\/www.ohmycom.fr\/en\/wp-json\/wp\/v2\/destination"}],"about":[{"href":"https:\/\/www.ohmycom.fr\/en\/wp-json\/wp\/v2\/types\/destination"}],"wp:featuredmedia":[{"embeddable":true,"href":"https:\/\/www.ohmycom.fr\/en\/wp-json\/wp\/v2\/media\/17382"}],"wp:attachment":[{"href":"https:\/\/www.ohmycom.fr\/en\/wp-json\/wp\/v2\/media?parent=17378"}],"curies":[{"name":"wp","href":"https:\/\/api.w.org\/{rel}","templated":true}]}}