{"id":13880,"date":"2024-05-02T11:06:26","date_gmt":"2024-05-02T09:06:26","guid":{"rendered":"https:\/\/ohmy.corp-id.fr\/?page_id=13880"},"modified":"2026-03-30T22:54:14","modified_gmt":"2026-03-30T20:54:14","slug":"reportage-photos","status":"publish","type":"page","link":"https:\/\/www.ohmycom.fr\/en\/evenementiel\/reportage-photos\/","title":{"rendered":"Reportage Photos"},"content":{"rendered":"<div class=\"wpb-content-wrapper\"><div data-qodef-parallax-speed=\"1\" class=\"vc_row wpb_row vc_row-fluid qodef-section vc_custom_1747746201984 qodef-content-aligment-left qodef-parallax-section-holder qodef-parallax-section-holder-touch-disabled qodef-grid-section\" style=\"background-image:url(https:\/\/www.ohmycom.fr\/wp-content\/uploads\/2016\/12\/our-services-bcg-image.jpg);\"><div class=\"clearfix qodef-section-inner\"><div class=\"qodef-section-inner-margin clearfix\"><div class=\"wpb_column vc_column_container vc_col-sm-12 vc_col-lg-12\"><div class=\"vc_column-inner\"><div class=\"wpb_wrapper\"><div data-qodef-parallax-speed=\"1\" class=\"vc_row wpb_row vc_inner vc_row-fluid qodef-section qodef-content-aligment-left\" style=\"\"><div class=\"qodef-full-section-inner\"><div class=\"wpb_column vc_column_container vc_col-sm-12 vc_col-lg-10 vc_col-md-12\"><div class=\"vc_column-inner\"><div class=\"wpb_wrapper\">\n\t<div class=\"wpb_text_column wpb_content_element\" >\n\t\t<div class=\"wpb_wrapper\">\n\t\t\t<h1><span style=\"color: #ffffff;\">Reportage photos : bien plus qu\u2019un souvenir<\/span><b><\/b><\/h1>\n\n\t\t<\/div>\n\t<\/div>\n<\/div><\/div><\/div><\/div><\/div><div class=\"vc_empty_space\"   style=\"height: 19px\"><span class=\"vc_empty_space_inner\"><\/span><\/div><div class=\"qodef-svg-separator-holder qodef-svg-separator-large\">\n    <div class=\"qodef-svg-separator qodef-svg-frames-class\" data-svg-frames=\"15\" data-svg-drawing=\"yes\" >\n        <svg version=\"1.1\"  xmlns=\"http:\/\/www.w3.org\/2000\/svg\" xmlns:xlink=\"http:\/\/www.w3.org\/1999\/xlink\" x=\"0px\" y=\"0px\"\n            width=\"60px\" height=\"20px\" viewbox=\"0 0 60 20\" enable-background=\"new 0 0 60 20\" xml:space=\"preserve\">\n            <path fill=\"none\" stroke=\"#feea0e\" stroke-width=\"6\" stroke-linecap=\"round\" stroke-miterlimit=\"10\" d=\"M3.188,8.848 C20.521,3.89,38.313,16.66,56.813,9.473\"\/>\n        <\/svg>\n    <\/div>\n<\/div><div class=\"vc_empty_space\"   style=\"height: 20px\"><span class=\"vc_empty_space_inner\"><\/span><\/div><div data-qodef-parallax-speed=\"1\" class=\"vc_row wpb_row vc_inner vc_row-fluid qodef-section qodef-content-aligment-left\" style=\"\"><div class=\"qodef-full-section-inner\"><div class=\"wpb_column vc_column_container vc_col-sm-12 vc_col-lg-6 vc_col-md-10\"><div class=\"vc_column-inner\"><div class=\"wpb_wrapper\">\n<div class=\"qodef-custom-font-holder\" style=\"font-family: Catamaran;font-size: 21px;line-height: 28px;font-weight: 400;text-align: left;color: #ffffff\" data-font-size= \"21\" data-line-height= \"28\">\n    \n<p class=\"p1\" style=\"text-align: justify;\">Chez OhMyCom, nous r\u00e9alisons <strong>des reportages photo \u00e9v\u00e9nementiels qui racontent ce qui s\u2019est r\u00e9ellement pass\u00e9 :<\/strong> l\u2019ambiance, les interactions, les \u00e9motions, les d\u00e9tails que l\u2019on ne voit pas toujours sur l\u2019instant. Des images sinc\u00e8res, \u00e9l\u00e9gantes et utiles, pens\u00e9es pour durer.<\/p>\n    <\/div><\/div><\/div><\/div><\/div><\/div><\/div><\/div><\/div><\/div><\/div><\/div><div class=\"vc_row wpb_row vc_row-fluid qodef-section vc_custom_1483027335374 qodef-content-aligment-left qodef-grid-section\" style=\"\"><div class=\"clearfix qodef-section-inner\"><div class=\"qodef-section-inner-margin clearfix\"><div class=\"wpb_column vc_column_container vc_col-sm-12 vc_col-lg-4 vc_col-md-8\"><div class=\"vc_column-inner\"><div class=\"wpb_wrapper\">\n\t<div class=\"wpb_text_column wpb_content_element\" >\n\t\t<div class=\"wpb_wrapper\">\n\t\t\t<h3><b>Notre approche : <\/b><\/h3>\n<h3><b>Raconter votre \u00e9v\u00e9nement <\/b><\/h3>\n\n\t\t<\/div>\n\t<\/div>\n<div class=\"vc_empty_space\"   style=\"height: 13px\"><span class=\"vc_empty_space_inner\"><\/span><\/div><div class=\"qodef-svg-separator-holder qodef-svg-separator-small\">\n    <div class=\"qodef-svg-separator qodef-svg-frames-class\" data-svg-frames=\"15\" data-svg-drawing=\"yes\" >\n        <svg version=\"1.1\"  xmlns=\"http:\/\/www.w3.org\/2000\/svg\" xmlns:xlink=\"http:\/\/www.w3.org\/1999\/xlink\" x=\"0px\" y=\"0px\"\n            width=\"60px\" height=\"20px\" viewbox=\"0 0 60 20\" enable-background=\"new 0 0 60 20\" xml:space=\"preserve\">\n            <path fill=\"none\" stroke=\"#feea0e\" stroke-width=\"6\" stroke-linecap=\"round\" stroke-miterlimit=\"10\" d=\"M3.188,8.848 C20.521,3.89,38.313,16.66,56.813,9.473\"\/>\n        <\/svg>\n    <\/div>\n<\/div><div class=\"vc_empty_space\"   style=\"height: 10px\"><span class=\"vc_empty_space_inner\"><\/span><\/div>\n\t<div class=\"wpb_text_column wpb_content_element\" >\n\t\t<div class=\"wpb_wrapper\">\n\t\t\t<p class=\"p3\" style=\"text-align: justify;\">Un reportage photos r\u00e9ussi est un v\u00e9ritable outil de communication. Il permet de <strong>valoriser votre \u00e9v\u00e9nement<\/strong> et votre organisation, renforcer votre image de marque, alimenter vos supports de communication (site, r\u00e9seaux sociaux, dossiers de presse), <strong>prolonger l\u2019impact de l\u2019\u00e9v\u00e9nement<\/strong> dans le temps et bien-s\u00fbr cr\u00e9er un patrimoine visuel r\u00e9utilisable<\/p>\n<p class=\"p3\" style=\"text-align: justify;\"><strong>Chaque image devient un support de r\u00e9cit,<\/strong> au service de votre message.<\/p>\n\n\t\t<\/div>\n\t<\/div>\n<div class=\"vc_empty_space\"   style=\"height: 20px\"><span class=\"vc_empty_space_inner\"><\/span><\/div><\/div><\/div><\/div><div class=\"wpb_column vc_column_container vc_col-sm-12 vc_col-lg-4 vc_col-md-6\"><div class=\"vc_column-inner\"><div class=\"wpb_wrapper\"><div class=\"vc_empty_space\"   style=\"height: 5px\"><span class=\"vc_empty_space_inner\"><\/span><\/div><div data-qodef-parallax-speed=\"1\" class=\"vc_row wpb_row vc_inner vc_row-fluid qodef-section qodef-content-aligment-left\" style=\"\"><div class=\"qodef-full-section-inner\"><div class=\"qodef-row-animations-holder qodef-element-from-fade\" data-animation=\"qodef-element-from-fade\"><div style=\"transition-delay: 0ms;-webkit-animation-delay: 0ms;animation-delay: 0ms\"><div class=\"wpb_column vc_column_container vc_col-sm-12\"><div class=\"vc_column-inner\"><div class=\"wpb_wrapper\">\n\t<div  class=\"wpb_single_image wpb_content_element vc_align_left wpb_content_element\">\n\t\t\n\t\t<figure class=\"wpb_wrapper vc_figure\">\n\t\t\t<div class=\"vc_single_image-wrapper   vc_box_border_grey\"><img loading=\"lazy\" decoding=\"async\" width=\"2560\" height=\"1706\" src=\"https:\/\/www.ohmycom.fr\/wp-content\/uploads\/2026\/01\/ohmycom-photographe-evenementiel-lyon.jpg\" class=\"vc_single_image-img attachment-full\" alt=\"\" title=\"ohmycom-photographe-evenementiel-lyon\" srcset=\"https:\/\/www.ohmycom.fr\/wp-content\/uploads\/2026\/01\/ohmycom-photographe-evenementiel-lyon.jpg 2560w, https:\/\/www.ohmycom.fr\/wp-content\/uploads\/2026\/01\/ohmycom-photographe-evenementiel-lyon-300x200.jpg 300w, https:\/\/www.ohmycom.fr\/wp-content\/uploads\/2026\/01\/ohmycom-photographe-evenementiel-lyon-1024x682.jpg 1024w, https:\/\/www.ohmycom.fr\/wp-content\/uploads\/2026\/01\/ohmycom-photographe-evenementiel-lyon-768x512.jpg 768w, https:\/\/www.ohmycom.fr\/wp-content\/uploads\/2026\/01\/ohmycom-photographe-evenementiel-lyon-1536x1024.jpg 1536w, https:\/\/www.ohmycom.fr\/wp-content\/uploads\/2026\/01\/ohmycom-photographe-evenementiel-lyon-18x12.jpg 18w, https:\/\/www.ohmycom.fr\/wp-content\/uploads\/2026\/01\/ohmycom-photographe-evenementiel-lyon-500x333.jpg 500w, https:\/\/www.ohmycom.fr\/wp-content\/uploads\/2026\/01\/ohmycom-photographe-evenementiel-lyon-800x533.jpg 800w, https:\/\/www.ohmycom.fr\/wp-content\/uploads\/2026\/01\/ohmycom-photographe-evenementiel-lyon-1280x853.jpg 1280w, https:\/\/www.ohmycom.fr\/wp-content\/uploads\/2026\/01\/ohmycom-photographe-evenementiel-lyon-1920x1280.jpg 1920w\" sizes=\"auto, (max-width: 2560px) 100vw, 2560px\" \/><\/div>\n\t\t<\/figure>\n\t<\/div>\n<\/div><\/div><\/div><\/div><\/div><\/div><\/div><div class=\"vc_empty_space\"   style=\"height: 27px\"><span class=\"vc_empty_space_inner\"><\/span><\/div><\/div><\/div><\/div><div class=\"wpb_column vc_column_container vc_col-sm-12 vc_col-lg-4 vc_col-md-6\"><div class=\"vc_column-inner\"><div class=\"wpb_wrapper\"><div class=\"vc_empty_space\"   style=\"height: 5px\"><span class=\"vc_empty_space_inner\"><\/span><\/div><div data-qodef-parallax-speed=\"1\" class=\"vc_row wpb_row vc_inner vc_row-fluid qodef-section qodef-content-aligment-left\" style=\"\"><div class=\"qodef-full-section-inner\"><div class=\"qodef-row-animations-holder qodef-element-from-fade\" data-animation=\"qodef-element-from-fade\"><div style=\"transition-delay: 200ms;-webkit-animation-delay: 200ms;animation-delay: 200ms\"><div class=\"wpb_column vc_column_container vc_col-sm-12\"><div class=\"vc_column-inner\"><div class=\"wpb_wrapper\">\n\t<div  class=\"wpb_single_image wpb_content_element vc_align_left wpb_content_element\">\n\t\t\n\t\t<figure class=\"wpb_wrapper vc_figure\">\n\t\t\t<div class=\"vc_single_image-wrapper   vc_box_border_grey\"><img loading=\"lazy\" decoding=\"async\" width=\"2048\" height=\"1365\" src=\"https:\/\/www.ohmycom.fr\/wp-content\/uploads\/2024\/09\/agence-ohmycom-pole-pao-2.jpg\" class=\"vc_single_image-img attachment-full\" alt=\"\" title=\"agence-ohmycom-pole-pao-2\" srcset=\"https:\/\/www.ohmycom.fr\/wp-content\/uploads\/2024\/09\/agence-ohmycom-pole-pao-2.jpg 2048w, https:\/\/www.ohmycom.fr\/wp-content\/uploads\/2024\/09\/agence-ohmycom-pole-pao-2-300x200.jpg 300w, https:\/\/www.ohmycom.fr\/wp-content\/uploads\/2024\/09\/agence-ohmycom-pole-pao-2-1024x683.jpg 1024w, https:\/\/www.ohmycom.fr\/wp-content\/uploads\/2024\/09\/agence-ohmycom-pole-pao-2-768x512.jpg 768w, https:\/\/www.ohmycom.fr\/wp-content\/uploads\/2024\/09\/agence-ohmycom-pole-pao-2-1536x1024.jpg 1536w, https:\/\/www.ohmycom.fr\/wp-content\/uploads\/2024\/09\/agence-ohmycom-pole-pao-2-18x12.jpg 18w\" sizes=\"auto, (max-width: 2048px) 100vw, 2048px\" \/><\/div>\n\t\t<\/figure>\n\t<\/div>\n<\/div><\/div><\/div><\/div><\/div><\/div><\/div><div class=\"vc_empty_space\"   style=\"height: 27px\"><span class=\"vc_empty_space_inner\"><\/span><\/div><\/div><\/div><\/div><\/div><\/div><\/div><div class=\"vc_row wpb_row vc_row-fluid qodef-section vc_custom_1766918582694 qodef-content-aligment-left qodef-grid-section\" style=\"\"><div class=\"clearfix qodef-section-inner\"><div class=\"qodef-section-inner-margin clearfix\"><div class=\"wpb_column vc_column_container vc_col-sm-3\"><div class=\"vc_column-inner\"><div class=\"wpb_wrapper\"><div class=\"qodef-numbered-process-holder clearfix qodef-numbered-process-text-left\">\n\n\t\t<div class=\"qodef-numbered-process-number\" >\n\t\t\t01\t\t<\/div>\n        <div class=\"qodef-numbered-process-subtitle-holder\" style=\"color: #462F72\">\n            \u00c9tape 1        <\/div>\n        <div class=\"qodef-numbered-process-title-holder\">\n            <h3>\n                On vous \u00e9coute            <\/h3>\n\t\t<\/div>\n\t\t<div class=\"qodef-numbered-process-text-holder\">\n\t\t\t<p >Nous \u00e9changeons avec vous pour comprendre les temps forts \u00e0 couvrir et vos enjeux d\u2019image et de communication. Cette phase permet d\u2019orienter le regard du photographe d\u00e8s le d\u00e9part.<\/p>\n\t\t<\/div>\n\t\t<div class=\"qodef-numbered-process-link-holder\">\n\t\t    \t<\/div>\n\n<\/div><div class=\"vc_empty_space\"   style=\"height: 55px\"><span class=\"vc_empty_space_inner\"><\/span><\/div><\/div><\/div><\/div><div class=\"wpb_column vc_column_container vc_col-sm-3\"><div class=\"vc_column-inner\"><div class=\"wpb_wrapper\"><div class=\"qodef-numbered-process-holder clearfix qodef-numbered-process-text-left\">\n\n\t\t<div class=\"qodef-numbered-process-number\" >\n\t\t\t02\t\t<\/div>\n        <div class=\"qodef-numbered-process-subtitle-holder\" style=\"color: #462F72\">\n            \u00c9tape 2        <\/div>\n        <div class=\"qodef-numbered-process-title-holder\">\n            <h3>\n                On pr\u00e9pare le terrain            <\/h3>\n\t\t<\/div>\n\t\t<div class=\"qodef-numbered-process-text-holder\">\n\t\t\t<p >Nous pr\u00e9parons le reportage en amont avec un rep\u00e9rage du lieu, une anticipation des moments cl\u00e9s et des contraintes techniques (lumi\u00e8re, espaces, timing). Rien n\u2019est laiss\u00e9 au hasard pour \u00eatre au bon endroit au bon moment.<\/p>\n\t\t<\/div>\n\t\t<div class=\"qodef-numbered-process-link-holder\">\n\t\t    \t<\/div>\n\n<\/div><div class=\"vc_empty_space\"   style=\"height: 55px\"><span class=\"vc_empty_space_inner\"><\/span><\/div><\/div><\/div><\/div><div class=\"wpb_column vc_column_container vc_col-sm-3\"><div class=\"vc_column-inner\"><div class=\"wpb_wrapper\"><div class=\"qodef-numbered-process-holder clearfix qodef-numbered-process-text-left\">\n\n\t\t<div class=\"qodef-numbered-process-number\" >\n\t\t\t03\t\t<\/div>\n        <div class=\"qodef-numbered-process-subtitle-holder\" style=\"color: #462F72\">\n            \u00c9tape 3        <\/div>\n        <div class=\"qodef-numbered-process-title-holder\">\n            <h3>\n                On shoote le jour J            <\/h3>\n\t\t<\/div>\n\t\t<div class=\"qodef-numbered-process-text-holder\">\n\t\t\t<p >Le jour de l\u2019\u00e9v\u00e9nement, le photographe travaille avec discr\u00e9tion et r\u00e9activit\u00e9 pour capter l\u2019ambiance g\u00e9n\u00e9rale et saisir les interactions et \u00e9motions. L\u2019objectif : raconter l\u2019\u00e9v\u00e9nement tel qu\u2019il a \u00e9t\u00e9 v\u00e9cu.<\/p>\n\t\t<\/div>\n\t\t<div class=\"qodef-numbered-process-link-holder\">\n\t\t    \t<\/div>\n\n<\/div><div class=\"vc_empty_space\"   style=\"height: 55px\"><span class=\"vc_empty_space_inner\"><\/span><\/div><\/div><\/div><\/div><div class=\"wpb_column vc_column_container vc_col-sm-3\"><div class=\"vc_column-inner\"><div class=\"wpb_wrapper\"><div class=\"qodef-numbered-process-holder clearfix qodef-numbered-process-text-left\">\n\n\t\t<div class=\"qodef-numbered-process-number\" >\n\t\t\t04\t\t<\/div>\n        <div class=\"qodef-numbered-process-subtitle-holder\" style=\"color: #462F72\">\n            \u00c9tape 4        <\/div>\n        <div class=\"qodef-numbered-process-title-holder\">\n            <h3>\n                On s\u00e9lectionne et on retouche            <\/h3>\n\t\t<\/div>\n\t\t<div class=\"qodef-numbered-process-text-holder\">\n\t\t\t<p >Apr\u00e8s l\u2019\u00e9v\u00e9nement, nous r\u00e9alisons une s\u00e9lection rigoureuse des images et une retouche soign\u00e9e et naturelle. Les photos sont pens\u00e9es pour \u00eatre imm\u00e9diatement exploitables sur tous vos supports.<\/p>\n\t\t<\/div>\n\t\t<div class=\"qodef-numbered-process-link-holder\">\n\t\t    \t<\/div>\n\n<\/div><div class=\"vc_empty_space\"   style=\"height: 55px\"><span class=\"vc_empty_space_inner\"><\/span><\/div><\/div><\/div><\/div><\/div><\/div><\/div><div class=\"vc_row wpb_row vc_row-fluid qodef-section vc_custom_1708803363396 qodef-content-aligment-left qodef-grid-section\" style=\"\"><div class=\"clearfix qodef-section-inner\"><div class=\"qodef-section-inner-margin clearfix\"><div class=\"wpb_column vc_column_container vc_col-sm-12\"><div class=\"vc_column-inner\"><div class=\"wpb_wrapper\"><div class=\"qodef-image-gallery\" style=\"height: 400px\">\n\t<div class=\"qodef-image-gallery-slider\" data-autoplay=\"5\" data-navigation=\"yes\" data-pagination=\"yes\">\n\t\t\t\t\t\t<a itemprop=\"image\" href=\"\" title=\"ohmyevent-reportage-photo\" target=\"_self\">\n\t\t\t\n\t\t\t\n\t\t\t\t<img decoding=\"async\" class=\"qodef-image-gallery-defined-height\" style=\"height: 400px\" src=\"https:\/\/www.ohmycom.fr\/wp-content\/uploads\/2024\/05\/ohmyevent-reportage-photo.jpg\" alt=\"ohmyevent-reportage-photo\" \/>\n\n\t\t\t\n\t\t\t<\/a>\n\n\t\t\t\t\t\t<a itemprop=\"image\" href=\"\" title=\"ohmyevent-reportage-photo2\" target=\"_self\">\n\t\t\t\n\t\t\t\n\t\t\t\t<img decoding=\"async\" class=\"qodef-image-gallery-defined-height\" style=\"height: 400px\" src=\"https:\/\/www.ohmycom.fr\/wp-content\/uploads\/2024\/05\/ohmyevent-reportage-photo2.jpg\" alt=\"ohmyevent-reportage-photo2\" \/>\n\n\t\t\t\n\t\t\t<\/a>\n\n\t\t\t\t\t\t<a itemprop=\"image\" href=\"\" title=\"ohmyevent-reportage-photo3\" target=\"_self\">\n\t\t\t\n\t\t\t\n\t\t\t\t<img decoding=\"async\" class=\"qodef-image-gallery-defined-height\" style=\"height: 400px\" src=\"https:\/\/www.ohmycom.fr\/wp-content\/uploads\/2024\/05\/ohmyevent-reportage-photo3.jpg\" alt=\"ohmyevent-reportage-photo3\" \/>\n\n\t\t\t\n\t\t\t<\/a>\n\n\t\t\t<\/div>\n<\/div><\/div><\/div><\/div><\/div><\/div><\/div><div class=\"vc_row wpb_row vc_row-fluid qodef-section qodef-content-aligment-center qodef-grid-section\" style=\"\"><div class=\"clearfix qodef-section-inner\"><div class=\"qodef-section-inner-margin clearfix\"><div class=\"wpb_column vc_column_container vc_col-sm-2\"><div class=\"vc_column-inner\"><div class=\"wpb_wrapper\">\n    <span class=\"qodef-icon-shortcode normal qodef-icon-large\"  >\n        \n        <i class=\"qodef-icon-linea-icon icon-basic-elaboration-smartphone-search qodef-icon-element\" style=\"\" ><\/i>\n            <\/span>\n\n\n\t<div class=\"wpb_text_column wpb_content_element\" >\n\t\t<div class=\"wpb_wrapper\">\n\t\t\t<p class=\"p1\" style=\"text-align: center;\">Cr\u00e9er des <b>souvenirs durables<\/b><\/p>\n\n\t\t<\/div>\n\t<\/div>\n<\/div><\/div><\/div><div class=\"wpb_column vc_column_container vc_col-sm-2\"><div class=\"vc_column-inner\"><div class=\"wpb_wrapper\">\n    <span class=\"qodef-icon-shortcode normal qodef-icon-large\"  >\n        \n        <i class=\"qodef-icon-linea-icon icon-basic-elaboration-smartphone-heart qodef-icon-element\" style=\"\" ><\/i>\n            <\/span>\n\n\n\t<div class=\"wpb_text_column wpb_content_element\" >\n\t\t<div class=\"wpb_wrapper\">\n\t\t\t<p class=\"p1\" style=\"text-align: center;\">Valoriser votre<b> image de marque<\/b><\/p>\n\n\t\t<\/div>\n\t<\/div>\n<\/div><\/div><\/div><div class=\"wpb_column vc_column_container vc_col-sm-2\"><div class=\"vc_column-inner\"><div class=\"wpb_wrapper\">\n    <span class=\"qodef-icon-shortcode normal qodef-icon-large\"  >\n        \n        <i class=\"qodef-icon-linea-icon icon-basic-elaboration-tablet-heart qodef-icon-element\" style=\"\" ><\/i>\n            <\/span>\n\n\n\t<div class=\"wpb_text_column wpb_content_element\" >\n\t\t<div class=\"wpb_wrapper\">\n\t\t\t<p class=\"p1\" style=\"text-align: center;\">Alimenter vos <b>supports de communication<\/b><\/p>\n\n\t\t<\/div>\n\t<\/div>\n<\/div><\/div><\/div><div class=\"wpb_column vc_column_container vc_col-sm-2\"><div class=\"vc_column-inner\"><div class=\"wpb_wrapper\">\n    <span class=\"qodef-icon-shortcode normal qodef-icon-large\"  >\n        \n        <i class=\"qodef-icon-linea-icon icon-basic-heart qodef-icon-element\" style=\"\" ><\/i>\n            <\/span>\n\n\n\t<div class=\"wpb_text_column wpb_content_element\" >\n\t\t<div class=\"wpb_wrapper\">\n\t\t\t<div class=\"col-12 col-lg-2\">\n<div class=\"el-points-forts__loop__item\">\n<p class=\"p1\" style=\"text-align: center;\">Mettre en valeur <b>les moments cl\u00e9s<\/b><\/p>\n<\/div>\n<\/div>\n\n\t\t<\/div>\n\t<\/div>\n<\/div><\/div><\/div><div class=\"wpb_column vc_column_container vc_col-sm-2\"><div class=\"vc_column-inner\"><div class=\"wpb_wrapper\">\n    <span class=\"qodef-icon-shortcode normal qodef-icon-large\"  >\n        \n        <i class=\"qodef-icon-linea-icon icon-basic-star qodef-icon-element\" style=\"\" ><\/i>\n            <\/span>\n\n\n\t<div class=\"wpb_text_column wpb_content_element\" >\n\t\t<div class=\"wpb_wrapper\">\n\t\t\t<p class=\"p1\" style=\"text-align: center;\">Rendre <b>votre \u00e9v\u00e9nement visible <\/b>et m\u00e9morable<\/p>\n\n\t\t<\/div>\n\t<\/div>\n<\/div><\/div><\/div><div class=\"wpb_column vc_column_container vc_col-sm-2\"><div class=\"vc_column-inner\"><div class=\"wpb_wrapper\">\n    <span class=\"qodef-icon-shortcode normal qodef-icon-large\"  >\n        \n        <i class=\"qodef-icon-linea-icon icon-ecommerce-sales qodef-icon-element\" style=\"\" ><\/i>\n            <\/span>\n\n\n\t<div class=\"wpb_text_column wpb_content_element\" >\n\t\t<div class=\"wpb_wrapper\">\n\t\t\t<p class=\"p1\" style=\"text-align: center;\"><b>G\u00e9n\u00e9rer de l\u2019engagement <\/b>apr\u00e8s l\u2019\u00e9v\u00e9nement<\/p>\n\n\t\t<\/div>\n\t<\/div>\n<\/div><\/div><\/div><\/div><\/div><\/div><div class=\"vc_row wpb_row vc_row-fluid qodef-section qodef-content-aligment-left qodef-grid-section\" style=\"\"><div class=\"clearfix qodef-section-inner\"><div class=\"qodef-section-inner-margin clearfix\"><div class=\"wpb_column vc_column_container vc_col-sm-12\"><div class=\"vc_column-inner\"><div class=\"wpb_wrapper\"><div class=\"qodef-separator-holder clearfix  qodef-separator-center\">\n\t<div class=\"qodef-separator\" style=\"border-color: #b5b5b5;border-style: dashed;width: 100%;border-bottom-width: 1px\"><\/div>\n<\/div>\n<div class=\"vc_empty_space\"   style=\"height: 30px\"><span class=\"vc_empty_space_inner\"><\/span><\/div><\/div><\/div><\/div><\/div><\/div><\/div><div class=\"vc_row wpb_row vc_row-fluid qodef-section vc_custom_1767479089300 qodef-content-aligment-left qodef-grid-section\" style=\"\"><div class=\"clearfix qodef-section-inner\"><div class=\"qodef-section-inner-margin clearfix\"><div class=\"wpb_column vc_column_container vc_col-sm-12 vc_col-lg-4 vc_col-md-4\"><div class=\"vc_column-inner\"><div class=\"wpb_wrapper\">\n\t<div class=\"wpb_text_column wpb_content_element\" >\n\t\t<div class=\"wpb_wrapper\">\n\t\t\t<h3><b>Capturer l\u2019instant. Valoriser l\u2019exp\u00e9rience. <\/b><b>Faire vivre l\u2019\u00e9v\u00e9nement dans le temps.<\/b><\/h3>\n\n\t\t<\/div>\n\t<\/div>\n<div class=\"vc_empty_space\"   style=\"height: 13px\"><span class=\"vc_empty_space_inner\"><\/span><\/div><div class=\"qodef-svg-separator-holder qodef-svg-separator-small\">\n    <div class=\"qodef-svg-separator qodef-svg-frames-class\" data-svg-frames=\"15\" data-svg-drawing=\"yes\" >\n        <svg version=\"1.1\"  xmlns=\"http:\/\/www.w3.org\/2000\/svg\" xmlns:xlink=\"http:\/\/www.w3.org\/1999\/xlink\" x=\"0px\" y=\"0px\"\n            width=\"60px\" height=\"20px\" viewbox=\"0 0 60 20\" enable-background=\"new 0 0 60 20\" xml:space=\"preserve\">\n            <path fill=\"none\" stroke=\"#feea0e\" stroke-width=\"6\" stroke-linecap=\"round\" stroke-miterlimit=\"10\" d=\"M3.188,8.848 C20.521,3.89,38.313,16.66,56.813,9.473\"\/>\n        <\/svg>\n    <\/div>\n<\/div><div class=\"vc_empty_space\"   style=\"height: 10px\"><span class=\"vc_empty_space_inner\"><\/span><\/div>\n\t<div class=\"wpb_text_column wpb_content_element\" >\n\t\t<div class=\"wpb_wrapper\">\n\t\t\t<p class=\"p1\" style=\"text-align: justify;\">Un bon reportage photos ne s\u2019improvise pas. Il repose sur un regard, une intention et une bonne compr\u00e9hension de l\u2019\u00e9v\u00e9nement.<\/p>\n<p class=\"p1\" style=\"text-align: justify;\">Notre objectif n\u2019est pas de photographier tout ce qui bouge, mais de capter <span class=\"s2\"><b>ce qui fait sens<\/b><\/span> : un regard, un \u00e9change, une \u00e9motion, un d\u00e9tail r\u00e9v\u00e9lateur.<\/p>\n<p class=\"p1\" style=\"text-align: justify;\">Lors d\u2019un \u00e9v\u00e9nement, le photographe doit savoir<strong> \u00eatre partout\u2026 sans jamais se faire remarquer.<\/strong> R\u00e9sultat : des images naturelles, vivantes, jamais fig\u00e9es, fid\u00e8les \u00e0 l\u2019atmosph\u00e8re r\u00e9elle de votre \u00e9v\u00e9nement<\/p>\n\n\t\t<\/div>\n\t<\/div>\n<div class=\"vc_empty_space\"   style=\"height: 20px\"><span class=\"vc_empty_space_inner\"><\/span><\/div><\/div><\/div><\/div><div class=\"wpb_column vc_column_container vc_col-sm-12 vc_col-lg-4 vc_col-md-4\"><div class=\"vc_column-inner\"><div class=\"wpb_wrapper\"><div class=\"vc_empty_space\"   style=\"height: 5px\"><span class=\"vc_empty_space_inner\"><\/span><\/div><div class=\"qodef-iwt clearfix qodef-iwt-icon-left qodef-iwt-icon-tiny\"  >\n    <div class=\"qodef-iwt-icon-holder\">\n                    \n    <span class=\"qodef-icon-shortcode normal\"  data-color=\"#8d8d8d\">\n        \n        <span aria-hidden=\"true\" class=\"qodef-icon-font-elegant icon_lightbulb qodef-icon-element\" style=\"color: #8d8d8d;font-size:23px\" ><\/span>\n            <\/span>\n\n            <\/div>\n    <div class=\"qodef-iwt-content-holder\" style=\"padding-left: 48px\">\n                <div class=\"qodef-iwt-title-holder\">\n            <h5 >\n                Valoriser votre \u00e9v\u00e9nement            <\/h5>\n        <\/div>\n                        <div class=\"qodef-iwt-text-holder\">\n            <p >Les photos permettent de montrer le niveau de qualit\u00e9, l\u2019organisation et l\u2019ambiance de votre \u00e9v\u00e9nement. Elles deviennent la vitrine de votre savoir-faire.<\/p>\n\n                    <\/div>\n    <\/div>\n<\/div><div class=\"vc_empty_space\"   style=\"height: 53px\"><span class=\"vc_empty_space_inner\"><\/span><\/div><div class=\"qodef-iwt clearfix qodef-iwt-icon-left qodef-iwt-icon-tiny\"  >\n    <div class=\"qodef-iwt-icon-holder\">\n                    \n    <span class=\"qodef-icon-shortcode normal\"  data-color=\"#8d8d8d\">\n        \n        <span aria-hidden=\"true\" class=\"qodef-icon-font-elegant icon_pencil-edit qodef-icon-element\" style=\"color: #8d8d8d;font-size:25px\" ><\/span>\n            <\/span>\n\n            <\/div>\n    <div class=\"qodef-iwt-content-holder\" style=\"padding-left: 48px\">\n                <div class=\"qodef-iwt-title-holder\">\n            <h5 >\n                Capturer l\u2019\u00e9motion et l\u2019humain            <\/h5>\n        <\/div>\n                        <div class=\"qodef-iwt-text-holder\">\n            <p >Un regard, un sourire, un \u00e9change\u2026 Le reportage photo saisit ce qui fait la richesse de l\u2019\u00e9v\u00e9nement : les personnes et les \u00e9motions v\u00e9cues sur l\u2019instant.<\/p>\n\n                    <\/div>\n    <\/div>\n<\/div><div class=\"vc_empty_space\"   style=\"height: 53px\"><span class=\"vc_empty_space_inner\"><\/span><\/div><div class=\"qodef-iwt clearfix qodef-iwt-icon-left qodef-iwt-icon-tiny\"  >\n    <div class=\"qodef-iwt-icon-holder\">\n                    \n    <span class=\"qodef-icon-shortcode normal\"  data-color=\"#8d8d8d\">\n        \n        <span aria-hidden=\"true\" class=\"qodef-icon-font-elegant icon_group qodef-icon-element\" style=\"color: #8d8d8d;font-size:25px\" ><\/span>\n            <\/span>\n\n            <\/div>\n    <div class=\"qodef-iwt-content-holder\" style=\"padding-left: 48px\">\n                <div class=\"qodef-iwt-title-holder\">\n            <h5 >\n                Renforcer votre image de marque            <\/h5>\n        <\/div>\n                        <div class=\"qodef-iwt-text-holder\">\n            <p >Des images coh\u00e9rentes, \u00e9l\u00e9gantes et bien cadr\u00e9es renforcent la cr\u00e9dibilit\u00e9 et le positionnement de votre marque ou de votre institution.<\/p>\n\n                    <\/div>\n    <\/div>\n<\/div><div class=\"vc_empty_space\"   style=\"height: 53px\"><span class=\"vc_empty_space_inner\"><\/span><\/div><\/div><\/div><\/div><div class=\"wpb_column vc_column_container vc_col-sm-12 vc_col-lg-4 vc_col-md-4\"><div class=\"vc_column-inner\"><div class=\"wpb_wrapper\"><div class=\"vc_empty_space\"   style=\"height: 5px\"><span class=\"vc_empty_space_inner\"><\/span><\/div><div class=\"qodef-iwt clearfix qodef-iwt-icon-left qodef-iwt-icon-tiny\"  >\n    <div class=\"qodef-iwt-icon-holder\">\n                    \n    <span class=\"qodef-icon-shortcode normal\"  data-color=\"#8d8d8d\">\n        \n        <span aria-hidden=\"true\" class=\"qodef-icon-font-elegant icon_genius qodef-icon-element\" style=\"color: #8d8d8d;font-size:26px\" ><\/span>\n            <\/span>\n\n            <\/div>\n    <div class=\"qodef-iwt-content-holder\" style=\"padding-left: 48px\">\n                <div class=\"qodef-iwt-title-holder\">\n            <h5 >\n                Cr\u00e9er une identit\u00e9 visuelle durable            <\/h5>\n        <\/div>\n                        <div class=\"qodef-iwt-text-holder\">\n            <p >Un reportage photo bien pens\u00e9 alimente vos supports de communication sur le long terme : site, r\u00e9seaux sociaux, dossiers de presse, pr\u00e9sentations.<\/p>\n\n                    <\/div>\n    <\/div>\n<\/div><div class=\"vc_empty_space\"   style=\"height: 53px\"><span class=\"vc_empty_space_inner\"><\/span><\/div><div class=\"qodef-iwt clearfix qodef-iwt-icon-left qodef-iwt-icon-tiny\"  >\n    <div class=\"qodef-iwt-icon-holder\">\n                    \n    <span class=\"qodef-icon-shortcode normal\"  data-color=\"#8d8d8d\">\n        \n        <span aria-hidden=\"true\" class=\"qodef-icon-font-elegant icon_chat qodef-icon-element\" style=\"color: #8d8d8d;font-size:27px\" ><\/span>\n            <\/span>\n\n            <\/div>\n    <div class=\"qodef-iwt-content-holder\" style=\"padding-left: 48px\">\n                <div class=\"qodef-iwt-title-holder\">\n            <h5 >\n                Donner envie de participer aux prochains \u00e9v\u00e9nements            <\/h5>\n        <\/div>\n                        <div class=\"qodef-iwt-text-holder\">\n            <p >Les images racontent l\u2019exp\u00e9rience v\u00e9cue. Elles donnent envie \u00e0 ceux qui n\u2019\u00e9taient pas pr\u00e9sents de vivre la prochaine \u00e9dition.<\/p>\n\n                    <\/div>\n    <\/div>\n<\/div><div class=\"vc_empty_space\"   style=\"height: 53px\"><span class=\"vc_empty_space_inner\"><\/span><\/div><div class=\"qodef-iwt clearfix qodef-iwt-icon-left qodef-iwt-icon-tiny\"  >\n    <div class=\"qodef-iwt-icon-holder\">\n                    \n    <span class=\"qodef-icon-shortcode normal\"  data-color=\"#8d8d8d\">\n        \n        <span aria-hidden=\"true\" class=\"qodef-icon-font-elegant icon_printer qodef-icon-element\" style=\"color: #8d8d8d;font-size:23px\" ><\/span>\n            <\/span>\n\n            <\/div>\n    <div class=\"qodef-iwt-content-holder\" style=\"padding-left: 48px\">\n                <div class=\"qodef-iwt-title-holder\">\n            <h5 >\n                Faciliter votre communication apr\u00e8s l\u2019\u00e9v\u00e9nement            <\/h5>\n        <\/div>\n                        <div class=\"qodef-iwt-text-holder\">\n            <p >Disposer rapidement de photos exploitables permet de communiquer \u00e0 chaud, tout en conservant des contenus qualitatifs pour la suite.<\/p>\n\n                    <\/div>\n    <\/div>\n<\/div><div class=\"vc_empty_space\"   style=\"height: 53px\"><span class=\"vc_empty_space_inner\"><\/span><\/div><\/div><\/div><\/div><\/div><\/div><\/div><div data-qodef-parallax-speed=\"1\" class=\"vc_row wpb_row vc_row-fluid qodef-section vc_custom_1767466553520 qodef-content-aligment-center qodef-parallax-section-holder qodef-parallax-section-holder-touch-disabled qodef-grid-section\" style=\"background-image:url(https:\/\/www.ohmycom.fr\/wp-content\/uploads\/2016\/12\/parallax.jpg);\"><div class=\"clearfix qodef-section-inner\"><div class=\"qodef-section-inner-margin clearfix\"><div class=\"wpb_column vc_column_container vc_col-sm-12 vc_col-lg-offset-1 vc_col-lg-10\"><div class=\"vc_column-inner vc_custom_1482852262038\"><div class=\"wpb_wrapper\"><div class=\"qodef-svg-separator-holder qodef-svg-separator-small\">\n    <div class=\"qodef-svg-separator qodef-svg-frames-class\" data-svg-frames=\"15\" data-svg-drawing=\"yes\" >\n        <svg version=\"1.1\"  xmlns=\"http:\/\/www.w3.org\/2000\/svg\" xmlns:xlink=\"http:\/\/www.w3.org\/1999\/xlink\" x=\"0px\" y=\"0px\"\n            width=\"60px\" height=\"20px\" viewbox=\"0 0 60 20\" enable-background=\"new 0 0 60 20\" xml:space=\"preserve\">\n            <path fill=\"none\" stroke=\"#feea0e\" stroke-width=\"6\" stroke-linecap=\"round\" stroke-miterlimit=\"10\" d=\"M3.188,8.848 C20.521,3.89,38.313,16.66,56.813,9.473\"\/>\n        <\/svg>\n    <\/div>\n<\/div><div class=\"vc_empty_space\"   style=\"height: 21px\"><span class=\"vc_empty_space_inner\"><\/span><\/div>\n\t<div class=\"wpb_text_column wpb_content_element\" >\n\t\t<div class=\"wpb_wrapper\">\n\t\t\t<h2><span style=\"color: #ffffff;\">Parlons de votre projet et de l\u2019histoire que vous souhaitez raconter en images.<\/span><\/h2>\n\n\t\t<\/div>\n\t<\/div>\n<div class=\"vc_empty_space\"   style=\"height: 36px\"><span class=\"vc_empty_space_inner\"><\/span><\/div><a itemprop=\"url\" href=\"\/en\/contact\/\" target=\"_self\" style=\"color: #462F72;background-color: #fafbfc;border-color: #fafbfc\" class=\"qodef-btn qodef-btn-medium qodef-btn-solid qodef-btn-custom-hover-bg qodef-btn-custom-border-hover qodef-btn-custom-hover-color qodef-btn-hover-sweep\" data-hover-bg-color=\"#462F72\" data-hover-color=\"#fafbfc\" data-hover-border-color=\"#462F72\"  >\n    <span class=\"qodef-btn-text\">Je veux \u00eatre accompagn\u00e9 dans mon projet digital<\/span>\n    \n            <span class=\"qodef-hover-background-holder\">\n\t    \t<span class=\"qodef-hover-background\"><\/span>\n    \t<\/span>\n    \n<\/a><\/div><\/div><\/div><\/div><\/div><\/div><div class=\"vc_row wpb_row vc_row-fluid qodef-section vc_custom_1767479892168 qodef-content-aligment-left qodef-grid-section\" style=\"\"><div class=\"clearfix qodef-section-inner\"><div class=\"qodef-section-inner-margin clearfix\"><div class=\"wpb_column vc_column_container vc_col-sm-12 vc_col-lg-4 vc_col-md-12\"><div class=\"vc_column-inner\"><div class=\"wpb_wrapper\"><div class=\"vc_empty_space\"   style=\"height: 30px\"><span class=\"vc_empty_space_inner\"><\/span><\/div>\n\t<div class=\"wpb_text_column wpb_content_element\" >\n\t\t<div class=\"wpb_wrapper\">\n\t\t\t<h3 style=\"text-align: justify;\">Valoriser l\u2019humain et l\u2019\u00e9motion<\/h3>\n<p class=\"p1\" style=\"text-align: justify;\"><strong>Un \u00e9v\u00e9nement, ce sont avant tout des personnes.<\/strong> Nos reportages photos mettent en valeur vos \u00e9quipes, vos invit\u00e9s, vos partenaires et vos intervenants.<\/p>\n<p class=\"p1\" style=\"text-align: justify;\">Parce que ce sont les visages, les gestes et <strong>les \u00e9motions qui donnent toute sa force \u00e0 un \u00e9v\u00e9nement. <\/strong>Notre \u00e9quipe vous accompagne pour cr\u00e9er un reportage photo fid\u00e8le \u00e0 votre \u00e9v\u00e9nement et \u00e0 vos objectifs.<\/p>\n\n\t\t<\/div>\n\t<\/div>\n<div class=\"vc_empty_space\"   style=\"height: 30px\"><span class=\"vc_empty_space_inner\"><\/span><\/div><\/div><\/div><\/div><div class=\"wpb_column vc_column_container vc_col-sm-12 vc_col-lg-4 vc_col-md-12\"><div class=\"vc_column-inner\"><div class=\"wpb_wrapper\">\n\t<div  class=\"wpb_single_image wpb_content_element vc_align_left wpb_content_element\">\n\t\t\n\t\t<figure class=\"wpb_wrapper vc_figure\">\n\t\t\t<div class=\"vc_single_image-wrapper   vc_box_border_grey\"><img loading=\"lazy\" decoding=\"async\" width=\"1381\" height=\"1456\" src=\"https:\/\/www.ohmycom.fr\/wp-content\/uploads\/2026\/01\/social-media-ohmycom-compressed.png\" class=\"vc_single_image-img attachment-full\" alt=\"\" title=\"social-media-ohmycom-compressed\" srcset=\"https:\/\/www.ohmycom.fr\/wp-content\/uploads\/2026\/01\/social-media-ohmycom-compressed.png 1381w, https:\/\/www.ohmycom.fr\/wp-content\/uploads\/2026\/01\/social-media-ohmycom-compressed-285x300.png 285w, https:\/\/www.ohmycom.fr\/wp-content\/uploads\/2026\/01\/social-media-ohmycom-compressed-971x1024.png 971w, https:\/\/www.ohmycom.fr\/wp-content\/uploads\/2026\/01\/social-media-ohmycom-compressed-768x810.png 768w, https:\/\/www.ohmycom.fr\/wp-content\/uploads\/2026\/01\/social-media-ohmycom-compressed-11x12.png 11w, https:\/\/www.ohmycom.fr\/wp-content\/uploads\/2026\/01\/social-media-ohmycom-compressed-500x527.png 500w, https:\/\/www.ohmycom.fr\/wp-content\/uploads\/2026\/01\/social-media-ohmycom-compressed-800x843.png 800w, https:\/\/www.ohmycom.fr\/wp-content\/uploads\/2026\/01\/social-media-ohmycom-compressed-1280x1350.png 1280w\" sizes=\"auto, (max-width: 1381px) 100vw, 1381px\" \/><\/div>\n\t\t<\/figure>\n\t<\/div>\n<div class=\"vc_empty_space\"   style=\"height: 30px\"><span class=\"vc_empty_space_inner\"><\/span><\/div><\/div><\/div><\/div><div class=\"wpb_column vc_column_container vc_col-sm-12 vc_col-lg-4 vc_col-md-12\"><div class=\"vc_column-inner\"><div class=\"wpb_wrapper\"><div class=\"vc_empty_space\"   style=\"height: 30px\"><span class=\"vc_empty_space_inner\"><\/span><\/div>\n\t<div class=\"wpb_text_column wpb_content_element\" >\n\t\t<div class=\"wpb_wrapper\">\n\t\t\t<h3 style=\"text-align: justify;\"><b>Des images qui continuent \u00e0 travailler pour vous<\/b><\/h3>\n<div class=\"relative flex w-full flex-col agent-turn\">\n<div class=\"flex-col gap-1 md:gap-3\">\n<div class=\"flex flex-grow flex-col max-w-full\">\n<div class=\"min-h-&#091;20px&#093; text-message flex flex-col items-start gap-3 whitespace-pre-wrap break-words &#091;.text-message+&amp;&#093;:mt-5 overflow-x-auto\" data-message-author-role=\"assistant\" data-message-id=\"30d5d31f-76f9-4dad-bb9b-e5d28ad22c25\">\n<div class=\"markdown prose w-full break-words dark:prose-invert dark\">\n<p class=\"p1\" style=\"text-align: justify;\">Un bon reportage photos ne se limite pas \u00e0 l\u2019\u00e9v\u00e9nement. Il devient un actif de communication durable, qui nourrit votre image et <strong>prolonge l\u2019exp\u00e9rience v\u00e9cue par vos participants<\/strong>.<\/p>\n<p class=\"p1\" style=\"text-align: justify;\">C\u2019est cette vision que nous d\u00e9fendons : des photos utiles, sinc\u00e8res et porteuses de sens.<\/p>\n<\/div>\n<\/div>\n<\/div>\n<\/div>\n<\/div>\n\n\t\t<\/div>\n\t<\/div>\n<div class=\"vc_empty_space\"   style=\"height: 30px\"><span class=\"vc_empty_space_inner\"><\/span><\/div><\/div><\/div><\/div><\/div><\/div><\/div><div class=\"vc_row wpb_row vc_row-fluid qodef-section vc_custom_1758031653171 qodef-content-aligment-left\" style=\"\"><div class=\"clearfix qodef-full-section-inner\"><div class=\"wpb_column vc_column_container vc_col-sm-12\"><div class=\"vc_column-inner\"><div class=\"wpb_wrapper\">\t<div class=\"qodef-call-to-action normal\">\n\n\t\t\t\t<div class=\"qodef-container-inner\">\n\t\t\t\t\t<div class=\"qodef-call-to-action-row-75-25 clearfix\" style=\"padding: 51px 0 51px 0;\">\n\t\t\t\t\t\t<div class=\"qodef-text-wrapper qodef-call-to-action-column1 qodef-call-to-action-cell\">\n\t\t\t\t\t\t\t\t\t<div class=\"qodef-call-to-action-text\" >\n<h3 style=\"text-align: justify;\"><span style=\"color: #462f72;\"><span style=\"font-size: 20px;\"><strong>L&rsquo;agence Oh My Com vous accompagne \u00e0 chaque \u00e9tape de votre strat\u00e9gie \u00e9v\u00e9nementielle.<\/strong><\/span><\/span><\/h3>\n<p class=\"p1\" style=\"text-align: justify;\">L\u2019agence <span class=\"s1\"><b>OhMyCom<\/b><\/span> vous accompagne \u00e0 chaque \u00e9tape de votre projet \u00e9v\u00e9nementiel, de la r\u00e9flexion initiale jusqu\u2019\u00e0 la valorisation de l\u2019<a href=\"http:\/\/www.ohmyevent.fr\" target=\"_blank\" rel=\"noopener\"><strong>\u00e9v\u00e9nement<\/strong><\/a>. Nous intervenons sur la conception, la production, la coordination et la mise en sc\u00e8ne de vos \u00e9v\u00e9nements (<a href=\"http:\/\/www.ohmycom.fr\/en\/event\/seminaire\/\">s\u00e9minaire<\/a>, <a href=\"http:\/\/www.ohmycom.fr\/en\/event\/incentive\/\">incentive<\/a>, <a href=\"http:\/\/www.ohmycom.fr\/en\/event\/congres-salon-convention\/\">congr\u00e8s<\/a>, <a href=\"http:\/\/www.ohmycom.fr\/en\/event\/autour-du-vin\/\">\u00e9v\u00e9nement autour du vin<\/a>, <a href=\"http:\/\/www.ohmycom.fr\/en\/event\/photobooth\/\">photobooth<\/a>&#8230;) en int\u00e9grant la <a href=\"http:\/\/www.ohmycom.fr\/en\/event\/film-publicitaire\/\">captation vid\u00e9o<\/a> et le <a href=\"http:\/\/www.ohmycom.fr\/en\/event\/reportage-photos\/\">reportage photo.<\/a><\/p>\n<\/div>\n\t\t\t\t<\/div>\n\n\t\t\t\t\t\t\t\t\t<div class=\"qodef-button-wrapper qodef-call-to-action-column2 qodef-call-to-action-cell\" style =\"text-align: right ;\">\n\t\t\t\t\t\t<a itemprop=\"url\" href=\"\/en\/contact\/\" target=\"_self\" style=\"color: #462F72;background-color: #ffffff;border-color: #ffffff\" class=\"qodef-btn qodef-btn-large qodef-btn-solid qodef-btn-custom-hover-bg qodef-btn-custom-border-hover qodef-btn-custom-hover-color qodef-btn-icon qodef-btn-hover-sweep\" data-hover-bg-color=\"#462F72\" data-hover-color=\"#ffffff\" data-hover-border-color=\"#ffffff\"  >    <span class=\"qodef-btn-text\">Prendre Rendez-vous<\/span>    <i class=\"qodef-icon-font-awesome fa fa-arrow-right qodef-button-icon\" ><\/i>            <span class=\"qodef-hover-background-holder\">\t    \t<span class=\"qodef-hover-background\"><\/span>    \t<\/span>    <\/a>\t\t\t\t\t<\/div>\n\t\t\t\t\t\t\t<\/div>\n\t\t\t\t<\/div>\n\t\t\t<\/div>\n<\/div><\/div><\/div><\/div><\/div><div class=\"vc_row wpb_row vc_row-fluid qodef-section vc_custom_1767553754131 qodef-content-aligment-center\" style=\"\"><div class=\"clearfix qodef-full-section-inner\"><div class=\"wpb_column vc_column_container vc_col-sm-12\"><div class=\"vc_column-inner\"><div class=\"wpb_wrapper\"><div class=\"qodef-elements-holder qodef-two-columns qodef-responsive-mode-1024 qodef-one-column-alignment-center\" ><div class=\"qodef-elements-holder-item qodef-horizontal-alignment-center\"   data-item-class=\"qodef-elements-holder-custom-837360\" data-1280-1600=\"0 0 3.7% 12%\" data-1024-1280=\"0 0 4% 12%\" data-768-1024=\"25px 18% 60px\" data-600-768=\"25px 10% 60px\" data-480-600=\"25px 10% 60px\" data-480=\"25px 10% 60px\">\n\t<div class=\"qodef-elements-holder-item-inner\">\n\t\t<div class=\"qodef-elements-holder-item-content qodef-elements-holder-custom-837360\" style=\"padding: 0 4% 3.7% 28%\">\n\t\t\t\n\t<div class=\"wpb_text_column wpb_content_element\" >\n\t\t<div class=\"wpb_wrapper\">\n\t\t\t<h4>Portfolio<\/h4>\n\n\t\t<\/div>\n\t<\/div>\n<div class=\"vc_empty_space\"   style=\"height: 12px\"><span class=\"vc_empty_space_inner\"><\/span><\/div>\n\t<div class=\"wpb_text_column wpb_content_element\" >\n\t\t<div class=\"wpb_wrapper\">\n\t\t\t<h2>Reportage Photos<\/h2>\n\n\t\t<\/div>\n\t<\/div>\n<div class=\"vc_empty_space\"   style=\"height: 8px\"><span class=\"vc_empty_space_inner\"><\/span><\/div><div class=\"qodef-svg-separator-holder qodef-svg-separator-small\">\n    <div class=\"qodef-svg-separator qodef-svg-frames-class\" data-svg-frames=\"15\" data-svg-drawing=\"yes\" >\n        <svg version=\"1.1\"  xmlns=\"http:\/\/www.w3.org\/2000\/svg\" xmlns:xlink=\"http:\/\/www.w3.org\/1999\/xlink\" x=\"0px\" y=\"0px\"\n            width=\"60px\" height=\"20px\" viewbox=\"0 0 60 20\" enable-background=\"new 0 0 60 20\" xml:space=\"preserve\">\n            <path fill=\"none\" stroke=\"#feea0e\" stroke-width=\"6\" stroke-linecap=\"round\" stroke-miterlimit=\"10\" d=\"M3.188,8.848 C20.521,3.89,38.313,16.66,56.813,9.473\"\/>\n        <\/svg>\n    <\/div>\n<\/div><div class=\"vc_empty_space\"   style=\"height: 12px\"><span class=\"vc_empty_space_inner\"><\/span><\/div>\n<div class=\"qodef-custom-font-holder\" style=\"font-family: Catamaran;font-size: 18px;line-height: 25px;font-weight: 600;letter-spacing: 0px;text-align: center;color: #505d73\" data-font-size= \"18\" data-line-height= \"25\">\n    \n<p class=\"p1\"><b>Lancement de la saison Radio Espace au Docks 40<\/b><\/p>\n    <\/div><div class=\"vc_empty_space\"   style=\"height: 4px\"><span class=\"vc_empty_space_inner\"><\/span><\/div>\n\t<div class=\"wpb_text_column wpb_content_element\" >\n\t\t<div class=\"wpb_wrapper\">\n\t\t\t<p class=\"p1\" style=\"text-align: center;\">\u00c0 l\u2019occasion du <span class=\"s1\"><b>lancement de la nouvelle saison de Radio Espace<\/b><\/span>, nous avons r\u00e9alis\u00e9 un <span class=\"s1\"><b>shooting photo <a href=\"http:\/\/www.ohmyevent.fr\">\u00e9v\u00e9nementiel <\/a><\/b><\/span>au <span class=\"s1\"><b>Docks 40<\/b><\/span>, r\u00e9unissant l\u2019ensemble des \u00e9quipes de la station.<\/p>\n<p class=\"p1\" style=\"text-align: center;\">L\u2019objectif \u00e9tait de marquer ce temps fort de rentr\u00e9e, de <strong>f\u00e9d\u00e9rer les collaborateurs<\/strong> autour d\u2019un moment convivial et de <strong>cr\u00e9er des visuels forts<\/strong> pour accompagner la communication de la saison \u00e0 venir.<\/p>\n<p class=\"p1\" style=\"text-align: center;\">Ce shooting a permis de <strong>capturer l\u2019\u00e9nergie, la complicit\u00e9 et l\u2019identit\u00e9<\/strong> de Radio Espace, tout en offrant des contenus authentiques et professionnels, pens\u00e9s pour <strong>valoriser l\u2019\u00e9quipe<\/strong> et soutenir les prises de parole de la station tout au long de l\u2019ann\u00e9e.<\/p>\n\n\t\t<\/div>\n\t<\/div>\n<div class=\"vc_empty_space\"   style=\"height: 34px\"><span class=\"vc_empty_space_inner\"><\/span><\/div><a itemprop=\"url\" href=\"\/en\/contact\/\" target=\"_self\" style=\"color: #462F72;background-color: #fafbfc;border-color: #462F72\" class=\"qodef-btn qodef-btn-medium qodef-btn-solid qodef-btn-custom-hover-bg qodef-btn-custom-border-hover qodef-btn-custom-hover-color qodef-btn-hover-sweep\" data-hover-bg-color=\"#462F72\" data-hover-color=\"#fafbfc\" data-hover-border-color=\"#00a5cd\"  >\n    <span class=\"qodef-btn-text\">Je veux en voir plus<\/span>\n    \n            <span class=\"qodef-hover-background-holder\">\n\t    \t<span class=\"qodef-hover-background\"><\/span>\n    \t<\/span>\n    \n<\/a>\t\t<\/div>\n\t<\/div>\n<\/div><div class=\"qodef-elements-holder-item qodef-horizontal-alignment-center\"   data-item-class=\"qodef-elements-holder-custom-171554\" data-1280-1600=\"0 8% 4%\" data-1024-1280=\"0 8% 5%\" data-768-1024=\"0 0 40px 0\" data-600-768=\"0 10% 40px\" data-480-600=\"0 10% 40px\" data-480=\"0 10% 40px\">\n\t<div class=\"qodef-elements-holder-item-inner\">\n\t\t<div class=\"qodef-elements-holder-item-content qodef-elements-holder-custom-171554\" style=\"padding: 0 5% 0 0\">\n\t\t\t\n\t<div  class=\"wpb_single_image wpb_content_element vc_align_center wpb_content_element wpb_animate_when_almost_visible wpb_fadeInRight fadeInRight\">\n\t\t\n\t\t<figure class=\"wpb_wrapper vc_figure\">\n\t\t\t<div class=\"vc_single_image-wrapper   vc_box_border_grey\"><img loading=\"lazy\" decoding=\"async\" width=\"2560\" height=\"1706\" src=\"https:\/\/www.ohmycom.fr\/wp-content\/uploads\/2026\/01\/ohmycom-photographe-shooting-lyon.jpg\" class=\"vc_single_image-img attachment-full\" alt=\"\" title=\"ohmycom-photographe-shooting-lyon\" srcset=\"https:\/\/www.ohmycom.fr\/wp-content\/uploads\/2026\/01\/ohmycom-photographe-shooting-lyon.jpg 2560w, https:\/\/www.ohmycom.fr\/wp-content\/uploads\/2026\/01\/ohmycom-photographe-shooting-lyon-300x200.jpg 300w, https:\/\/www.ohmycom.fr\/wp-content\/uploads\/2026\/01\/ohmycom-photographe-shooting-lyon-1024x682.jpg 1024w, https:\/\/www.ohmycom.fr\/wp-content\/uploads\/2026\/01\/ohmycom-photographe-shooting-lyon-768x512.jpg 768w, https:\/\/www.ohmycom.fr\/wp-content\/uploads\/2026\/01\/ohmycom-photographe-shooting-lyon-1536x1024.jpg 1536w, https:\/\/www.ohmycom.fr\/wp-content\/uploads\/2026\/01\/ohmycom-photographe-shooting-lyon-18x12.jpg 18w, https:\/\/www.ohmycom.fr\/wp-content\/uploads\/2026\/01\/ohmycom-photographe-shooting-lyon-500x333.jpg 500w, https:\/\/www.ohmycom.fr\/wp-content\/uploads\/2026\/01\/ohmycom-photographe-shooting-lyon-800x533.jpg 800w, https:\/\/www.ohmycom.fr\/wp-content\/uploads\/2026\/01\/ohmycom-photographe-shooting-lyon-1280x853.jpg 1280w, https:\/\/www.ohmycom.fr\/wp-content\/uploads\/2026\/01\/ohmycom-photographe-shooting-lyon-1920x1280.jpg 1920w\" sizes=\"auto, (max-width: 2560px) 100vw, 2560px\" \/><\/div>\n\t\t<\/figure>\n\t<\/div>\n\t\t<\/div>\n\t<\/div>\n<\/div><\/div><\/div><\/div><\/div><\/div><\/div><div class=\"vc_row wpb_row vc_row-fluid qodef-section vc_custom_1758031780075 qodef-content-aligment-left\" style=\"\"><div class=\"clearfix qodef-full-section-inner\"><div class=\"wpb_column vc_column_container vc_col-sm-12\"><div class=\"vc_column-inner\"><div class=\"wpb_wrapper\">\t<div class=\"qodef-call-to-action normal\">\n\n\t\t\t\t<div class=\"qodef-container-inner\">\n\t\t\t\t\t<div class=\"qodef-call-to-action-row-66-33 clearfix\" style=\"padding: 51px 0 51px 0;\">\n\t\t\t\t\t\t<div class=\"qodef-text-wrapper qodef-call-to-action-column1 qodef-call-to-action-cell\">\n\t\t\t\t\t\t\t\t\t<div class=\"qodef-call-to-action-text\" >\n<h2><span style=\"color: #ffffff;\"><strong>Vous avez un projet ?<\/strong><\/span><br \/>\n<span style=\"color: #ffffff;\">Nous avons (d\u00e9j\u00e0) des id\u00e9es !<\/span><\/h2>\n<h4 style=\"font-size: 20px; font-weight: 400;\"><span style=\"color: #ffffff;\">Vous avez besoin de r\u00e9fl\u00e9chir \u00e0 votre projet digital avec une \u00e9quipe r\u00e9active et sympathique.<\/span><br \/>\n<span style=\"color: #ffffff;\">On discute ensemble ?<\/span><\/h4>\n<\/div>\n\t\t\t\t<\/div>\n\n\t\t\t\t\t\t\t\t\t<div class=\"qodef-button-wrapper qodef-call-to-action-column2 qodef-call-to-action-cell\" style =\"text-align: right ;\">\n\t\t\t\t\t\t<a itemprop=\"url\" href=\"http:\/\/www.ohmypress.fr\/contact\" target=\"_self\" style=\"color: #462F72;background-color: #ffffff;border-color: #ffffff\" class=\"qodef-btn qodef-btn-large qodef-btn-solid qodef-btn-custom-hover-bg qodef-btn-custom-border-hover qodef-btn-custom-hover-color qodef-btn-icon qodef-btn-hover-sweep\" data-hover-bg-color=\"#462F72\" data-hover-color=\"#ffffff\" data-hover-border-color=\"#ffffff\"  >    <span class=\"qodef-btn-text\">Prendre Rendez-vous<\/span>    <i class=\"qodef-icon-font-awesome fa fa-arrow-right qodef-button-icon\" ><\/i>            <span class=\"qodef-hover-background-holder\">\t    \t<span class=\"qodef-hover-background\"><\/span>    \t<\/span>    <\/a>\t\t\t\t\t<\/div>\n\t\t\t\t\t\t\t<\/div>\n\t\t\t\t<\/div>\n\t\t\t<\/div>\n<\/div><\/div><\/div><\/div><\/div>\n<\/div>","protected":false},"excerpt":{"rendered":"Reportage photos : bien plus qu\u2019un souvenir Chez OhMyCom, nous r\u00e9alisons des reportages photo \u00e9v\u00e9nementiels qui racontent ce qui s\u2019est r\u00e9ellement pass\u00e9 : l\u2019ambiance, les interactions, les \u00e9motions, les d\u00e9tails que l\u2019on ne voit pas toujours sur l\u2019instant. Des images sinc\u00e8res, \u00e9l\u00e9gantes et utiles, pens\u00e9es...","protected":false},"author":1,"featured_media":0,"parent":12653,"menu_order":0,"comment_status":"closed","ping_status":"closed","template":"full-width.php","meta":{"_acf_changed":false,"_monsterinsights_skip_tracking":false,"_monsterinsights_sitenote_active":false,"_monsterinsights_sitenote_note":"","_monsterinsights_sitenote_category":0,"_vp_format_video_url":"","_vp_image_focal_point":[],"footnotes":""},"categorie-page":[],"class_list":["post-13880","page","type-page","status-publish","hentry"],"acf":[],"yoast_head":"<!-- This site is optimized with the Yoast SEO plugin v27.4 - https:\/\/yoast.com\/product\/yoast-seo-wordpress\/ -->\n<title>Reportage photo \u00e9v\u00e9nementiel | Photographe \u2013 Oh My Com<\/title>\n<meta name=\"description\" content=\"Agence \u00e9v\u00e9nementielle sp\u00e9cialis\u00e9e en reportage photo \u00e9v\u00e9nementiel pour entreprises, marques et institutions \u00e0 Lyon et partout en France.\" \/>\n<meta name=\"robots\" content=\"index, follow, max-snippet:-1, max-image-preview:large, max-video-preview:-1\" \/>\n<link rel=\"canonical\" href=\"https:\/\/www.ohmycom.fr\/en\/evenementiel\/reportage-photos\/\" \/>\n<meta property=\"og:locale\" content=\"en_US\" \/>\n<meta property=\"og:type\" content=\"article\" \/>\n<meta property=\"og:title\" content=\"Reportage photo \u00e9v\u00e9nementiel | Photographe \u2013 Oh My Com\" \/>\n<meta property=\"og:description\" content=\"Agence \u00e9v\u00e9nementielle sp\u00e9cialis\u00e9e en reportage photo \u00e9v\u00e9nementiel pour entreprises, marques et institutions \u00e0 Lyon et partout en France.\" \/>\n<meta property=\"og:url\" content=\"https:\/\/www.ohmycom.fr\/en\/evenementiel\/reportage-photos\/\" \/>\n<meta property=\"og:site_name\" content=\"Oh My Com\" \/>\n<meta property=\"article:modified_time\" content=\"2026-03-30T20:54:14+00:00\" \/>\n<meta name=\"twitter:card\" content=\"summary_large_image\" \/>\n<meta name=\"twitter:label1\" content=\"Est. reading time\" \/>\n\t<meta name=\"twitter:data1\" content=\"9 minutes\" \/>\n<script type=\"application\/ld+json\" class=\"yoast-schema-graph\">{\"@context\":\"https:\\\/\\\/schema.org\",\"@graph\":[{\"@type\":\"WebPage\",\"@id\":\"https:\\\/\\\/www.ohmycom.fr\\\/evenementiel\\\/reportage-photos\\\/\",\"url\":\"https:\\\/\\\/www.ohmycom.fr\\\/evenementiel\\\/reportage-photos\\\/\",\"name\":\"Reportage photo \u00e9v\u00e9nementiel | Photographe \u2013 Oh My Com\",\"isPartOf\":{\"@id\":\"https:\\\/\\\/www.ohmycom.fr\\\/#website\"},\"datePublished\":\"2024-05-02T09:06:26+00:00\",\"dateModified\":\"2026-03-30T20:54:14+00:00\",\"description\":\"Agence \u00e9v\u00e9nementielle sp\u00e9cialis\u00e9e en reportage photo \u00e9v\u00e9nementiel pour entreprises, marques et institutions \u00e0 Lyon et partout en France.\",\"breadcrumb\":{\"@id\":\"https:\\\/\\\/www.ohmycom.fr\\\/evenementiel\\\/reportage-photos\\\/#breadcrumb\"},\"inLanguage\":\"en-US\",\"potentialAction\":[{\"@type\":\"ReadAction\",\"target\":[\"https:\\\/\\\/www.ohmycom.fr\\\/evenementiel\\\/reportage-photos\\\/\"]}]},{\"@type\":\"BreadcrumbList\",\"@id\":\"https:\\\/\\\/www.ohmycom.fr\\\/evenementiel\\\/reportage-photos\\\/#breadcrumb\",\"itemListElement\":[{\"@type\":\"ListItem\",\"position\":1,\"name\":\"Accueil\",\"item\":\"https:\\\/\\\/www.ohmycom.fr\\\/\"},{\"@type\":\"ListItem\",\"position\":2,\"name\":\"\u00c9v\u00e9nementiel\",\"item\":\"https:\\\/\\\/www.ohmycom.fr\\\/evenementiel\\\/\"},{\"@type\":\"ListItem\",\"position\":3,\"name\":\"Reportage Photos\"}]},{\"@type\":\"WebSite\",\"@id\":\"https:\\\/\\\/www.ohmycom.fr\\\/#website\",\"url\":\"https:\\\/\\\/www.ohmycom.fr\\\/\",\"name\":\"Oh My Com\",\"description\":\"Agence de communication - Lyon\",\"potentialAction\":[{\"@type\":\"SearchAction\",\"target\":{\"@type\":\"EntryPoint\",\"urlTemplate\":\"https:\\\/\\\/www.ohmycom.fr\\\/?s={search_term_string}\"},\"query-input\":{\"@type\":\"PropertyValueSpecification\",\"valueRequired\":true,\"valueName\":\"search_term_string\"}}],\"inLanguage\":\"en-US\"}]}<\/script>\n<!-- \/ Yoast SEO plugin. -->","yoast_head_json":{"title":"Reportage photo \u00e9v\u00e9nementiel | Photographe \u2013 Oh My Com","description":"Agence \u00e9v\u00e9nementielle sp\u00e9cialis\u00e9e en reportage photo \u00e9v\u00e9nementiel pour entreprises, marques et institutions \u00e0 Lyon et partout en France.","robots":{"index":"index","follow":"follow","max-snippet":"max-snippet:-1","max-image-preview":"max-image-preview:large","max-video-preview":"max-video-preview:-1"},"canonical":"https:\/\/www.ohmycom.fr\/en\/evenementiel\/reportage-photos\/","og_locale":"en_US","og_type":"article","og_title":"Reportage photo \u00e9v\u00e9nementiel | Photographe \u2013 Oh My Com","og_description":"Agence \u00e9v\u00e9nementielle sp\u00e9cialis\u00e9e en reportage photo \u00e9v\u00e9nementiel pour entreprises, marques et institutions \u00e0 Lyon et partout en France.","og_url":"https:\/\/www.ohmycom.fr\/en\/evenementiel\/reportage-photos\/","og_site_name":"Oh My Com","article_modified_time":"2026-03-30T20:54:14+00:00","twitter_card":"summary_large_image","twitter_misc":{"Est. reading time":"9 minutes"},"schema":{"@context":"https:\/\/schema.org","@graph":[{"@type":"WebPage","@id":"https:\/\/www.ohmycom.fr\/evenementiel\/reportage-photos\/","url":"https:\/\/www.ohmycom.fr\/evenementiel\/reportage-photos\/","name":"Reportage photo \u00e9v\u00e9nementiel | Photographe \u2013 Oh My Com","isPartOf":{"@id":"https:\/\/www.ohmycom.fr\/#website"},"datePublished":"2024-05-02T09:06:26+00:00","dateModified":"2026-03-30T20:54:14+00:00","description":"Agence \u00e9v\u00e9nementielle sp\u00e9cialis\u00e9e en reportage photo \u00e9v\u00e9nementiel pour entreprises, marques et institutions \u00e0 Lyon et partout en France.","breadcrumb":{"@id":"https:\/\/www.ohmycom.fr\/evenementiel\/reportage-photos\/#breadcrumb"},"inLanguage":"en-US","potentialAction":[{"@type":"ReadAction","target":["https:\/\/www.ohmycom.fr\/evenementiel\/reportage-photos\/"]}]},{"@type":"BreadcrumbList","@id":"https:\/\/www.ohmycom.fr\/evenementiel\/reportage-photos\/#breadcrumb","itemListElement":[{"@type":"ListItem","position":1,"name":"Accueil","item":"https:\/\/www.ohmycom.fr\/"},{"@type":"ListItem","position":2,"name":"\u00c9v\u00e9nementiel","item":"https:\/\/www.ohmycom.fr\/evenementiel\/"},{"@type":"ListItem","position":3,"name":"Reportage Photos"}]},{"@type":"WebSite","@id":"https:\/\/www.ohmycom.fr\/#website","url":"https:\/\/www.ohmycom.fr\/","name":"Oh My Com","description":"Agence de communication - Lyon","potentialAction":[{"@type":"SearchAction","target":{"@type":"EntryPoint","urlTemplate":"https:\/\/www.ohmycom.fr\/?s={search_term_string}"},"query-input":{"@type":"PropertyValueSpecification","valueRequired":true,"valueName":"search_term_string"}}],"inLanguage":"en-US"}]}},"_links":{"self":[{"href":"https:\/\/www.ohmycom.fr\/en\/wp-json\/wp\/v2\/pages\/13880","targetHints":{"allow":["GET"]}}],"collection":[{"href":"https:\/\/www.ohmycom.fr\/en\/wp-json\/wp\/v2\/pages"}],"about":[{"href":"https:\/\/www.ohmycom.fr\/en\/wp-json\/wp\/v2\/types\/page"}],"author":[{"embeddable":true,"href":"https:\/\/www.ohmycom.fr\/en\/wp-json\/wp\/v2\/users\/1"}],"replies":[{"embeddable":true,"href":"https:\/\/www.ohmycom.fr\/en\/wp-json\/wp\/v2\/comments?post=13880"}],"version-history":[{"count":19,"href":"https:\/\/www.ohmycom.fr\/en\/wp-json\/wp\/v2\/pages\/13880\/revisions"}],"predecessor-version":[{"id":17308,"href":"https:\/\/www.ohmycom.fr\/en\/wp-json\/wp\/v2\/pages\/13880\/revisions\/17308"}],"up":[{"embeddable":true,"href":"https:\/\/www.ohmycom.fr\/en\/wp-json\/wp\/v2\/pages\/12653"}],"wp:attachment":[{"href":"https:\/\/www.ohmycom.fr\/en\/wp-json\/wp\/v2\/media?parent=13880"}],"wp:term":[{"taxonomy":"categorie-page","embeddable":true,"href":"https:\/\/www.ohmycom.fr\/en\/wp-json\/wp\/v2\/categorie-page?post=13880"}],"curies":[{"name":"wp","href":"https:\/\/api.w.org\/{rel}","templated":true}]}}