{"id":13886,"date":"2024-05-02T11:16:06","date_gmt":"2024-05-02T09:16:06","guid":{"rendered":"https:\/\/ohmy.corp-id.fr\/?page_id=13886"},"modified":"2026-03-30T22:59:42","modified_gmt":"2026-03-30T20:59:42","slug":"film-publicitaire","status":"publish","type":"page","link":"https:\/\/www.ohmycom.fr\/en\/evenementiel\/film-publicitaire\/","title":{"rendered":"Captation vid\u00e9o"},"content":{"rendered":"<div class=\"wpb-content-wrapper\"><div data-qodef-parallax-speed=\"1\" class=\"vc_row wpb_row vc_row-fluid qodef-section vc_custom_1484658093003 qodef-content-aligment-left qodef-parallax-section-holder qodef-parallax-section-holder-touch-disabled qodef-grid-section\" style=\"background-image:url(https:\/\/www.ohmycom.fr\/wp-content\/uploads\/2016\/12\/our-services-bcg-image.jpg);\"><div class=\"clearfix qodef-section-inner\"><div class=\"qodef-section-inner-margin clearfix\"><div class=\"wpb_column vc_column_container vc_col-sm-12 vc_col-lg-12\"><div class=\"vc_column-inner\"><div class=\"wpb_wrapper\"><div data-qodef-parallax-speed=\"1\" class=\"vc_row wpb_row vc_inner vc_row-fluid qodef-section qodef-content-aligment-left\" style=\"\"><div class=\"qodef-full-section-inner\"><div class=\"wpb_column vc_column_container vc_col-sm-12 vc_col-lg-10 vc_col-md-12\"><div class=\"vc_column-inner\"><div class=\"wpb_wrapper\">\n\t<div class=\"wpb_text_column wpb_content_element\" >\n\t\t<div class=\"wpb_wrapper\">\n\t\t\t<h1><span style=\"color: #ffffff;\">Captation vid\u00e9o :\u00a0de l\u2019\u00e9motion \u00e0 vos \u00e9v\u00e9nements<\/span><\/h1>\n\n\t\t<\/div>\n\t<\/div>\n<\/div><\/div><\/div><\/div><\/div><div class=\"vc_empty_space\"   style=\"height: 19px\"><span class=\"vc_empty_space_inner\"><\/span><\/div><div class=\"qodef-svg-separator-holder qodef-svg-separator-large\">\n    <div class=\"qodef-svg-separator qodef-svg-frames-class\" data-svg-frames=\"15\" data-svg-drawing=\"yes\" >\n        <svg version=\"1.1\"  xmlns=\"http:\/\/www.w3.org\/2000\/svg\" xmlns:xlink=\"http:\/\/www.w3.org\/1999\/xlink\" x=\"0px\" y=\"0px\"\n            width=\"60px\" height=\"20px\" viewbox=\"0 0 60 20\" enable-background=\"new 0 0 60 20\" xml:space=\"preserve\">\n            <path fill=\"none\" stroke=\"#feea0e\" stroke-width=\"6\" stroke-linecap=\"round\" stroke-miterlimit=\"10\" d=\"M3.188,8.848 C20.521,3.89,38.313,16.66,56.813,9.473\"\/>\n        <\/svg>\n    <\/div>\n<\/div><div class=\"vc_empty_space\"   style=\"height: 20px\"><span class=\"vc_empty_space_inner\"><\/span><\/div><div data-qodef-parallax-speed=\"1\" class=\"vc_row wpb_row vc_inner vc_row-fluid qodef-section qodef-content-aligment-left\" style=\"\"><div class=\"qodef-full-section-inner\"><div class=\"wpb_column vc_column_container vc_col-sm-12 vc_col-lg-6 vc_col-md-10\"><div class=\"vc_column-inner\"><div class=\"wpb_wrapper\">\n<div class=\"qodef-custom-font-holder\" style=\"font-family: Catamaran;font-size: 21px;line-height: 28px;font-weight: 400;text-align: left;color: #ffffff\" data-font-size= \"21\" data-line-height= \"28\">\n    \n<p class=\"p1\" style=\"text-align: justify;\">Une vid\u00e9o ne se contente pas de montrer. Elle raconte, elle transmet, elle prolonge l\u2019exp\u00e9rience.<\/p>\n<p class=\"p1\" style=\"text-align: justify;\">Chez <span class=\"s1\"><b>OhMyCom<\/b><\/span>, nous concevons des <span class=\"s1\"><b>films publicitaires<\/b><\/span> et des <span class=\"s1\"><b>captations vid\u00e9o \u00e9v\u00e9nementielles<\/b><\/span> qui valorisent vos projets, captent l\u2019\u00e9motion du moment et donnent \u00e0 votre communication une vraie dimension durable.<\/p>\n    <\/div><\/div><\/div><\/div><\/div><\/div><\/div><\/div><\/div><\/div><\/div><\/div><div class=\"vc_row wpb_row vc_row-fluid qodef-section vc_custom_1483027335374 qodef-content-aligment-left qodef-grid-section\" style=\"\"><div class=\"clearfix qodef-section-inner\"><div class=\"qodef-section-inner-margin clearfix\"><div class=\"wpb_column vc_column_container vc_col-sm-12 vc_col-lg-4 vc_col-md-8\"><div class=\"vc_column-inner\"><div class=\"wpb_wrapper\">\n\t<div class=\"wpb_text_column wpb_content_element\" >\n\t\t<div class=\"wpb_wrapper\">\n\t\t\t<h3>La vid\u00e9o, un levier puissant<\/h3>\n<h3>pour votre communication<\/h3>\n\n\t\t<\/div>\n\t<\/div>\n<div class=\"vc_empty_space\"   style=\"height: 13px\"><span class=\"vc_empty_space_inner\"><\/span><\/div><div class=\"qodef-svg-separator-holder qodef-svg-separator-small\">\n    <div class=\"qodef-svg-separator qodef-svg-frames-class\" data-svg-frames=\"15\" data-svg-drawing=\"yes\" >\n        <svg version=\"1.1\"  xmlns=\"http:\/\/www.w3.org\/2000\/svg\" xmlns:xlink=\"http:\/\/www.w3.org\/1999\/xlink\" x=\"0px\" y=\"0px\"\n            width=\"60px\" height=\"20px\" viewbox=\"0 0 60 20\" enable-background=\"new 0 0 60 20\" xml:space=\"preserve\">\n            <path fill=\"none\" stroke=\"#feea0e\" stroke-width=\"6\" stroke-linecap=\"round\" stroke-miterlimit=\"10\" d=\"M3.188,8.848 C20.521,3.89,38.313,16.66,56.813,9.473\"\/>\n        <\/svg>\n    <\/div>\n<\/div><div class=\"vc_empty_space\"   style=\"height: 10px\"><span class=\"vc_empty_space_inner\"><\/span><\/div>\n\t<div class=\"wpb_text_column wpb_content_element\" >\n\t\t<div class=\"wpb_wrapper\">\n\t\t\t<p class=\"p1\" style=\"text-align: justify;\">Qu\u2019il s\u2019agisse d\u2019un lancement de produit, d\u2019un <strong>\u00e9v\u00e9nement d\u2019entreprise<\/strong>, d\u2019une inauguration, d\u2019un salon, d\u2019une conf\u00e9rence ou d\u2019une activation de marque, la vid\u00e9o permet de <strong>valoriser votre image<\/strong>, renforcer votre notori\u00e9t\u00e9, <strong>cr\u00e9er de l\u2019engagement<\/strong>, alimenter vos <strong>supports de communication<\/strong> (<a href=\"http:\/\/www.ohmycom.fr\/en\/digital\/creation-site-web-vitrine\/\">site web<\/a>, <a href=\"http:\/\/www.ohmycom.fr\/en\/digital\/community-management\/\">r\u00e9seaux sociaux<\/a>, <a href=\"http:\/\/www.ohmycom.fr\/en\/medias\/relations-presse\/\">Relations Presse<\/a>) et de prolonger l\u2019impact de vos <a href=\"http:\/\/www.ohmyevent.fr\" target=\"_blank\" rel=\"noopener\">\u00e9v\u00e9nements<\/a> dans le temps<\/p>\n<p class=\"p1\" style=\"text-align: justify;\">Un bon film ne s\u2019improvise pas. Il se pense, s\u2019\u00e9crit, se tourne et se monte avec exigence.<\/p>\n\n\t\t<\/div>\n\t<\/div>\n<div class=\"vc_empty_space\"   style=\"height: 20px\"><span class=\"vc_empty_space_inner\"><\/span><\/div><\/div><\/div><\/div><div class=\"wpb_column vc_column_container vc_col-sm-12 vc_col-lg-4 vc_col-md-6\"><div class=\"vc_column-inner\"><div class=\"wpb_wrapper\"><div class=\"vc_empty_space\"   style=\"height: 5px\"><span class=\"vc_empty_space_inner\"><\/span><\/div><div data-qodef-parallax-speed=\"1\" class=\"vc_row wpb_row vc_inner vc_row-fluid qodef-section qodef-content-aligment-left\" style=\"\"><div class=\"qodef-full-section-inner\"><div class=\"qodef-row-animations-holder qodef-element-from-fade\" data-animation=\"qodef-element-from-fade\"><div style=\"transition-delay: 0ms;-webkit-animation-delay: 0ms;animation-delay: 0ms\"><div class=\"wpb_column vc_column_container vc_col-sm-12\"><div class=\"vc_column-inner\"><div class=\"wpb_wrapper\">\n\t<div  class=\"wpb_single_image wpb_content_element vc_align_left wpb_content_element\">\n\t\t\n\t\t<figure class=\"wpb_wrapper vc_figure\">\n\t\t\t<div class=\"vc_single_image-wrapper   vc_box_border_grey\"><img loading=\"lazy\" decoding=\"async\" width=\"640\" height=\"426\" src=\"https:\/\/www.ohmycom.fr\/wp-content\/uploads\/2026\/01\/film-publicitaire-ohmycom-2.jpg\" class=\"vc_single_image-img attachment-full\" alt=\"\" title=\"film-publicitaire-ohmycom-2\" srcset=\"https:\/\/www.ohmycom.fr\/wp-content\/uploads\/2026\/01\/film-publicitaire-ohmycom-2.jpg 640w, https:\/\/www.ohmycom.fr\/wp-content\/uploads\/2026\/01\/film-publicitaire-ohmycom-2-300x200.jpg 300w, https:\/\/www.ohmycom.fr\/wp-content\/uploads\/2026\/01\/film-publicitaire-ohmycom-2-18x12.jpg 18w, https:\/\/www.ohmycom.fr\/wp-content\/uploads\/2026\/01\/film-publicitaire-ohmycom-2-500x333.jpg 500w\" sizes=\"auto, (max-width: 640px) 100vw, 640px\" \/><\/div>\n\t\t<\/figure>\n\t<\/div>\n<\/div><\/div><\/div><\/div><\/div><\/div><\/div><div class=\"vc_empty_space\"   style=\"height: 27px\"><span class=\"vc_empty_space_inner\"><\/span><\/div><\/div><\/div><\/div><div class=\"wpb_column vc_column_container vc_col-sm-12 vc_col-lg-4 vc_col-md-6\"><div class=\"vc_column-inner\"><div class=\"wpb_wrapper\"><div class=\"vc_empty_space\"   style=\"height: 5px\"><span class=\"vc_empty_space_inner\"><\/span><\/div><div data-qodef-parallax-speed=\"1\" class=\"vc_row wpb_row vc_inner vc_row-fluid qodef-section qodef-content-aligment-left\" style=\"\"><div class=\"qodef-full-section-inner\"><div class=\"qodef-row-animations-holder qodef-element-from-fade\" data-animation=\"qodef-element-from-fade\"><div style=\"transition-delay: 200ms;-webkit-animation-delay: 200ms;animation-delay: 200ms\"><div class=\"wpb_column vc_column_container vc_col-sm-12\"><div class=\"vc_column-inner\"><div class=\"wpb_wrapper\">\n\t<div  class=\"wpb_single_image wpb_content_element vc_align_left wpb_content_element\">\n\t\t\n\t\t<figure class=\"wpb_wrapper vc_figure\">\n\t\t\t<div class=\"vc_single_image-wrapper   vc_box_border_grey\"><img loading=\"lazy\" decoding=\"async\" width=\"640\" height=\"426\" src=\"https:\/\/www.ohmycom.fr\/wp-content\/uploads\/2026\/01\/film-publicitaire-ohmycom-4.jpg\" class=\"vc_single_image-img attachment-full\" alt=\"\" title=\"film-publicitaire-ohmycom-4\" srcset=\"https:\/\/www.ohmycom.fr\/wp-content\/uploads\/2026\/01\/film-publicitaire-ohmycom-4.jpg 640w, https:\/\/www.ohmycom.fr\/wp-content\/uploads\/2026\/01\/film-publicitaire-ohmycom-4-300x200.jpg 300w, https:\/\/www.ohmycom.fr\/wp-content\/uploads\/2026\/01\/film-publicitaire-ohmycom-4-18x12.jpg 18w, https:\/\/www.ohmycom.fr\/wp-content\/uploads\/2026\/01\/film-publicitaire-ohmycom-4-500x333.jpg 500w\" sizes=\"auto, (max-width: 640px) 100vw, 640px\" \/><\/div>\n\t\t<\/figure>\n\t<\/div>\n<\/div><\/div><\/div><\/div><\/div><\/div><\/div><div class=\"vc_empty_space\"   style=\"height: 27px\"><span class=\"vc_empty_space_inner\"><\/span><\/div><\/div><\/div><\/div><\/div><\/div><\/div><div class=\"vc_row wpb_row vc_row-fluid qodef-section vc_custom_1766918582694 qodef-content-aligment-left qodef-grid-section\" style=\"\"><div class=\"clearfix qodef-section-inner\"><div class=\"qodef-section-inner-margin clearfix\"><div class=\"wpb_column vc_column_container vc_col-sm-3\"><div class=\"vc_column-inner\"><div class=\"wpb_wrapper\"><div class=\"qodef-numbered-process-holder clearfix qodef-numbered-process-text-left\">\n\n\t\t<div class=\"qodef-numbered-process-number\" >\n\t\t\t01\t\t<\/div>\n        <div class=\"qodef-numbered-process-subtitle-holder\" style=\"color: #462F72\">\n            \u00c9tape 1        <\/div>\n        <div class=\"qodef-numbered-process-title-holder\">\n            <h3>\n                \u00c9criture &amp; conception            <\/h3>\n\t\t<\/div>\n\t\t<div class=\"qodef-numbered-process-text-holder\">\n\t\t\t<p >Nous vous accompagnons d\u00e8s la phase amont : d\u00e9finition des objectifs, \u00e9criture du sc\u00e9nario, angle narratif, ton, dur\u00e9e et formats de diffusion. Chaque film est pens\u00e9 pour son usage final.<\/p>\n\t\t<\/div>\n\t\t<div class=\"qodef-numbered-process-link-holder\">\n\t\t    \t<\/div>\n\n<\/div><div class=\"vc_empty_space\"   style=\"height: 55px\"><span class=\"vc_empty_space_inner\"><\/span><\/div><\/div><\/div><\/div><div class=\"wpb_column vc_column_container vc_col-sm-3\"><div class=\"vc_column-inner\"><div class=\"wpb_wrapper\"><div class=\"qodef-numbered-process-holder clearfix qodef-numbered-process-text-left\">\n\n\t\t<div class=\"qodef-numbered-process-number\" >\n\t\t\t02\t\t<\/div>\n        <div class=\"qodef-numbered-process-subtitle-holder\" style=\"color: #462F72\">\n            \u00c9tape 2        <\/div>\n        <div class=\"qodef-numbered-process-title-holder\">\n            <h3>\n                On cr\u00e9e des campagnes efficaces            <\/h3>\n\t\t<\/div>\n\t\t<div class=\"qodef-numbered-process-text-holder\">\n\t\t\t<p >R\u00e9daction des annonces, structuration des groupes, choix des formats et des extensions : chaque campagne est con\u00e7ue pour capter l\u2019attention et inciter \u00e0 l\u2019action.<\/p>\n\t\t<\/div>\n\t\t<div class=\"qodef-numbered-process-link-holder\">\n\t\t    \t<\/div>\n\n<\/div><div class=\"vc_empty_space\"   style=\"height: 55px\"><span class=\"vc_empty_space_inner\"><\/span><\/div><\/div><\/div><\/div><div class=\"wpb_column vc_column_container vc_col-sm-3\"><div class=\"vc_column-inner\"><div class=\"wpb_wrapper\"><div class=\"qodef-numbered-process-holder clearfix qodef-numbered-process-text-left\">\n\n\t\t<div class=\"qodef-numbered-process-number\" >\n\t\t\t03\t\t<\/div>\n        <div class=\"qodef-numbered-process-subtitle-holder\" style=\"color: #462F72\">\n            \u00c9tape 3        <\/div>\n        <div class=\"qodef-numbered-process-title-holder\">\n            <h3>\n                On pilote les performances            <\/h3>\n\t\t<\/div>\n\t\t<div class=\"qodef-numbered-process-text-holder\">\n\t\t\t<p >Nous suivons les indicateurs cl\u00e9s (clics, co\u00fbts, conversions) pour optimiser les ench\u00e8res, les messages et les audiences en continu.<\/p>\n\t\t<\/div>\n\t\t<div class=\"qodef-numbered-process-link-holder\">\n\t\t    \t<\/div>\n\n<\/div><div class=\"vc_empty_space\"   style=\"height: 55px\"><span class=\"vc_empty_space_inner\"><\/span><\/div><\/div><\/div><\/div><div class=\"wpb_column vc_column_container vc_col-sm-3\"><div class=\"vc_column-inner\"><div class=\"wpb_wrapper\"><div class=\"qodef-numbered-process-holder clearfix qodef-numbered-process-text-left\">\n\n\t\t<div class=\"qodef-numbered-process-number\" >\n\t\t\t04\t\t<\/div>\n        <div class=\"qodef-numbered-process-subtitle-holder\" style=\"color: #462F72\">\n            \u00c9tape 4        <\/div>\n        <div class=\"qodef-numbered-process-title-holder\">\n            <h3>\n                On optimise et ajuste dans le temps            <\/h3>\n\t\t<\/div>\n\t\t<div class=\"qodef-numbered-process-text-holder\">\n\t\t\t<p >Les comportements \u00e9voluent, les march\u00e9s aussi. Nous ajustons les campagnes pour am\u00e9liorer les r\u00e9sultats et maximiser le retour sur investissement.<\/p>\n\t\t<\/div>\n\t\t<div class=\"qodef-numbered-process-link-holder\">\n\t\t    \t<\/div>\n\n<\/div><div class=\"vc_empty_space\"   style=\"height: 55px\"><span class=\"vc_empty_space_inner\"><\/span><\/div><\/div><\/div><\/div><\/div><\/div><\/div><div class=\"vc_row wpb_row vc_row-fluid qodef-section vc_custom_1708803363396 qodef-content-aligment-left qodef-grid-section\" style=\"\"><div class=\"clearfix qodef-section-inner\"><div class=\"qodef-section-inner-margin clearfix\"><div class=\"wpb_column vc_column_container vc_col-sm-12\"><div class=\"vc_column-inner\"><div class=\"wpb_wrapper\"><div class=\"qodef-image-gallery\" style=\"height: 400px\">\n\t<div class=\"qodef-image-gallery-slider\" data-autoplay=\"5\" data-navigation=\"yes\" data-pagination=\"yes\">\n\t\t\t\t\t\t<a itemprop=\"image\" href=\"\" title=\"Photographer video recording activity, Video cameras is recordin\" target=\"_self\">\n\t\t\t\n\t\t\t\n\t\t\t\t<img decoding=\"async\" class=\"qodef-image-gallery-defined-height\" style=\"height: 400px\" src=\"https:\/\/www.ohmycom.fr\/wp-content\/uploads\/2024\/05\/film-publicitaire-ohmyevent-3.jpeg\" alt=\"Photographer video recording activity, Video cameras is recordin\" \/>\n\n\t\t\t\n\t\t\t<\/a>\n\n\t\t\t\t\t\t<a itemprop=\"image\" href=\"\" title=\"Photographer video recording activity, Video cameras is recordin\" target=\"_self\">\n\t\t\t\n\t\t\t\n\t\t\t\t<img decoding=\"async\" class=\"qodef-image-gallery-defined-height\" style=\"height: 400px\" src=\"https:\/\/www.ohmycom.fr\/wp-content\/uploads\/2024\/05\/film-publicitaire-ohmyevent.jpeg\" alt=\"Photographer video recording activity, Video cameras is recordin\" \/>\n\n\t\t\t\n\t\t\t<\/a>\n\n\t\t\t\t\t\t<a itemprop=\"image\" href=\"\" title=\"Photographers video recording activity, Video cameras is recordi\" target=\"_self\">\n\t\t\t\n\t\t\t\n\t\t\t\t<img decoding=\"async\" class=\"qodef-image-gallery-defined-height\" style=\"height: 400px\" src=\"https:\/\/www.ohmycom.fr\/wp-content\/uploads\/2024\/05\/film-publicitaire-ohmyevent-2.jpeg\" alt=\"Photographers video recording activity, Video cameras is recordi\" \/>\n\n\t\t\t\n\t\t\t<\/a>\n\n\t\t\t<\/div>\n<\/div><\/div><\/div><\/div><\/div><\/div><\/div><div class=\"vc_row wpb_row vc_row-fluid qodef-section qodef-content-aligment-center qodef-grid-section\" style=\"\"><div class=\"clearfix qodef-section-inner\"><div class=\"qodef-section-inner-margin clearfix\"><div class=\"wpb_column vc_column_container vc_col-sm-2\"><div class=\"vc_column-inner\"><div class=\"wpb_wrapper\">\n    <span class=\"qodef-icon-shortcode normal qodef-icon-large\"  >\n        \n        <i class=\"qodef-icon-linea-icon icon-basic-elaboration-smartphone-search qodef-icon-element\" style=\"\" ><\/i>\n            <\/span>\n\n\n\t<div class=\"wpb_text_column wpb_content_element\" >\n\t\t<div class=\"wpb_wrapper\">\n\t\t\t<p class=\"p1\" style=\"text-align: center;\">Valoriser votre <b>image de marque<\/b><\/p>\n\n\t\t<\/div>\n\t<\/div>\n<\/div><\/div><\/div><div class=\"wpb_column vc_column_container vc_col-sm-2\"><div class=\"vc_column-inner\"><div class=\"wpb_wrapper\">\n    <span class=\"qodef-icon-shortcode normal qodef-icon-large\"  >\n        \n        <i class=\"qodef-icon-linea-icon icon-basic-elaboration-smartphone-heart qodef-icon-element\" style=\"\" ><\/i>\n            <\/span>\n\n\n\t<div class=\"wpb_text_column wpb_content_element\" >\n\t\t<div class=\"wpb_wrapper\">\n\t\t\t<p class=\"p1\" style=\"text-align: center;\">Cr\u00e9er de <b>l\u2019\u00e9motion <\/b>et marquer les <b>esprits<\/b><\/p>\n\n\t\t<\/div>\n\t<\/div>\n<\/div><\/div><\/div><div class=\"wpb_column vc_column_container vc_col-sm-2\"><div class=\"vc_column-inner\"><div class=\"wpb_wrapper\">\n    <span class=\"qodef-icon-shortcode normal qodef-icon-large\"  >\n        \n        <i class=\"qodef-icon-linea-icon icon-basic-elaboration-tablet-heart qodef-icon-element\" style=\"\" ><\/i>\n            <\/span>\n\n\n\t<div class=\"wpb_text_column wpb_content_element\" >\n\t\t<div class=\"wpb_wrapper\">\n\t\t\t<p class=\"p1\" style=\"text-align: center;\">Donner de la <b>visibilit\u00e9<\/b> \u00e0 vos <b>\u00e9v\u00e9nements<\/b><\/p>\n\n\t\t<\/div>\n\t<\/div>\n<\/div><\/div><\/div><div class=\"wpb_column vc_column_container vc_col-sm-2\"><div class=\"vc_column-inner\"><div class=\"wpb_wrapper\">\n    <span class=\"qodef-icon-shortcode normal qodef-icon-large\"  >\n        \n        <i class=\"qodef-icon-linea-icon icon-basic-heart qodef-icon-element\" style=\"\" ><\/i>\n            <\/span>\n\n\n\t<div class=\"wpb_text_column wpb_content_element\" >\n\t\t<div class=\"wpb_wrapper\">\n\t\t\t<div class=\"col-12 col-lg-2\">\n<div class=\"el-points-forts__loop__item\">\n<p class=\"p1\" style=\"text-align: center;\">Prolonger <b>l\u2019impact <\/b>dans le temps<\/p>\n<\/div>\n<\/div>\n\n\t\t<\/div>\n\t<\/div>\n<\/div><\/div><\/div><div class=\"wpb_column vc_column_container vc_col-sm-2\"><div class=\"vc_column-inner\"><div class=\"wpb_wrapper\">\n    <span class=\"qodef-icon-shortcode normal qodef-icon-large\"  >\n        \n        <i class=\"qodef-icon-linea-icon icon-basic-star qodef-icon-element\" style=\"\" ><\/i>\n            <\/span>\n\n\n\t<div class=\"wpb_text_column wpb_content_element\" >\n\t\t<div class=\"wpb_wrapper\">\n\t\t\t<p class=\"p1\" style=\"text-align: center;\">G\u00e9n\u00e9rer de <b>l\u2019engagement<\/b> sur vos supports<\/p>\n\n\t\t<\/div>\n\t<\/div>\n<\/div><\/div><\/div><div class=\"wpb_column vc_column_container vc_col-sm-2\"><div class=\"vc_column-inner\"><div class=\"wpb_wrapper\">\n    <span class=\"qodef-icon-shortcode normal qodef-icon-large\"  >\n        \n        <i class=\"qodef-icon-linea-icon icon-ecommerce-sales qodef-icon-element\" style=\"\" ><\/i>\n            <\/span>\n\n\n\t<div class=\"wpb_text_column wpb_content_element\" >\n\t\t<div class=\"wpb_wrapper\">\n\t\t\t<p class=\"p1\" style=\"text-align: center;\">Cr\u00e9er un outil de<b> communication durable<\/b><\/p>\n\n\t\t<\/div>\n\t<\/div>\n<\/div><\/div><\/div><\/div><\/div><\/div><div class=\"vc_row wpb_row vc_row-fluid qodef-section qodef-content-aligment-left qodef-grid-section\" style=\"\"><div class=\"clearfix qodef-section-inner\"><div class=\"qodef-section-inner-margin clearfix\"><div class=\"wpb_column vc_column_container vc_col-sm-12\"><div class=\"vc_column-inner\"><div class=\"wpb_wrapper\"><div class=\"qodef-separator-holder clearfix  qodef-separator-center\">\n\t<div class=\"qodef-separator\" style=\"border-color: #b5b5b5;border-style: dashed;width: 100%;border-bottom-width: 1px\"><\/div>\n<\/div>\n<div class=\"vc_empty_space\"   style=\"height: 30px\"><span class=\"vc_empty_space_inner\"><\/span><\/div><\/div><\/div><\/div><\/div><\/div><\/div><div class=\"vc_row wpb_row vc_row-fluid qodef-section vc_custom_1767479089300 qodef-content-aligment-left qodef-grid-section\" style=\"\"><div class=\"clearfix qodef-section-inner\"><div class=\"qodef-section-inner-margin clearfix\"><div class=\"wpb_column vc_column_container vc_col-sm-12 vc_col-lg-4 vc_col-md-4\"><div class=\"vc_column-inner\"><div class=\"wpb_wrapper\">\n\t<div class=\"wpb_text_column wpb_content_element\" >\n\t\t<div class=\"wpb_wrapper\">\n\t\t\t<h3>De l\u2019id\u00e9e au film final :<\/h3>\n<h3>raconter votre histoire en images<\/h3>\n\n\t\t<\/div>\n\t<\/div>\n<div class=\"vc_empty_space\"   style=\"height: 13px\"><span class=\"vc_empty_space_inner\"><\/span><\/div><div class=\"qodef-svg-separator-holder qodef-svg-separator-small\">\n    <div class=\"qodef-svg-separator qodef-svg-frames-class\" data-svg-frames=\"15\" data-svg-drawing=\"yes\" >\n        <svg version=\"1.1\"  xmlns=\"http:\/\/www.w3.org\/2000\/svg\" xmlns:xlink=\"http:\/\/www.w3.org\/1999\/xlink\" x=\"0px\" y=\"0px\"\n            width=\"60px\" height=\"20px\" viewbox=\"0 0 60 20\" enable-background=\"new 0 0 60 20\" xml:space=\"preserve\">\n            <path fill=\"none\" stroke=\"#feea0e\" stroke-width=\"6\" stroke-linecap=\"round\" stroke-miterlimit=\"10\" d=\"M3.188,8.848 C20.521,3.89,38.313,16.66,56.813,9.473\"\/>\n        <\/svg>\n    <\/div>\n<\/div><div class=\"vc_empty_space\"   style=\"height: 10px\"><span class=\"vc_empty_space_inner\"><\/span><\/div>\n\t<div class=\"wpb_text_column wpb_content_element\" >\n\t\t<div class=\"wpb_wrapper\">\n\t\t\t<p class=\"p1\" style=\"text-align: justify;\">Chaque projet vid\u00e9o commence par une question simple : <b>qu\u2019avez-vous envie de faire ressentir ?<\/b><b><\/b><\/p>\n<p class=\"p1\" style=\"text-align: justify;\">Nous construisons des films sur mesure, fid\u00e8les \u00e0 votre univers, \u00e0 vos valeurs et \u00e0 vos objectifs. Notre r\u00f4le n\u2019est pas seulement de filmer, mais de <span class=\"s1\"><b>mettre en sc\u00e8ne votre message<\/b><\/span> avec justesse, rythme et coh\u00e9rence.<\/p>\n<p style=\"text-align: justify;\">Enfin, notre objectif est simple : maximiser l\u2019impact de votre vid\u00e9o et en faire un v\u00e9ritable<strong> levier de visibilit\u00e9<\/strong> et d\u2019engagement.<\/p>\n\n\t\t<\/div>\n\t<\/div>\n<div class=\"vc_empty_space\"   style=\"height: 20px\"><span class=\"vc_empty_space_inner\"><\/span><\/div><\/div><\/div><\/div><div class=\"wpb_column vc_column_container vc_col-sm-12 vc_col-lg-4 vc_col-md-4\"><div class=\"vc_column-inner\"><div class=\"wpb_wrapper\"><div class=\"vc_empty_space\"   style=\"height: 5px\"><span class=\"vc_empty_space_inner\"><\/span><\/div><div class=\"qodef-iwt clearfix qodef-iwt-icon-left qodef-iwt-icon-tiny\"  >\n    <div class=\"qodef-iwt-icon-holder\">\n                    \n    <span class=\"qodef-icon-shortcode normal\"  data-color=\"#8d8d8d\">\n        \n        <span aria-hidden=\"true\" class=\"qodef-icon-font-elegant icon_lightbulb qodef-icon-element\" style=\"color: #8d8d8d;font-size:23px\" ><\/span>\n            <\/span>\n\n            <\/div>\n    <div class=\"qodef-iwt-content-holder\" style=\"padding-left: 48px\">\n                <div class=\"qodef-iwt-title-holder\">\n            <h5 >\n                \u00c9criture &amp; conception            <\/h5>\n        <\/div>\n                        <div class=\"qodef-iwt-text-holder\">\n            <p >Nous vous accompagnons d\u00e8s la phase amont : d\u00e9finition des objectifs, \u00e9criture du sc\u00e9nario, angle narratif, ton, dur\u00e9e et formats de diffusion. Chaque film est pens\u00e9 pour son usage final.<\/p>\n\n                    <\/div>\n    <\/div>\n<\/div><div class=\"vc_empty_space\"   style=\"height: 53px\"><span class=\"vc_empty_space_inner\"><\/span><\/div><div class=\"qodef-iwt clearfix qodef-iwt-icon-left qodef-iwt-icon-tiny\"  >\n    <div class=\"qodef-iwt-icon-holder\">\n                    \n    <span class=\"qodef-icon-shortcode normal\"  data-color=\"#8d8d8d\">\n        \n        <span aria-hidden=\"true\" class=\"qodef-icon-font-elegant icon_pencil-edit qodef-icon-element\" style=\"color: #8d8d8d;font-size:25px\" ><\/span>\n            <\/span>\n\n            <\/div>\n    <div class=\"qodef-iwt-content-holder\" style=\"padding-left: 48px\">\n                <div class=\"qodef-iwt-title-holder\">\n            <h5 >\n                Pr\u00e9paration du tournage            <\/h5>\n        <\/div>\n                        <div class=\"qodef-iwt-text-holder\">\n            <p >Rep\u00e9rages, planning, choix des angles, gestion technique et logistique : tout est anticip\u00e9 pour garantir un tournage fluide et efficace, le jour J.<\/p>\n\n                    <\/div>\n    <\/div>\n<\/div><div class=\"vc_empty_space\"   style=\"height: 53px\"><span class=\"vc_empty_space_inner\"><\/span><\/div><div class=\"qodef-iwt clearfix qodef-iwt-icon-left qodef-iwt-icon-tiny\"  >\n    <div class=\"qodef-iwt-icon-holder\">\n                    \n    <span class=\"qodef-icon-shortcode normal\"  data-color=\"#8d8d8d\">\n        \n        <span aria-hidden=\"true\" class=\"qodef-icon-font-elegant icon_group qodef-icon-element\" style=\"color: #8d8d8d;font-size:25px\" ><\/span>\n            <\/span>\n\n            <\/div>\n    <div class=\"qodef-iwt-content-holder\" style=\"padding-left: 48px\">\n                <div class=\"qodef-iwt-title-holder\">\n            <h5 >\n                Tournage &amp; captation            <\/h5>\n        <\/div>\n                        <div class=\"qodef-iwt-text-holder\">\n            <p >Nos \u00e9quipes assurent la captation vid\u00e9o de vos \u00e9v\u00e9nements avec du mat\u00e9riel professionnel : cam\u00e9ras, stabilisation, prise de son, lumi\u00e8re. Nous savons nous faire discrets pour capter l\u2019authenticit\u00e9 des moments forts.<\/p>\n\n                    <\/div>\n    <\/div>\n<\/div><div class=\"vc_empty_space\"   style=\"height: 53px\"><span class=\"vc_empty_space_inner\"><\/span><\/div><\/div><\/div><\/div><div class=\"wpb_column vc_column_container vc_col-sm-12 vc_col-lg-4 vc_col-md-4\"><div class=\"vc_column-inner\"><div class=\"wpb_wrapper\"><div class=\"vc_empty_space\"   style=\"height: 5px\"><span class=\"vc_empty_space_inner\"><\/span><\/div><div class=\"qodef-iwt clearfix qodef-iwt-icon-left qodef-iwt-icon-tiny\"  >\n    <div class=\"qodef-iwt-icon-holder\">\n                    \n    <span class=\"qodef-icon-shortcode normal\"  data-color=\"#8d8d8d\">\n        \n        <span aria-hidden=\"true\" class=\"qodef-icon-font-elegant icon_genius qodef-icon-element\" style=\"color: #8d8d8d;font-size:26px\" ><\/span>\n            <\/span>\n\n            <\/div>\n    <div class=\"qodef-iwt-content-holder\" style=\"padding-left: 48px\">\n                <div class=\"qodef-iwt-title-holder\">\n            <h5 >\n                Montage &amp; post-production            <\/h5>\n        <\/div>\n                        <div class=\"qodef-iwt-text-holder\">\n            <p >Le montage donne vie au film. Rythme, musique, habillage graphique, titrages, \u00e9talonnage\u2026 chaque d\u00e9tail est travaill\u00e9 pour sublimer les images et renforcer l\u2019impact du message.<\/p>\n\n                    <\/div>\n    <\/div>\n<\/div><div class=\"vc_empty_space\"   style=\"height: 53px\"><span class=\"vc_empty_space_inner\"><\/span><\/div><div class=\"qodef-iwt clearfix qodef-iwt-icon-left qodef-iwt-icon-tiny\"  >\n    <div class=\"qodef-iwt-icon-holder\">\n                    \n    <span class=\"qodef-icon-shortcode normal\"  data-color=\"#8d8d8d\">\n        \n        <span aria-hidden=\"true\" class=\"qodef-icon-font-elegant icon_chat qodef-icon-element\" style=\"color: #8d8d8d;font-size:27px\" ><\/span>\n            <\/span>\n\n            <\/div>\n    <div class=\"qodef-iwt-content-holder\" style=\"padding-left: 48px\">\n                <div class=\"qodef-iwt-title-holder\">\n            <h5 >\n                Diffusion &amp; d\u00e9clinaisons            <\/h5>\n        <\/div>\n                        <div class=\"qodef-iwt-text-holder\">\n            <p >Nous adaptons vos vid\u00e9os aux diff\u00e9rents supports : site internet, r\u00e9seaux sociaux, \u00e9crans, pr\u00e9sentations, relations presse. Un m\u00eame tournage peut nourrir plusieurs formats.<\/p>\n\n                    <\/div>\n    <\/div>\n<\/div><div class=\"vc_empty_space\"   style=\"height: 53px\"><span class=\"vc_empty_space_inner\"><\/span><\/div><div class=\"qodef-iwt clearfix qodef-iwt-icon-left qodef-iwt-icon-tiny\"  >\n    <div class=\"qodef-iwt-icon-holder\">\n                    \n    <span class=\"qodef-icon-shortcode normal\"  data-color=\"#8d8d8d\">\n        \n        <span aria-hidden=\"true\" class=\"qodef-icon-font-elegant icon_printer qodef-icon-element\" style=\"color: #8d8d8d;font-size:23px\" ><\/span>\n            <\/span>\n\n            <\/div>\n    <div class=\"qodef-iwt-content-holder\" style=\"padding-left: 48px\">\n                <div class=\"qodef-iwt-title-holder\">\n            <h5 >\n                Analyse, valorisation et performance            <\/h5>\n        <\/div>\n                        <div class=\"qodef-iwt-text-holder\">\n            <p >Une fois le film livr\u00e9, nous vous accompagnons dans son exploitation : conseils de diffusion, d\u00e9clinaisons des formats, int\u00e9gration dans votre communication globale et analyse des retours.<\/p>\n\n                    <\/div>\n    <\/div>\n<\/div><div class=\"vc_empty_space\"   style=\"height: 53px\"><span class=\"vc_empty_space_inner\"><\/span><\/div><\/div><\/div><\/div><\/div><\/div><\/div><div data-qodef-parallax-speed=\"1\" class=\"vc_row wpb_row vc_row-fluid qodef-section vc_custom_1767466553520 qodef-content-aligment-center qodef-parallax-section-holder qodef-parallax-section-holder-touch-disabled qodef-grid-section\" style=\"background-image:url(https:\/\/www.ohmycom.fr\/wp-content\/uploads\/2016\/12\/parallax.jpg);\"><div class=\"clearfix qodef-section-inner\"><div class=\"qodef-section-inner-margin clearfix\"><div class=\"wpb_column vc_column_container vc_col-sm-12 vc_col-lg-offset-1 vc_col-lg-10\"><div class=\"vc_column-inner vc_custom_1482852262038\"><div class=\"wpb_wrapper\"><div class=\"qodef-svg-separator-holder qodef-svg-separator-small\">\n    <div class=\"qodef-svg-separator qodef-svg-frames-class\" data-svg-frames=\"15\" data-svg-drawing=\"yes\" >\n        <svg version=\"1.1\"  xmlns=\"http:\/\/www.w3.org\/2000\/svg\" xmlns:xlink=\"http:\/\/www.w3.org\/1999\/xlink\" x=\"0px\" y=\"0px\"\n            width=\"60px\" height=\"20px\" viewbox=\"0 0 60 20\" enable-background=\"new 0 0 60 20\" xml:space=\"preserve\">\n            <path fill=\"none\" stroke=\"#feea0e\" stroke-width=\"6\" stroke-linecap=\"round\" stroke-miterlimit=\"10\" d=\"M3.188,8.848 C20.521,3.89,38.313,16.66,56.813,9.473\"\/>\n        <\/svg>\n    <\/div>\n<\/div><div class=\"vc_empty_space\"   style=\"height: 21px\"><span class=\"vc_empty_space_inner\"><\/span><\/div>\n\t<div class=\"wpb_text_column wpb_content_element\" >\n\t\t<div class=\"wpb_wrapper\">\n\t\t\t<h2 style=\"text-align: center;\"><span style=\"color: #ffffff;\">Un \u00e9v\u00e9nement se vit sur l\u2019instant\u2026 mais une vid\u00e9o bien pens\u00e9e lui permet d\u2019exister bien apr\u00e8s.<\/span><\/h2>\n\n\t\t<\/div>\n\t<\/div>\n<div class=\"vc_empty_space\"   style=\"height: 36px\"><span class=\"vc_empty_space_inner\"><\/span><\/div><a itemprop=\"url\" href=\"\/en\/contact\/\" target=\"_self\" style=\"color: #462F72;background-color: #fafbfc;border-color: #fafbfc\" class=\"qodef-btn qodef-btn-medium qodef-btn-solid qodef-btn-custom-hover-bg qodef-btn-custom-border-hover qodef-btn-custom-hover-color qodef-btn-hover-sweep\" data-hover-bg-color=\"#462F72\" data-hover-color=\"#fafbfc\" data-hover-border-color=\"#462F72\"  >\n    <span class=\"qodef-btn-text\">Je veux \u00eatre accompagn\u00e9 dans mon projet digital<\/span>\n    \n            <span class=\"qodef-hover-background-holder\">\n\t    \t<span class=\"qodef-hover-background\"><\/span>\n    \t<\/span>\n    \n<\/a><\/div><\/div><\/div><\/div><\/div><\/div><div class=\"vc_row wpb_row vc_row-fluid qodef-section vc_custom_1767479892168 qodef-content-aligment-left qodef-grid-section\" style=\"\"><div class=\"clearfix qodef-section-inner\"><div class=\"qodef-section-inner-margin clearfix\"><div class=\"wpb_column vc_column_container vc_col-sm-12 vc_col-lg-4 vc_col-md-12\"><div class=\"vc_column-inner\"><div class=\"wpb_wrapper\"><div class=\"vc_empty_space\"   style=\"height: 30px\"><span class=\"vc_empty_space_inner\"><\/span><\/div>\n\t<div class=\"wpb_text_column wpb_content_element\" >\n\t\t<div class=\"wpb_wrapper\">\n\t\t\t<h3 style=\"text-align: justify;\" align=\"justify\">Saisir l\u2019instant, cr\u00e9er du souvenir<\/h3>\n<p class=\"p1\" style=\"text-align: justify;\">Une captation vid\u00e9o r\u00e9ussie restitue <strong>l\u2019ambiance, l\u2019\u00e9nergie et l\u2019\u00e9motion<\/strong> d\u2019un \u00e9v\u00e9nement. Nous capturons les temps forts, les regards, les interactions, les d\u00e9tails qui font la diff\u00e9rence, pour cr\u00e9er un film fid\u00e8le \u00e0 l\u2019exp\u00e9rience v\u00e9cue par vos participants.<\/p>\n<p class=\"p1\" style=\"text-align: justify;\">La vid\u00e9o devient alors un outil puissant pour <strong>valoriser vos \u00e9v\u00e9nements<\/strong> pass\u00e9s, donner envie de participer aux prochains et renforcer votre <strong>image de marque<\/strong>.<\/p>\n\n\t\t<\/div>\n\t<\/div>\n<div class=\"vc_empty_space\"   style=\"height: 30px\"><span class=\"vc_empty_space_inner\"><\/span><\/div><\/div><\/div><\/div><div class=\"wpb_column vc_column_container vc_col-sm-12 vc_col-lg-4 vc_col-md-12\"><div class=\"vc_column-inner\"><div class=\"wpb_wrapper\">\n\t<div  class=\"wpb_single_image wpb_content_element vc_align_left wpb_content_element\">\n\t\t\n\t\t<figure class=\"wpb_wrapper vc_figure\">\n\t\t\t<div class=\"vc_single_image-wrapper   vc_box_border_grey\"><img loading=\"lazy\" decoding=\"async\" width=\"1381\" height=\"1456\" src=\"https:\/\/www.ohmycom.fr\/wp-content\/uploads\/2026\/01\/social-media-ohmycom-compressed.png\" class=\"vc_single_image-img attachment-full\" alt=\"\" title=\"social-media-ohmycom-compressed\" srcset=\"https:\/\/www.ohmycom.fr\/wp-content\/uploads\/2026\/01\/social-media-ohmycom-compressed.png 1381w, https:\/\/www.ohmycom.fr\/wp-content\/uploads\/2026\/01\/social-media-ohmycom-compressed-285x300.png 285w, https:\/\/www.ohmycom.fr\/wp-content\/uploads\/2026\/01\/social-media-ohmycom-compressed-971x1024.png 971w, https:\/\/www.ohmycom.fr\/wp-content\/uploads\/2026\/01\/social-media-ohmycom-compressed-768x810.png 768w, https:\/\/www.ohmycom.fr\/wp-content\/uploads\/2026\/01\/social-media-ohmycom-compressed-11x12.png 11w, https:\/\/www.ohmycom.fr\/wp-content\/uploads\/2026\/01\/social-media-ohmycom-compressed-500x527.png 500w, https:\/\/www.ohmycom.fr\/wp-content\/uploads\/2026\/01\/social-media-ohmycom-compressed-800x843.png 800w, https:\/\/www.ohmycom.fr\/wp-content\/uploads\/2026\/01\/social-media-ohmycom-compressed-1280x1350.png 1280w\" sizes=\"auto, (max-width: 1381px) 100vw, 1381px\" \/><\/div>\n\t\t<\/figure>\n\t<\/div>\n<div class=\"vc_empty_space\"   style=\"height: 30px\"><span class=\"vc_empty_space_inner\"><\/span><\/div><\/div><\/div><\/div><div class=\"wpb_column vc_column_container vc_col-sm-12 vc_col-lg-4 vc_col-md-12\"><div class=\"vc_column-inner\"><div class=\"wpb_wrapper\"><div class=\"vc_empty_space\"   style=\"height: 30px\"><span class=\"vc_empty_space_inner\"><\/span><\/div>\n\t<div class=\"wpb_text_column wpb_content_element\" >\n\t\t<div class=\"wpb_wrapper\">\n\t\t\t<h3 style=\"text-align: justify;\" align=\"justify\">Films publicitaires : marquer les esprits<\/h3>\n<div class=\"relative flex w-full flex-col agent-turn\">\n<div class=\"flex-col gap-1 md:gap-3\">\n<div class=\"flex flex-grow flex-col max-w-full\">\n<div class=\"min-h-&#091;20px&#093; text-message flex flex-col items-start gap-3 whitespace-pre-wrap break-words &#091;.text-message+&amp;&#093;:mt-5 overflow-x-auto\" data-message-author-role=\"assistant\" data-message-id=\"30d5d31f-76f9-4dad-bb9b-e5d28ad22c25\">\n<div class=\"markdown prose w-full break-words dark:prose-invert dark\">\n<p class=\"p1\" style=\"text-align: justify;\">Un film publicitaire doit \u00eatre clair, impactant et m\u00e9morable. Nous concevons <strong>des films qui racontent une histoire<\/strong>, mettent en valeur votre savoir-faire et donnent <strong>une vraie personnalit\u00e9 \u00e0 votre marque.<\/strong><\/p>\n<p class=\"p1\" style=\"text-align: justify;\">Pas de format fig\u00e9 : chaque film est pens\u00e9 sur mesure, selon votre cible, votre message et vos canaux de diffusion.<\/p>\n<\/div>\n<\/div>\n<\/div>\n<\/div>\n<\/div>\n\n\t\t<\/div>\n\t<\/div>\n<div class=\"vc_empty_space\"   style=\"height: 30px\"><span class=\"vc_empty_space_inner\"><\/span><\/div><\/div><\/div><\/div><\/div><\/div><\/div><div class=\"vc_row wpb_row vc_row-fluid qodef-section vc_custom_1758031653171 qodef-content-aligment-left\" style=\"\"><div class=\"clearfix qodef-full-section-inner\"><div class=\"wpb_column vc_column_container vc_col-sm-12\"><div class=\"vc_column-inner\"><div class=\"wpb_wrapper\">\t<div class=\"qodef-call-to-action normal\">\n\n\t\t\t\t<div class=\"qodef-container-inner\">\n\t\t\t\t\t<div class=\"qodef-call-to-action-row-75-25 clearfix\" style=\"padding: 51px 0 51px 0;\">\n\t\t\t\t\t\t<div class=\"qodef-text-wrapper qodef-call-to-action-column1 qodef-call-to-action-cell\">\n\t\t\t\t\t\t\t\t\t<div class=\"qodef-call-to-action-text\" >\n<h3 style=\"text-align: justify;\"><span style=\"color: #462f72;\"><span style=\"font-size: 20px;\"><strong>L&rsquo;agence Oh My Com vous accompagne \u00e0 chaque \u00e9tape de votre strat\u00e9gie \u00e9v\u00e9nementielle.<\/strong><\/span><\/span><\/h3>\n<p class=\"p1\" style=\"text-align: justify;\">L\u2019agence <span class=\"s1\"><b>OhMyCom<\/b><\/span> vous accompagne \u00e0 chaque \u00e9tape de votre projet \u00e9v\u00e9nementiel, de la r\u00e9flexion initiale jusqu\u2019\u00e0 la valorisation de l\u2019<a href=\"http:\/\/www.ohmyevent.fr\" target=\"_blank\" rel=\"noopener\"><strong>\u00e9v\u00e9nement<\/strong><\/a>. Nous intervenons sur la conception, la production, la coordination et la mise en sc\u00e8ne de vos \u00e9v\u00e9nements (<a href=\"http:\/\/www.ohmycom.fr\/en\/event\/seminaire\/\">s\u00e9minaire<\/a>, <a href=\"http:\/\/www.ohmycom.fr\/en\/event\/incentive\/\">incentive<\/a>, <a href=\"http:\/\/www.ohmycom.fr\/en\/event\/congres-salon-convention\/\">congr\u00e8s<\/a>, <a href=\"http:\/\/www.ohmycom.fr\/en\/event\/autour-du-vin\/\">\u00e9v\u00e9nement autour du vin<\/a>, <a href=\"http:\/\/www.ohmycom.fr\/en\/event\/photobooth\/\">photobooth<\/a>&#8230;) en int\u00e9grant la <a href=\"http:\/\/www.ohmycom.fr\/en\/event\/film-publicitaire\/\">captation vid\u00e9o<\/a> et le <a href=\"http:\/\/www.ohmycom.fr\/en\/event\/reportage-photos\/\">reportage photo.<\/a><\/p>\n<\/div>\n\t\t\t\t<\/div>\n\n\t\t\t\t\t\t\t\t\t<div class=\"qodef-button-wrapper qodef-call-to-action-column2 qodef-call-to-action-cell\" style =\"text-align: right ;\">\n\t\t\t\t\t\t<a itemprop=\"url\" href=\"\/en\/contact\/\" target=\"_self\" style=\"color: #462F72;background-color: #ffffff;border-color: #ffffff\" class=\"qodef-btn qodef-btn-large qodef-btn-solid qodef-btn-custom-hover-bg qodef-btn-custom-border-hover qodef-btn-custom-hover-color qodef-btn-icon qodef-btn-hover-sweep\" data-hover-bg-color=\"#462F72\" data-hover-color=\"#ffffff\" data-hover-border-color=\"#ffffff\"  >    <span class=\"qodef-btn-text\">Prendre Rendez-vous<\/span>    <i class=\"qodef-icon-font-awesome fa fa-arrow-right qodef-button-icon\" ><\/i>            <span class=\"qodef-hover-background-holder\">\t    \t<span class=\"qodef-hover-background\"><\/span>    \t<\/span>    <\/a>\t\t\t\t\t<\/div>\n\t\t\t\t\t\t\t<\/div>\n\t\t\t\t<\/div>\n\t\t\t<\/div>\n<\/div><\/div><\/div><\/div><\/div><div class=\"vc_row wpb_row vc_row-fluid qodef-section vc_custom_1767560733217 qodef-content-aligment-center\" style=\"\"><div class=\"clearfix qodef-full-section-inner\"><div class=\"wpb_column vc_column_container vc_col-sm-12\"><div class=\"vc_column-inner\"><div class=\"wpb_wrapper\"><div class=\"qodef-elements-holder qodef-two-columns qodef-responsive-mode-1024 qodef-one-column-alignment-center\" ><div class=\"qodef-elements-holder-item qodef-horizontal-alignment-center\"   data-item-class=\"qodef-elements-holder-custom-363524\" data-1280-1600=\"0 0 3.7% 12%\" data-1024-1280=\"0 0 4% 12%\" data-768-1024=\"25px 18% 60px\" data-600-768=\"25px 10% 60px\" data-480-600=\"25px 10% 60px\" data-480=\"25px 10% 60px\">\n\t<div class=\"qodef-elements-holder-item-inner\">\n\t\t<div class=\"qodef-elements-holder-item-content qodef-elements-holder-custom-363524\" style=\"padding: 0 4% 3.7% 28%\">\n\t\t\t\n\t<div class=\"wpb_text_column wpb_content_element\" >\n\t\t<div class=\"wpb_wrapper\">\n\t\t\t<h4>Portfolio<\/h4>\n\n\t\t<\/div>\n\t<\/div>\n<div class=\"vc_empty_space\"   style=\"height: 12px\"><span class=\"vc_empty_space_inner\"><\/span><\/div>\n\t<div class=\"wpb_text_column wpb_content_element\" >\n\t\t<div class=\"wpb_wrapper\">\n\t\t\t<h2>Captation \u00e9v\u00e9nementielle<\/h2>\n\n\t\t<\/div>\n\t<\/div>\n<div class=\"vc_empty_space\"   style=\"height: 8px\"><span class=\"vc_empty_space_inner\"><\/span><\/div><div class=\"qodef-svg-separator-holder qodef-svg-separator-small\">\n    <div class=\"qodef-svg-separator qodef-svg-frames-class\" data-svg-frames=\"15\" data-svg-drawing=\"yes\" >\n        <svg version=\"1.1\"  xmlns=\"http:\/\/www.w3.org\/2000\/svg\" xmlns:xlink=\"http:\/\/www.w3.org\/1999\/xlink\" x=\"0px\" y=\"0px\"\n            width=\"60px\" height=\"20px\" viewbox=\"0 0 60 20\" enable-background=\"new 0 0 60 20\" xml:space=\"preserve\">\n            <path fill=\"none\" stroke=\"#feea0e\" stroke-width=\"6\" stroke-linecap=\"round\" stroke-miterlimit=\"10\" d=\"M3.188,8.848 C20.521,3.89,38.313,16.66,56.813,9.473\"\/>\n        <\/svg>\n    <\/div>\n<\/div><div class=\"vc_empty_space\"   style=\"height: 12px\"><span class=\"vc_empty_space_inner\"><\/span><\/div>\n<div class=\"qodef-custom-font-holder\" style=\"font-family: Catamaran;font-size: 18px;line-height: 25px;font-weight: 600;letter-spacing: 0px;text-align: center;color: #505d73\" data-font-size= \"18\" data-line-height= \"25\">\n    Nous avons assurer la captation vid\u00e9o de la <b>premi\u00e8re \u00e9dition de la Barbagiuans Padel Cup \u00e0 Monaco.<\/b>    <\/div><div class=\"vc_empty_space\"   style=\"height: 4px\"><span class=\"vc_empty_space_inner\"><\/span><\/div>\n\t<div class=\"wpb_text_column wpb_content_element\" >\n\t\t<div class=\"wpb_wrapper\">\n\t\t\t<div class=\"column\">\n<p class=\"p1\" style=\"text-align: justify;\">\u00c0 l\u2019occasion de la <span class=\"s1\"><b>premi\u00e8re \u00e9dition de la Barbagiuans Padel Cup<\/b><\/span>, nous avons assur\u00e9 la <span class=\"s1\"><b>captation vid\u00e9o compl\u00e8te de l\u2019\u00e9v\u00e9nement<\/b><\/span>, r\u00e9unissant entreprises mon\u00e9gasques, personnalit\u00e9s sportives et partenaires autour d\u2019une exp\u00e9rience sportive unique.<\/p>\n<p class=\"p1\" style=\"text-align: justify;\">Notre mission : restituer l\u2019\u00e9nergie, la convivialit\u00e9 et l\u2019esprit de comp\u00e9tition qui ont rythm\u00e9 la journ\u00e9e. \u00a0Nous avons r\u00e9alis\u00e9 un <span class=\"s1\"><b>aftermovie dynamique<\/b><\/span> ainsi que des <span class=\"s1\"><b>interviews de joueurs \u00e0 la sortie des terrains<\/b><\/span>, afin de prolonger l\u2019\u00e9v\u00e9nement en images et de cr\u00e9er des contenus authentiques, pens\u00e9s pour nourrir la communication avant, pendant et apr\u00e8s l\u2019\u00e9v\u00e9nement.<\/p>\n<\/div>\n\n\t\t<\/div>\n\t<\/div>\n<div class=\"vc_empty_space\"   style=\"height: 34px\"><span class=\"vc_empty_space_inner\"><\/span><\/div><a itemprop=\"url\" href=\"\/en\/contact\/\" target=\"_self\" style=\"color: #462F72;background-color: #fafbfc;border-color: #462F72\" class=\"qodef-btn qodef-btn-medium qodef-btn-solid qodef-btn-custom-hover-bg qodef-btn-custom-border-hover qodef-btn-custom-hover-color qodef-btn-hover-sweep\" data-hover-bg-color=\"#462F72\" data-hover-color=\"#fafbfc\" data-hover-border-color=\"#462F72\"  >\n    <span class=\"qodef-btn-text\">Je veux en voir plus<\/span>\n    \n            <span class=\"qodef-hover-background-holder\">\n\t    \t<span class=\"qodef-hover-background\"><\/span>\n    \t<\/span>\n    \n<\/a>\t\t<\/div>\n\t<\/div>\n<\/div><div class=\"qodef-elements-holder-item qodef-horizontal-alignment-center\"   data-item-class=\"qodef-elements-holder-custom-510973\" data-1280-1600=\"0 8% 4%\" data-1024-1280=\"0 8% 5%\" data-768-1024=\"0 0 40px 0\" data-600-768=\"0 10% 40px\" data-480-600=\"0 10% 40px\" data-480=\"0 10% 40px\">\n\t<div class=\"qodef-elements-holder-item-inner\">\n\t\t<div class=\"qodef-elements-holder-item-content qodef-elements-holder-custom-510973\" style=\"padding: 0 5% 0 0\">\n\t\t\t\n\t<div class=\"wpb_video_widget wpb_content_element vc_clearfix   vc_video-aspect-ratio-169 vc_video-el-width-100 vc_video-align-left\" >\n\t\t<div class=\"wpb_wrapper\">\n\t\t\t\n\t\t\t<div class=\"wpb_video_wrapper\"><iframe loading=\"lazy\" title=\"Barbagiuans Padel Cup 2025\" width=\"500\" height=\"281\" src=\"https:\/\/www.youtube.com\/embed\/V9mD8g922Is?feature=oembed\" frameborder=\"0\" allow=\"accelerometer; autoplay; clipboard-write; encrypted-media; gyroscope; picture-in-picture; web-share\" referrerpolicy=\"strict-origin-when-cross-origin\" allowfullscreen><\/iframe><\/div>\n\t\t<\/div>\n\t<\/div>\n\t\t<\/div>\n\t<\/div>\n<\/div><\/div><\/div><\/div><\/div><\/div><\/div><div class=\"vc_row wpb_row vc_row-fluid qodef-section qodef-content-aligment-left\" style=\"\"><div class=\"clearfix qodef-full-section-inner\"><div class=\"wpb_column vc_column_container vc_col-sm-4\"><div class=\"vc_column-inner\"><div class=\"wpb_wrapper\">\n\t<div class=\"wpb_video_widget wpb_content_element vc_clearfix   vc_video-aspect-ratio-169 vc_video-el-width-100 vc_video-align-left\" >\n\t\t<div class=\"wpb_wrapper\">\n\t\t\t\n\t\t\t<div class=\"wpb_video_wrapper\"><iframe loading=\"lazy\" title=\"15\u00e8me anniversaire de l&#039;agence Oh My Com\" width=\"500\" height=\"281\" src=\"https:\/\/www.youtube.com\/embed\/N4L14Y_xNv4?start=1&feature=oembed\" frameborder=\"0\" allow=\"accelerometer; autoplay; clipboard-write; encrypted-media; gyroscope; picture-in-picture; web-share\" referrerpolicy=\"strict-origin-when-cross-origin\" allowfullscreen><\/iframe><\/div>\n\t\t<\/div>\n\t<\/div>\n\n\t<div class=\"wpb_text_column wpb_content_element\" >\n\t\t<div class=\"wpb_wrapper\">\n\t\t\t<p style=\"text-align: center;\"><strong>Captation \u00e9v\u00e9nementielle<\/strong><br \/>\n15\u00e8me anniversaire de l\u2019agence <a href=\"http:\/\/www.ohmycom.fr\/en\/\">OhMyCom<\/a>.<\/p>\n\n\t\t<\/div>\n\t<\/div>\n<\/div><\/div><\/div><div class=\"wpb_column vc_column_container vc_col-sm-4\"><div class=\"vc_column-inner\"><div class=\"wpb_wrapper\">\n\t<div class=\"wpb_video_widget wpb_content_element vc_clearfix   vc_video-aspect-ratio-169 vc_video-el-width-100 vc_video-align-left\" >\n\t\t<div class=\"wpb_wrapper\">\n\t\t\t\n\t\t\t<div class=\"wpb_video_wrapper\"><iframe loading=\"lazy\" title=\"10 ans de l&#039;agence Oh My Com en Costa Brava\" width=\"500\" height=\"281\" src=\"https:\/\/www.youtube.com\/embed\/5Zm4lpjPFLw?feature=oembed\" frameborder=\"0\" allow=\"accelerometer; autoplay; clipboard-write; encrypted-media; gyroscope; picture-in-picture; web-share\" referrerpolicy=\"strict-origin-when-cross-origin\" allowfullscreen><\/iframe><\/div>\n\t\t<\/div>\n\t<\/div>\n\n\t<div class=\"wpb_text_column wpb_content_element\" >\n\t\t<div class=\"wpb_wrapper\">\n\t\t\t<p style=\"text-align: center;\"><strong>Captation \u00e9v\u00e9nementielle<\/strong><br \/>\nS\u00e9minaire <a href=\"http:\/\/www.ohmycom.fr\/en\/\" target=\"_blank\" rel=\"noopener\">Oh My Com<\/a> en Costa Brava<\/p>\n\n\t\t<\/div>\n\t<\/div>\n<\/div><\/div><\/div><div class=\"wpb_column vc_column_container vc_col-sm-4\"><div class=\"vc_column-inner\"><div class=\"wpb_wrapper\">\n\t<div class=\"wpb_video_widget wpb_content_element vc_clearfix   vc_video-aspect-ratio-169 vc_video-el-width-100 vc_video-align-left\" >\n\t\t<div class=\"wpb_wrapper\">\n\t\t\t\n\t\t\t<div class=\"wpb_video_wrapper\"><iframe loading=\"lazy\" title=\"\ud83c\udfbe Oh My Team - Interview Gr\u00e9gory Coupet\" width=\"500\" height=\"281\" src=\"https:\/\/www.youtube.com\/embed\/GUyciiLLRj0?start=25&feature=oembed\" frameborder=\"0\" allow=\"accelerometer; autoplay; clipboard-write; encrypted-media; gyroscope; picture-in-picture; web-share\" referrerpolicy=\"strict-origin-when-cross-origin\" allowfullscreen><\/iframe><\/div>\n\t\t<\/div>\n\t<\/div>\n\n\t<div class=\"wpb_text_column wpb_content_element\" >\n\t\t<div class=\"wpb_wrapper\">\n\t\t\t<p style=\"text-align: center;\"><strong>Interview<\/strong><br \/>\nInterview de Gr\u00e9gory Coupet \u00e0 l&rsquo;occasion de la <a href=\"https:\/\/www.ohmyteam.eu\/padel-legend-cup\/\" target=\"_blank\" rel=\"noopener\">Padel Legend Cup.<\/a><\/p>\n\n\t\t<\/div>\n\t<\/div>\n<\/div><\/div><\/div><\/div><\/div><div class=\"vc_row wpb_row vc_row-fluid qodef-section qodef-content-aligment-left\" style=\"\"><div class=\"clearfix qodef-full-section-inner\"><div class=\"wpb_column vc_column_container vc_col-sm-12\"><div class=\"vc_column-inner\"><div class=\"wpb_wrapper\"><div class=\"vc_empty_space\"   style=\"height: 32px\"><span class=\"vc_empty_space_inner\"><\/span><\/div><\/div><\/div><\/div><\/div><\/div><div class=\"vc_row wpb_row vc_row-fluid qodef-section qodef-content-aligment-left\" style=\"\"><div class=\"clearfix qodef-full-section-inner\"><div class=\"wpb_column vc_column_container vc_col-sm-4\"><div class=\"vc_column-inner\"><div class=\"wpb_wrapper\">\n\t<div class=\"wpb_video_widget wpb_content_element vc_clearfix   vc_video-aspect-ratio-169 vc_video-el-width-100 vc_video-align-left\" >\n\t\t<div class=\"wpb_wrapper\">\n\t\t\t\n\t\t\t<div class=\"wpb_video_wrapper\"><iframe loading=\"lazy\" title=\"Oh My Fast&amp;Curious\" width=\"500\" height=\"281\" src=\"https:\/\/www.youtube.com\/embed\/F8UX2Q-KtnU?feature=oembed\" frameborder=\"0\" allow=\"accelerometer; autoplay; clipboard-write; encrypted-media; gyroscope; picture-in-picture; web-share\" referrerpolicy=\"strict-origin-when-cross-origin\" allowfullscreen><\/iframe><\/div>\n\t\t<\/div>\n\t<\/div>\n\n\t<div class=\"wpb_text_column wpb_content_element\" >\n\t\t<div class=\"wpb_wrapper\">\n\t\t\t<p style=\"text-align: center;\"><strong>Fast&amp;Curious<\/strong><br \/>\nInterview d\u00e9cal\u00e9e des clients de l\u2019agence <a href=\"http:\/\/www.ohmycom.fr\/en\/\">OhMyCom<\/a>.<\/p>\n\n\t\t<\/div>\n\t<\/div>\n<\/div><\/div><\/div><div class=\"wpb_column vc_column_container vc_col-sm-4\"><div class=\"vc_column-inner\"><div class=\"wpb_wrapper\">\n\t<div class=\"wpb_video_widget wpb_content_element vc_clearfix   vc_video-aspect-ratio-169 vc_video-el-width-100 vc_video-align-left\" >\n\t\t<div class=\"wpb_wrapper\">\n\t\t\t\n\t\t\t<div class=\"wpb_video_wrapper\"><iframe loading=\"lazy\" title=\"Teaser - Anniversaire de l&#039;agence Oh My Com - 15 Ans\" width=\"500\" height=\"281\" src=\"https:\/\/www.youtube.com\/embed\/8tDmgHfX6sA?feature=oembed\" frameborder=\"0\" allow=\"accelerometer; autoplay; clipboard-write; encrypted-media; gyroscope; picture-in-picture; web-share\" referrerpolicy=\"strict-origin-when-cross-origin\" allowfullscreen><\/iframe><\/div>\n\t\t<\/div>\n\t<\/div>\n\n\t<div class=\"wpb_text_column wpb_content_element\" >\n\t\t<div class=\"wpb_wrapper\">\n\t\t\t<p style=\"text-align: center;\"><strong>Teaser<\/strong><br \/>\nInvitation \u00e0 l\u2019anniversaire de l\u2019agence <a href=\"http:\/\/www.ohmycom.fr\/en\/\">OhMyCom<\/a>.<\/p>\n\n\t\t<\/div>\n\t<\/div>\n<\/div><\/div><\/div><div class=\"wpb_column vc_column_container vc_col-sm-4\"><div class=\"vc_column-inner\"><div class=\"wpb_wrapper\">\n\t<div class=\"wpb_video_widget wpb_content_element vc_clearfix   vc_video-aspect-ratio-169 vc_video-el-width-100 vc_video-align-left\" >\n\t\t<div class=\"wpb_wrapper\">\n\t\t\t\n\t\t\t<div class=\"wpb_video_wrapper\"><iframe loading=\"lazy\" title=\"Padel Legend Cup 2024\" width=\"500\" height=\"281\" src=\"https:\/\/www.youtube.com\/embed\/GTC2yGPQIDo?start=16&feature=oembed\" frameborder=\"0\" allow=\"accelerometer; autoplay; clipboard-write; encrypted-media; gyroscope; picture-in-picture; web-share\" referrerpolicy=\"strict-origin-when-cross-origin\" allowfullscreen><\/iframe><\/div>\n\t\t<\/div>\n\t<\/div>\n\n\t<div class=\"wpb_text_column wpb_content_element\" >\n\t\t<div class=\"wpb_wrapper\">\n\t\t\t<p style=\"text-align: center;\"><strong>Captation \u00e9v\u00e9nementielle<\/strong><br \/>\n4\u00e8me \u00e9dition de la <a href=\"https:\/\/www.ohmyteam.eu\/padel-legend-cup\/\" target=\"_blank\" rel=\"noopener\">Padel Legend Cup.<\/a><\/p>\n\n\t\t<\/div>\n\t<\/div>\n<\/div><\/div><\/div><\/div><\/div><div class=\"vc_row wpb_row vc_row-fluid qodef-section qodef-content-aligment-left\" style=\"\"><div class=\"clearfix qodef-full-section-inner\"><div class=\"wpb_column vc_column_container vc_col-sm-12\"><div class=\"vc_column-inner\"><div class=\"wpb_wrapper\"><div class=\"vc_empty_space\"   style=\"height: 32px\"><span class=\"vc_empty_space_inner\"><\/span><\/div><\/div><\/div><\/div><\/div><\/div><div class=\"vc_row wpb_row vc_row-fluid qodef-section vc_custom_1758033076423 qodef-content-aligment-left\" style=\"\"><div class=\"clearfix qodef-full-section-inner\"><div class=\"wpb_column vc_column_container vc_col-sm-12\"><div class=\"vc_column-inner\"><div class=\"wpb_wrapper\">\t<div class=\"qodef-call-to-action normal\">\n\n\t\t\t\t<div class=\"qodef-container-inner\">\n\t\t\t\t\t<div class=\"qodef-call-to-action-row-66-33 clearfix\" style=\"padding: 51px 0 51px 0;\">\n\t\t\t\t\t\t<div class=\"qodef-text-wrapper qodef-call-to-action-column1 qodef-call-to-action-cell\">\n\t\t\t\t\t\t\t\t\t<div class=\"qodef-call-to-action-text\" >\n<h2><span style=\"color: #ffffff;\"><strong>Vous avez un projet ?<\/strong><\/span><br \/>\n<span style=\"color: #ffffff;\">Nous avons (d\u00e9j\u00e0) des id\u00e9es !<\/span><\/h2>\n<h4 style=\"font-size: 20px; font-weight: 400;\"><span style=\"color: #ffffff;\">Vous avez besoin de r\u00e9fl\u00e9chir \u00e0 votre projet digital avec une \u00e9quipe r\u00e9active et sympathique.<\/span><br \/>\n<span style=\"color: #ffffff;\">On discute ensemble ?<\/span><\/h4>\n<\/div>\n\t\t\t\t<\/div>\n\n\t\t\t\t\t\t\t\t\t<div class=\"qodef-button-wrapper qodef-call-to-action-column2 qodef-call-to-action-cell\" style =\"text-align: right ;\">\n\t\t\t\t\t\t<a itemprop=\"url\" href=\"http:\/\/www.ohmypress.fr\/contact\" target=\"_self\" style=\"color: #462F72;background-color: #ffffff;border-color: #ffffff\" class=\"qodef-btn qodef-btn-large qodef-btn-solid qodef-btn-custom-hover-bg qodef-btn-custom-border-hover qodef-btn-custom-hover-color qodef-btn-icon qodef-btn-hover-sweep\" data-hover-bg-color=\"#462F72\" data-hover-color=\"#ffffff\" data-hover-border-color=\"#ffffff\"  >    <span class=\"qodef-btn-text\">Prendre Rendez-vous<\/span>    <i class=\"qodef-icon-font-awesome fa fa-arrow-right qodef-button-icon\" ><\/i>            <span class=\"qodef-hover-background-holder\">\t    \t<span class=\"qodef-hover-background\"><\/span>    \t<\/span>    <\/a>\t\t\t\t\t<\/div>\n\t\t\t\t\t\t\t<\/div>\n\t\t\t\t<\/div>\n\t\t\t<\/div>\n<\/div><\/div><\/div><\/div><\/div>\n<\/div>","protected":false},"excerpt":{"rendered":"Captation vid\u00e9o :\u00a0de l\u2019\u00e9motion \u00e0 vos \u00e9v\u00e9nements Une vid\u00e9o ne se contente pas de montrer. Elle raconte, elle transmet, elle prolonge l\u2019exp\u00e9rience. Chez OhMyCom, nous concevons des films publicitaires et des captations vid\u00e9o \u00e9v\u00e9nementielles qui valorisent vos projets, captent l\u2019\u00e9motion du moment et donnent \u00e0...","protected":false},"author":1,"featured_media":0,"parent":12653,"menu_order":0,"comment_status":"closed","ping_status":"closed","template":"full-width.php","meta":{"_acf_changed":false,"_monsterinsights_skip_tracking":false,"_monsterinsights_sitenote_active":false,"_monsterinsights_sitenote_note":"","_monsterinsights_sitenote_category":0,"_vp_format_video_url":"","_vp_image_focal_point":[],"footnotes":""},"categorie-page":[],"class_list":["post-13886","page","type-page","status-publish","hentry"],"acf":[],"yoast_head":"<!-- This site is optimized with the Yoast SEO plugin v27.4 - https:\/\/yoast.com\/product\/yoast-seo-wordpress\/ -->\n<title>Captation vid\u00e9o \u00e9v\u00e9nementielle | film publicitaire - Oh My Com<\/title>\n<meta name=\"description\" content=\"Agence \u00e9v\u00e9nementielle \u00e0 Lyon sp\u00e9cialis\u00e9e en captation vid\u00e9o, films publicitaires, tournage et production audiovisuelle pour vos \u00e9v\u00e9nements.\" \/>\n<meta name=\"robots\" content=\"index, follow, max-snippet:-1, max-image-preview:large, max-video-preview:-1\" \/>\n<link rel=\"canonical\" href=\"https:\/\/www.ohmycom.fr\/en\/evenementiel\/film-publicitaire\/\" \/>\n<meta property=\"og:locale\" content=\"en_US\" \/>\n<meta property=\"og:type\" content=\"article\" \/>\n<meta property=\"og:title\" content=\"Captation vid\u00e9o \u00e9v\u00e9nementielle | film publicitaire - Oh My Com\" \/>\n<meta property=\"og:description\" content=\"Agence \u00e9v\u00e9nementielle \u00e0 Lyon sp\u00e9cialis\u00e9e en captation vid\u00e9o, films publicitaires, tournage et production audiovisuelle pour vos \u00e9v\u00e9nements.\" \/>\n<meta property=\"og:url\" content=\"https:\/\/www.ohmycom.fr\/en\/evenementiel\/film-publicitaire\/\" \/>\n<meta property=\"og:site_name\" content=\"Oh My Com\" \/>\n<meta property=\"article:modified_time\" content=\"2026-03-30T20:59:42+00:00\" \/>\n<meta name=\"twitter:card\" content=\"summary_large_image\" \/>\n<meta name=\"twitter:label1\" content=\"Est. reading time\" \/>\n\t<meta name=\"twitter:data1\" content=\"9 minutes\" \/>\n<script type=\"application\/ld+json\" class=\"yoast-schema-graph\">{\"@context\":\"https:\\\/\\\/schema.org\",\"@graph\":[{\"@type\":\"WebPage\",\"@id\":\"https:\\\/\\\/www.ohmycom.fr\\\/evenementiel\\\/film-publicitaire\\\/\",\"url\":\"https:\\\/\\\/www.ohmycom.fr\\\/evenementiel\\\/film-publicitaire\\\/\",\"name\":\"Captation vid\u00e9o \u00e9v\u00e9nementielle | film publicitaire - Oh My Com\",\"isPartOf\":{\"@id\":\"https:\\\/\\\/www.ohmycom.fr\\\/#website\"},\"datePublished\":\"2024-05-02T09:16:06+00:00\",\"dateModified\":\"2026-03-30T20:59:42+00:00\",\"description\":\"Agence \u00e9v\u00e9nementielle \u00e0 Lyon sp\u00e9cialis\u00e9e en captation vid\u00e9o, films publicitaires, tournage et production audiovisuelle pour vos \u00e9v\u00e9nements.\",\"breadcrumb\":{\"@id\":\"https:\\\/\\\/www.ohmycom.fr\\\/evenementiel\\\/film-publicitaire\\\/#breadcrumb\"},\"inLanguage\":\"en-US\",\"potentialAction\":[{\"@type\":\"ReadAction\",\"target\":[\"https:\\\/\\\/www.ohmycom.fr\\\/evenementiel\\\/film-publicitaire\\\/\"]}]},{\"@type\":\"BreadcrumbList\",\"@id\":\"https:\\\/\\\/www.ohmycom.fr\\\/evenementiel\\\/film-publicitaire\\\/#breadcrumb\",\"itemListElement\":[{\"@type\":\"ListItem\",\"position\":1,\"name\":\"Accueil\",\"item\":\"https:\\\/\\\/www.ohmycom.fr\\\/\"},{\"@type\":\"ListItem\",\"position\":2,\"name\":\"\u00c9v\u00e9nementiel\",\"item\":\"https:\\\/\\\/www.ohmycom.fr\\\/evenementiel\\\/\"},{\"@type\":\"ListItem\",\"position\":3,\"name\":\"Captation vid\u00e9o\"}]},{\"@type\":\"WebSite\",\"@id\":\"https:\\\/\\\/www.ohmycom.fr\\\/#website\",\"url\":\"https:\\\/\\\/www.ohmycom.fr\\\/\",\"name\":\"Oh My Com\",\"description\":\"Agence de communication - Lyon\",\"potentialAction\":[{\"@type\":\"SearchAction\",\"target\":{\"@type\":\"EntryPoint\",\"urlTemplate\":\"https:\\\/\\\/www.ohmycom.fr\\\/?s={search_term_string}\"},\"query-input\":{\"@type\":\"PropertyValueSpecification\",\"valueRequired\":true,\"valueName\":\"search_term_string\"}}],\"inLanguage\":\"en-US\"}]}<\/script>\n<!-- \/ Yoast SEO plugin. -->","yoast_head_json":{"title":"Captation vid\u00e9o \u00e9v\u00e9nementielle | film publicitaire - Oh My Com","description":"Agence \u00e9v\u00e9nementielle \u00e0 Lyon sp\u00e9cialis\u00e9e en captation vid\u00e9o, films publicitaires, tournage et production audiovisuelle pour vos \u00e9v\u00e9nements.","robots":{"index":"index","follow":"follow","max-snippet":"max-snippet:-1","max-image-preview":"max-image-preview:large","max-video-preview":"max-video-preview:-1"},"canonical":"https:\/\/www.ohmycom.fr\/en\/evenementiel\/film-publicitaire\/","og_locale":"en_US","og_type":"article","og_title":"Captation vid\u00e9o \u00e9v\u00e9nementielle | film publicitaire - Oh My Com","og_description":"Agence \u00e9v\u00e9nementielle \u00e0 Lyon sp\u00e9cialis\u00e9e en captation vid\u00e9o, films publicitaires, tournage et production audiovisuelle pour vos \u00e9v\u00e9nements.","og_url":"https:\/\/www.ohmycom.fr\/en\/evenementiel\/film-publicitaire\/","og_site_name":"Oh My Com","article_modified_time":"2026-03-30T20:59:42+00:00","twitter_card":"summary_large_image","twitter_misc":{"Est. reading time":"9 minutes"},"schema":{"@context":"https:\/\/schema.org","@graph":[{"@type":"WebPage","@id":"https:\/\/www.ohmycom.fr\/evenementiel\/film-publicitaire\/","url":"https:\/\/www.ohmycom.fr\/evenementiel\/film-publicitaire\/","name":"Captation vid\u00e9o \u00e9v\u00e9nementielle | film publicitaire - Oh My Com","isPartOf":{"@id":"https:\/\/www.ohmycom.fr\/#website"},"datePublished":"2024-05-02T09:16:06+00:00","dateModified":"2026-03-30T20:59:42+00:00","description":"Agence \u00e9v\u00e9nementielle \u00e0 Lyon sp\u00e9cialis\u00e9e en captation vid\u00e9o, films publicitaires, tournage et production audiovisuelle pour vos \u00e9v\u00e9nements.","breadcrumb":{"@id":"https:\/\/www.ohmycom.fr\/evenementiel\/film-publicitaire\/#breadcrumb"},"inLanguage":"en-US","potentialAction":[{"@type":"ReadAction","target":["https:\/\/www.ohmycom.fr\/evenementiel\/film-publicitaire\/"]}]},{"@type":"BreadcrumbList","@id":"https:\/\/www.ohmycom.fr\/evenementiel\/film-publicitaire\/#breadcrumb","itemListElement":[{"@type":"ListItem","position":1,"name":"Accueil","item":"https:\/\/www.ohmycom.fr\/"},{"@type":"ListItem","position":2,"name":"\u00c9v\u00e9nementiel","item":"https:\/\/www.ohmycom.fr\/evenementiel\/"},{"@type":"ListItem","position":3,"name":"Captation vid\u00e9o"}]},{"@type":"WebSite","@id":"https:\/\/www.ohmycom.fr\/#website","url":"https:\/\/www.ohmycom.fr\/","name":"Oh My Com","description":"Agence de communication - Lyon","potentialAction":[{"@type":"SearchAction","target":{"@type":"EntryPoint","urlTemplate":"https:\/\/www.ohmycom.fr\/?s={search_term_string}"},"query-input":{"@type":"PropertyValueSpecification","valueRequired":true,"valueName":"search_term_string"}}],"inLanguage":"en-US"}]}},"_links":{"self":[{"href":"https:\/\/www.ohmycom.fr\/en\/wp-json\/wp\/v2\/pages\/13886","targetHints":{"allow":["GET"]}}],"collection":[{"href":"https:\/\/www.ohmycom.fr\/en\/wp-json\/wp\/v2\/pages"}],"about":[{"href":"https:\/\/www.ohmycom.fr\/en\/wp-json\/wp\/v2\/types\/page"}],"author":[{"embeddable":true,"href":"https:\/\/www.ohmycom.fr\/en\/wp-json\/wp\/v2\/users\/1"}],"replies":[{"embeddable":true,"href":"https:\/\/www.ohmycom.fr\/en\/wp-json\/wp\/v2\/comments?post=13886"}],"version-history":[{"count":18,"href":"https:\/\/www.ohmycom.fr\/en\/wp-json\/wp\/v2\/pages\/13886\/revisions"}],"predecessor-version":[{"id":17316,"href":"https:\/\/www.ohmycom.fr\/en\/wp-json\/wp\/v2\/pages\/13886\/revisions\/17316"}],"up":[{"embeddable":true,"href":"https:\/\/www.ohmycom.fr\/en\/wp-json\/wp\/v2\/pages\/12653"}],"wp:attachment":[{"href":"https:\/\/www.ohmycom.fr\/en\/wp-json\/wp\/v2\/media?parent=13886"}],"wp:term":[{"taxonomy":"categorie-page","embeddable":true,"href":"https:\/\/www.ohmycom.fr\/en\/wp-json\/wp\/v2\/categorie-page?post=13886"}],"curies":[{"name":"wp","href":"https:\/\/api.w.org\/{rel}","templated":true}]}}