{"id":16659,"date":"2025-09-16T15:17:10","date_gmt":"2025-09-16T13:17:10","guid":{"rendered":"https:\/\/www.ohmycom.fr\/?page_id=16659"},"modified":"2025-09-16T15:17:10","modified_gmt":"2025-09-16T13:17:10","slug":"objets-publicitaires-textiles","status":"publish","type":"page","link":"https:\/\/www.ohmycom.fr\/en\/imprimerie\/objets-publicitaires-textiles\/","title":{"rendered":"Objets publicitaires \/\/ Textiles"},"content":{"rendered":"<div class=\"wpb-content-wrapper\"><div class=\"vc_row wpb_row vc_row-fluid qodef-section vc_custom_1484130727726 qodef-content-aligment-left qodef-grid-section\" style=\"\"><div class=\"clearfix qodef-section-inner\"><div class=\"qodef-section-inner-margin clearfix\"><div class=\"wpb_column vc_column_container vc_col-sm-12\"><div class=\"vc_column-inner\"><div class=\"wpb_wrapper\">\n\t<div class=\"wpb_text_column wpb_content_element\" >\n\t\t<div class=\"wpb_wrapper\">\n\t\t\t<h3 style=\"text-align: center;\">L\u2019agence Oh My Com vous propose sa gamme <span style=\"color: #462f72;\"> d&rsquo;objets et textiles publicitaires .<\/span><\/h3>\n\n\t\t<\/div>\n\t<\/div>\n<div class=\"vc_empty_space\"   style=\"height: 12px\"><span class=\"vc_empty_space_inner\"><\/span><\/div>\n\t<div class=\"wpb_text_column wpb_content_element\" >\n\t\t<div class=\"wpb_wrapper\">\n\t\t\t<div class=\"vc_row wpb_row vc_row-fluid\">\n<div class=\"wpb_column vc_column_container vc_col-sm-12\">\n<div class=\"vc_column-inner\">\n<div class=\"wpb_wrapper\">\n<div class=\"vc_row wpb_row vc_inner vc_row-fluid\">\n<div class=\"wpb_column vc_column_container vc_col-sm-12\">\n<div class=\"vc_column-inner\">\n<div class=\"wpb_wrapper\">\n<div class=\"wpb_text_column wpb_content_element\">\n<div class=\"wpb_wrapper\">\n<div class=\"page\" title=\"Page 3\">\n<div class=\"layoutArea\">\n<div class=\"column\">\n<div class=\"vc_row wpb_row vc_row-fluid\">\n<div class=\"wpb_column vc_column_container vc_col-sm-12\">\n<div class=\"vc_column-inner\">\n<div class=\"wpb_wrapper\">\n<div class=\"vc_row wpb_row vc_inner vc_row-fluid\">\n<div class=\"wpb_column vc_column_container vc_col-sm-12\">\n<div class=\"vc_column-inner\">\n<div class=\"wpb_wrapper\">\n<div class=\"wpb_text_column wpb_content_element\">\n<div class=\"wpb_wrapper\">\n<p style=\"text-align: center;\"><b>L\u2019agence Oh My Com vous propose sur devis une large gamme d\u2019objets publicitaires, goodies et textiles.<br \/>\nSouvent originaux et\/ou d\u00e9cal\u00e9s, ce sont de puissants supports marketing pour votre entreprise.<\/b><\/p>\n<p style=\"text-align: center;\">Quoi de mieux pour v\u00e9hiculer votre image et vos valeurs aupr\u00e8s de vos prospects, clients et partenaires tout en les fid\u00e9lisant ?<br \/>\nContactez-nous afin d\u2019\u00e9tudier ensemble les cadeaux d\u2019affaires les plus adapt\u00e9s \u00e0 vos objectifs : bureautique, \u00e9v\u00e9nementiel, plv, packaging, textile, goodies\u2026 Aujourd\u2019hui, il est pr\u00e9f\u00e9rables que les objets publicitaires se distinguent par leur utilit\u00e9 et leurs fonctionnalit\u00e9s !\u00a0<strong>Personnaliser un produit \u00e0 votre image, c\u2019est donner vie \u00e0 votre marque !\u00a0<\/strong><\/p>\n<div class=\"page\" style=\"text-align: center;\" title=\"Page 2\">\n<div class=\"section\">\n<div class=\"layoutArea\">\n<div class=\"column\">\n<p>L\u2019<strong>objet personnalise\u0301<\/strong>\u00a0posse\u0300de un<strong>\u00a0pouvoir fe\u0301de\u0301rateur intemporel,<\/strong>\u00a0il renforcera \u00e0 coup s\u00fbr votre relation avec vos clients, partenaires et collaborateurs. Du c\u00f4t\u00e9 du\u00a0<strong>textile<\/strong>, les\u00a0v\u00eatements sont de v\u00e9ritables supports de communication pour votre marque.<strong>\u00a0Ils renforcent votre image pour la rendre professionnelle et s\u00e9rieuse.<\/strong><\/p>\n<\/div>\n<\/div>\n<\/div>\n<\/div>\n<\/div>\n<\/div>\n<\/div>\n<\/div>\n<\/div>\n<\/div>\n<\/div>\n<\/div>\n<\/div>\n<\/div>\n<div class=\"vc_row wpb_row vc_row-fluid\">\n<div class=\"wpb_column vc_column_container vc_col-sm-12 vc_hidden-xs\">\n<div class=\"vc_column-inner\">\n<div class=\"wpb_wrapper\" style=\"text-align: center;\"><\/div>\n<\/div>\n<\/div>\n<\/div>\n<\/div>\n<\/div>\n<\/div>\n<\/div>\n<\/div>\n<\/div>\n<\/div>\n<\/div>\n<\/div>\n<\/div>\n<\/div>\n<\/div>\n<\/div>\n\n\t\t<\/div>\n\t<\/div>\n<div class=\"vc_empty_space\"   style=\"height: 32px\"><span class=\"vc_empty_space_inner\"><\/span><\/div><\/div><\/div><\/div><\/div><\/div><\/div><div class=\"vc_row wpb_row vc_row-fluid qodef-section qodef-content-aligment-center qodef-grid-section\" style=\"\"><div class=\"clearfix qodef-section-inner\"><div class=\"qodef-section-inner-margin clearfix\"><div class=\"wpb_column vc_column_container vc_col-sm-12\"><div class=\"vc_column-inner\"><div class=\"wpb_wrapper\">\n\t<div class=\"wpb_raw_code wpb_raw_html wpb_content_element vc_custom_1758028688768\" >\n\t\t<div class=\"wpb_wrapper\">\n\t\t\t\n<div class=\"vp-portfolio vp-uid-c2dc4b47 vp-id-16634\"\n\tdata-vp-layout=\"grid\" data-vp-content-source=\"post-based\" data-vp-items-style=\"default\" data-vp-items-click-action=\"url\" data-vp-items-gap=\"50\" data-vp-items-gap-vertical=\"30\" data-vp-pagination=\"load-more\" data-vp-next-page-url=\"\" data-vp-grid-columns=\"3\" >\n\t<div class=\"vp-portfolio__preloader-wrap\">\n\t\t<div class=\"vp-portfolio__preloader\">\n\t\t\t<img decoding=\"async\" loading=\"eager\" src=\"https:\/\/www.ohmycom.fr\/wp-content\/plugins\/visual-portfolio\/assets\/images\/logo-dark.svg\" alt=\"Visual Portfolio, Posts &amp; Image Gallery for WordPress\" width=\"20\" height=\"20\" data-skip-lazy>\n\t\t<\/div>\n\t<\/div>\n\t\t<div class=\"vp-portfolio__items-wrap\">\n\t\t\t\n<div class=\"vp-portfolio__items vp-portfolio__items-style-default vp-portfolio__items-show-overlay-hover\">\n\n\t\t<article\t\tclass=\"vp-portfolio__item-wrap post-16244 produit type-produit status-publish format-standard has-post-thumbnail hentry categorie-objets-publicitaire-textiles vp-portfolio__item-uid-e3a3d7cf\" data-vp-filter=\"\" \t\t>\n\t\t\t\t\t\t\t\t\t<figure class=\"vp-portfolio__item\">\n\t\t\t\t\n<div class=\"vp-portfolio__item-img-wrap\">\n\t<div class=\"vp-portfolio__item-img\">\n\t\t\t<a\n\t\thref=\"https:\/\/www.ohmycom.fr\/en\/produit\/ballon-de-plage\/\"\n\t\taria-label=\"Ballon de plage\" \t>\n\t\n\t\t<noscript><img loading=\"lazy\" decoding=\"async\" width=\"1024\" height=\"1024\" data-skip-lazy src=\"https:\/\/www.ohmycom.fr\/wp-content\/uploads\/2025\/09\/ohmycom-ballon-de-plage-1.jpg\" class=\"wp-image-16245\" alt=\"\" srcset=\"https:\/\/www.ohmycom.fr\/wp-content\/uploads\/2025\/09\/ohmycom-ballon-de-plage-1.jpg 1024w, https:\/\/www.ohmycom.fr\/wp-content\/uploads\/2025\/09\/ohmycom-ballon-de-plage-1-300x300.jpg 300w, https:\/\/www.ohmycom.fr\/wp-content\/uploads\/2025\/09\/ohmycom-ballon-de-plage-1-150x150.jpg 150w, https:\/\/www.ohmycom.fr\/wp-content\/uploads\/2025\/09\/ohmycom-ballon-de-plage-1-768x768.jpg 768w, https:\/\/www.ohmycom.fr\/wp-content\/uploads\/2025\/09\/ohmycom-ballon-de-plage-1-12x12.jpg 12w, https:\/\/www.ohmycom.fr\/wp-content\/uploads\/2025\/09\/ohmycom-ballon-de-plage-1-500x500.jpg 500w, https:\/\/www.ohmycom.fr\/wp-content\/uploads\/2025\/09\/ohmycom-ballon-de-plage-1-800x800.jpg 800w, https:\/\/www.ohmycom.fr\/wp-content\/uploads\/2025\/09\/ohmycom-ballon-de-plage-1-550x550.jpg 550w, https:\/\/www.ohmycom.fr\/wp-content\/uploads\/2025\/09\/ohmycom-ballon-de-plage-1-485x485.jpg 485w, https:\/\/www.ohmycom.fr\/wp-content\/uploads\/2025\/09\/ohmycom-ballon-de-plage-1-1000x1000.jpg 1000w\" sizes=\"auto, (max-width: 1024px) 100vw, 1024px\" \/><\/noscript><img fetchpriority=\"high\" decoding=\"async\" width=\"1024\" height=\"1024\" src=\"https:\/\/www.ohmycom.fr\/wp-content\/uploads\/2025\/09\/ohmycom-ballon-de-plage-1.jpg\" class=\"wp-image-16245 vp-lazyload\" alt srcset=\"data:image\/svg+xml;base64,PHN2ZyB3aWR0aD0iMTAyNCIgaGVpZ2h0PSIxMDI0IiB2aWV3Qm94PSIwIDAgMTAyNCAxMDI0IiBmaWxsPSJub25lIiB4bWxucz0iaHR0cDovL3d3dy53My5vcmcvMjAwMC9zdmciPjwvc3ZnPg==\" data-src=\"https:\/\/www.ohmycom.fr\/wp-content\/uploads\/2025\/09\/ohmycom-ballon-de-plage-1.jpg\" data-srcset=\"https:\/\/www.ohmycom.fr\/wp-content\/uploads\/2025\/09\/ohmycom-ballon-de-plage-1.jpg 1024w, https:\/\/www.ohmycom.fr\/wp-content\/uploads\/2025\/09\/ohmycom-ballon-de-plage-1-300x300.jpg 300w, https:\/\/www.ohmycom.fr\/wp-content\/uploads\/2025\/09\/ohmycom-ballon-de-plage-1-150x150.jpg 150w, https:\/\/www.ohmycom.fr\/wp-content\/uploads\/2025\/09\/ohmycom-ballon-de-plage-1-768x768.jpg 768w, https:\/\/www.ohmycom.fr\/wp-content\/uploads\/2025\/09\/ohmycom-ballon-de-plage-1-12x12.jpg 12w, https:\/\/www.ohmycom.fr\/wp-content\/uploads\/2025\/09\/ohmycom-ballon-de-plage-1-500x500.jpg 500w, https:\/\/www.ohmycom.fr\/wp-content\/uploads\/2025\/09\/ohmycom-ballon-de-plage-1-800x800.jpg 800w, https:\/\/www.ohmycom.fr\/wp-content\/uploads\/2025\/09\/ohmycom-ballon-de-plage-1-550x550.jpg 550w, https:\/\/www.ohmycom.fr\/wp-content\/uploads\/2025\/09\/ohmycom-ballon-de-plage-1-485x485.jpg 485w, https:\/\/www.ohmycom.fr\/wp-content\/uploads\/2025\/09\/ohmycom-ballon-de-plage-1-1000x1000.jpg 1000w\" data-sizes=\"auto\" loading=\"eager\">\n\t\t<div class=\"vp-portfolio__item-overlay\">\n\t\t\t\t\t<\/div>\n\n\t\t<\/a>\t<\/div>\n<\/div>\n\n\t<figcaption class=\"vp-portfolio__item-caption vp-portfolio__item-caption-text-align-center\">\n\t\t<div class=\"vp-portfolio__item-meta\">\n\t\t\t\n<h2 class=\"vp-portfolio__item-meta-title\">\n\t\t<a\n\t\thref=\"https:\/\/www.ohmycom.fr\/en\/produit\/ballon-de-plage\/\"\n\t\t\t>\n\tBallon de plage<\/a><\/h2>\n\n<div class=\"vp-portfolio__item-meta-excerpt\">\n\t<div>\n\t\tLe ballon de plage personnalis\u00e9 combine plaisir et visibilit\u00e9, transformant un simple accessoire estival en un support de communication ludique et m\u00e9morable. Id\u00e9al pour les \u00e9v\u00e9nements en plein air, les op\u00e9rations marketing, les vacances d\u2019entreprise ou les cadeaux clients, il attire les regards tout en cr\u00e9ant une ambiance conviviale.\t<\/div>\n<\/div>\n\t\t<\/div>\n\t<\/figcaption>\n\t\t\t<\/figure>\n\t\t\t\t\t<\/article>\n\t\t\n\t\t<article\t\tclass=\"vp-portfolio__item-wrap post-16301 produit type-produit status-publish format-standard has-post-thumbnail hentry categorie-objets-publicitaire-textiles vp-portfolio__item-uid-f6678c73\" data-vp-filter=\"\" \t\t>\n\t\t\t\t\t\t\t\t\t<figure class=\"vp-portfolio__item\">\n\t\t\t\t\n<div class=\"vp-portfolio__item-img-wrap\">\n\t<div class=\"vp-portfolio__item-img\">\n\t\t\t<a\n\t\thref=\"https:\/\/www.ohmycom.fr\/en\/produit\/boite-pastilles-a-la-menthe\/\"\n\t\taria-label=\"Boite pastilles \u00e0 la menthe\" \t>\n\t\n\t\t<noscript><img loading=\"lazy\" decoding=\"async\" width=\"600\" height=\"600\" data-skip-lazy src=\"https:\/\/www.ohmycom.fr\/wp-content\/uploads\/2025\/09\/Boitier-pastilles-menthe-ohmycom.jpg\" class=\"wp-image-16303\" alt=\"\" srcset=\"https:\/\/www.ohmycom.fr\/wp-content\/uploads\/2025\/09\/Boitier-pastilles-menthe-ohmycom.jpg 600w, https:\/\/www.ohmycom.fr\/wp-content\/uploads\/2025\/09\/Boitier-pastilles-menthe-ohmycom-300x300.jpg 300w, https:\/\/www.ohmycom.fr\/wp-content\/uploads\/2025\/09\/Boitier-pastilles-menthe-ohmycom-150x150.jpg 150w, https:\/\/www.ohmycom.fr\/wp-content\/uploads\/2025\/09\/Boitier-pastilles-menthe-ohmycom-12x12.jpg 12w, https:\/\/www.ohmycom.fr\/wp-content\/uploads\/2025\/09\/Boitier-pastilles-menthe-ohmycom-500x500.jpg 500w, https:\/\/www.ohmycom.fr\/wp-content\/uploads\/2025\/09\/Boitier-pastilles-menthe-ohmycom-550x550.jpg 550w, https:\/\/www.ohmycom.fr\/wp-content\/uploads\/2025\/09\/Boitier-pastilles-menthe-ohmycom-485x485.jpg 485w\" sizes=\"auto, (max-width: 600px) 100vw, 600px\" \/><\/noscript><img decoding=\"async\" width=\"600\" height=\"600\" src=\"https:\/\/www.ohmycom.fr\/wp-content\/uploads\/2025\/09\/Boitier-pastilles-menthe-ohmycom.jpg\" class=\"wp-image-16303 vp-lazyload\" alt srcset=\"data:image\/svg+xml;base64,PHN2ZyB3aWR0aD0iNjAwIiBoZWlnaHQ9IjYwMCIgdmlld0JveD0iMCAwIDYwMCA2MDAiIGZpbGw9Im5vbmUiIHhtbG5zPSJodHRwOi8vd3d3LnczLm9yZy8yMDAwL3N2ZyI+PC9zdmc+\" data-src=\"https:\/\/www.ohmycom.fr\/wp-content\/uploads\/2025\/09\/Boitier-pastilles-menthe-ohmycom.jpg\" data-srcset=\"https:\/\/www.ohmycom.fr\/wp-content\/uploads\/2025\/09\/Boitier-pastilles-menthe-ohmycom.jpg 600w, https:\/\/www.ohmycom.fr\/wp-content\/uploads\/2025\/09\/Boitier-pastilles-menthe-ohmycom-300x300.jpg 300w, https:\/\/www.ohmycom.fr\/wp-content\/uploads\/2025\/09\/Boitier-pastilles-menthe-ohmycom-150x150.jpg 150w, https:\/\/www.ohmycom.fr\/wp-content\/uploads\/2025\/09\/Boitier-pastilles-menthe-ohmycom-12x12.jpg 12w, https:\/\/www.ohmycom.fr\/wp-content\/uploads\/2025\/09\/Boitier-pastilles-menthe-ohmycom-500x500.jpg 500w, https:\/\/www.ohmycom.fr\/wp-content\/uploads\/2025\/09\/Boitier-pastilles-menthe-ohmycom-550x550.jpg 550w, https:\/\/www.ohmycom.fr\/wp-content\/uploads\/2025\/09\/Boitier-pastilles-menthe-ohmycom-485x485.jpg 485w\" data-sizes=\"auto\" loading=\"eager\">\n\t\t<div class=\"vp-portfolio__item-overlay\">\n\t\t\t\t\t<\/div>\n\n\t\t<\/a>\t<\/div>\n<\/div>\n\n\t<figcaption class=\"vp-portfolio__item-caption vp-portfolio__item-caption-text-align-center\">\n\t\t<div class=\"vp-portfolio__item-meta\">\n\t\t\t\n<h2 class=\"vp-portfolio__item-meta-title\">\n\t\t<a\n\t\thref=\"https:\/\/www.ohmycom.fr\/en\/produit\/boite-pastilles-a-la-menthe\/\"\n\t\t\t>\n\tBoite pastilles \u00e0 la menthe<\/a><\/h2>\n\n<div class=\"vp-portfolio__item-meta-excerpt\">\n\t<div>\n\t\tGr\u00e2ce \u00e0 ces petites bo\u00eetes de pastilles \u00e0 la menthe, vos clients auront toujours un bonbon rafraichissant \u00e0 port\u00e9e de main, et n\u2019oublieront pas votre entreprise.\t<\/div>\n<\/div>\n\t\t<\/div>\n\t<\/figcaption>\n\t\t\t<\/figure>\n\t\t\t\t\t<\/article>\n\t\t\n\t\t<article\t\tclass=\"vp-portfolio__item-wrap post-16309 produit type-produit status-publish format-standard has-post-thumbnail hentry categorie-administratif categorie-objets-publicitaire-textiles vp-portfolio__item-uid-f8bc0441\" data-vp-filter=\"\" \t\t>\n\t\t\t\t\t\t\t\t\t<figure class=\"vp-portfolio__item\">\n\t\t\t\t\n<div class=\"vp-portfolio__item-img-wrap\">\n\t<div class=\"vp-portfolio__item-img\">\n\t\t\t<a\n\t\thref=\"https:\/\/www.ohmycom.fr\/en\/produit\/carnets-de-notes\/\"\n\t\taria-label=\"Carnets de notes\" \t>\n\t\n\t\t<noscript><img loading=\"lazy\" decoding=\"async\" width=\"600\" height=\"600\" data-skip-lazy src=\"https:\/\/www.ohmycom.fr\/wp-content\/uploads\/2025\/09\/Carnets-OhMyCom-2.jpg\" class=\"wp-image-16310\" alt=\"\" srcset=\"https:\/\/www.ohmycom.fr\/wp-content\/uploads\/2025\/09\/Carnets-OhMyCom-2.jpg 600w, https:\/\/www.ohmycom.fr\/wp-content\/uploads\/2025\/09\/Carnets-OhMyCom-2-300x300.jpg 300w, https:\/\/www.ohmycom.fr\/wp-content\/uploads\/2025\/09\/Carnets-OhMyCom-2-150x150.jpg 150w, https:\/\/www.ohmycom.fr\/wp-content\/uploads\/2025\/09\/Carnets-OhMyCom-2-12x12.jpg 12w, https:\/\/www.ohmycom.fr\/wp-content\/uploads\/2025\/09\/Carnets-OhMyCom-2-500x500.jpg 500w, https:\/\/www.ohmycom.fr\/wp-content\/uploads\/2025\/09\/Carnets-OhMyCom-2-550x550.jpg 550w, https:\/\/www.ohmycom.fr\/wp-content\/uploads\/2025\/09\/Carnets-OhMyCom-2-485x485.jpg 485w\" sizes=\"auto, (max-width: 600px) 100vw, 600px\" \/><\/noscript><img decoding=\"async\" width=\"600\" height=\"600\" src=\"https:\/\/www.ohmycom.fr\/wp-content\/uploads\/2025\/09\/Carnets-OhMyCom-2.jpg\" class=\"wp-image-16310 vp-lazyload\" alt srcset=\"data:image\/svg+xml;base64,PHN2ZyB3aWR0aD0iNjAwIiBoZWlnaHQ9IjYwMCIgdmlld0JveD0iMCAwIDYwMCA2MDAiIGZpbGw9Im5vbmUiIHhtbG5zPSJodHRwOi8vd3d3LnczLm9yZy8yMDAwL3N2ZyI+PC9zdmc+\" data-src=\"https:\/\/www.ohmycom.fr\/wp-content\/uploads\/2025\/09\/Carnets-OhMyCom-2.jpg\" data-srcset=\"https:\/\/www.ohmycom.fr\/wp-content\/uploads\/2025\/09\/Carnets-OhMyCom-2.jpg 600w, https:\/\/www.ohmycom.fr\/wp-content\/uploads\/2025\/09\/Carnets-OhMyCom-2-300x300.jpg 300w, https:\/\/www.ohmycom.fr\/wp-content\/uploads\/2025\/09\/Carnets-OhMyCom-2-150x150.jpg 150w, https:\/\/www.ohmycom.fr\/wp-content\/uploads\/2025\/09\/Carnets-OhMyCom-2-12x12.jpg 12w, https:\/\/www.ohmycom.fr\/wp-content\/uploads\/2025\/09\/Carnets-OhMyCom-2-500x500.jpg 500w, https:\/\/www.ohmycom.fr\/wp-content\/uploads\/2025\/09\/Carnets-OhMyCom-2-550x550.jpg 550w, https:\/\/www.ohmycom.fr\/wp-content\/uploads\/2025\/09\/Carnets-OhMyCom-2-485x485.jpg 485w\" data-sizes=\"auto\" loading=\"eager\">\n\t\t<div class=\"vp-portfolio__item-overlay\">\n\t\t\t\t\t<\/div>\n\n\t\t<\/a>\t<\/div>\n<\/div>\n\n\t<figcaption class=\"vp-portfolio__item-caption vp-portfolio__item-caption-text-align-center\">\n\t\t<div class=\"vp-portfolio__item-meta\">\n\t\t\t\n<h2 class=\"vp-portfolio__item-meta-title\">\n\t\t<a\n\t\thref=\"https:\/\/www.ohmycom.fr\/en\/produit\/carnets-de-notes\/\"\n\t\t\t>\n\tCarnets de notes<\/a><\/h2>\n\n<div class=\"vp-portfolio__item-meta-excerpt\">\n\t<div>\n\t\tLes carnets de notes personnalis\u00e9s sont des outils du quotidien qui allient utilit\u00e9 et communication. Qu\u2019ils accompagnent une r\u00e9union, un salon, un cadeau client ou un kit d\u2019accueil, ils deviennent un espace de cr\u00e9ativit\u00e9 o\u00f9 votre marque reste pr\u00e9sente \u00e0 chaque page tourn\u00e9e.\t<\/div>\n<\/div>\n\t\t<\/div>\n\t<\/figcaption>\n\t\t\t<\/figure>\n\t\t\t\t\t<\/article>\n\t\t\n\t\t<article\t\tclass=\"vp-portfolio__item-wrap post-16318 produit type-produit status-publish format-standard has-post-thumbnail hentry categorie-objets-publicitaire-textiles vp-portfolio__item-uid-96a00596\" data-vp-filter=\"\" \t\t>\n\t\t\t\t\t\t\t\t\t<figure class=\"vp-portfolio__item\">\n\t\t\t\t\n<div class=\"vp-portfolio__item-img-wrap\">\n\t<div class=\"vp-portfolio__item-img\">\n\t\t\t<a\n\t\thref=\"https:\/\/www.ohmycom.fr\/en\/produit\/casquettes\/\"\n\t\taria-label=\"Casquettes\" \t>\n\t\n\t\t<noscript><img loading=\"lazy\" decoding=\"async\" width=\"1024\" height=\"1024\" data-skip-lazy src=\"https:\/\/www.ohmycom.fr\/wp-content\/uploads\/2025\/09\/ohmycom-casquette-1024x1024-1.jpg\" class=\"wp-image-16323\" alt=\"\" srcset=\"https:\/\/www.ohmycom.fr\/wp-content\/uploads\/2025\/09\/ohmycom-casquette-1024x1024-1.jpg 1024w, https:\/\/www.ohmycom.fr\/wp-content\/uploads\/2025\/09\/ohmycom-casquette-1024x1024-1-300x300.jpg 300w, https:\/\/www.ohmycom.fr\/wp-content\/uploads\/2025\/09\/ohmycom-casquette-1024x1024-1-150x150.jpg 150w, https:\/\/www.ohmycom.fr\/wp-content\/uploads\/2025\/09\/ohmycom-casquette-1024x1024-1-768x768.jpg 768w, https:\/\/www.ohmycom.fr\/wp-content\/uploads\/2025\/09\/ohmycom-casquette-1024x1024-1-12x12.jpg 12w, https:\/\/www.ohmycom.fr\/wp-content\/uploads\/2025\/09\/ohmycom-casquette-1024x1024-1-500x500.jpg 500w, https:\/\/www.ohmycom.fr\/wp-content\/uploads\/2025\/09\/ohmycom-casquette-1024x1024-1-800x800.jpg 800w, https:\/\/www.ohmycom.fr\/wp-content\/uploads\/2025\/09\/ohmycom-casquette-1024x1024-1-550x550.jpg 550w, https:\/\/www.ohmycom.fr\/wp-content\/uploads\/2025\/09\/ohmycom-casquette-1024x1024-1-485x485.jpg 485w, https:\/\/www.ohmycom.fr\/wp-content\/uploads\/2025\/09\/ohmycom-casquette-1024x1024-1-1000x1000.jpg 1000w\" sizes=\"auto, (max-width: 1024px) 100vw, 1024px\" \/><\/noscript><img decoding=\"async\" width=\"1024\" height=\"1024\" src=\"https:\/\/www.ohmycom.fr\/wp-content\/uploads\/2025\/09\/ohmycom-casquette-1024x1024-1.jpg\" class=\"wp-image-16323 vp-lazyload\" alt srcset=\"data:image\/svg+xml;base64,PHN2ZyB3aWR0aD0iMTAyNCIgaGVpZ2h0PSIxMDI0IiB2aWV3Qm94PSIwIDAgMTAyNCAxMDI0IiBmaWxsPSJub25lIiB4bWxucz0iaHR0cDovL3d3dy53My5vcmcvMjAwMC9zdmciPjwvc3ZnPg==\" data-src=\"https:\/\/www.ohmycom.fr\/wp-content\/uploads\/2025\/09\/ohmycom-casquette-1024x1024-1.jpg\" data-srcset=\"https:\/\/www.ohmycom.fr\/wp-content\/uploads\/2025\/09\/ohmycom-casquette-1024x1024-1.jpg 1024w, https:\/\/www.ohmycom.fr\/wp-content\/uploads\/2025\/09\/ohmycom-casquette-1024x1024-1-300x300.jpg 300w, https:\/\/www.ohmycom.fr\/wp-content\/uploads\/2025\/09\/ohmycom-casquette-1024x1024-1-150x150.jpg 150w, https:\/\/www.ohmycom.fr\/wp-content\/uploads\/2025\/09\/ohmycom-casquette-1024x1024-1-768x768.jpg 768w, https:\/\/www.ohmycom.fr\/wp-content\/uploads\/2025\/09\/ohmycom-casquette-1024x1024-1-12x12.jpg 12w, https:\/\/www.ohmycom.fr\/wp-content\/uploads\/2025\/09\/ohmycom-casquette-1024x1024-1-500x500.jpg 500w, https:\/\/www.ohmycom.fr\/wp-content\/uploads\/2025\/09\/ohmycom-casquette-1024x1024-1-800x800.jpg 800w, https:\/\/www.ohmycom.fr\/wp-content\/uploads\/2025\/09\/ohmycom-casquette-1024x1024-1-550x550.jpg 550w, https:\/\/www.ohmycom.fr\/wp-content\/uploads\/2025\/09\/ohmycom-casquette-1024x1024-1-485x485.jpg 485w, https:\/\/www.ohmycom.fr\/wp-content\/uploads\/2025\/09\/ohmycom-casquette-1024x1024-1-1000x1000.jpg 1000w\" data-sizes=\"auto\" loading=\"eager\">\n\t\t<div class=\"vp-portfolio__item-overlay\">\n\t\t\t\t\t<\/div>\n\n\t\t<\/a>\t<\/div>\n<\/div>\n\n\t<figcaption class=\"vp-portfolio__item-caption vp-portfolio__item-caption-text-align-center\">\n\t\t<div class=\"vp-portfolio__item-meta\">\n\t\t\t\n<h2 class=\"vp-portfolio__item-meta-title\">\n\t\t<a\n\t\thref=\"https:\/\/www.ohmycom.fr\/en\/produit\/casquettes\/\"\n\t\t\t>\n\tCasquettes<\/a><\/h2>\n\n<div class=\"vp-portfolio__item-meta-excerpt\">\n\t<div>\n\t\tLa casquette devenir la signature de votre staff, pour vos d\u00e9placements ou m\u00eame au quotidien, si vous travaillez \u00e0 l\u2019ext\u00e9rieur et que vous souhaitez prot\u00e9ger vos \u00e9quipes du soleil !\t<\/div>\n<\/div>\n\t\t<\/div>\n\t<\/figcaption>\n\t\t\t<\/figure>\n\t\t\t\t\t<\/article>\n\t\t\n\t\t<article\t\tclass=\"vp-portfolio__item-wrap post-16250 produit type-produit status-publish format-standard has-post-thumbnail hentry categorie-objets-publicitaire-textiles categorie-signaletique vp-portfolio__item-uid-fdd52297\" data-vp-filter=\"\" \t\t>\n\t\t\t\t\t\t\t\t\t<figure class=\"vp-portfolio__item\">\n\t\t\t\t\n<div class=\"vp-portfolio__item-img-wrap\">\n\t<div class=\"vp-portfolio__item-img\">\n\t\t\t<a\n\t\thref=\"https:\/\/www.ohmycom.fr\/en\/produit\/chaise-cinema\/\"\n\t\taria-label=\"Chaise cin\u00e9ma \/ metteur en sc\u00e8ne\" \t>\n\t\n\t\t<noscript><img loading=\"lazy\" decoding=\"async\" width=\"600\" height=\"600\" data-skip-lazy src=\"https:\/\/www.ohmycom.fr\/wp-content\/uploads\/2025\/09\/director-chair-mockup.jpg\" class=\"wp-image-16254\" alt=\"\" srcset=\"https:\/\/www.ohmycom.fr\/wp-content\/uploads\/2025\/09\/director-chair-mockup.jpg 600w, https:\/\/www.ohmycom.fr\/wp-content\/uploads\/2025\/09\/director-chair-mockup-300x300.jpg 300w, https:\/\/www.ohmycom.fr\/wp-content\/uploads\/2025\/09\/director-chair-mockup-150x150.jpg 150w, https:\/\/www.ohmycom.fr\/wp-content\/uploads\/2025\/09\/director-chair-mockup-12x12.jpg 12w, https:\/\/www.ohmycom.fr\/wp-content\/uploads\/2025\/09\/director-chair-mockup-500x500.jpg 500w, https:\/\/www.ohmycom.fr\/wp-content\/uploads\/2025\/09\/director-chair-mockup-550x550.jpg 550w, https:\/\/www.ohmycom.fr\/wp-content\/uploads\/2025\/09\/director-chair-mockup-485x485.jpg 485w\" sizes=\"auto, (max-width: 600px) 100vw, 600px\" \/><\/noscript><img decoding=\"async\" width=\"600\" height=\"600\" src=\"https:\/\/www.ohmycom.fr\/wp-content\/uploads\/2025\/09\/director-chair-mockup.jpg\" class=\"wp-image-16254 vp-lazyload\" alt srcset=\"data:image\/svg+xml;base64,PHN2ZyB3aWR0aD0iNjAwIiBoZWlnaHQ9IjYwMCIgdmlld0JveD0iMCAwIDYwMCA2MDAiIGZpbGw9Im5vbmUiIHhtbG5zPSJodHRwOi8vd3d3LnczLm9yZy8yMDAwL3N2ZyI+PC9zdmc+\" data-src=\"https:\/\/www.ohmycom.fr\/wp-content\/uploads\/2025\/09\/director-chair-mockup.jpg\" data-srcset=\"https:\/\/www.ohmycom.fr\/wp-content\/uploads\/2025\/09\/director-chair-mockup.jpg 600w, https:\/\/www.ohmycom.fr\/wp-content\/uploads\/2025\/09\/director-chair-mockup-300x300.jpg 300w, https:\/\/www.ohmycom.fr\/wp-content\/uploads\/2025\/09\/director-chair-mockup-150x150.jpg 150w, https:\/\/www.ohmycom.fr\/wp-content\/uploads\/2025\/09\/director-chair-mockup-12x12.jpg 12w, https:\/\/www.ohmycom.fr\/wp-content\/uploads\/2025\/09\/director-chair-mockup-500x500.jpg 500w, https:\/\/www.ohmycom.fr\/wp-content\/uploads\/2025\/09\/director-chair-mockup-550x550.jpg 550w, https:\/\/www.ohmycom.fr\/wp-content\/uploads\/2025\/09\/director-chair-mockup-485x485.jpg 485w\" data-sizes=\"auto\" loading=\"eager\">\n\t\t<div class=\"vp-portfolio__item-overlay\">\n\t\t\t\t\t<\/div>\n\n\t\t<\/a>\t<\/div>\n<\/div>\n\n\t<figcaption class=\"vp-portfolio__item-caption vp-portfolio__item-caption-text-align-center\">\n\t\t<div class=\"vp-portfolio__item-meta\">\n\t\t\t\n<h2 class=\"vp-portfolio__item-meta-title\">\n\t\t<a\n\t\thref=\"https:\/\/www.ohmycom.fr\/en\/produit\/chaise-cinema\/\"\n\t\t\t>\n\tChaise cin\u00e9ma \/ metteur en sc\u00e8ne<\/a><\/h2>\n\n<div class=\"vp-portfolio__item-meta-excerpt\">\n\t<div>\n\t\tLa chaise metteur en sc\u00e8ne personnalis\u00e9e est bien plus qu\u2019un simple si\u00e8ge. Elle devient un support de communication unique. Parfaite pour vos \u00e9v\u00e9nements, interviews, stands ou espaces photo, elle allie confort et image de marque avec \u00e9l\u00e9gance.\t<\/div>\n<\/div>\n\t\t<\/div>\n\t<\/figcaption>\n\t\t\t<\/figure>\n\t\t\t\t\t<\/article>\n\t\t\n\t\t<article\t\tclass=\"vp-portfolio__item-wrap post-16255 produit type-produit status-publish format-standard has-post-thumbnail hentry categorie-objets-publicitaire-textiles vp-portfolio__item-uid-8dbfd618\" data-vp-filter=\"\" \t\t>\n\t\t\t\t\t\t\t\t\t<figure class=\"vp-portfolio__item\">\n\t\t\t\t\n<div class=\"vp-portfolio__item-img-wrap\">\n\t<div class=\"vp-portfolio__item-img\">\n\t\t\t<a\n\t\thref=\"https:\/\/www.ohmycom.fr\/en\/produit\/gilet-de-securite\/\"\n\t\taria-label=\"Gilet de s\u00e9curit\u00e9\" \t>\n\t\n\t\t<noscript><img loading=\"lazy\" decoding=\"async\" width=\"600\" height=\"600\" data-skip-lazy src=\"https:\/\/www.ohmycom.fr\/wp-content\/uploads\/2025\/09\/ohmycom-produit-gilet-securite.jpg\" class=\"wp-image-16256\" alt=\"\" srcset=\"https:\/\/www.ohmycom.fr\/wp-content\/uploads\/2025\/09\/ohmycom-produit-gilet-securite.jpg 600w, https:\/\/www.ohmycom.fr\/wp-content\/uploads\/2025\/09\/ohmycom-produit-gilet-securite-300x300.jpg 300w, https:\/\/www.ohmycom.fr\/wp-content\/uploads\/2025\/09\/ohmycom-produit-gilet-securite-150x150.jpg 150w, https:\/\/www.ohmycom.fr\/wp-content\/uploads\/2025\/09\/ohmycom-produit-gilet-securite-12x12.jpg 12w, https:\/\/www.ohmycom.fr\/wp-content\/uploads\/2025\/09\/ohmycom-produit-gilet-securite-500x500.jpg 500w, https:\/\/www.ohmycom.fr\/wp-content\/uploads\/2025\/09\/ohmycom-produit-gilet-securite-550x550.jpg 550w, https:\/\/www.ohmycom.fr\/wp-content\/uploads\/2025\/09\/ohmycom-produit-gilet-securite-485x485.jpg 485w\" sizes=\"auto, (max-width: 600px) 100vw, 600px\" \/><\/noscript><img decoding=\"async\" width=\"600\" height=\"600\" src=\"https:\/\/www.ohmycom.fr\/wp-content\/uploads\/2025\/09\/ohmycom-produit-gilet-securite.jpg\" class=\"wp-image-16256 vp-lazyload\" alt srcset=\"data:image\/svg+xml;base64,PHN2ZyB3aWR0aD0iNjAwIiBoZWlnaHQ9IjYwMCIgdmlld0JveD0iMCAwIDYwMCA2MDAiIGZpbGw9Im5vbmUiIHhtbG5zPSJodHRwOi8vd3d3LnczLm9yZy8yMDAwL3N2ZyI+PC9zdmc+\" data-src=\"https:\/\/www.ohmycom.fr\/wp-content\/uploads\/2025\/09\/ohmycom-produit-gilet-securite.jpg\" data-srcset=\"https:\/\/www.ohmycom.fr\/wp-content\/uploads\/2025\/09\/ohmycom-produit-gilet-securite.jpg 600w, https:\/\/www.ohmycom.fr\/wp-content\/uploads\/2025\/09\/ohmycom-produit-gilet-securite-300x300.jpg 300w, https:\/\/www.ohmycom.fr\/wp-content\/uploads\/2025\/09\/ohmycom-produit-gilet-securite-150x150.jpg 150w, https:\/\/www.ohmycom.fr\/wp-content\/uploads\/2025\/09\/ohmycom-produit-gilet-securite-12x12.jpg 12w, https:\/\/www.ohmycom.fr\/wp-content\/uploads\/2025\/09\/ohmycom-produit-gilet-securite-500x500.jpg 500w, https:\/\/www.ohmycom.fr\/wp-content\/uploads\/2025\/09\/ohmycom-produit-gilet-securite-550x550.jpg 550w, https:\/\/www.ohmycom.fr\/wp-content\/uploads\/2025\/09\/ohmycom-produit-gilet-securite-485x485.jpg 485w\" data-sizes=\"auto\" loading=\"eager\">\n\t\t<div class=\"vp-portfolio__item-overlay\">\n\t\t\t\t\t<\/div>\n\n\t\t<\/a>\t<\/div>\n<\/div>\n\n\t<figcaption class=\"vp-portfolio__item-caption vp-portfolio__item-caption-text-align-center\">\n\t\t<div class=\"vp-portfolio__item-meta\">\n\t\t\t\n<h2 class=\"vp-portfolio__item-meta-title\">\n\t\t<a\n\t\thref=\"https:\/\/www.ohmycom.fr\/en\/produit\/gilet-de-securite\/\"\n\t\t\t>\n\tGilet de s\u00e9curit\u00e9<\/a><\/h2>\n\n<div class=\"vp-portfolio__item-meta-excerpt\">\n\t<div>\n\t\tIndispensable lors de vos d\u00e9placements nocturnes, le gilet de s\u00e9curit\u00e9 fluorescent et homologu\u00e9 vous assure une s\u00e9curit\u00e9 optimale ! S\u00e9curit\u00e9 et visibilit\u00e9 ne font qu\u2019un !\t<\/div>\n<\/div>\n\t\t<\/div>\n\t<\/figcaption>\n\t\t\t<\/figure>\n\t\t\t\t\t<\/article>\n\t\t\n\t\t<article\t\tclass=\"vp-portfolio__item-wrap post-16313 produit type-produit status-publish format-standard has-post-thumbnail hentry categorie-objets-publicitaire-textiles vp-portfolio__item-uid-0172dc1e\" data-vp-filter=\"\" \t\t>\n\t\t\t\t\t\t\t\t\t<figure class=\"vp-portfolio__item\">\n\t\t\t\t\n<div class=\"vp-portfolio__item-img-wrap\">\n\t<div class=\"vp-portfolio__item-img\">\n\t\t\t<a\n\t\thref=\"https:\/\/www.ohmycom.fr\/en\/produit\/lunettes-personnalisees\/\"\n\t\taria-label=\"Lunettes personnalis\u00e9es\" \t>\n\t\n\t\t<noscript><img loading=\"lazy\" decoding=\"async\" width=\"1200\" height=\"1200\" data-skip-lazy src=\"https:\/\/www.ohmycom.fr\/wp-content\/uploads\/2025\/09\/ohmycom-lunettes-de-soleil-personalisees.jpg\" class=\"wp-image-16317\" alt=\"\" srcset=\"https:\/\/www.ohmycom.fr\/wp-content\/uploads\/2025\/09\/ohmycom-lunettes-de-soleil-personalisees.jpg 1200w, https:\/\/www.ohmycom.fr\/wp-content\/uploads\/2025\/09\/ohmycom-lunettes-de-soleil-personalisees-300x300.jpg 300w, https:\/\/www.ohmycom.fr\/wp-content\/uploads\/2025\/09\/ohmycom-lunettes-de-soleil-personalisees-1024x1024.jpg 1024w, https:\/\/www.ohmycom.fr\/wp-content\/uploads\/2025\/09\/ohmycom-lunettes-de-soleil-personalisees-150x150.jpg 150w, https:\/\/www.ohmycom.fr\/wp-content\/uploads\/2025\/09\/ohmycom-lunettes-de-soleil-personalisees-768x768.jpg 768w, https:\/\/www.ohmycom.fr\/wp-content\/uploads\/2025\/09\/ohmycom-lunettes-de-soleil-personalisees-12x12.jpg 12w, https:\/\/www.ohmycom.fr\/wp-content\/uploads\/2025\/09\/ohmycom-lunettes-de-soleil-personalisees-500x500.jpg 500w, https:\/\/www.ohmycom.fr\/wp-content\/uploads\/2025\/09\/ohmycom-lunettes-de-soleil-personalisees-800x800.jpg 800w, https:\/\/www.ohmycom.fr\/wp-content\/uploads\/2025\/09\/ohmycom-lunettes-de-soleil-personalisees-550x550.jpg 550w, https:\/\/www.ohmycom.fr\/wp-content\/uploads\/2025\/09\/ohmycom-lunettes-de-soleil-personalisees-485x485.jpg 485w, https:\/\/www.ohmycom.fr\/wp-content\/uploads\/2025\/09\/ohmycom-lunettes-de-soleil-personalisees-1000x1000.jpg 1000w\" sizes=\"auto, (max-width: 1200px) 100vw, 1200px\" \/><\/noscript><img decoding=\"async\" width=\"1200\" height=\"1200\" src=\"https:\/\/www.ohmycom.fr\/wp-content\/uploads\/2025\/09\/ohmycom-lunettes-de-soleil-personalisees.jpg\" class=\"wp-image-16317 vp-lazyload\" alt srcset=\"data:image\/svg+xml;base64,PHN2ZyB3aWR0aD0iMTIwMCIgaGVpZ2h0PSIxMjAwIiB2aWV3Qm94PSIwIDAgMTIwMCAxMjAwIiBmaWxsPSJub25lIiB4bWxucz0iaHR0cDovL3d3dy53My5vcmcvMjAwMC9zdmciPjwvc3ZnPg==\" data-src=\"https:\/\/www.ohmycom.fr\/wp-content\/uploads\/2025\/09\/ohmycom-lunettes-de-soleil-personalisees.jpg\" data-srcset=\"https:\/\/www.ohmycom.fr\/wp-content\/uploads\/2025\/09\/ohmycom-lunettes-de-soleil-personalisees.jpg 1200w, https:\/\/www.ohmycom.fr\/wp-content\/uploads\/2025\/09\/ohmycom-lunettes-de-soleil-personalisees-300x300.jpg 300w, https:\/\/www.ohmycom.fr\/wp-content\/uploads\/2025\/09\/ohmycom-lunettes-de-soleil-personalisees-1024x1024.jpg 1024w, https:\/\/www.ohmycom.fr\/wp-content\/uploads\/2025\/09\/ohmycom-lunettes-de-soleil-personalisees-150x150.jpg 150w, https:\/\/www.ohmycom.fr\/wp-content\/uploads\/2025\/09\/ohmycom-lunettes-de-soleil-personalisees-768x768.jpg 768w, https:\/\/www.ohmycom.fr\/wp-content\/uploads\/2025\/09\/ohmycom-lunettes-de-soleil-personalisees-12x12.jpg 12w, https:\/\/www.ohmycom.fr\/wp-content\/uploads\/2025\/09\/ohmycom-lunettes-de-soleil-personalisees-500x500.jpg 500w, https:\/\/www.ohmycom.fr\/wp-content\/uploads\/2025\/09\/ohmycom-lunettes-de-soleil-personalisees-800x800.jpg 800w, https:\/\/www.ohmycom.fr\/wp-content\/uploads\/2025\/09\/ohmycom-lunettes-de-soleil-personalisees-550x550.jpg 550w, https:\/\/www.ohmycom.fr\/wp-content\/uploads\/2025\/09\/ohmycom-lunettes-de-soleil-personalisees-485x485.jpg 485w, https:\/\/www.ohmycom.fr\/wp-content\/uploads\/2025\/09\/ohmycom-lunettes-de-soleil-personalisees-1000x1000.jpg 1000w\" data-sizes=\"auto\" loading=\"eager\">\n\t\t<div class=\"vp-portfolio__item-overlay\">\n\t\t\t\t\t<\/div>\n\n\t\t<\/a>\t<\/div>\n<\/div>\n\n\t<figcaption class=\"vp-portfolio__item-caption vp-portfolio__item-caption-text-align-center\">\n\t\t<div class=\"vp-portfolio__item-meta\">\n\t\t\t\n<h2 class=\"vp-portfolio__item-meta-title\">\n\t\t<a\n\t\thref=\"https:\/\/www.ohmycom.fr\/en\/produit\/lunettes-personnalisees\/\"\n\t\t\t>\n\tLunettes personnalis\u00e9es<\/a><\/h2>\n\n<div class=\"vp-portfolio__item-meta-excerpt\">\n\t<div>\n\t\tAvec leur style inimitable, les lunettes personnalis\u00e9es vous permettront de rester tendance m\u00eame pendant vos rendez-vous professionnels !\t<\/div>\n<\/div>\n\t\t<\/div>\n\t<\/figcaption>\n\t\t\t<\/figure>\n\t\t\t\t\t<\/article>\n\t\t\n\t\t<article\t\tclass=\"vp-portfolio__item-wrap post-16260 produit type-produit status-publish format-standard has-post-thumbnail hentry categorie-objets-publicitaire-textiles vp-portfolio__item-uid-d6f87154\" data-vp-filter=\"\" \t\t>\n\t\t\t\t\t\t\t\t\t<figure class=\"vp-portfolio__item\">\n\t\t\t\t\n<div class=\"vp-portfolio__item-img-wrap\">\n\t<div class=\"vp-portfolio__item-img\">\n\t\t\t<a\n\t\thref=\"https:\/\/www.ohmycom.fr\/en\/produit\/montre-publicitaire\/\"\n\t\taria-label=\"Montre publicitaire\" \t>\n\t\n\t\t<noscript><img loading=\"lazy\" decoding=\"async\" width=\"600\" height=\"600\" data-skip-lazy src=\"https:\/\/www.ohmycom.fr\/wp-content\/uploads\/2025\/09\/ohmycom-produit-montre-publicitaire-1.jpg\" class=\"wp-image-16264\" alt=\"\" srcset=\"https:\/\/www.ohmycom.fr\/wp-content\/uploads\/2025\/09\/ohmycom-produit-montre-publicitaire-1.jpg 600w, https:\/\/www.ohmycom.fr\/wp-content\/uploads\/2025\/09\/ohmycom-produit-montre-publicitaire-1-300x300.jpg 300w, https:\/\/www.ohmycom.fr\/wp-content\/uploads\/2025\/09\/ohmycom-produit-montre-publicitaire-1-150x150.jpg 150w, https:\/\/www.ohmycom.fr\/wp-content\/uploads\/2025\/09\/ohmycom-produit-montre-publicitaire-1-12x12.jpg 12w, https:\/\/www.ohmycom.fr\/wp-content\/uploads\/2025\/09\/ohmycom-produit-montre-publicitaire-1-500x500.jpg 500w, https:\/\/www.ohmycom.fr\/wp-content\/uploads\/2025\/09\/ohmycom-produit-montre-publicitaire-1-550x550.jpg 550w, https:\/\/www.ohmycom.fr\/wp-content\/uploads\/2025\/09\/ohmycom-produit-montre-publicitaire-1-485x485.jpg 485w\" sizes=\"auto, (max-width: 600px) 100vw, 600px\" \/><\/noscript><img decoding=\"async\" width=\"600\" height=\"600\" src=\"https:\/\/www.ohmycom.fr\/wp-content\/uploads\/2025\/09\/ohmycom-produit-montre-publicitaire-1.jpg\" class=\"wp-image-16264 vp-lazyload\" alt srcset=\"data:image\/svg+xml;base64,PHN2ZyB3aWR0aD0iNjAwIiBoZWlnaHQ9IjYwMCIgdmlld0JveD0iMCAwIDYwMCA2MDAiIGZpbGw9Im5vbmUiIHhtbG5zPSJodHRwOi8vd3d3LnczLm9yZy8yMDAwL3N2ZyI+PC9zdmc+\" data-src=\"https:\/\/www.ohmycom.fr\/wp-content\/uploads\/2025\/09\/ohmycom-produit-montre-publicitaire-1.jpg\" data-srcset=\"https:\/\/www.ohmycom.fr\/wp-content\/uploads\/2025\/09\/ohmycom-produit-montre-publicitaire-1.jpg 600w, https:\/\/www.ohmycom.fr\/wp-content\/uploads\/2025\/09\/ohmycom-produit-montre-publicitaire-1-300x300.jpg 300w, https:\/\/www.ohmycom.fr\/wp-content\/uploads\/2025\/09\/ohmycom-produit-montre-publicitaire-1-150x150.jpg 150w, https:\/\/www.ohmycom.fr\/wp-content\/uploads\/2025\/09\/ohmycom-produit-montre-publicitaire-1-12x12.jpg 12w, https:\/\/www.ohmycom.fr\/wp-content\/uploads\/2025\/09\/ohmycom-produit-montre-publicitaire-1-500x500.jpg 500w, https:\/\/www.ohmycom.fr\/wp-content\/uploads\/2025\/09\/ohmycom-produit-montre-publicitaire-1-550x550.jpg 550w, https:\/\/www.ohmycom.fr\/wp-content\/uploads\/2025\/09\/ohmycom-produit-montre-publicitaire-1-485x485.jpg 485w\" data-sizes=\"auto\" loading=\"eager\">\n\t\t<div class=\"vp-portfolio__item-overlay\">\n\t\t\t\t\t<\/div>\n\n\t\t<\/a>\t<\/div>\n<\/div>\n\n\t<figcaption class=\"vp-portfolio__item-caption vp-portfolio__item-caption-text-align-center\">\n\t\t<div class=\"vp-portfolio__item-meta\">\n\t\t\t\n<h2 class=\"vp-portfolio__item-meta-title\">\n\t\t<a\n\t\thref=\"https:\/\/www.ohmycom.fr\/en\/produit\/montre-publicitaire\/\"\n\t\t\t>\n\tMontre publicitaire<\/a><\/h2>\n\n<div class=\"vp-portfolio__item-meta-excerpt\">\n\t<div>\n\t\tLa montre personnalisable pour homme et femme est un objet publicitaire \u00e9l\u00e9gant et tendance permettant de faire un clin d\u2019oeil \u00e0 votre soci\u00e9t\u00e9.\t<\/div>\n<\/div>\n\t\t<\/div>\n\t<\/figcaption>\n\t\t\t<\/figure>\n\t\t\t\t\t<\/article>\n\t\t\n\t\t<article\t\tclass=\"vp-portfolio__item-wrap post-16270 produit type-produit status-publish format-standard has-post-thumbnail hentry categorie-objets-publicitaire-textiles vp-portfolio__item-uid-cfe34015\" data-vp-filter=\"\" \t\t>\n\t\t\t\t\t\t\t\t\t<figure class=\"vp-portfolio__item\">\n\t\t\t\t\n<div class=\"vp-portfolio__item-img-wrap\">\n\t<div class=\"vp-portfolio__item-img\">\n\t\t\t<a\n\t\thref=\"https:\/\/www.ohmycom.fr\/en\/produit\/mug-publicitaire\/\"\n\t\taria-label=\"Mug publicitaire\" \t>\n\t\n\t\t<noscript><img loading=\"lazy\" decoding=\"async\" width=\"600\" height=\"600\" data-skip-lazy src=\"https:\/\/www.ohmycom.fr\/wp-content\/uploads\/2025\/09\/ohmycom-produit-mug-publicitaire-1.jpg\" class=\"wp-image-16266\" alt=\"\" srcset=\"https:\/\/www.ohmycom.fr\/wp-content\/uploads\/2025\/09\/ohmycom-produit-mug-publicitaire-1.jpg 600w, https:\/\/www.ohmycom.fr\/wp-content\/uploads\/2025\/09\/ohmycom-produit-mug-publicitaire-1-300x300.jpg 300w, https:\/\/www.ohmycom.fr\/wp-content\/uploads\/2025\/09\/ohmycom-produit-mug-publicitaire-1-150x150.jpg 150w, https:\/\/www.ohmycom.fr\/wp-content\/uploads\/2025\/09\/ohmycom-produit-mug-publicitaire-1-12x12.jpg 12w, https:\/\/www.ohmycom.fr\/wp-content\/uploads\/2025\/09\/ohmycom-produit-mug-publicitaire-1-500x500.jpg 500w, https:\/\/www.ohmycom.fr\/wp-content\/uploads\/2025\/09\/ohmycom-produit-mug-publicitaire-1-550x550.jpg 550w, https:\/\/www.ohmycom.fr\/wp-content\/uploads\/2025\/09\/ohmycom-produit-mug-publicitaire-1-485x485.jpg 485w\" sizes=\"auto, (max-width: 600px) 100vw, 600px\" \/><\/noscript><img decoding=\"async\" width=\"600\" height=\"600\" src=\"https:\/\/www.ohmycom.fr\/wp-content\/uploads\/2025\/09\/ohmycom-produit-mug-publicitaire-1.jpg\" class=\"wp-image-16266 vp-lazyload\" alt srcset=\"data:image\/svg+xml;base64,PHN2ZyB3aWR0aD0iNjAwIiBoZWlnaHQ9IjYwMCIgdmlld0JveD0iMCAwIDYwMCA2MDAiIGZpbGw9Im5vbmUiIHhtbG5zPSJodHRwOi8vd3d3LnczLm9yZy8yMDAwL3N2ZyI+PC9zdmc+\" data-src=\"https:\/\/www.ohmycom.fr\/wp-content\/uploads\/2025\/09\/ohmycom-produit-mug-publicitaire-1.jpg\" data-srcset=\"https:\/\/www.ohmycom.fr\/wp-content\/uploads\/2025\/09\/ohmycom-produit-mug-publicitaire-1.jpg 600w, https:\/\/www.ohmycom.fr\/wp-content\/uploads\/2025\/09\/ohmycom-produit-mug-publicitaire-1-300x300.jpg 300w, https:\/\/www.ohmycom.fr\/wp-content\/uploads\/2025\/09\/ohmycom-produit-mug-publicitaire-1-150x150.jpg 150w, https:\/\/www.ohmycom.fr\/wp-content\/uploads\/2025\/09\/ohmycom-produit-mug-publicitaire-1-12x12.jpg 12w, https:\/\/www.ohmycom.fr\/wp-content\/uploads\/2025\/09\/ohmycom-produit-mug-publicitaire-1-500x500.jpg 500w, https:\/\/www.ohmycom.fr\/wp-content\/uploads\/2025\/09\/ohmycom-produit-mug-publicitaire-1-550x550.jpg 550w, https:\/\/www.ohmycom.fr\/wp-content\/uploads\/2025\/09\/ohmycom-produit-mug-publicitaire-1-485x485.jpg 485w\" data-sizes=\"auto\" loading=\"eager\">\n\t\t<div class=\"vp-portfolio__item-overlay\">\n\t\t\t\t\t<\/div>\n\n\t\t<\/a>\t<\/div>\n<\/div>\n\n\t<figcaption class=\"vp-portfolio__item-caption vp-portfolio__item-caption-text-align-center\">\n\t\t<div class=\"vp-portfolio__item-meta\">\n\t\t\t\n<h2 class=\"vp-portfolio__item-meta-title\">\n\t\t<a\n\t\thref=\"https:\/\/www.ohmycom.fr\/en\/produit\/mug-publicitaire\/\"\n\t\t\t>\n\tMug publicitaire<\/a><\/h2>\n\n<div class=\"vp-portfolio__item-meta-excerpt\">\n\t<div>\n\t\tSupport de communication pratique et ind\u00e9modable, le mug vous permet chaque jour, d\u2019\u00eatre toujours au plus proche de vos clients ! Th\u00e9 ou Caf\u00e9, c\u2019est vous qui choisissez !\t<\/div>\n<\/div>\n\t\t<\/div>\n\t<\/figcaption>\n\t\t\t<\/figure>\n\t\t\t\t\t<\/article>\n\t\t\n\t\t<article\t\tclass=\"vp-portfolio__item-wrap post-16166 produit type-produit status-publish format-standard has-post-thumbnail hentry categorie-evenementiel categorie-objets-publicitaire-textiles vp-portfolio__item-uid-3ddd6a38\" data-vp-filter=\"\" \t\t>\n\t\t\t\t\t\t\t\t\t<figure class=\"vp-portfolio__item\">\n\t\t\t\t\n<div class=\"vp-portfolio__item-img-wrap\">\n\t<div class=\"vp-portfolio__item-img\">\n\t\t\t<a\n\t\thref=\"https:\/\/www.ohmycom.fr\/en\/produit\/parasol-publicitaire\/\"\n\t\taria-label=\"Parasol publicitaire\" \t>\n\t\n\t\t<noscript><img loading=\"lazy\" decoding=\"async\" width=\"600\" height=\"600\" data-skip-lazy src=\"https:\/\/www.ohmycom.fr\/wp-content\/uploads\/2025\/09\/parasol-publicitaire-ohmycom.jpg\" class=\"wp-image-16169\" alt=\"\" srcset=\"https:\/\/www.ohmycom.fr\/wp-content\/uploads\/2025\/09\/parasol-publicitaire-ohmycom.jpg 600w, https:\/\/www.ohmycom.fr\/wp-content\/uploads\/2025\/09\/parasol-publicitaire-ohmycom-300x300.jpg 300w, https:\/\/www.ohmycom.fr\/wp-content\/uploads\/2025\/09\/parasol-publicitaire-ohmycom-150x150.jpg 150w, https:\/\/www.ohmycom.fr\/wp-content\/uploads\/2025\/09\/parasol-publicitaire-ohmycom-12x12.jpg 12w, https:\/\/www.ohmycom.fr\/wp-content\/uploads\/2025\/09\/parasol-publicitaire-ohmycom-500x500.jpg 500w, https:\/\/www.ohmycom.fr\/wp-content\/uploads\/2025\/09\/parasol-publicitaire-ohmycom-550x550.jpg 550w, https:\/\/www.ohmycom.fr\/wp-content\/uploads\/2025\/09\/parasol-publicitaire-ohmycom-485x485.jpg 485w\" sizes=\"auto, (max-width: 600px) 100vw, 600px\" \/><\/noscript><img decoding=\"async\" width=\"600\" height=\"600\" src=\"https:\/\/www.ohmycom.fr\/wp-content\/uploads\/2025\/09\/parasol-publicitaire-ohmycom.jpg\" class=\"wp-image-16169 vp-lazyload\" alt srcset=\"data:image\/svg+xml;base64,PHN2ZyB3aWR0aD0iNjAwIiBoZWlnaHQ9IjYwMCIgdmlld0JveD0iMCAwIDYwMCA2MDAiIGZpbGw9Im5vbmUiIHhtbG5zPSJodHRwOi8vd3d3LnczLm9yZy8yMDAwL3N2ZyI+PC9zdmc+\" data-src=\"https:\/\/www.ohmycom.fr\/wp-content\/uploads\/2025\/09\/parasol-publicitaire-ohmycom.jpg\" data-srcset=\"https:\/\/www.ohmycom.fr\/wp-content\/uploads\/2025\/09\/parasol-publicitaire-ohmycom.jpg 600w, https:\/\/www.ohmycom.fr\/wp-content\/uploads\/2025\/09\/parasol-publicitaire-ohmycom-300x300.jpg 300w, https:\/\/www.ohmycom.fr\/wp-content\/uploads\/2025\/09\/parasol-publicitaire-ohmycom-150x150.jpg 150w, https:\/\/www.ohmycom.fr\/wp-content\/uploads\/2025\/09\/parasol-publicitaire-ohmycom-12x12.jpg 12w, https:\/\/www.ohmycom.fr\/wp-content\/uploads\/2025\/09\/parasol-publicitaire-ohmycom-500x500.jpg 500w, https:\/\/www.ohmycom.fr\/wp-content\/uploads\/2025\/09\/parasol-publicitaire-ohmycom-550x550.jpg 550w, https:\/\/www.ohmycom.fr\/wp-content\/uploads\/2025\/09\/parasol-publicitaire-ohmycom-485x485.jpg 485w\" data-sizes=\"auto\" loading=\"eager\">\n\t\t<div class=\"vp-portfolio__item-overlay\">\n\t\t\t\t\t<\/div>\n\n\t\t<\/a>\t<\/div>\n<\/div>\n\n\t<figcaption class=\"vp-portfolio__item-caption vp-portfolio__item-caption-text-align-center\">\n\t\t<div class=\"vp-portfolio__item-meta\">\n\t\t\t\n<h2 class=\"vp-portfolio__item-meta-title\">\n\t\t<a\n\t\thref=\"https:\/\/www.ohmycom.fr\/en\/produit\/parasol-publicitaire\/\"\n\t\t\t>\n\tParasol publicitaire<\/a><\/h2>\n\n<div class=\"vp-portfolio__item-meta-excerpt\">\n\t<div>\n\t\tId\u00e9al en p\u00e9riode estivale, le parasol publicitaire habille parfaitement vos \u00e9v\u00e9nements ext\u00e9rieurs. Utilisable aussi pour l\u2019int\u00e9rieur, il donne une image fun et cool \u00e0 votre stand sur salon, foire ou exposition.\t<\/div>\n<\/div>\n\t\t<\/div>\n\t<\/figcaption>\n\t\t\t<\/figure>\n\t\t\t\t\t<\/article>\n\t\t\n\t\t<article\t\tclass=\"vp-portfolio__item-wrap post-16265 produit type-produit status-publish format-standard has-post-thumbnail hentry categorie-objets-publicitaire-textiles vp-portfolio__item-uid-a69285db\" data-vp-filter=\"\" \t\t>\n\t\t\t\t\t\t\t\t\t<figure class=\"vp-portfolio__item\">\n\t\t\t\t\n<div class=\"vp-portfolio__item-img-wrap\">\n\t<div class=\"vp-portfolio__item-img\">\n\t\t\t<a\n\t\thref=\"https:\/\/www.ohmycom.fr\/en\/produit\/pouf-gonflable\/\"\n\t\taria-label=\"Pouf gonflable\" \t>\n\t\n\t\t<noscript><img loading=\"lazy\" decoding=\"async\" width=\"1024\" height=\"1024\" data-skip-lazy src=\"https:\/\/www.ohmycom.fr\/wp-content\/uploads\/2025\/09\/Pouf-gonflable-ohmycom-1024x1024-1.jpg\" class=\"wp-image-16275\" alt=\"\" srcset=\"https:\/\/www.ohmycom.fr\/wp-content\/uploads\/2025\/09\/Pouf-gonflable-ohmycom-1024x1024-1.jpg 1024w, https:\/\/www.ohmycom.fr\/wp-content\/uploads\/2025\/09\/Pouf-gonflable-ohmycom-1024x1024-1-300x300.jpg 300w, https:\/\/www.ohmycom.fr\/wp-content\/uploads\/2025\/09\/Pouf-gonflable-ohmycom-1024x1024-1-150x150.jpg 150w, https:\/\/www.ohmycom.fr\/wp-content\/uploads\/2025\/09\/Pouf-gonflable-ohmycom-1024x1024-1-768x768.jpg 768w, https:\/\/www.ohmycom.fr\/wp-content\/uploads\/2025\/09\/Pouf-gonflable-ohmycom-1024x1024-1-12x12.jpg 12w, https:\/\/www.ohmycom.fr\/wp-content\/uploads\/2025\/09\/Pouf-gonflable-ohmycom-1024x1024-1-500x500.jpg 500w, https:\/\/www.ohmycom.fr\/wp-content\/uploads\/2025\/09\/Pouf-gonflable-ohmycom-1024x1024-1-800x800.jpg 800w, https:\/\/www.ohmycom.fr\/wp-content\/uploads\/2025\/09\/Pouf-gonflable-ohmycom-1024x1024-1-550x550.jpg 550w, https:\/\/www.ohmycom.fr\/wp-content\/uploads\/2025\/09\/Pouf-gonflable-ohmycom-1024x1024-1-485x485.jpg 485w, https:\/\/www.ohmycom.fr\/wp-content\/uploads\/2025\/09\/Pouf-gonflable-ohmycom-1024x1024-1-1000x1000.jpg 1000w\" sizes=\"auto, (max-width: 1024px) 100vw, 1024px\" \/><\/noscript><img decoding=\"async\" width=\"1024\" height=\"1024\" src=\"https:\/\/www.ohmycom.fr\/wp-content\/uploads\/2025\/09\/Pouf-gonflable-ohmycom-1024x1024-1.jpg\" class=\"wp-image-16275 vp-lazyload\" alt srcset=\"data:image\/svg+xml;base64,PHN2ZyB3aWR0aD0iMTAyNCIgaGVpZ2h0PSIxMDI0IiB2aWV3Qm94PSIwIDAgMTAyNCAxMDI0IiBmaWxsPSJub25lIiB4bWxucz0iaHR0cDovL3d3dy53My5vcmcvMjAwMC9zdmciPjwvc3ZnPg==\" data-src=\"https:\/\/www.ohmycom.fr\/wp-content\/uploads\/2025\/09\/Pouf-gonflable-ohmycom-1024x1024-1.jpg\" data-srcset=\"https:\/\/www.ohmycom.fr\/wp-content\/uploads\/2025\/09\/Pouf-gonflable-ohmycom-1024x1024-1.jpg 1024w, https:\/\/www.ohmycom.fr\/wp-content\/uploads\/2025\/09\/Pouf-gonflable-ohmycom-1024x1024-1-300x300.jpg 300w, https:\/\/www.ohmycom.fr\/wp-content\/uploads\/2025\/09\/Pouf-gonflable-ohmycom-1024x1024-1-150x150.jpg 150w, https:\/\/www.ohmycom.fr\/wp-content\/uploads\/2025\/09\/Pouf-gonflable-ohmycom-1024x1024-1-768x768.jpg 768w, https:\/\/www.ohmycom.fr\/wp-content\/uploads\/2025\/09\/Pouf-gonflable-ohmycom-1024x1024-1-12x12.jpg 12w, https:\/\/www.ohmycom.fr\/wp-content\/uploads\/2025\/09\/Pouf-gonflable-ohmycom-1024x1024-1-500x500.jpg 500w, https:\/\/www.ohmycom.fr\/wp-content\/uploads\/2025\/09\/Pouf-gonflable-ohmycom-1024x1024-1-800x800.jpg 800w, https:\/\/www.ohmycom.fr\/wp-content\/uploads\/2025\/09\/Pouf-gonflable-ohmycom-1024x1024-1-550x550.jpg 550w, https:\/\/www.ohmycom.fr\/wp-content\/uploads\/2025\/09\/Pouf-gonflable-ohmycom-1024x1024-1-485x485.jpg 485w, https:\/\/www.ohmycom.fr\/wp-content\/uploads\/2025\/09\/Pouf-gonflable-ohmycom-1024x1024-1-1000x1000.jpg 1000w\" data-sizes=\"auto\" loading=\"eager\">\n\t\t<div class=\"vp-portfolio__item-overlay\">\n\t\t\t\t\t<\/div>\n\n\t\t<\/a>\t<\/div>\n<\/div>\n\n\t<figcaption class=\"vp-portfolio__item-caption vp-portfolio__item-caption-text-align-center\">\n\t\t<div class=\"vp-portfolio__item-meta\">\n\t\t\t\n<h2 class=\"vp-portfolio__item-meta-title\">\n\t\t<a\n\t\thref=\"https:\/\/www.ohmycom.fr\/en\/produit\/pouf-gonflable\/\"\n\t\t\t>\n\tPouf gonflable<\/a><\/h2>\n\n<div class=\"vp-portfolio__item-meta-excerpt\">\n\t<div>\n\t\tLe pouf gonflable personnalis\u00e9 est con\u00e7u pour \u00eatre une assise confortable, facile \u00e0 installer et \u00e0 d\u00e9placer. L\u00e9ger, mobile et confortable, il s\u2019invite partout tout en portant votre image avec style.\t<\/div>\n<\/div>\n\t\t<\/div>\n\t<\/figcaption>\n\t\t\t<\/figure>\n\t\t\t\t\t<\/article>\n\t\t\n\t\t<article\t\tclass=\"vp-portfolio__item-wrap post-16150 produit type-produit status-publish format-standard has-post-thumbnail hentry categorie-evenementiel categorie-objets-publicitaire-textiles vp-portfolio__item-uid-ff939cce\" data-vp-filter=\"\" \t\t>\n\t\t\t\t\t\t\t\t\t<figure class=\"vp-portfolio__item\">\n\t\t\t\t\n<div class=\"vp-portfolio__item-img-wrap\">\n\t<div class=\"vp-portfolio__item-img\">\n\t\t\t<a\n\t\thref=\"https:\/\/www.ohmycom.fr\/en\/produit\/pouf-publicitaire\/\"\n\t\taria-label=\"Pouf Publicitaire\" \t>\n\t\n\t\t<noscript><img loading=\"lazy\" decoding=\"async\" width=\"1024\" height=\"1024\" data-skip-lazy src=\"https:\/\/www.ohmycom.fr\/wp-content\/uploads\/2025\/09\/pouf-publicitaire-ohmycom-3.jpg\" class=\"wp-image-16152\" alt=\"\" srcset=\"https:\/\/www.ohmycom.fr\/wp-content\/uploads\/2025\/09\/pouf-publicitaire-ohmycom-3.jpg 1024w, https:\/\/www.ohmycom.fr\/wp-content\/uploads\/2025\/09\/pouf-publicitaire-ohmycom-3-300x300.jpg 300w, https:\/\/www.ohmycom.fr\/wp-content\/uploads\/2025\/09\/pouf-publicitaire-ohmycom-3-150x150.jpg 150w, https:\/\/www.ohmycom.fr\/wp-content\/uploads\/2025\/09\/pouf-publicitaire-ohmycom-3-768x768.jpg 768w, https:\/\/www.ohmycom.fr\/wp-content\/uploads\/2025\/09\/pouf-publicitaire-ohmycom-3-12x12.jpg 12w, https:\/\/www.ohmycom.fr\/wp-content\/uploads\/2025\/09\/pouf-publicitaire-ohmycom-3-500x500.jpg 500w, https:\/\/www.ohmycom.fr\/wp-content\/uploads\/2025\/09\/pouf-publicitaire-ohmycom-3-800x800.jpg 800w, https:\/\/www.ohmycom.fr\/wp-content\/uploads\/2025\/09\/pouf-publicitaire-ohmycom-3-550x550.jpg 550w, https:\/\/www.ohmycom.fr\/wp-content\/uploads\/2025\/09\/pouf-publicitaire-ohmycom-3-485x485.jpg 485w, https:\/\/www.ohmycom.fr\/wp-content\/uploads\/2025\/09\/pouf-publicitaire-ohmycom-3-1000x1000.jpg 1000w\" sizes=\"auto, (max-width: 1024px) 100vw, 1024px\" \/><\/noscript><img decoding=\"async\" width=\"1024\" height=\"1024\" src=\"https:\/\/www.ohmycom.fr\/wp-content\/uploads\/2025\/09\/pouf-publicitaire-ohmycom-3.jpg\" class=\"wp-image-16152 vp-lazyload\" alt srcset=\"data:image\/svg+xml;base64,PHN2ZyB3aWR0aD0iMTAyNCIgaGVpZ2h0PSIxMDI0IiB2aWV3Qm94PSIwIDAgMTAyNCAxMDI0IiBmaWxsPSJub25lIiB4bWxucz0iaHR0cDovL3d3dy53My5vcmcvMjAwMC9zdmciPjwvc3ZnPg==\" data-src=\"https:\/\/www.ohmycom.fr\/wp-content\/uploads\/2025\/09\/pouf-publicitaire-ohmycom-3.jpg\" data-srcset=\"https:\/\/www.ohmycom.fr\/wp-content\/uploads\/2025\/09\/pouf-publicitaire-ohmycom-3.jpg 1024w, https:\/\/www.ohmycom.fr\/wp-content\/uploads\/2025\/09\/pouf-publicitaire-ohmycom-3-300x300.jpg 300w, https:\/\/www.ohmycom.fr\/wp-content\/uploads\/2025\/09\/pouf-publicitaire-ohmycom-3-150x150.jpg 150w, https:\/\/www.ohmycom.fr\/wp-content\/uploads\/2025\/09\/pouf-publicitaire-ohmycom-3-768x768.jpg 768w, https:\/\/www.ohmycom.fr\/wp-content\/uploads\/2025\/09\/pouf-publicitaire-ohmycom-3-12x12.jpg 12w, https:\/\/www.ohmycom.fr\/wp-content\/uploads\/2025\/09\/pouf-publicitaire-ohmycom-3-500x500.jpg 500w, https:\/\/www.ohmycom.fr\/wp-content\/uploads\/2025\/09\/pouf-publicitaire-ohmycom-3-800x800.jpg 800w, https:\/\/www.ohmycom.fr\/wp-content\/uploads\/2025\/09\/pouf-publicitaire-ohmycom-3-550x550.jpg 550w, https:\/\/www.ohmycom.fr\/wp-content\/uploads\/2025\/09\/pouf-publicitaire-ohmycom-3-485x485.jpg 485w, https:\/\/www.ohmycom.fr\/wp-content\/uploads\/2025\/09\/pouf-publicitaire-ohmycom-3-1000x1000.jpg 1000w\" data-sizes=\"auto\" loading=\"eager\">\n\t\t<div class=\"vp-portfolio__item-overlay\">\n\t\t\t\t\t<\/div>\n\n\t\t<\/a>\t<\/div>\n<\/div>\n\n\t<figcaption class=\"vp-portfolio__item-caption vp-portfolio__item-caption-text-align-center\">\n\t\t<div class=\"vp-portfolio__item-meta\">\n\t\t\t\n<h2 class=\"vp-portfolio__item-meta-title\">\n\t\t<a\n\t\thref=\"https:\/\/www.ohmycom.fr\/en\/produit\/pouf-publicitaire\/\"\n\t\t\t>\n\tPouf Publicitaire<\/a><\/h2>\n\n<div class=\"vp-portfolio__item-meta-excerpt\">\n\t<div>\n\t\tUn pouf personnalis\u00e9 est un support d\u2019accueil convivial, un \u00e9l\u00e9ment d\u00e9co unique et une mani\u00e8re efficace de renforcer l\u2019identit\u00e9 visuelle de votre marque. Que ce soit pour un salon, un espace lounge ou vos bureaux, cr\u00e9ez un pouf \u00e0 votre image.\t<\/div>\n<\/div>\n\t\t<\/div>\n\t<\/figcaption>\n\t\t\t<\/figure>\n\t\t\t\t\t<\/article>\n\t\t\n\t\t<article\t\tclass=\"vp-portfolio__item-wrap post-16276 produit type-produit status-publish format-standard has-post-thumbnail hentry categorie-objets-publicitaire-textiles vp-portfolio__item-uid-2680e520\" data-vp-filter=\"\" \t\t>\n\t\t\t\t\t\t\t\t\t<figure class=\"vp-portfolio__item\">\n\t\t\t\t\n<div class=\"vp-portfolio__item-img-wrap\">\n\t<div class=\"vp-portfolio__item-img\">\n\t\t\t<a\n\t\thref=\"https:\/\/www.ohmycom.fr\/en\/produit\/sac-a-dos-publicitaire\/\"\n\t\taria-label=\"Sac \u00e0 dos publicitaire\" \t>\n\t\n\t\t<noscript><img loading=\"lazy\" decoding=\"async\" width=\"600\" height=\"600\" data-skip-lazy src=\"https:\/\/www.ohmycom.fr\/wp-content\/uploads\/2025\/09\/ohmycom-sac-a-dos-publicitaire.jpg\" class=\"wp-image-16280\" alt=\"\" srcset=\"https:\/\/www.ohmycom.fr\/wp-content\/uploads\/2025\/09\/ohmycom-sac-a-dos-publicitaire.jpg 600w, https:\/\/www.ohmycom.fr\/wp-content\/uploads\/2025\/09\/ohmycom-sac-a-dos-publicitaire-300x300.jpg 300w, https:\/\/www.ohmycom.fr\/wp-content\/uploads\/2025\/09\/ohmycom-sac-a-dos-publicitaire-150x150.jpg 150w, https:\/\/www.ohmycom.fr\/wp-content\/uploads\/2025\/09\/ohmycom-sac-a-dos-publicitaire-12x12.jpg 12w, https:\/\/www.ohmycom.fr\/wp-content\/uploads\/2025\/09\/ohmycom-sac-a-dos-publicitaire-500x500.jpg 500w, https:\/\/www.ohmycom.fr\/wp-content\/uploads\/2025\/09\/ohmycom-sac-a-dos-publicitaire-550x550.jpg 550w, https:\/\/www.ohmycom.fr\/wp-content\/uploads\/2025\/09\/ohmycom-sac-a-dos-publicitaire-485x485.jpg 485w\" sizes=\"auto, (max-width: 600px) 100vw, 600px\" \/><\/noscript><img decoding=\"async\" width=\"600\" height=\"600\" src=\"https:\/\/www.ohmycom.fr\/wp-content\/uploads\/2025\/09\/ohmycom-sac-a-dos-publicitaire.jpg\" class=\"wp-image-16280 vp-lazyload\" alt srcset=\"data:image\/svg+xml;base64,PHN2ZyB3aWR0aD0iNjAwIiBoZWlnaHQ9IjYwMCIgdmlld0JveD0iMCAwIDYwMCA2MDAiIGZpbGw9Im5vbmUiIHhtbG5zPSJodHRwOi8vd3d3LnczLm9yZy8yMDAwL3N2ZyI+PC9zdmc+\" data-src=\"https:\/\/www.ohmycom.fr\/wp-content\/uploads\/2025\/09\/ohmycom-sac-a-dos-publicitaire.jpg\" data-srcset=\"https:\/\/www.ohmycom.fr\/wp-content\/uploads\/2025\/09\/ohmycom-sac-a-dos-publicitaire.jpg 600w, https:\/\/www.ohmycom.fr\/wp-content\/uploads\/2025\/09\/ohmycom-sac-a-dos-publicitaire-300x300.jpg 300w, https:\/\/www.ohmycom.fr\/wp-content\/uploads\/2025\/09\/ohmycom-sac-a-dos-publicitaire-150x150.jpg 150w, https:\/\/www.ohmycom.fr\/wp-content\/uploads\/2025\/09\/ohmycom-sac-a-dos-publicitaire-12x12.jpg 12w, https:\/\/www.ohmycom.fr\/wp-content\/uploads\/2025\/09\/ohmycom-sac-a-dos-publicitaire-500x500.jpg 500w, https:\/\/www.ohmycom.fr\/wp-content\/uploads\/2025\/09\/ohmycom-sac-a-dos-publicitaire-550x550.jpg 550w, https:\/\/www.ohmycom.fr\/wp-content\/uploads\/2025\/09\/ohmycom-sac-a-dos-publicitaire-485x485.jpg 485w\" data-sizes=\"auto\" loading=\"eager\">\n\t\t<div class=\"vp-portfolio__item-overlay\">\n\t\t\t\t\t<\/div>\n\n\t\t<\/a>\t<\/div>\n<\/div>\n\n\t<figcaption class=\"vp-portfolio__item-caption vp-portfolio__item-caption-text-align-center\">\n\t\t<div class=\"vp-portfolio__item-meta\">\n\t\t\t\n<h2 class=\"vp-portfolio__item-meta-title\">\n\t\t<a\n\t\thref=\"https:\/\/www.ohmycom.fr\/en\/produit\/sac-a-dos-publicitaire\/\"\n\t\t\t>\n\tSac \u00e0 dos publicitaire<\/a><\/h2>\n\n<div class=\"vp-portfolio__item-meta-excerpt\">\n\t<div>\n\t\tLe sac \u00e0 dos publicitaire est parfait pour attirer l\u2019oeil des passants. Personnalisable \u00e0 votre convenance, ce support augmente donc fortement votre visibilit\u00e9.\t<\/div>\n<\/div>\n\t\t<\/div>\n\t<\/figcaption>\n\t\t\t<\/figure>\n\t\t\t\t\t<\/article>\n\t\t\n\t\t<article\t\tclass=\"vp-portfolio__item-wrap post-16281 produit type-produit status-publish format-standard has-post-thumbnail hentry categorie-objets-publicitaire-textiles vp-portfolio__item-uid-3f7c6c4c\" data-vp-filter=\"\" \t\t>\n\t\t\t\t\t\t\t\t\t<figure class=\"vp-portfolio__item\">\n\t\t\t\t\n<div class=\"vp-portfolio__item-img-wrap\">\n\t<div class=\"vp-portfolio__item-img\">\n\t\t\t<a\n\t\thref=\"https:\/\/www.ohmycom.fr\/en\/produit\/sac-shopping\/\"\n\t\taria-label=\"Sac Shopping\" \t>\n\t\n\t\t<noscript><img loading=\"lazy\" decoding=\"async\" width=\"600\" height=\"600\" data-skip-lazy src=\"https:\/\/www.ohmycom.fr\/wp-content\/uploads\/2025\/09\/ohmycom-sac-shopping.jpg\" class=\"wp-image-16285\" alt=\"\" srcset=\"https:\/\/www.ohmycom.fr\/wp-content\/uploads\/2025\/09\/ohmycom-sac-shopping.jpg 600w, https:\/\/www.ohmycom.fr\/wp-content\/uploads\/2025\/09\/ohmycom-sac-shopping-300x300.jpg 300w, https:\/\/www.ohmycom.fr\/wp-content\/uploads\/2025\/09\/ohmycom-sac-shopping-150x150.jpg 150w, https:\/\/www.ohmycom.fr\/wp-content\/uploads\/2025\/09\/ohmycom-sac-shopping-12x12.jpg 12w, https:\/\/www.ohmycom.fr\/wp-content\/uploads\/2025\/09\/ohmycom-sac-shopping-500x500.jpg 500w, https:\/\/www.ohmycom.fr\/wp-content\/uploads\/2025\/09\/ohmycom-sac-shopping-550x550.jpg 550w, https:\/\/www.ohmycom.fr\/wp-content\/uploads\/2025\/09\/ohmycom-sac-shopping-485x485.jpg 485w\" sizes=\"auto, (max-width: 600px) 100vw, 600px\" \/><\/noscript><img decoding=\"async\" width=\"600\" height=\"600\" src=\"https:\/\/www.ohmycom.fr\/wp-content\/uploads\/2025\/09\/ohmycom-sac-shopping.jpg\" class=\"wp-image-16285 vp-lazyload\" alt srcset=\"data:image\/svg+xml;base64,PHN2ZyB3aWR0aD0iNjAwIiBoZWlnaHQ9IjYwMCIgdmlld0JveD0iMCAwIDYwMCA2MDAiIGZpbGw9Im5vbmUiIHhtbG5zPSJodHRwOi8vd3d3LnczLm9yZy8yMDAwL3N2ZyI+PC9zdmc+\" data-src=\"https:\/\/www.ohmycom.fr\/wp-content\/uploads\/2025\/09\/ohmycom-sac-shopping.jpg\" data-srcset=\"https:\/\/www.ohmycom.fr\/wp-content\/uploads\/2025\/09\/ohmycom-sac-shopping.jpg 600w, https:\/\/www.ohmycom.fr\/wp-content\/uploads\/2025\/09\/ohmycom-sac-shopping-300x300.jpg 300w, https:\/\/www.ohmycom.fr\/wp-content\/uploads\/2025\/09\/ohmycom-sac-shopping-150x150.jpg 150w, https:\/\/www.ohmycom.fr\/wp-content\/uploads\/2025\/09\/ohmycom-sac-shopping-12x12.jpg 12w, https:\/\/www.ohmycom.fr\/wp-content\/uploads\/2025\/09\/ohmycom-sac-shopping-500x500.jpg 500w, https:\/\/www.ohmycom.fr\/wp-content\/uploads\/2025\/09\/ohmycom-sac-shopping-550x550.jpg 550w, https:\/\/www.ohmycom.fr\/wp-content\/uploads\/2025\/09\/ohmycom-sac-shopping-485x485.jpg 485w\" data-sizes=\"auto\" loading=\"eager\">\n\t\t<div class=\"vp-portfolio__item-overlay\">\n\t\t\t\t\t<\/div>\n\n\t\t<\/a>\t<\/div>\n<\/div>\n\n\t<figcaption class=\"vp-portfolio__item-caption vp-portfolio__item-caption-text-align-center\">\n\t\t<div class=\"vp-portfolio__item-meta\">\n\t\t\t\n<h2 class=\"vp-portfolio__item-meta-title\">\n\t\t<a\n\t\thref=\"https:\/\/www.ohmycom.fr\/en\/produit\/sac-shopping\/\"\n\t\t\t>\n\tSac Shopping<\/a><\/h2>\n\n<div class=\"vp-portfolio__item-meta-excerpt\">\n\t<div>\n\t\tUtilisez le sac shopping comme support de communication mobile. Vous pourrez facilement augmenter votre visibilit\u00e9 en proposant ces sacs publicitaires 100% coton qui permettront de faire v\u00e9hiculer votre image.\t<\/div>\n<\/div>\n\t\t<\/div>\n\t<\/figcaption>\n\t\t\t<\/figure>\n\t\t\t\t\t<\/article>\n\t\t\n\t\t<article\t\tclass=\"vp-portfolio__item-wrap post-16304 produit type-produit status-publish format-standard has-post-thumbnail hentry categorie-objets-publicitaire-textiles vp-portfolio__item-uid-860d78fc\" data-vp-filter=\"\" \t\t>\n\t\t\t\t\t\t\t\t\t<figure class=\"vp-portfolio__item\">\n\t\t\t\t\n<div class=\"vp-portfolio__item-img-wrap\">\n\t<div class=\"vp-portfolio__item-img\">\n\t\t\t<a\n\t\thref=\"https:\/\/www.ohmycom.fr\/en\/produit\/sacs-a-pain\/\"\n\t\taria-label=\"Sacs \u00e0 pain\" \t>\n\t\n\t\t<noscript><img loading=\"lazy\" decoding=\"async\" width=\"600\" height=\"600\" data-skip-lazy src=\"https:\/\/www.ohmycom.fr\/wp-content\/uploads\/2025\/09\/ohmycom-produit-sac-pain-2.jpg\" class=\"wp-image-16305\" alt=\"\" srcset=\"https:\/\/www.ohmycom.fr\/wp-content\/uploads\/2025\/09\/ohmycom-produit-sac-pain-2.jpg 600w, https:\/\/www.ohmycom.fr\/wp-content\/uploads\/2025\/09\/ohmycom-produit-sac-pain-2-300x300.jpg 300w, https:\/\/www.ohmycom.fr\/wp-content\/uploads\/2025\/09\/ohmycom-produit-sac-pain-2-150x150.jpg 150w, https:\/\/www.ohmycom.fr\/wp-content\/uploads\/2025\/09\/ohmycom-produit-sac-pain-2-12x12.jpg 12w, https:\/\/www.ohmycom.fr\/wp-content\/uploads\/2025\/09\/ohmycom-produit-sac-pain-2-500x500.jpg 500w, https:\/\/www.ohmycom.fr\/wp-content\/uploads\/2025\/09\/ohmycom-produit-sac-pain-2-550x550.jpg 550w, https:\/\/www.ohmycom.fr\/wp-content\/uploads\/2025\/09\/ohmycom-produit-sac-pain-2-485x485.jpg 485w\" sizes=\"auto, (max-width: 600px) 100vw, 600px\" \/><\/noscript><img decoding=\"async\" width=\"600\" height=\"600\" src=\"https:\/\/www.ohmycom.fr\/wp-content\/uploads\/2025\/09\/ohmycom-produit-sac-pain-2.jpg\" class=\"wp-image-16305 vp-lazyload\" alt srcset=\"data:image\/svg+xml;base64,PHN2ZyB3aWR0aD0iNjAwIiBoZWlnaHQ9IjYwMCIgdmlld0JveD0iMCAwIDYwMCA2MDAiIGZpbGw9Im5vbmUiIHhtbG5zPSJodHRwOi8vd3d3LnczLm9yZy8yMDAwL3N2ZyI+PC9zdmc+\" data-src=\"https:\/\/www.ohmycom.fr\/wp-content\/uploads\/2025\/09\/ohmycom-produit-sac-pain-2.jpg\" data-srcset=\"https:\/\/www.ohmycom.fr\/wp-content\/uploads\/2025\/09\/ohmycom-produit-sac-pain-2.jpg 600w, https:\/\/www.ohmycom.fr\/wp-content\/uploads\/2025\/09\/ohmycom-produit-sac-pain-2-300x300.jpg 300w, https:\/\/www.ohmycom.fr\/wp-content\/uploads\/2025\/09\/ohmycom-produit-sac-pain-2-150x150.jpg 150w, https:\/\/www.ohmycom.fr\/wp-content\/uploads\/2025\/09\/ohmycom-produit-sac-pain-2-12x12.jpg 12w, https:\/\/www.ohmycom.fr\/wp-content\/uploads\/2025\/09\/ohmycom-produit-sac-pain-2-500x500.jpg 500w, https:\/\/www.ohmycom.fr\/wp-content\/uploads\/2025\/09\/ohmycom-produit-sac-pain-2-550x550.jpg 550w, https:\/\/www.ohmycom.fr\/wp-content\/uploads\/2025\/09\/ohmycom-produit-sac-pain-2-485x485.jpg 485w\" data-sizes=\"auto\" loading=\"eager\">\n\t\t<div class=\"vp-portfolio__item-overlay\">\n\t\t\t\t\t<\/div>\n\n\t\t<\/a>\t<\/div>\n<\/div>\n\n\t<figcaption class=\"vp-portfolio__item-caption vp-portfolio__item-caption-text-align-center\">\n\t\t<div class=\"vp-portfolio__item-meta\">\n\t\t\t\n<h2 class=\"vp-portfolio__item-meta-title\">\n\t\t<a\n\t\thref=\"https:\/\/www.ohmycom.fr\/en\/produit\/sacs-a-pain\/\"\n\t\t\t>\n\tSacs \u00e0 pain<\/a><\/h2>\n\n<div class=\"vp-portfolio__item-meta-excerpt\">\n\t<div>\n\t\tLe sac \u00e0 pain personnalis\u00e9 est un support de communication simple et original qui accompagne vos clients jusque chez eux. Utile au quotidien, il valorise votre marque \u00e0 chaque sortie de boulangerie, march\u00e9 ou point de vente tout en cr\u00e9ant un lien visuel fort avec votre public.\t<\/div>\n<\/div>\n\t\t<\/div>\n\t<\/figcaption>\n\t\t\t<\/figure>\n\t\t\t\t\t<\/article>\n\t\t\n\t\t<article\t\tclass=\"vp-portfolio__item-wrap post-16286 produit type-produit status-publish format-standard has-post-thumbnail hentry categorie-objets-publicitaire-textiles vp-portfolio__item-uid-a118f9ef\" data-vp-filter=\"\" \t\t>\n\t\t\t\t\t\t\t\t\t<figure class=\"vp-portfolio__item\">\n\t\t\t\t\n<div class=\"vp-portfolio__item-img-wrap\">\n\t<div class=\"vp-portfolio__item-img\">\n\t\t\t<a\n\t\thref=\"https:\/\/www.ohmycom.fr\/en\/produit\/t-shirts\/\"\n\t\taria-label=\"T-shirts\" \t>\n\t\n\t\t<noscript><img loading=\"lazy\" decoding=\"async\" width=\"600\" height=\"600\" data-skip-lazy src=\"https:\/\/www.ohmycom.fr\/wp-content\/uploads\/2025\/09\/ohmycom-produit-tshirt.jpg\" class=\"wp-image-16289\" alt=\"\" srcset=\"https:\/\/www.ohmycom.fr\/wp-content\/uploads\/2025\/09\/ohmycom-produit-tshirt.jpg 600w, https:\/\/www.ohmycom.fr\/wp-content\/uploads\/2025\/09\/ohmycom-produit-tshirt-300x300.jpg 300w, https:\/\/www.ohmycom.fr\/wp-content\/uploads\/2025\/09\/ohmycom-produit-tshirt-150x150.jpg 150w, https:\/\/www.ohmycom.fr\/wp-content\/uploads\/2025\/09\/ohmycom-produit-tshirt-12x12.jpg 12w, https:\/\/www.ohmycom.fr\/wp-content\/uploads\/2025\/09\/ohmycom-produit-tshirt-500x500.jpg 500w, https:\/\/www.ohmycom.fr\/wp-content\/uploads\/2025\/09\/ohmycom-produit-tshirt-550x550.jpg 550w, https:\/\/www.ohmycom.fr\/wp-content\/uploads\/2025\/09\/ohmycom-produit-tshirt-485x485.jpg 485w\" sizes=\"auto, (max-width: 600px) 100vw, 600px\" \/><\/noscript><img decoding=\"async\" width=\"600\" height=\"600\" src=\"https:\/\/www.ohmycom.fr\/wp-content\/uploads\/2025\/09\/ohmycom-produit-tshirt.jpg\" class=\"wp-image-16289 vp-lazyload\" alt srcset=\"data:image\/svg+xml;base64,PHN2ZyB3aWR0aD0iNjAwIiBoZWlnaHQ9IjYwMCIgdmlld0JveD0iMCAwIDYwMCA2MDAiIGZpbGw9Im5vbmUiIHhtbG5zPSJodHRwOi8vd3d3LnczLm9yZy8yMDAwL3N2ZyI+PC9zdmc+\" data-src=\"https:\/\/www.ohmycom.fr\/wp-content\/uploads\/2025\/09\/ohmycom-produit-tshirt.jpg\" data-srcset=\"https:\/\/www.ohmycom.fr\/wp-content\/uploads\/2025\/09\/ohmycom-produit-tshirt.jpg 600w, https:\/\/www.ohmycom.fr\/wp-content\/uploads\/2025\/09\/ohmycom-produit-tshirt-300x300.jpg 300w, https:\/\/www.ohmycom.fr\/wp-content\/uploads\/2025\/09\/ohmycom-produit-tshirt-150x150.jpg 150w, https:\/\/www.ohmycom.fr\/wp-content\/uploads\/2025\/09\/ohmycom-produit-tshirt-12x12.jpg 12w, https:\/\/www.ohmycom.fr\/wp-content\/uploads\/2025\/09\/ohmycom-produit-tshirt-500x500.jpg 500w, https:\/\/www.ohmycom.fr\/wp-content\/uploads\/2025\/09\/ohmycom-produit-tshirt-550x550.jpg 550w, https:\/\/www.ohmycom.fr\/wp-content\/uploads\/2025\/09\/ohmycom-produit-tshirt-485x485.jpg 485w\" data-sizes=\"auto\" loading=\"eager\">\n\t\t<div class=\"vp-portfolio__item-overlay\">\n\t\t\t\t\t<\/div>\n\n\t\t<\/a>\t<\/div>\n<\/div>\n\n\t<figcaption class=\"vp-portfolio__item-caption vp-portfolio__item-caption-text-align-center\">\n\t\t<div class=\"vp-portfolio__item-meta\">\n\t\t\t\n<h2 class=\"vp-portfolio__item-meta-title\">\n\t\t<a\n\t\thref=\"https:\/\/www.ohmycom.fr\/en\/produit\/t-shirts\/\"\n\t\t\t>\n\tT-shirts<\/a><\/h2>\n\n<div class=\"vp-portfolio__item-meta-excerpt\">\n\t<div>\n\t\tLe T-shirt personnalis\u00e9 est bien plus qu\u2019un simple v\u00eatement. C\u2019est un support de communication mobile, visible, durable et rentable. \u00c9v\u00e9nement, \u00e9quipe terrain, merchandising, lancement de marque ou op\u00e9ration street marketing : nous vous accompagnons de la cr\u00e9ation \u00e0 la livraison.\t<\/div>\n<\/div>\n\t\t<\/div>\n\t<\/figcaption>\n\t\t\t<\/figure>\n\t\t\t\t\t<\/article>\n\t\t\n\t\t<article\t\tclass=\"vp-portfolio__item-wrap post-16291 produit type-produit status-publish format-standard has-post-thumbnail hentry categorie-objets-publicitaire-textiles categorie-restauration vp-portfolio__item-uid-26675d0d\" data-vp-filter=\"\" \t\t>\n\t\t\t\t\t\t\t\t\t<figure class=\"vp-portfolio__item\">\n\t\t\t\t\n<div class=\"vp-portfolio__item-img-wrap\">\n\t<div class=\"vp-portfolio__item-img\">\n\t\t\t<a\n\t\thref=\"https:\/\/www.ohmycom.fr\/en\/produit\/tablier\/\"\n\t\taria-label=\"Tablier\" \t>\n\t\n\t\t<noscript><img loading=\"lazy\" decoding=\"async\" width=\"600\" height=\"600\" data-skip-lazy src=\"https:\/\/www.ohmycom.fr\/wp-content\/uploads\/2025\/09\/ohmycom-tablier-2.jpg\" class=\"wp-image-16293\" alt=\"\" srcset=\"https:\/\/www.ohmycom.fr\/wp-content\/uploads\/2025\/09\/ohmycom-tablier-2.jpg 600w, https:\/\/www.ohmycom.fr\/wp-content\/uploads\/2025\/09\/ohmycom-tablier-2-300x300.jpg 300w, https:\/\/www.ohmycom.fr\/wp-content\/uploads\/2025\/09\/ohmycom-tablier-2-150x150.jpg 150w, https:\/\/www.ohmycom.fr\/wp-content\/uploads\/2025\/09\/ohmycom-tablier-2-12x12.jpg 12w, https:\/\/www.ohmycom.fr\/wp-content\/uploads\/2025\/09\/ohmycom-tablier-2-500x500.jpg 500w, https:\/\/www.ohmycom.fr\/wp-content\/uploads\/2025\/09\/ohmycom-tablier-2-550x550.jpg 550w, https:\/\/www.ohmycom.fr\/wp-content\/uploads\/2025\/09\/ohmycom-tablier-2-485x485.jpg 485w\" sizes=\"auto, (max-width: 600px) 100vw, 600px\" \/><\/noscript><img decoding=\"async\" width=\"600\" height=\"600\" src=\"https:\/\/www.ohmycom.fr\/wp-content\/uploads\/2025\/09\/ohmycom-tablier-2.jpg\" class=\"wp-image-16293 vp-lazyload\" alt srcset=\"data:image\/svg+xml;base64,PHN2ZyB3aWR0aD0iNjAwIiBoZWlnaHQ9IjYwMCIgdmlld0JveD0iMCAwIDYwMCA2MDAiIGZpbGw9Im5vbmUiIHhtbG5zPSJodHRwOi8vd3d3LnczLm9yZy8yMDAwL3N2ZyI+PC9zdmc+\" data-src=\"https:\/\/www.ohmycom.fr\/wp-content\/uploads\/2025\/09\/ohmycom-tablier-2.jpg\" data-srcset=\"https:\/\/www.ohmycom.fr\/wp-content\/uploads\/2025\/09\/ohmycom-tablier-2.jpg 600w, https:\/\/www.ohmycom.fr\/wp-content\/uploads\/2025\/09\/ohmycom-tablier-2-300x300.jpg 300w, https:\/\/www.ohmycom.fr\/wp-content\/uploads\/2025\/09\/ohmycom-tablier-2-150x150.jpg 150w, https:\/\/www.ohmycom.fr\/wp-content\/uploads\/2025\/09\/ohmycom-tablier-2-12x12.jpg 12w, https:\/\/www.ohmycom.fr\/wp-content\/uploads\/2025\/09\/ohmycom-tablier-2-500x500.jpg 500w, https:\/\/www.ohmycom.fr\/wp-content\/uploads\/2025\/09\/ohmycom-tablier-2-550x550.jpg 550w, https:\/\/www.ohmycom.fr\/wp-content\/uploads\/2025\/09\/ohmycom-tablier-2-485x485.jpg 485w\" data-sizes=\"auto\" loading=\"eager\">\n\t\t<div class=\"vp-portfolio__item-overlay\">\n\t\t\t\t\t<\/div>\n\n\t\t<\/a>\t<\/div>\n<\/div>\n\n\t<figcaption class=\"vp-portfolio__item-caption vp-portfolio__item-caption-text-align-center\">\n\t\t<div class=\"vp-portfolio__item-meta\">\n\t\t\t\n<h2 class=\"vp-portfolio__item-meta-title\">\n\t\t<a\n\t\thref=\"https:\/\/www.ohmycom.fr\/en\/produit\/tablier\/\"\n\t\t\t>\n\tTablier<\/a><\/h2>\n\n<div class=\"vp-portfolio__item-meta-excerpt\">\n\t<div>\n\t\tAdoptez un look \u00e0 votre image avec notre tablier personnalis\u00e9. Imprim\u00e9 \u00e0 votre marque ou \u00e0 votre nom, il refl\u00e8te votre identit\u00e9 tout en assurant une protection professionnelle.\t<\/div>\n<\/div>\n\t\t<\/div>\n\t<\/figcaption>\n\t\t\t<\/figure>\n\t\t\t\t\t<\/article>\n\t\t\n\t\t<article\t\tclass=\"vp-portfolio__item-wrap post-16296 produit type-produit status-publish format-standard has-post-thumbnail hentry categorie-objets-publicitaire-textiles categorie-signaletique vp-portfolio__item-uid-b803c8ae\" data-vp-filter=\"\" \t\t>\n\t\t\t\t\t\t\t\t\t<figure class=\"vp-portfolio__item\">\n\t\t\t\t\n<div class=\"vp-portfolio__item-img-wrap\">\n\t<div class=\"vp-portfolio__item-img\">\n\t\t\t<a\n\t\thref=\"https:\/\/www.ohmycom.fr\/en\/produit\/transat-publicitaire\/\"\n\t\taria-label=\"Transat publicitaire\" \t>\n\t\n\t\t<noscript><img loading=\"lazy\" decoding=\"async\" width=\"1024\" height=\"1024\" data-skip-lazy src=\"https:\/\/www.ohmycom.fr\/wp-content\/uploads\/2025\/09\/ohmycom-transat-publicitaire-2-1024x1024-1.jpg\" class=\"wp-image-16297\" alt=\"\" srcset=\"https:\/\/www.ohmycom.fr\/wp-content\/uploads\/2025\/09\/ohmycom-transat-publicitaire-2-1024x1024-1.jpg 1024w, https:\/\/www.ohmycom.fr\/wp-content\/uploads\/2025\/09\/ohmycom-transat-publicitaire-2-1024x1024-1-300x300.jpg 300w, https:\/\/www.ohmycom.fr\/wp-content\/uploads\/2025\/09\/ohmycom-transat-publicitaire-2-1024x1024-1-150x150.jpg 150w, https:\/\/www.ohmycom.fr\/wp-content\/uploads\/2025\/09\/ohmycom-transat-publicitaire-2-1024x1024-1-768x768.jpg 768w, https:\/\/www.ohmycom.fr\/wp-content\/uploads\/2025\/09\/ohmycom-transat-publicitaire-2-1024x1024-1-12x12.jpg 12w, https:\/\/www.ohmycom.fr\/wp-content\/uploads\/2025\/09\/ohmycom-transat-publicitaire-2-1024x1024-1-500x500.jpg 500w, https:\/\/www.ohmycom.fr\/wp-content\/uploads\/2025\/09\/ohmycom-transat-publicitaire-2-1024x1024-1-800x800.jpg 800w, https:\/\/www.ohmycom.fr\/wp-content\/uploads\/2025\/09\/ohmycom-transat-publicitaire-2-1024x1024-1-550x550.jpg 550w, https:\/\/www.ohmycom.fr\/wp-content\/uploads\/2025\/09\/ohmycom-transat-publicitaire-2-1024x1024-1-485x485.jpg 485w, https:\/\/www.ohmycom.fr\/wp-content\/uploads\/2025\/09\/ohmycom-transat-publicitaire-2-1024x1024-1-1000x1000.jpg 1000w\" sizes=\"auto, (max-width: 1024px) 100vw, 1024px\" \/><\/noscript><img decoding=\"async\" width=\"1024\" height=\"1024\" src=\"https:\/\/www.ohmycom.fr\/wp-content\/uploads\/2025\/09\/ohmycom-transat-publicitaire-2-1024x1024-1.jpg\" class=\"wp-image-16297 vp-lazyload\" alt srcset=\"data:image\/svg+xml;base64,PHN2ZyB3aWR0aD0iMTAyNCIgaGVpZ2h0PSIxMDI0IiB2aWV3Qm94PSIwIDAgMTAyNCAxMDI0IiBmaWxsPSJub25lIiB4bWxucz0iaHR0cDovL3d3dy53My5vcmcvMjAwMC9zdmciPjwvc3ZnPg==\" data-src=\"https:\/\/www.ohmycom.fr\/wp-content\/uploads\/2025\/09\/ohmycom-transat-publicitaire-2-1024x1024-1.jpg\" data-srcset=\"https:\/\/www.ohmycom.fr\/wp-content\/uploads\/2025\/09\/ohmycom-transat-publicitaire-2-1024x1024-1.jpg 1024w, https:\/\/www.ohmycom.fr\/wp-content\/uploads\/2025\/09\/ohmycom-transat-publicitaire-2-1024x1024-1-300x300.jpg 300w, https:\/\/www.ohmycom.fr\/wp-content\/uploads\/2025\/09\/ohmycom-transat-publicitaire-2-1024x1024-1-150x150.jpg 150w, https:\/\/www.ohmycom.fr\/wp-content\/uploads\/2025\/09\/ohmycom-transat-publicitaire-2-1024x1024-1-768x768.jpg 768w, https:\/\/www.ohmycom.fr\/wp-content\/uploads\/2025\/09\/ohmycom-transat-publicitaire-2-1024x1024-1-12x12.jpg 12w, https:\/\/www.ohmycom.fr\/wp-content\/uploads\/2025\/09\/ohmycom-transat-publicitaire-2-1024x1024-1-500x500.jpg 500w, https:\/\/www.ohmycom.fr\/wp-content\/uploads\/2025\/09\/ohmycom-transat-publicitaire-2-1024x1024-1-800x800.jpg 800w, https:\/\/www.ohmycom.fr\/wp-content\/uploads\/2025\/09\/ohmycom-transat-publicitaire-2-1024x1024-1-550x550.jpg 550w, https:\/\/www.ohmycom.fr\/wp-content\/uploads\/2025\/09\/ohmycom-transat-publicitaire-2-1024x1024-1-485x485.jpg 485w, https:\/\/www.ohmycom.fr\/wp-content\/uploads\/2025\/09\/ohmycom-transat-publicitaire-2-1024x1024-1-1000x1000.jpg 1000w\" data-sizes=\"auto\" loading=\"eager\">\n\t\t<div class=\"vp-portfolio__item-overlay\">\n\t\t\t\t\t<\/div>\n\n\t\t<\/a>\t<\/div>\n<\/div>\n\n\t<figcaption class=\"vp-portfolio__item-caption vp-portfolio__item-caption-text-align-center\">\n\t\t<div class=\"vp-portfolio__item-meta\">\n\t\t\t\n<h2 class=\"vp-portfolio__item-meta-title\">\n\t\t<a\n\t\thref=\"https:\/\/www.ohmycom.fr\/en\/produit\/transat-publicitaire\/\"\n\t\t\t>\n\tTransat publicitaire<\/a><\/h2>\n\n<div class=\"vp-portfolio__item-meta-excerpt\">\n\t<div>\n\t\tParce qu\u2019une communication impactante peut aussi savoir se d\u00e9tendre, le transat publicitaire offre confort et visibilit\u00e9 sur votre \u00e9v\u00e9nement.\t<\/div>\n<\/div>\n\t\t<\/div>\n\t<\/figcaption>\n\t\t\t<\/figure>\n\t\t\t\t\t<\/article>\n\t\t\n<\/div>\n\t\t<\/div>\n\t\t\n<\/div>\n\n\t\t<\/div>\n\t<\/div>\n<\/div><\/div><\/div><\/div><\/div><\/div>\n<\/div>","protected":false},"excerpt":{"rendered":"Transat publicitaire Parce qu\u2019une communication impactante peut aussi savoir se d\u00e9tendre, le transat publicitaire combine confort et visibilit\u00e9. Que ce soit sur un festival, dans votre terrasse, ou au bord de la plage, il invite vos prospects \u00e0 s\u2019asseoir\u2026 tout en d\u00e9couvrant votre message. Allonger...","protected":false},"author":1,"featured_media":16285,"parent":16647,"menu_order":0,"comment_status":"closed","ping_status":"closed","template":"full-width.php","meta":{"_acf_changed":false,"_monsterinsights_skip_tracking":false,"_monsterinsights_sitenote_active":false,"_monsterinsights_sitenote_note":"","_monsterinsights_sitenote_category":0,"_vp_format_video_url":"","_vp_image_focal_point":[],"footnotes":""},"categorie-page":[230],"class_list":["post-16659","page","type-page","status-publish","has-post-thumbnail","hentry","categorie-page-imprimerie"],"acf":[],"yoast_head":"<!-- This site is optimized with the Yoast SEO plugin v27.4 - https:\/\/yoast.com\/product\/yoast-seo-wordpress\/ -->\n<title>Objets publicitaires \/\/ Textiles - Oh My Com<\/title>\n<meta name=\"robots\" content=\"index, follow, max-snippet:-1, max-image-preview:large, max-video-preview:-1\" \/>\n<link rel=\"canonical\" href=\"https:\/\/www.ohmycom.fr\/en\/imprimerie\/objets-publicitaires-textiles\/\" \/>\n<meta property=\"og:locale\" content=\"en_US\" \/>\n<meta property=\"og:type\" content=\"article\" \/>\n<meta property=\"og:title\" content=\"Objets publicitaires \/\/ Textiles - Oh My Com\" \/>\n<meta property=\"og:url\" content=\"https:\/\/www.ohmycom.fr\/en\/imprimerie\/objets-publicitaires-textiles\/\" \/>\n<meta property=\"og:site_name\" content=\"Oh My Com\" \/>\n<meta property=\"og:image\" content=\"https:\/\/www.ohmycom.fr\/wp-content\/uploads\/2025\/09\/ohmycom-sac-shopping.jpg\" \/>\n\t<meta property=\"og:image:width\" content=\"600\" \/>\n\t<meta property=\"og:image:height\" content=\"600\" \/>\n\t<meta property=\"og:image:type\" content=\"image\/jpeg\" \/>\n<meta name=\"twitter:card\" content=\"summary_large_image\" \/>\n<meta name=\"twitter:label1\" content=\"Est. reading time\" \/>\n\t<meta name=\"twitter:data1\" content=\"2 minutes\" \/>\n<script type=\"application\/ld+json\" class=\"yoast-schema-graph\">{\"@context\":\"https:\\\/\\\/schema.org\",\"@graph\":[{\"@type\":\"WebPage\",\"@id\":\"https:\\\/\\\/www.ohmycom.fr\\\/imprimerie\\\/objets-publicitaires-textiles\\\/\",\"url\":\"https:\\\/\\\/www.ohmycom.fr\\\/imprimerie\\\/objets-publicitaires-textiles\\\/\",\"name\":\"Objets publicitaires \\\/\\\/ Textiles - Oh My Com\",\"isPartOf\":{\"@id\":\"https:\\\/\\\/www.ohmycom.fr\\\/#website\"},\"primaryImageOfPage\":{\"@id\":\"https:\\\/\\\/www.ohmycom.fr\\\/imprimerie\\\/objets-publicitaires-textiles\\\/#primaryimage\"},\"image\":{\"@id\":\"https:\\\/\\\/www.ohmycom.fr\\\/imprimerie\\\/objets-publicitaires-textiles\\\/#primaryimage\"},\"thumbnailUrl\":\"https:\\\/\\\/www.ohmycom.fr\\\/wp-content\\\/uploads\\\/2025\\\/09\\\/ohmycom-sac-shopping.jpg\",\"datePublished\":\"2025-09-16T13:17:10+00:00\",\"breadcrumb\":{\"@id\":\"https:\\\/\\\/www.ohmycom.fr\\\/imprimerie\\\/objets-publicitaires-textiles\\\/#breadcrumb\"},\"inLanguage\":\"en-US\",\"potentialAction\":[{\"@type\":\"ReadAction\",\"target\":[\"https:\\\/\\\/www.ohmycom.fr\\\/imprimerie\\\/objets-publicitaires-textiles\\\/\"]}]},{\"@type\":\"ImageObject\",\"inLanguage\":\"en-US\",\"@id\":\"https:\\\/\\\/www.ohmycom.fr\\\/imprimerie\\\/objets-publicitaires-textiles\\\/#primaryimage\",\"url\":\"https:\\\/\\\/www.ohmycom.fr\\\/wp-content\\\/uploads\\\/2025\\\/09\\\/ohmycom-sac-shopping.jpg\",\"contentUrl\":\"https:\\\/\\\/www.ohmycom.fr\\\/wp-content\\\/uploads\\\/2025\\\/09\\\/ohmycom-sac-shopping.jpg\",\"width\":600,\"height\":600},{\"@type\":\"BreadcrumbList\",\"@id\":\"https:\\\/\\\/www.ohmycom.fr\\\/imprimerie\\\/objets-publicitaires-textiles\\\/#breadcrumb\",\"itemListElement\":[{\"@type\":\"ListItem\",\"position\":1,\"name\":\"Accueil\",\"item\":\"https:\\\/\\\/www.ohmycom.fr\\\/\"},{\"@type\":\"ListItem\",\"position\":2,\"name\":\"Imprimerie\",\"item\":\"https:\\\/\\\/www.ohmycom.fr\\\/imprimerie\\\/\"},{\"@type\":\"ListItem\",\"position\":3,\"name\":\"Objets publicitaires \\\/\\\/ Textiles\"}]},{\"@type\":\"WebSite\",\"@id\":\"https:\\\/\\\/www.ohmycom.fr\\\/#website\",\"url\":\"https:\\\/\\\/www.ohmycom.fr\\\/\",\"name\":\"Oh My Com\",\"description\":\"Agence de communication - Lyon\",\"potentialAction\":[{\"@type\":\"SearchAction\",\"target\":{\"@type\":\"EntryPoint\",\"urlTemplate\":\"https:\\\/\\\/www.ohmycom.fr\\\/?s={search_term_string}\"},\"query-input\":{\"@type\":\"PropertyValueSpecification\",\"valueRequired\":true,\"valueName\":\"search_term_string\"}}],\"inLanguage\":\"en-US\"}]}<\/script>\n<!-- \/ Yoast SEO plugin. -->","yoast_head_json":{"title":"Objets publicitaires \/\/ Textiles - Oh My Com","robots":{"index":"index","follow":"follow","max-snippet":"max-snippet:-1","max-image-preview":"max-image-preview:large","max-video-preview":"max-video-preview:-1"},"canonical":"https:\/\/www.ohmycom.fr\/en\/imprimerie\/objets-publicitaires-textiles\/","og_locale":"en_US","og_type":"article","og_title":"Objets publicitaires \/\/ Textiles - Oh My Com","og_url":"https:\/\/www.ohmycom.fr\/en\/imprimerie\/objets-publicitaires-textiles\/","og_site_name":"Oh My Com","og_image":[{"width":600,"height":600,"url":"https:\/\/www.ohmycom.fr\/wp-content\/uploads\/2025\/09\/ohmycom-sac-shopping.jpg","type":"image\/jpeg"}],"twitter_card":"summary_large_image","twitter_misc":{"Est. reading time":"2 minutes"},"schema":{"@context":"https:\/\/schema.org","@graph":[{"@type":"WebPage","@id":"https:\/\/www.ohmycom.fr\/imprimerie\/objets-publicitaires-textiles\/","url":"https:\/\/www.ohmycom.fr\/imprimerie\/objets-publicitaires-textiles\/","name":"Objets publicitaires \/\/ Textiles - Oh My Com","isPartOf":{"@id":"https:\/\/www.ohmycom.fr\/#website"},"primaryImageOfPage":{"@id":"https:\/\/www.ohmycom.fr\/imprimerie\/objets-publicitaires-textiles\/#primaryimage"},"image":{"@id":"https:\/\/www.ohmycom.fr\/imprimerie\/objets-publicitaires-textiles\/#primaryimage"},"thumbnailUrl":"https:\/\/www.ohmycom.fr\/wp-content\/uploads\/2025\/09\/ohmycom-sac-shopping.jpg","datePublished":"2025-09-16T13:17:10+00:00","breadcrumb":{"@id":"https:\/\/www.ohmycom.fr\/imprimerie\/objets-publicitaires-textiles\/#breadcrumb"},"inLanguage":"en-US","potentialAction":[{"@type":"ReadAction","target":["https:\/\/www.ohmycom.fr\/imprimerie\/objets-publicitaires-textiles\/"]}]},{"@type":"ImageObject","inLanguage":"en-US","@id":"https:\/\/www.ohmycom.fr\/imprimerie\/objets-publicitaires-textiles\/#primaryimage","url":"https:\/\/www.ohmycom.fr\/wp-content\/uploads\/2025\/09\/ohmycom-sac-shopping.jpg","contentUrl":"https:\/\/www.ohmycom.fr\/wp-content\/uploads\/2025\/09\/ohmycom-sac-shopping.jpg","width":600,"height":600},{"@type":"BreadcrumbList","@id":"https:\/\/www.ohmycom.fr\/imprimerie\/objets-publicitaires-textiles\/#breadcrumb","itemListElement":[{"@type":"ListItem","position":1,"name":"Accueil","item":"https:\/\/www.ohmycom.fr\/"},{"@type":"ListItem","position":2,"name":"Imprimerie","item":"https:\/\/www.ohmycom.fr\/imprimerie\/"},{"@type":"ListItem","position":3,"name":"Objets publicitaires \/\/ Textiles"}]},{"@type":"WebSite","@id":"https:\/\/www.ohmycom.fr\/#website","url":"https:\/\/www.ohmycom.fr\/","name":"Oh My Com","description":"Agence de communication - Lyon","potentialAction":[{"@type":"SearchAction","target":{"@type":"EntryPoint","urlTemplate":"https:\/\/www.ohmycom.fr\/?s={search_term_string}"},"query-input":{"@type":"PropertyValueSpecification","valueRequired":true,"valueName":"search_term_string"}}],"inLanguage":"en-US"}]}},"_links":{"self":[{"href":"https:\/\/www.ohmycom.fr\/en\/wp-json\/wp\/v2\/pages\/16659","targetHints":{"allow":["GET"]}}],"collection":[{"href":"https:\/\/www.ohmycom.fr\/en\/wp-json\/wp\/v2\/pages"}],"about":[{"href":"https:\/\/www.ohmycom.fr\/en\/wp-json\/wp\/v2\/types\/page"}],"author":[{"embeddable":true,"href":"https:\/\/www.ohmycom.fr\/en\/wp-json\/wp\/v2\/users\/1"}],"replies":[{"embeddable":true,"href":"https:\/\/www.ohmycom.fr\/en\/wp-json\/wp\/v2\/comments?post=16659"}],"version-history":[{"count":1,"href":"https:\/\/www.ohmycom.fr\/en\/wp-json\/wp\/v2\/pages\/16659\/revisions"}],"predecessor-version":[{"id":16673,"href":"https:\/\/www.ohmycom.fr\/en\/wp-json\/wp\/v2\/pages\/16659\/revisions\/16673"}],"up":[{"embeddable":true,"href":"https:\/\/www.ohmycom.fr\/en\/wp-json\/wp\/v2\/pages\/16647"}],"wp:featuredmedia":[{"embeddable":true,"href":"https:\/\/www.ohmycom.fr\/en\/wp-json\/wp\/v2\/media\/16285"}],"wp:attachment":[{"href":"https:\/\/www.ohmycom.fr\/en\/wp-json\/wp\/v2\/media?parent=16659"}],"wp:term":[{"taxonomy":"categorie-page","embeddable":true,"href":"https:\/\/www.ohmycom.fr\/en\/wp-json\/wp\/v2\/categorie-page?post=16659"}],"curies":[{"name":"wp","href":"https:\/\/api.w.org\/{rel}","templated":true}]}}